{"id":4612,"date":"2021-11-17T17:28:03","date_gmt":"2021-11-17T16:28:03","guid":{"rendered":"https:\/\/santaeulariaculturaijoventut.com\/cuidinfants-edicion-2021\/actividad-5\/"},"modified":"2022-01-03T17:56:54","modified_gmt":"2022-01-03T16:56:54","slug":"actividad-5","status":"publish","type":"page","link":"https:\/\/santaeulariaculturaijoventut.com\/es\/cuidinfants-edicion-2021\/actividad-5\/","title":{"rendered":"Actividad 5"},"content":{"rendered":"\n<h4>\n\t\tActividad 5 &#8211; Por la diversidad que define la infancia y la adolescencia\n\t<\/h4>\n\t<p>La Concejal\u00eda de Juventud del Ayuntamiento de Santa Eul\u00e0ria des Riu propone la II Gincana Christmas Race organizada por Ibiza Blue Challenge el domingo 19 de diciembre en la desembocadura del r\u00edo de Santa Eul\u00e0ria entre las 10 y las 18 h. Durante esta jornada, los derechos que se tratar\u00e1n son los siguientes:<\/p>\n<ul>\n<li>Derecho a la igualdad, sin distinci\u00f3n de raza, religi\u00f3n o nacionalidad.<\/li>\n<li>Derecho a tener un nombre y una nacionalidad.<\/li>\n<\/ul>\n<p>Estos derechos est\u00e1n relacionados con los Objetivos de Desarrollo Sostenible 10 Desigualdad, 11 Ciudades sostenibles y 16 Protecci\u00f3n, justicia y paz.<\/p>\n<strong>\u00bfQu\u00e9 es la II Gincana Christmas Race?<\/strong><br \/>\nEs una carrera popular, familiar y no federada que consiste en una b\u00fasqueda de pistas al estilo de una carrera de orientaci\u00f3n utilizando un mapa. La prueba se realiza siempre por parejas y se divide en tres categor\u00edas. El objetivo es completar el recorrido, encontrar los tesoros escondidos y descifrar el enigma cultural que estar\u00e1 relacionado con el pueblo y la infancia.\n<p>En esta edici\u00f3n tenemos nuevas sorpresas y tesoros que te propondr\u00e1 la organizaci\u00f3n descubrir y seguro que te lo pasar\u00e1s fenomenal.<\/p>\n<p>La organizaci\u00f3n te da la salida desde la zona de la desembocadura del r\u00edo y desde all\u00ed tienes que desplazarte corriendo o andando a las zonas donde se han escondido las pistas gui\u00e1ndote por un mapa que te da la organizaci\u00f3n en el mismo momento del inicio de la prueba.<\/p>\n<p>La duraci\u00f3n para completar el recorrido ser\u00e1 de 40 minutos a dos horas aproximadamente y la prueba es apta para todas las edades ya que cada equipo deber\u00e1 acomodar su ritmo a su nivel y adem\u00e1s proponemos dos circuitos de diferente dificultad para los que vengan con ni\u00f1os m\u00e1s peque\u00f1os. Cada categor\u00eda tendr\u00e1 una edad diferente.<\/p>\n<p>Si al terminar tu recorrido te has dejado un punto se penaliza con 10 minutos tu tiempo y en el caso de fallar la zona cultural o de b\u00fasqueda de tesoros se penaliza con 5 minutos.<\/p>\n<strong>Art\u00edculo 1:<\/strong><br \/>\nLas inscripciones se realizar\u00e1n obligatoriamente de forma online a trav\u00e9s de <a href=\"https:\/\/www.sportmaniacs.com\" target=\"_blank\" rel=\"noopener\">www.sportmaniacs.com<\/a> y tienen car\u00e1cter gratuito. Al hacer las inscripciones indicas el nombre de la persona adulta en primer lugar y a continuaci\u00f3n el sistema te solicita que indiques el nombre del segundo integrante que forma el equipo y su a\u00f1o de nacimiento.\n<p>*Tu inscripci\u00f3n incluye seguro accidentes, dorsal, mapa para hacer tu recorrido, 1 gorro de Pap\u00e1 Noel y 1 regalito finisher para todos los equipos que completen recorrido.<\/p>\n\n<ul>\n<li>10:00 h &#8211; Entrega de dorsales e inicio de la competici\u00f3n.<\/li>\n<li>17:00 h &#8211; Horario m\u00e1ximo para tomar la salida.<\/li>\n<li>18:00 h &#8211; Cierre de meta y fin de la competici\u00f3n.<\/li>\n<\/ul>\n<p>*Esta prueba te permite venir a participar cuando quieras entre las 10:00 y las 17:00. Al llegar a la carpa de organizaci\u00f3n te damos dorsal, mapa, gorro de Pap\u00e1 Noel e inicias tu prueba.<\/p>\n\n<ul>\n<li>CATEGOR\u00cdA A &#8211; Formada por un integrante de 3 a 12 a\u00f1os (nacidos\/as entre 2018 y 2009) y una persona adulta (18 a\u00f1os cumplidos el d\u00eda de la prueba). La distancia a recorrer para esta categor\u00eda ser\u00e1 de 2-3 km y 8 pistas a descubrir.<\/li>\n<li>CATEGOR\u00cdA B &#8211; Formada por un integrante de 13 a\u00f1os en adelante (nacidos\/as a partir del 2008) y una persona adulta (18 a\u00f1os cumplidos el d\u00eda de la prueba). La distancia ser\u00e1 de 4-5 km y 16 pistas.<\/li>\n<li>CATEGOR\u00cdA C &#8211; Formada por una integrante de categor\u00eda especial y una persona adulta o por una familia con carrito de beb\u00e9 y una persona adulta. La distancia ser\u00e1 de 1-2 km y 8 pistas.<\/li>\n<\/ul>\n\n<ul>\n<li>1 gorro de Pap\u00e1 Noel para todos los participantes.<\/li>\n<li>1 regalito finisher del evento para todos los equipos que completen el recorrido.<\/li>\n<li>IBIZA BLUE CHALLENGE obsequiar\u00e1 a los tres equipos m\u00e1s r\u00e1pidos en cada una de las tres categor\u00edas con un trofeo artesanal de materiales reciclados que se enviar\u00e1 a su casa la semana posterior a la prueba.<\/li>\n<\/ul>\n<strong>Art\u00edculo 5: Econormas<\/strong><br \/>\nSe recuerda a las personas participantes que queda totalmente prohibido arrojar cualquier tipo de envoltorio o envase a lo largo del recorrido fuera de las zonas que la organizaci\u00f3n habilita para ello y que coinciden con el avituallamiento.\n<p>La organizaci\u00f3n dispondr\u00e1 de un avituallamiento en la zona de meta con materiales reciclables y contenedores separados.<\/p>\n<p>La organizaci\u00f3n dispondr\u00e1 de la caravana solar BLUE VAN y utilizar\u00e1 energ\u00eda solar para los equipos que precisen electricidad.<\/p>\n<strong>Art\u00edculo 6: Material necesario<\/strong><br \/>\nTodas las personas participantes deber\u00e1n llevar zapatillas, ropa c\u00f3moda de deporte, agua o el avituallamiento que consideren en su propio envase siendo recomendable llevar una peque\u00f1a mochila por equipo. Es obligatorio llevar un tel\u00e9fono m\u00f3vil y facilitar el n\u00famero de emergencia al realizar la inscripci\u00f3n.\n<strong>Art\u00edculo 7: Responsabilidad<\/strong><br \/>\nEsta prueba transita por calles, paseos, caminos y sendas forestales con circuito abierto al tr\u00e1fico por lo que debes, en todo momento, seguir la normativa de la v\u00eda y extremar la precauci\u00f3n. La responsabilidad del menor de edad es de la persona adulta que forma parte del equipo y deber\u00e1 mantener una permanente vigilancia para evitar incidentes.\n<strong>Art\u00edculo 8: Normas COVID-19<\/strong><br \/>\nLa organizaci\u00f3n, con el objeto de ofreceros una prueba segura, solicita vuestra colaboraci\u00f3n y os informa de las normas que se aplicar\u00e1n a esta prueba:\n<ol>\n<li>En las entregas de dorsales se deber\u00e1 guardar en todo momento la separaci\u00f3n de dos metros entre cada equipo participante.<\/li>\n<li>Todas las personas participantes, padres\/madres y espectadores deben asistir a la prueba preferiblemente con mascarilla.<\/li>\n<li>En la zona de avituallamiento no se podr\u00e1 compartir la bebida entre participantes.<\/li>\n<li>Las salidas de la prueba se dar\u00e1n al ritmo que vayan llegando a recoger el dorsal para evitar aglomeraci\u00f3n de personas.<\/li>\n<li>La organizaci\u00f3n no dispondr\u00e1 de servicio guardarropa.<\/li>\n<li>La carrera tendr\u00e1 una limitaci\u00f3n m\u00e1xima de 200 equipos.<\/li>\n<li>La organizaci\u00f3n enviar\u00e1 los trofeos a tu casa para evitar aglomeraci\u00f3n y esperas.<\/li>\n<li>Todo el personal de la organizaci\u00f3n llevar\u00e1 mascarillas y elementos de protecci\u00f3n en las zonas como entregas de dorsales, avituallamientos, etc.<\/li>\n<li>No se podr\u00e1n realizar inscripciones presenciales en el lugar de la salida para reducir los tiempos de interacci\u00f3n entre deportistas y organizaci\u00f3n.<\/li>\n<li>Las personas deportistas deber\u00e1n utilizar las mascarillas hasta estar ubicados en la zona de salida y volver a pon\u00e9rsela en el momento de finalizar la prueba.<\/li>\n<li>Respecto al p\u00fablico y acompa\u00f1antes, deber\u00e1n en todo momento guardar la distancia de seguridad y llevar mascarilla en todo momento.<\/li>\n<li>Las personas participantes deber\u00e1n caminar o correr guardando distancia de seguridad con otros equipos.<\/li>\n<li>Todos los equipos deber\u00e1n firmar el CONSENTIMIENTO COVID que hace relaci\u00f3n a la asistencia a la prueba en buen estado de salud, sin sintomatolog\u00eda, fiebre o diagn\u00f3stico positivo de COVID-19. La organizaci\u00f3n se lo enviar\u00e1 por correo electr\u00f3nico previamente para que puedan traerlo rellenado a la prueba.<\/li>\n<\/ol>\n<strong>Art\u00edculo 9:<\/strong><br \/>\nCon tu inscripci\u00f3n autorizas a la publicaci\u00f3n de fotos de tu hijo\/a en las redes sociales de Ibiza Blue Challenge y del Ayuntamiento de Santa Eul\u00e0ria as\u00ed como a la posible difusi\u00f3n de fotos en medios de comunicaci\u00f3n que puedan captar im\u00e1genes durante el transcurso de la prueba. En caso de no autorizarlo deber\u00e1s dirigir un email por escrito a info@ibizabluechallenge.com indicando nombre y apellidos del menor del que no deseas que difundamos su imagen.\n<strong>Art\u00edculo 10:<\/strong><br \/>\nSi deseas tener toda la informaci\u00f3n de esta prueba y poder inscribirte f\u00e1cilmente desde tu m\u00f3vil puedes descargarte de forma gratuita la aplicaci\u00f3n de Ibiza Blue Challenge. Lo puedes hacer en playstore del escritorio de tu m\u00f3vil o en estos enlaces:\n*M\u00f3vil con tecnolog\u00eda Android: <a href=\"https:\/\/cutt.ly\/jgvVFNG\" target=\"_blank\" rel=\"noopener\">https:\/\/cutt.ly\/jgvVFNG<\/a><br \/>\n*M\u00f3vil con tecnolog\u00eda IOS: <a href=\"https:\/\/cutt.ly\/KgvVC0A\" target=\"_blank\" rel=\"noopener\">https:\/\/cutt.ly\/KgvVC0A<\/a>\n<p><strong>Informaci\u00f3n sobre protecci\u00f3n de datos:<\/strong> El responsable del tratamiento de datos es el Ayuntamiento de Santa Eul\u00e0ria des Riu. El encargado del tratamiento es IBIZA BLUE CHALLENGE. La finalidad del tratamiento es la promoci\u00f3n de la actividad II GINCANA CHRISTMAS RACE. La legitimaci\u00f3n para el tratamiento se basa en su consentimiento. Los datos ser\u00e1n conservados durante los t\u00e9rminos previstos en las disposiciones legales aplicables y el tiempo necesario para atender posibles responsabilidades nacidas del tratamiento. No se comunicar\u00e1n sus datos a terceros, excepto por obligaci\u00f3n legal. Tiene derecho a solicitarnos el acceso a dichos datos personales, su rectificaci\u00f3n, supresi\u00f3n o portabilidad y la limitaci\u00f3n de su tratamiento, a oponerse al tratamiento ante la Secretar\u00eda de este Ayuntamiento situado en la Plaza de Espa\u00f1a n.\u00ba 1, Santa Eul\u00e0ria des Riu 07840, as\u00ed como a presentar una reclamaci\u00f3n ante una autoridad de control.<\/p>\n\t\t\t\t<img loading=\"lazy\" decoding=\"async\" src=\"https:\/\/santaeulariaculturaijoventut.com\/wp-content\/uploads\/2020\/11\/5.jpg\" alt=\"5\" itemprop=\"image\" height=\"311\" width=\"311\" title=\"5\" onerror=\"this.style.display='none'\"  \/>\n<h3>\n\t\tActividad 5\n\t<\/h3>\n<h4>\n\t\tDomingo 19 de diciembre\n\t<\/h4>\n\n","protected":false},"excerpt":{"rendered":"<p>Actividad 5 &#8211; Por la diversidad que define la infancia y la adolescencia La Concejal\u00eda de Juventud del Ayuntamiento de Santa Eul\u00e0ria des Riu propone la II Gincana Christmas Race organizada por Ibiza Blue Challenge el domingo 19 de diciembre en la desembocadura del r\u00edo de Santa Eul\u00e0ria entre las 10 y las 18 h.&hellip;<\/p>\n","protected":false},"author":1,"featured_media":0,"parent":4401,"menu_order":50,"comment_status":"closed","ping_status":"closed","template":"","meta":{"footnotes":""},"categories":[75,77],"tags":[],"folder":[73],"yoast_head":"<!-- This site is optimized with the Yoast SEO plugin v23.9 - https:\/\/yoast.com\/wordpress\/plugins\/seo\/ -->\n<title>Actividad 5 - Cultura i Joventut, Santa Eul\u00e0ria des Riu<\/title>\n<meta name=\"robots\" content=\"index, follow, max-snippet:-1, max-image-preview:large, max-video-preview:-1\" \/>\n<link rel=\"canonical\" href=\"https:\/\/santaeulariaculturaijoventut.com\/es\/cuidinfants-edicion-2021\/actividad-5\/\" \/>\n<meta property=\"og:locale\" content=\"es_ES\" \/>\n<meta property=\"og:type\" content=\"article\" \/>\n<meta property=\"og:title\" content=\"Actividad 5 - Cultura i Joventut, Santa Eul\u00e0ria des Riu\" \/>\n<meta property=\"og:description\" content=\"Actividad 5 &#8211; Por la diversidad que define la infancia y la adolescencia La Concejal\u00eda de Juventud del Ayuntamiento de Santa Eul\u00e0ria des Riu propone la II Gincana Christmas Race organizada por Ibiza Blue Challenge el domingo 19 de diciembre en la desembocadura del r\u00edo de Santa Eul\u00e0ria entre las 10 y las 18 h.&hellip;\" \/>\n<meta property=\"og:url\" content=\"https:\/\/santaeulariaculturaijoventut.com\/es\/cuidinfants-edicion-2021\/actividad-5\/\" \/>\n<meta property=\"og:site_name\" content=\"Cultura i Joventut, Santa Eul\u00e0ria des Riu\" \/>\n<meta property=\"article:modified_time\" content=\"2022-01-03T16:56:54+00:00\" \/>\n<meta property=\"og:image\" content=\"https:\/\/santaeulariaculturaijoventut.com\/wp-content\/uploads\/2020\/11\/5.jpg\" \/>\n<meta name=\"twitter:card\" content=\"summary_large_image\" \/>\n<meta name=\"twitter:label1\" content=\"Tiempo de lectura\" \/>\n\t<meta name=\"twitter:data1\" content=\"8 minutos\" \/>\n<script type=\"application\/ld+json\" class=\"yoast-schema-graph\">{\"@context\":\"https:\/\/schema.org\",\"@graph\":[{\"@type\":\"WebPage\",\"@id\":\"https:\/\/santaeulariaculturaijoventut.com\/es\/cuidinfants-edicion-2021\/actividad-5\/\",\"url\":\"https:\/\/santaeulariaculturaijoventut.com\/es\/cuidinfants-edicion-2021\/actividad-5\/\",\"name\":\"Actividad 5 - Cultura i Joventut, Santa Eul\u00e0ria des Riu\",\"isPartOf\":{\"@id\":\"https:\/\/santaeulariaculturaijoventut.com\/ca\/#website\"},\"primaryImageOfPage\":{\"@id\":\"https:\/\/santaeulariaculturaijoventut.com\/es\/cuidinfants-edicion-2021\/actividad-5\/#primaryimage\"},\"image\":{\"@id\":\"https:\/\/santaeulariaculturaijoventut.com\/es\/cuidinfants-edicion-2021\/actividad-5\/#primaryimage\"},\"thumbnailUrl\":\"https:\/\/santaeulariaculturaijoventut.com\/wp-content\/uploads\/2020\/11\/5.jpg\",\"datePublished\":\"2021-11-17T16:28:03+00:00\",\"dateModified\":\"2022-01-03T16:56:54+00:00\",\"breadcrumb\":{\"@id\":\"https:\/\/santaeulariaculturaijoventut.com\/es\/cuidinfants-edicion-2021\/actividad-5\/#breadcrumb\"},\"inLanguage\":\"es\",\"potentialAction\":[{\"@type\":\"ReadAction\",\"target\":[\"https:\/\/santaeulariaculturaijoventut.com\/es\/cuidinfants-edicion-2021\/actividad-5\/\"]}]},{\"@type\":\"ImageObject\",\"inLanguage\":\"es\",\"@id\":\"https:\/\/santaeulariaculturaijoventut.com\/es\/cuidinfants-edicion-2021\/actividad-5\/#primaryimage\",\"url\":\"https:\/\/santaeulariaculturaijoventut.com\/wp-content\/uploads\/2020\/11\/5.jpg\",\"contentUrl\":\"https:\/\/santaeulariaculturaijoventut.com\/wp-content\/uploads\/2020\/11\/5.jpg\"},{\"@type\":\"BreadcrumbList\",\"@id\":\"https:\/\/santaeulariaculturaijoventut.com\/es\/cuidinfants-edicion-2021\/actividad-5\/#breadcrumb\",\"itemListElement\":[{\"@type\":\"ListItem\",\"position\":1,\"name\":\"Inici\",\"item\":\"https:\/\/santaeulariaculturaijoventut.com\/es\/escoles-estiu\/informacio-escoles-destiu\/\"},{\"@type\":\"ListItem\",\"position\":2,\"name\":\"Cuidinfants Edici\u00f3n 2021\",\"item\":\"https:\/\/santaeulariaculturaijoventut.com\/es\/cuidinfants-edicion-2021\/\"},{\"@type\":\"ListItem\",\"position\":3,\"name\":\"Actividad 5\"}]},{\"@type\":\"WebSite\",\"@id\":\"https:\/\/santaeulariaculturaijoventut.com\/ca\/#website\",\"url\":\"https:\/\/santaeulariaculturaijoventut.com\/ca\/\",\"name\":\"Cultura i Joventut, Santa Eul\u00e0ria des Riu\",\"description\":\"Cultura i Joventut, Santa Eul\u00e0ria des Riu\",\"potentialAction\":[{\"@type\":\"SearchAction\",\"target\":{\"@type\":\"EntryPoint\",\"urlTemplate\":\"https:\/\/santaeulariaculturaijoventut.com\/ca\/?s={search_term_string}\"},\"query-input\":{\"@type\":\"PropertyValueSpecification\",\"valueRequired\":true,\"valueName\":\"search_term_string\"}}],\"inLanguage\":\"es\"}]}<\/script>\n<!-- \/ Yoast SEO plugin. -->","yoast_head_json":{"title":"Actividad 5 - Cultura i Joventut, Santa Eul\u00e0ria des Riu","robots":{"index":"index","follow":"follow","max-snippet":"max-snippet:-1","max-image-preview":"max-image-preview:large","max-video-preview":"max-video-preview:-1"},"canonical":"https:\/\/santaeulariaculturaijoventut.com\/es\/cuidinfants-edicion-2021\/actividad-5\/","og_locale":"es_ES","og_type":"article","og_title":"Actividad 5 - Cultura i Joventut, Santa Eul\u00e0ria des Riu","og_description":"Actividad 5 &#8211; Por la diversidad que define la infancia y la adolescencia La Concejal\u00eda de Juventud del Ayuntamiento de Santa Eul\u00e0ria des Riu propone la II Gincana Christmas Race organizada por Ibiza Blue Challenge el domingo 19 de diciembre en la desembocadura del r\u00edo de Santa Eul\u00e0ria entre las 10 y las 18 h.&hellip;","og_url":"https:\/\/santaeulariaculturaijoventut.com\/es\/cuidinfants-edicion-2021\/actividad-5\/","og_site_name":"Cultura i Joventut, Santa Eul\u00e0ria des Riu","article_modified_time":"2022-01-03T16:56:54+00:00","og_image":[{"url":"https:\/\/santaeulariaculturaijoventut.com\/wp-content\/uploads\/2020\/11\/5.jpg"}],"twitter_card":"summary_large_image","twitter_misc":{"Tiempo de lectura":"8 minutos"},"schema":{"@context":"https:\/\/schema.org","@graph":[{"@type":"WebPage","@id":"https:\/\/santaeulariaculturaijoventut.com\/es\/cuidinfants-edicion-2021\/actividad-5\/","url":"https:\/\/santaeulariaculturaijoventut.com\/es\/cuidinfants-edicion-2021\/actividad-5\/","name":"Actividad 5 - Cultura i Joventut, Santa Eul\u00e0ria des Riu","isPartOf":{"@id":"https:\/\/santaeulariaculturaijoventut.com\/ca\/#website"},"primaryImageOfPage":{"@id":"https:\/\/santaeulariaculturaijoventut.com\/es\/cuidinfants-edicion-2021\/actividad-5\/#primaryimage"},"image":{"@id":"https:\/\/santaeulariaculturaijoventut.com\/es\/cuidinfants-edicion-2021\/actividad-5\/#primaryimage"},"thumbnailUrl":"https:\/\/santaeulariaculturaijoventut.com\/wp-content\/uploads\/2020\/11\/5.jpg","datePublished":"2021-11-17T16:28:03+00:00","dateModified":"2022-01-03T16:56:54+00:00","breadcrumb":{"@id":"https:\/\/santaeulariaculturaijoventut.com\/es\/cuidinfants-edicion-2021\/actividad-5\/#breadcrumb"},"inLanguage":"es","potentialAction":[{"@type":"ReadAction","target":["https:\/\/santaeulariaculturaijoventut.com\/es\/cuidinfants-edicion-2021\/actividad-5\/"]}]},{"@type":"ImageObject","inLanguage":"es","@id":"https:\/\/santaeulariaculturaijoventut.com\/es\/cuidinfants-edicion-2021\/actividad-5\/#primaryimage","url":"https:\/\/santaeulariaculturaijoventut.com\/wp-content\/uploads\/2020\/11\/5.jpg","contentUrl":"https:\/\/santaeulariaculturaijoventut.com\/wp-content\/uploads\/2020\/11\/5.jpg"},{"@type":"BreadcrumbList","@id":"https:\/\/santaeulariaculturaijoventut.com\/es\/cuidinfants-edicion-2021\/actividad-5\/#breadcrumb","itemListElement":[{"@type":"ListItem","position":1,"name":"Inici","item":"https:\/\/santaeulariaculturaijoventut.com\/es\/escoles-estiu\/informacio-escoles-destiu\/"},{"@type":"ListItem","position":2,"name":"Cuidinfants Edici\u00f3n 2021","item":"https:\/\/santaeulariaculturaijoventut.com\/es\/cuidinfants-edicion-2021\/"},{"@type":"ListItem","position":3,"name":"Actividad 5"}]},{"@type":"WebSite","@id":"https:\/\/santaeulariaculturaijoventut.com\/ca\/#website","url":"https:\/\/santaeulariaculturaijoventut.com\/ca\/","name":"Cultura i Joventut, Santa Eul\u00e0ria des Riu","description":"Cultura i Joventut, Santa Eul\u00e0ria des Riu","potentialAction":[{"@type":"SearchAction","target":{"@type":"EntryPoint","urlTemplate":"https:\/\/santaeulariaculturaijoventut.com\/ca\/?s={search_term_string}"},"query-input":{"@type":"PropertyValueSpecification","valueRequired":true,"valueName":"search_term_string"}}],"inLanguage":"es"}]}},"_links":{"self":[{"href":"https:\/\/santaeulariaculturaijoventut.com\/es\/wp-json\/wp\/v2\/pages\/4612"}],"collection":[{"href":"https:\/\/santaeulariaculturaijoventut.com\/es\/wp-json\/wp\/v2\/pages"}],"about":[{"href":"https:\/\/santaeulariaculturaijoventut.com\/es\/wp-json\/wp\/v2\/types\/page"}],"author":[{"embeddable":true,"href":"https:\/\/santaeulariaculturaijoventut.com\/es\/wp-json\/wp\/v2\/users\/1"}],"replies":[{"embeddable":true,"href":"https:\/\/santaeulariaculturaijoventut.com\/es\/wp-json\/wp\/v2\/comments?post=4612"}],"version-history":[{"count":3,"href":"https:\/\/santaeulariaculturaijoventut.com\/es\/wp-json\/wp\/v2\/pages\/4612\/revisions"}],"predecessor-version":[{"id":5233,"href":"https:\/\/santaeulariaculturaijoventut.com\/es\/wp-json\/wp\/v2\/pages\/4612\/revisions\/5233"}],"up":[{"embeddable":true,"href":"https:\/\/santaeulariaculturaijoventut.com\/es\/wp-json\/wp\/v2\/pages\/4401"}],"wp:attachment":[{"href":"https:\/\/santaeulariaculturaijoventut.com\/es\/wp-json\/wp\/v2\/media?parent=4612"}],"wp:term":[{"taxonomy":"category","embeddable":true,"href":"https:\/\/santaeulariaculturaijoventut.com\/es\/wp-json\/wp\/v2\/categories?post=4612"},{"taxonomy":"post_tag","embeddable":true,"href":"https:\/\/santaeulariaculturaijoventut.com\/es\/wp-json\/wp\/v2\/tags?post=4612"},{"taxonomy":"folder","embeddable":true,"href":"https:\/\/santaeulariaculturaijoventut.com\/es\/wp-json\/wp\/v2\/folder?post=4612"}],"curies":[{"name":"wp","href":"https:\/\/api.w.org\/{rel}","templated":true}]}}