{"id":4551,"date":"2021-11-16T19:19:27","date_gmt":"2021-11-16T18:19:27","guid":{"rendered":"https:\/\/santaeulariaculturaijoventut.com\/cuidinfants-edicion-2021\/programa-completo-2021\/"},"modified":"2021-11-26T15:59:03","modified_gmt":"2021-11-26T14:59:03","slug":"programa-completo-2021","status":"publish","type":"page","link":"https:\/\/santaeulariaculturaijoventut.com\/es\/cuidinfants-edicion-2021\/programa-completo-2021\/","title":{"rendered":"Programa completo 2021"},"content":{"rendered":"\n<h4>\n\t\tPrograma completo\n\t<\/h4>\n\t\n<strong>DEL 15 AL 21 DE NOVIEMBRE DE 2021<\/strong><br \/>\nIluminaci\u00f3n del Ayuntamiento y las fuentes de Santa Eul\u00e0ria de color azul para la celebraci\u00f3n del D\u00eda Mundial de la Infancia.\n<strong>VIERNES 19 DE NOVIEMBRE DE 2021<\/strong><br \/>\n<strong>10 h<\/strong> 10 h Participaci\u00f3n de los ni\u00f1os y las ni\u00f1as representantes del municipio de Santa Eul\u00e0ria des Riu en el X Parlamento Infantil y Juvenil de las Islas Baleares. Santa Eul\u00e0ria des Riu toma el cargo de presidencia. En l\u00ednea.\n<strong>S\u00c1BADO 20 DE NOVIEMBRE DE 2021 (D\u00cdA MUNDIAL DE LA INFANCIA)<\/strong><br \/>\n<strong>ACTIVIDAD 1 &#8211; POR LA PROTECCI\u00d3N Y LA SOLIDARIDAD DE LA INFANCIA Y LA ADOLESCENCIA<\/strong><br \/>\nEn la plaza Espa\u00f1a y el paseo de s&#8217;Alamera<br \/>\n<strong>10 a 14 h<\/strong> Producci\u00f3n y consumo responsable\u00bb. Actividad organizada por el Consejo de Infancia y Adolescencia del municipio de Santa Eul\u00e0ria des Riu. <br \/>\n<strong>10 a 14 h i 17 a 20 h<\/strong> Hinchables y talleres infantiles.<br \/>\n<strong>11 h<\/strong> Inauguraci\u00f3n de la placa de renovaci\u00f3n del sello Ciudad Amiga de la Infancia con la presencia de Mercedes del Pozo, presidenta de Unicef Comit\u00e8 Balears. Lectura del manifiesto \u00abProducci\u00f3n y consumo responsable\u00bb del Consejo de Infancia y Adolescencia del municipio de Santa Eul\u00e0ria des Riu. <br \/>\n<strong>11 a 13 h i 17 a 19 h<\/strong> Subida en globo aerost\u00e1tico en el aparcamiento junto al paseo de s&#8217;Alamera.\n<strong>S\u00c1BADO 27 DE NOVIEMBRE DE 2021 <\/strong><br \/>\n<strong>ACTIVIDAD 2 &#8211; POR LA IGUALDAD Y LA COMPRENSI\u00d3N DE LA INFANCIA Y LA ADOLESCENCIA<\/strong><br \/>\nEn la plaza de Espa\u00f1a.<br \/>\n<strong>11 h<\/strong> *Cuentacuentos. Socorro, \u00a1hacedme caso! con Celia Ruiz.<br \/>\n<strong>12.30 h<\/strong> *Teatro. Yoav i Ahmed, una amistat m\u00e9s enll\u00e0 dels murs con David y Monma.<br \/>\n<strong>17 h<\/strong> Improcuentos. El libro m\u00e1gico de la abuela con Improibiza.\n<p>*Estas actuaciones contaran con interpretaci\u00f3n de lengua de signos.<\/p>\n<strong>VIERNES 3 DE DICIEMBRE DE 2021<\/strong><br \/>\n<strong>10 h<\/strong> Pleno infantil y juvenil con los ni\u00f1os, ni\u00f1as y j\u00f3venes representantes del municipio de Santa Eul\u00e0ria des Riu. En l\u00ednea.\n<strong>S\u00c1BADO 4 DE DICIEMBRE DE 2021 <\/strong><br \/>\n<strong>ACTIVIDAD 3 &#8211; POR LA DIVERSI\u00d3N DE LA INFANCIA Y LA ADOLESCENCIA Y POR UNA EDUCACI\u00d3N PARA TODOS Y TODAS<\/strong><br \/>\nEn la plaza Espa\u00f1a y el paseo de s&#8217;Alamera<br \/>\n<strong>10 a 14 h<\/strong> Juegos inclusivos y mesas informativas. Con la colaboraci\u00f3n de las asociaciones de personas con discapacidad de la isla de Ibiza.\n<strong>S\u00c1BADO 11 DE DICIEMBRE DE 2021 <\/strong><br \/>\n<strong>ACTIVIDAD 4 &#8211; POR EL CRECIMIENTO Y LA ATENCI\u00d3N A LA INFANCIA EN UN ENTORNO SANO Y ADECUADO<\/strong><br \/>\nEn la plaza Espa\u00f1a.<br \/>\n<strong>9.30 a 14 h<\/strong> Concurso de cocina infantil y juvenil y showcooking con Aitor P\u00e9rez, organizador de Top Cuiner. Premio de 50 \u20ac al primero de cada categor\u00eda. Inscripciones del 1 al 8 de diciembre en <a href=\"mailto:puntjove@santaeularia.com\">puntjove@santaeularia.com<\/a>. Bases en www.santaeulariaculturaijoventut.com.\n<strong>DOMINGO 19 DE DICIEMBRE DE 2021 <\/strong><br \/>\n<strong>ACTIVIDAD 5 &#8211; POR LA DIVERSIDAD QUE DEFINE A LA INFANCIA Y LA ADOLESCENCIA<\/strong><br \/>\nEn la desembocadura del r\u00edo de Santa Eul\u00e0ria.<br \/>\n<strong>10 a 17 h<\/strong> Gincana Christmas Race organizada por Ibiza Blue Challege. Informaci\u00f3n e inscripciones a partir del 22 de noviembre a <a href=\"https:\/\/sportmaniacs.com\/c\/ii-gymkhana-christmas-race\" target=\"_blank\" rel=\"noopener\">https:\/\/sportmaniacs.com\/c\/ii-gymkhana-christmas-race<\/a>. Durante el evento, Equip Voluntari har\u00e1 una recogida de alimentos para el Banco de Alimentos.\n\t\t\t\t\t\t\t\t<a href=\"https:\/\/santaeulariaculturaijoventut.com\/wp-content\/uploads\/2021\/11\/BrowserPreview_tmp.jpg\" target=\"_self\" itemprop=\"url\" rel=\"noopener\">\n\t\t\t\t\t\t\t\t\t<img decoding=\"async\" src=\"https:\/\/santaeulariaculturaijoventut.com\/wp-content\/uploads\/2021\/11\/BrowserPreview_tmp.jpg\" alt=\"BrowserPreview_tmp\" itemprop=\"image\"  \/>\n\t\t\t\t\t\t\t\t\t\t\t\t\t<\/a>\n\n","protected":false},"excerpt":{"rendered":"<p>Programa completo DEL 15 AL 21 DE NOVIEMBRE DE 2021 Iluminaci\u00f3n del Ayuntamiento y las fuentes de Santa Eul\u00e0ria de color azul para la celebraci\u00f3n del D\u00eda Mundial de la Infancia. VIERNES 19 DE NOVIEMBRE DE 2021 10 h 10 h Participaci\u00f3n de los ni\u00f1os y las ni\u00f1as representantes del municipio de Santa Eul\u00e0ria des&hellip;<\/p>\n","protected":false},"author":1,"featured_media":0,"parent":4401,"menu_order":20,"comment_status":"closed","ping_status":"closed","template":"","meta":{"footnotes":""},"categories":[75,77],"tags":[],"folder":[73],"yoast_head":"<!-- This site is optimized with the Yoast SEO plugin v23.9 - https:\/\/yoast.com\/wordpress\/plugins\/seo\/ -->\n<title>Programa completo 2021 - Cultura i Joventut, Santa Eul\u00e0ria des Riu<\/title>\n<meta name=\"description\" content=\"Cada semana se propondr\u00e1 una actividad online o presencial destinada a ni\u00f1os y j\u00f3venes de 3 a 17 a\u00f1os y sus familias.\" \/>\n<meta name=\"robots\" content=\"index, follow, max-snippet:-1, max-image-preview:large, max-video-preview:-1\" \/>\n<link rel=\"canonical\" href=\"https:\/\/santaeulariaculturaijoventut.com\/es\/cuidinfants-edicion-2021\/programa-completo-2021\/\" \/>\n<meta property=\"og:locale\" content=\"es_ES\" \/>\n<meta property=\"og:type\" content=\"article\" \/>\n<meta property=\"og:title\" content=\"Programa completo 2021 - Cultura i Joventut, Santa Eul\u00e0ria des Riu\" \/>\n<meta property=\"og:description\" content=\"Cada semana se propondr\u00e1 una actividad online o presencial destinada a ni\u00f1os y j\u00f3venes de 3 a 17 a\u00f1os y sus familias.\" \/>\n<meta property=\"og:url\" content=\"https:\/\/santaeulariaculturaijoventut.com\/es\/cuidinfants-edicion-2021\/programa-completo-2021\/\" \/>\n<meta property=\"og:site_name\" content=\"Cultura i Joventut, Santa Eul\u00e0ria des Riu\" \/>\n<meta property=\"article:modified_time\" content=\"2021-11-26T14:59:03+00:00\" \/>\n<meta property=\"og:image\" content=\"https:\/\/santaeulariaculturaijoventut.com\/wp-content\/uploads\/2021\/11\/BrowserPreview_tmp.jpg\" \/>\n<meta name=\"twitter:card\" content=\"summary_large_image\" \/>\n<meta name=\"twitter:label1\" content=\"Tiempo de lectura\" \/>\n\t<meta name=\"twitter:data1\" content=\"3 minutos\" \/>\n<script type=\"application\/ld+json\" class=\"yoast-schema-graph\">{\"@context\":\"https:\/\/schema.org\",\"@graph\":[{\"@type\":\"WebPage\",\"@id\":\"https:\/\/santaeulariaculturaijoventut.com\/es\/cuidinfants-edicion-2021\/programa-completo-2021\/\",\"url\":\"https:\/\/santaeulariaculturaijoventut.com\/es\/cuidinfants-edicion-2021\/programa-completo-2021\/\",\"name\":\"Programa completo 2021 - Cultura i Joventut, Santa Eul\u00e0ria des Riu\",\"isPartOf\":{\"@id\":\"https:\/\/santaeulariaculturaijoventut.com\/ca\/#website\"},\"primaryImageOfPage\":{\"@id\":\"https:\/\/santaeulariaculturaijoventut.com\/es\/cuidinfants-edicion-2021\/programa-completo-2021\/#primaryimage\"},\"image\":{\"@id\":\"https:\/\/santaeulariaculturaijoventut.com\/es\/cuidinfants-edicion-2021\/programa-completo-2021\/#primaryimage\"},\"thumbnailUrl\":\"https:\/\/santaeulariaculturaijoventut.com\/wp-content\/uploads\/2021\/11\/BrowserPreview_tmp.jpg\",\"datePublished\":\"2021-11-16T18:19:27+00:00\",\"dateModified\":\"2021-11-26T14:59:03+00:00\",\"description\":\"Cada semana se propondr\u00e1 una actividad online o presencial destinada a ni\u00f1os y j\u00f3venes de 3 a 17 a\u00f1os y sus familias.\",\"breadcrumb\":{\"@id\":\"https:\/\/santaeulariaculturaijoventut.com\/es\/cuidinfants-edicion-2021\/programa-completo-2021\/#breadcrumb\"},\"inLanguage\":\"es\",\"potentialAction\":[{\"@type\":\"ReadAction\",\"target\":[\"https:\/\/santaeulariaculturaijoventut.com\/es\/cuidinfants-edicion-2021\/programa-completo-2021\/\"]}]},{\"@type\":\"ImageObject\",\"inLanguage\":\"es\",\"@id\":\"https:\/\/santaeulariaculturaijoventut.com\/es\/cuidinfants-edicion-2021\/programa-completo-2021\/#primaryimage\",\"url\":\"https:\/\/santaeulariaculturaijoventut.com\/wp-content\/uploads\/2021\/11\/BrowserPreview_tmp.jpg\",\"contentUrl\":\"https:\/\/santaeulariaculturaijoventut.com\/wp-content\/uploads\/2021\/11\/BrowserPreview_tmp.jpg\"},{\"@type\":\"BreadcrumbList\",\"@id\":\"https:\/\/santaeulariaculturaijoventut.com\/es\/cuidinfants-edicion-2021\/programa-completo-2021\/#breadcrumb\",\"itemListElement\":[{\"@type\":\"ListItem\",\"position\":1,\"name\":\"Inici\",\"item\":\"https:\/\/santaeulariaculturaijoventut.com\/es\/escoles-estiu\/informacio-escoles-destiu\/\"},{\"@type\":\"ListItem\",\"position\":2,\"name\":\"Cuidinfants Edici\u00f3n 2021\",\"item\":\"https:\/\/santaeulariaculturaijoventut.com\/es\/cuidinfants-edicion-2021\/\"},{\"@type\":\"ListItem\",\"position\":3,\"name\":\"Programa completo 2021\"}]},{\"@type\":\"WebSite\",\"@id\":\"https:\/\/santaeulariaculturaijoventut.com\/ca\/#website\",\"url\":\"https:\/\/santaeulariaculturaijoventut.com\/ca\/\",\"name\":\"Cultura i Joventut, Santa Eul\u00e0ria des Riu\",\"description\":\"Cultura i Joventut, Santa Eul\u00e0ria des Riu\",\"potentialAction\":[{\"@type\":\"SearchAction\",\"target\":{\"@type\":\"EntryPoint\",\"urlTemplate\":\"https:\/\/santaeulariaculturaijoventut.com\/ca\/?s={search_term_string}\"},\"query-input\":{\"@type\":\"PropertyValueSpecification\",\"valueRequired\":true,\"valueName\":\"search_term_string\"}}],\"inLanguage\":\"es\"}]}<\/script>\n<!-- \/ Yoast SEO plugin. -->","yoast_head_json":{"title":"Programa completo 2021 - Cultura i Joventut, Santa Eul\u00e0ria des Riu","description":"Cada semana se propondr\u00e1 una actividad online o presencial destinada a ni\u00f1os y j\u00f3venes de 3 a 17 a\u00f1os y sus familias.","robots":{"index":"index","follow":"follow","max-snippet":"max-snippet:-1","max-image-preview":"max-image-preview:large","max-video-preview":"max-video-preview:-1"},"canonical":"https:\/\/santaeulariaculturaijoventut.com\/es\/cuidinfants-edicion-2021\/programa-completo-2021\/","og_locale":"es_ES","og_type":"article","og_title":"Programa completo 2021 - Cultura i Joventut, Santa Eul\u00e0ria des Riu","og_description":"Cada semana se propondr\u00e1 una actividad online o presencial destinada a ni\u00f1os y j\u00f3venes de 3 a 17 a\u00f1os y sus familias.","og_url":"https:\/\/santaeulariaculturaijoventut.com\/es\/cuidinfants-edicion-2021\/programa-completo-2021\/","og_site_name":"Cultura i Joventut, Santa Eul\u00e0ria des Riu","article_modified_time":"2021-11-26T14:59:03+00:00","og_image":[{"url":"https:\/\/santaeulariaculturaijoventut.com\/wp-content\/uploads\/2021\/11\/BrowserPreview_tmp.jpg"}],"twitter_card":"summary_large_image","twitter_misc":{"Tiempo de lectura":"3 minutos"},"schema":{"@context":"https:\/\/schema.org","@graph":[{"@type":"WebPage","@id":"https:\/\/santaeulariaculturaijoventut.com\/es\/cuidinfants-edicion-2021\/programa-completo-2021\/","url":"https:\/\/santaeulariaculturaijoventut.com\/es\/cuidinfants-edicion-2021\/programa-completo-2021\/","name":"Programa completo 2021 - Cultura i Joventut, Santa Eul\u00e0ria des Riu","isPartOf":{"@id":"https:\/\/santaeulariaculturaijoventut.com\/ca\/#website"},"primaryImageOfPage":{"@id":"https:\/\/santaeulariaculturaijoventut.com\/es\/cuidinfants-edicion-2021\/programa-completo-2021\/#primaryimage"},"image":{"@id":"https:\/\/santaeulariaculturaijoventut.com\/es\/cuidinfants-edicion-2021\/programa-completo-2021\/#primaryimage"},"thumbnailUrl":"https:\/\/santaeulariaculturaijoventut.com\/wp-content\/uploads\/2021\/11\/BrowserPreview_tmp.jpg","datePublished":"2021-11-16T18:19:27+00:00","dateModified":"2021-11-26T14:59:03+00:00","description":"Cada semana se propondr\u00e1 una actividad online o presencial destinada a ni\u00f1os y j\u00f3venes de 3 a 17 a\u00f1os y sus familias.","breadcrumb":{"@id":"https:\/\/santaeulariaculturaijoventut.com\/es\/cuidinfants-edicion-2021\/programa-completo-2021\/#breadcrumb"},"inLanguage":"es","potentialAction":[{"@type":"ReadAction","target":["https:\/\/santaeulariaculturaijoventut.com\/es\/cuidinfants-edicion-2021\/programa-completo-2021\/"]}]},{"@type":"ImageObject","inLanguage":"es","@id":"https:\/\/santaeulariaculturaijoventut.com\/es\/cuidinfants-edicion-2021\/programa-completo-2021\/#primaryimage","url":"https:\/\/santaeulariaculturaijoventut.com\/wp-content\/uploads\/2021\/11\/BrowserPreview_tmp.jpg","contentUrl":"https:\/\/santaeulariaculturaijoventut.com\/wp-content\/uploads\/2021\/11\/BrowserPreview_tmp.jpg"},{"@type":"BreadcrumbList","@id":"https:\/\/santaeulariaculturaijoventut.com\/es\/cuidinfants-edicion-2021\/programa-completo-2021\/#breadcrumb","itemListElement":[{"@type":"ListItem","position":1,"name":"Inici","item":"https:\/\/santaeulariaculturaijoventut.com\/es\/escoles-estiu\/informacio-escoles-destiu\/"},{"@type":"ListItem","position":2,"name":"Cuidinfants Edici\u00f3n 2021","item":"https:\/\/santaeulariaculturaijoventut.com\/es\/cuidinfants-edicion-2021\/"},{"@type":"ListItem","position":3,"name":"Programa completo 2021"}]},{"@type":"WebSite","@id":"https:\/\/santaeulariaculturaijoventut.com\/ca\/#website","url":"https:\/\/santaeulariaculturaijoventut.com\/ca\/","name":"Cultura i Joventut, Santa Eul\u00e0ria des Riu","description":"Cultura i Joventut, Santa Eul\u00e0ria des Riu","potentialAction":[{"@type":"SearchAction","target":{"@type":"EntryPoint","urlTemplate":"https:\/\/santaeulariaculturaijoventut.com\/ca\/?s={search_term_string}"},"query-input":{"@type":"PropertyValueSpecification","valueRequired":true,"valueName":"search_term_string"}}],"inLanguage":"es"}]}},"_links":{"self":[{"href":"https:\/\/santaeulariaculturaijoventut.com\/es\/wp-json\/wp\/v2\/pages\/4551"}],"collection":[{"href":"https:\/\/santaeulariaculturaijoventut.com\/es\/wp-json\/wp\/v2\/pages"}],"about":[{"href":"https:\/\/santaeulariaculturaijoventut.com\/es\/wp-json\/wp\/v2\/types\/page"}],"author":[{"embeddable":true,"href":"https:\/\/santaeulariaculturaijoventut.com\/es\/wp-json\/wp\/v2\/users\/1"}],"replies":[{"embeddable":true,"href":"https:\/\/santaeulariaculturaijoventut.com\/es\/wp-json\/wp\/v2\/comments?post=4551"}],"version-history":[{"count":8,"href":"https:\/\/santaeulariaculturaijoventut.com\/es\/wp-json\/wp\/v2\/pages\/4551\/revisions"}],"predecessor-version":[{"id":4779,"href":"https:\/\/santaeulariaculturaijoventut.com\/es\/wp-json\/wp\/v2\/pages\/4551\/revisions\/4779"}],"up":[{"embeddable":true,"href":"https:\/\/santaeulariaculturaijoventut.com\/es\/wp-json\/wp\/v2\/pages\/4401"}],"wp:attachment":[{"href":"https:\/\/santaeulariaculturaijoventut.com\/es\/wp-json\/wp\/v2\/media?parent=4551"}],"wp:term":[{"taxonomy":"category","embeddable":true,"href":"https:\/\/santaeulariaculturaijoventut.com\/es\/wp-json\/wp\/v2\/categories?post=4551"},{"taxonomy":"post_tag","embeddable":true,"href":"https:\/\/santaeulariaculturaijoventut.com\/es\/wp-json\/wp\/v2\/tags?post=4551"},{"taxonomy":"folder","embeddable":true,"href":"https:\/\/santaeulariaculturaijoventut.com\/es\/wp-json\/wp\/v2\/folder?post=4551"}],"curies":[{"name":"wp","href":"https:\/\/api.w.org\/{rel}","templated":true}]}}