{"id":226,"date":"2020-08-27T10:24:27","date_gmt":"2020-08-27T08:24:27","guid":{"rendered":"https:\/\/www.santaeulariaculturaijoventut.com\/?page_id=226"},"modified":"2020-08-31T17:36:24","modified_gmt":"2020-08-31T15:36:24","slug":"avis-legal","status":"publish","type":"page","link":"https:\/\/santaeulariaculturaijoventut.com\/ca\/avis-legal\/","title":{"rendered":"Av\u00eds Legal"},"content":{"rendered":"\r\n\t<p><strong>NOTA LEGAL Y CONDICIONES GENERALES DE USO DEL SITIO WEB<\/strong><\/p>\r\n<p>www.santaeulariaculturaijoventut.com<\/p>\r\n<p>&nbsp;<\/p>\r\n<p>El acceso a la presente web atribuye la condici\u00f3n de USUARIO e implica la aceptaci\u00f3n plena y sin reserva, desde dicho acceso y\/o uso, de la presente nota legal y de la pol\u00edtica de privacidad en su \u00faltima versi\u00f3n. Por ello, aconsejamos que proceda a la lectura de estos documentos, antes de utilizar las funcionalidades ofrecidas por este sitio Web, as\u00ed como cada vez que acceda a \u00e9l, ya que nos reservamos el derecho de cambiar, modificar, a\u00f1adir o eliminar en cualquier momento parte de estas condiciones.<\/p>\r\n<p><strong>I. TITULAR DE LA WEB<\/strong><\/p>\r\n<p>A los efectos de lo previsto por el Art. 10 de la Ley 34\/ 2002, de 11 de julio, de Servicios de la Sociedad de la Informaci\u00f3n y de Comercio Electr\u00f3nico, se proporciona la siguiente informaci\u00f3n sobre la titular de esta Web:<\/p>\r\n&#8211;\u00a0<strong>Titular de la Web:<\/strong>\u00a0AJUNTAMENT DE SANTA EUL\u00c0RIA DES RIU (en adelante EL AYUNTAMIENTO)<br \/>\r\n&#8211;\u00a0<strong>Domicilio social:<\/strong>\u00a0Plaza de Espa\u00f1a n\u00ba 1, 07840 \u2013 Santa Eul\u00e0ria des Riu (Illes Balears), Espa\u00f1a<br \/>\r\n&#8211;\u00a0<strong>C.I.F.<\/strong>\u00a0P-0705400J\r\n<p>Adem\u00e1s del domicilio social, se pone a disposici\u00f3n de los usuarios los siguientes canales para dirigir sus peticiones, cuestiones o reclamaciones:<\/p>\r\n&#8211; Tel\u00e9fono: +34 971 33 07 28<br \/>\r\n&#8211; Email: cultura@santaeularia.com.\r\n<p><strong>II. CONDICIONES DE USO<\/strong><\/p>\r\n<p><strong>1. Introducci\u00f3n.<\/strong>\u00a0Esta web ofrece informaci\u00f3n y servicios provistos por el AYUNTAMIENTO pudiendo en determinados casos acceder a dichos servicios directamente online. Accediendo y utilizando esta web, usted acuerda obligarse a las condiciones que a continuaci\u00f3n se exponen, por lo que se le recomienda que lea cuidadosamente esta secci\u00f3n antes de iniciar su navegaci\u00f3n.<\/p>\r\n<p><strong>2. Obligaciones de los Usuarios.<\/strong>\u00a0Los Usuarios se comprometen a utilizar esta Web de forma l\u00edcita, de acuerdo con lo dispuesto en las presentes condiciones y de forma que no produzcan un perjuicio en los derechos o intereses del AYUNTAMIENTO o de terceros. A t\u00edtulo enunciativo y en ning\u00fan caso limitativo o excluyente, el Usuario se compromete igualmente a:<\/p>\r\n&#8211; No incurrir en actividades ilegales o contrarias al orden p\u00fablico o a la buena fe;<br \/>\r\n&#8211; No utilizar los datos publicados en la Web para el env\u00edo de comunicaciones no solicitadas (spam).<br \/>\r\n&#8211; No introducir o difundir en la web informaci\u00f3n o contenidos falsos, enga\u00f1osos, ambiguos o inexactos de forma que induzcan a error a los receptores de la informaci\u00f3n, ni tampoco difundir contenidos de car\u00e1cter racista, xen\u00f3fobo, pornogr\u00e1fico, de apolog\u00eda del terrorismo o atentatorio contra los derechos humanos o de los menores;<br \/>\r\n&#8211; No realizar acciones que supongan o conlleven una violaci\u00f3n de los derechos de propiedad intelectual del AYUNTAMIENTO o de terceros;<br \/>\r\n&#8211; No provocar da\u00f1os en los sistemas f\u00edsicos y l\u00f3gicos del AYUNTAMIENTO, de sus proveedores o de terceras personas;<br \/>\r\n&#8211; No introducir o difundir en la red virus inform\u00e1ticos o utilizar cualesquiera otros sistemas f\u00edsicos o l\u00f3gicos que sean susceptibles de provocar los da\u00f1os anteriormente mencionados.<br \/>\r\n&#8211; No suprimir, alterar, eludir o manipular cualquier dispositivo de protecci\u00f3n o sistema de seguridad que estuviera instalado en las p\u00e1ginas de esta Web\r\n<strong>3. Exclusi\u00f3n de responsabilidad.<\/strong>\u00a0Esta Web se proporciona \u201ctal como est\u00e1\u201d y su uso se realiza bajo el propio riesgo del Usuario, por lo que, ni el AYUNTAMIENTO, ni sus administradores, trabajadores, proveedores o colaboradores ser\u00e1n responsables por los da\u00f1os, de cualquier naturaleza, directos o no, que deriven del uso de la Web, excluyendo expresamente al AYUNTAMIENTO, en toda la medida prevista por la Ley, cualquier tipo de garant\u00edas, ya sean expresas o impl\u00edcitas.<br \/>\r\nEl AYUNTAMIENTO no garantiza la disponibilidad y accesibilidad de la Web, si bien realizar\u00e1 todos los esfuerzos que sean razonables en este sentido. En ocasiones, podr\u00e1n producirse interrupciones por el tiempo que resulte necesario para la realizaci\u00f3n de las correspondientes operaciones de mantenimiento.<br \/>\r\nEl AYUNTAMIENTO no se responsabiliza de posibles da\u00f1os derivados de interferencias, interrupciones, virus inform\u00e1ticos, aver\u00edas telef\u00f3nicas o desconexiones telef\u00f3nicas motivadas por causas ajenas a la citada entidad; de retrasos o bloqueos en el uso del presente sistema electr\u00f3nico causados por deficiencias o sobrecargas en el centro procesador de datos, de l\u00edneas telef\u00f3nicas, en el sistema de Internet o en otros sistemas el\u00e9ctricos; ni tampoco de cualquier otra alteraci\u00f3n que se pueda producir en el Software o Hardware de los Usuarios. Tampoco garantiza la ausencia de virus, malwares, troyanos u otros elementos que puedan producir alteraciones en el sistema inform\u00e1tico, documentos o ficheros del Usuario, excluyendo cualquier responsabilidad por los da\u00f1os de cualquier clase causados al Usuario por este motivo. De igual manera, el AYUNTAMIENTO no responder\u00e1 por los da\u00f1os causados por terceras personas mediante intromisiones ileg\u00edtimas fuera de su control.<br \/>\r\nTampoco responder\u00e1 de los da\u00f1os y perjuicios causados por el uso o mala utilizaci\u00f3n de los contenidos de la Web, ni por las consecuencias que pudieran derivarse de los errores, defectos u omisiones en los contenidos que pudieran aparecer en esta Web proporcionados por los propios Usuarios u otros terceros. El AYUNTAMIENTO no asume obligaci\u00f3n ni responsabilidad alguna respecto de aquellos servicios que no preste directamente.\r\n<p><strong>4. Enlaces externos.<\/strong>\u00a0En ning\u00fan caso el AYUNTAMIENTO asumir\u00e1 responsabilidad alguna por los contenidos de los enlaces pertenecientes a un sitio web ajeno, ni garantizar\u00e1 la disponibilidad t\u00e9cnica, calidad, fiabilidad, exactitud, amplitud, veracidad, validez y legalidad de cualquier material o informaci\u00f3n contenida en ninguno de dichos hiperv\u00ednculos u otros sitios de Internet. Igualmente, la inclusi\u00f3n de estas conexiones externas no implicar\u00e1 ning\u00fan tipo de asociaci\u00f3n, fusi\u00f3n o participaci\u00f3n con las entidades conectadas.<\/p>\r\n<p><strong>5. Tratamiento de datos personales.<\/strong>\u00a0Los Usuarios consienten el tratamiento de sus datos personales con el alcance y en los t\u00e9rminos que se indican en nuestra pol\u00edtica de privacidad, la cual est\u00e1 disponible en la home page de la Web, quedando asimismo dicha pol\u00edtica incorporada a las presentes condiciones por referencia. En dicha pol\u00edtica, los Usuarios encontrar\u00e1n informaci\u00f3n sobre la manera de ejercitar sus derechos de acceso, cancelaci\u00f3n y rectificaci\u00f3n de su informaci\u00f3n personal, as\u00ed como el de oposici\u00f3n a su tratamiento.<\/p>\r\n<p><strong>6. Propiedad intelectual y derechos de autor.<\/strong>\u00a0Sin perjuicio de los contenidos sobre los cuales terceros ostentasen derechos intelectuales, los derechos de propiedad intelectual de la Web, el nombre de dominio, su c\u00f3digo fuente, dise\u00f1o y estructura de navegaci\u00f3n y elementos en ella contenidos (a t\u00edtulo enunciativo, im\u00e1genes, sonido, audio, v\u00eddeo, software, o textos; marcas o logotipos, combinaciones de colores, estructura y dise\u00f1o, etc.) son titularidad del AYUNTAMIENTO , a quien corresponde el ejercicio exclusivo de los derechos de explotaci\u00f3n de los mismos en cualquier forma, y, en especial los derechos de reproducci\u00f3n, distribuci\u00f3n, comunicaci\u00f3n p\u00fablica y transformaci\u00f3n, conforme a lo previsto por la vigente Ley de Propiedad Intelectual. Quedan expresamente prohibidas la reproducci\u00f3n, distribuci\u00f3n y la comunicaci\u00f3n p\u00fablica, incluida su modalidad de puesta a disposici\u00f3n, de la totalidad o parte de los contenidos de esta web en cualquier soporte y por cualquier medio t\u00e9cnico, sin la autorizaci\u00f3n del AYUNTAMIENTO o, en su caso, de los terceros que ostenten los derechos de propiedad intelectual o de autor sobre los contenidos afectados. No obstante lo anterior, el usuario de la web podr\u00e1 visualizar los elementos de esta Web e incluso imprimirlos, copiarlos y almacenarlos en el disco duro de su ordenador o en cualquier otro soporte f\u00edsico siempre y cuando sea, \u00fanica y exclusivamente, para su uso personal y privado. Aquellas entidades o personas que, previa autorizaci\u00f3n del titular de esta web, pretendan establecer un enlace con ella, deber\u00e1n garantizar que \u00fanicamente permite el acceso a esta Web o servicio pero que no realiza reproducci\u00f3n de sus contenidos y servicios.<\/p>\r\n<p><strong>7. Nulidad de las cl\u00e1usulas.<\/strong>\u00a0En caso de que una cl\u00e1usula de las presentes condiciones de uso fuese declarada nula, s\u00f3lo afectar\u00e1 a dicha disposici\u00f3n o a aquella parte que as\u00ed haya sido declarada, subsistiendo las condiciones en todo lo dem\u00e1s y teni\u00e9ndose tal disposici\u00f3n, o la parte afectada, por no puesta.<\/p>\r\n<p><strong>9. Aceptaci\u00f3n.<\/strong>\u00a0El acceso a la Web y su utilizaci\u00f3n implican necesariamente que todas y cada una de las presentes condiciones de uso son expresamente aceptadas por usted.<\/p>\r\n<strong>10. Ley y jurisdicci\u00f3n aplicables.<\/strong>\u00a0La presente web se regir\u00e1 por la ley espa\u00f1ola con exclusi\u00f3n de sus reglas de conflicto de ley y cualquier controversia que pudiera derivarse de su utilizaci\u00f3n o de los servicios vinculados a la misma se someter\u00e1 a la jurisdicci\u00f3n y competencia de los Juzgados y Tribunales de Eivissa, renunciando expresamente los usuarios a su fuero propio si lo tuvieran.<br \/>\r\nLa Comisi\u00f3n Europea facilita una plataforma de resoluci\u00f3n de litigios en l\u00ednea dirigida a los consumidores, pudiendo estos acceder a la misma mediante el siguiente enlace: https:\/\/webgate.ec.europa.eu\/odr\/main\/index.cfm?event=main.home.chooseLanguage\r\n<p>Versi\u00f3n 1.0 \u2013 febrero 2018<\/p>\r\n","protected":false},"excerpt":{"rendered":"<p>NOTA LEGAL Y CONDICIONES GENERALES DE USO DEL SITIO WEB www.santaeulariaculturaijoventut.com &nbsp; El acceso a la presente web atribuye la condici\u00f3n de USUARIO e implica la aceptaci\u00f3n plena y sin reserva, desde dicho acceso y\/o uso, de la presente nota legal y de la pol\u00edtica de privacidad en su \u00faltima versi\u00f3n. Por ello, aconsejamos que&hellip;<\/p>\n","protected":false},"author":1,"featured_media":0,"parent":0,"menu_order":0,"comment_status":"closed","ping_status":"closed","template":"","meta":{"footnotes":""},"categories":[],"tags":[],"folder":[29],"yoast_head":"<!-- This site is optimized with the Yoast SEO plugin v23.9 - https:\/\/yoast.com\/wordpress\/plugins\/seo\/ -->\n<title>Av\u00eds Legal - Cultura i Joventut, Santa Eul\u00e0ria des Riu<\/title>\n<meta name=\"robots\" content=\"index, follow, max-snippet:-1, max-image-preview:large, max-video-preview:-1\" \/>\n<link rel=\"canonical\" href=\"https:\/\/santaeulariaculturaijoventut.com\/ca\/avis-legal\/\" \/>\n<meta property=\"og:locale\" content=\"ca_ES\" \/>\n<meta property=\"og:type\" content=\"article\" \/>\n<meta property=\"og:title\" content=\"Av\u00eds Legal - Cultura i Joventut, Santa Eul\u00e0ria des Riu\" \/>\n<meta property=\"og:description\" content=\"NOTA LEGAL Y CONDICIONES GENERALES DE USO DEL SITIO WEB www.santaeulariaculturaijoventut.com &nbsp; El acceso a la presente web atribuye la condici\u00f3n de USUARIO e implica la aceptaci\u00f3n plena y sin reserva, desde dicho acceso y\/o uso, de la presente nota legal y de la pol\u00edtica de privacidad en su \u00faltima versi\u00f3n. Por ello, aconsejamos que&hellip;\" \/>\n<meta property=\"og:url\" content=\"https:\/\/santaeulariaculturaijoventut.com\/ca\/avis-legal\/\" \/>\n<meta property=\"og:site_name\" content=\"Cultura i Joventut, Santa Eul\u00e0ria des Riu\" \/>\n<meta property=\"article:modified_time\" content=\"2020-08-31T15:36:24+00:00\" \/>\n<meta name=\"twitter:card\" content=\"summary_large_image\" \/>\n<meta name=\"twitter:label1\" content=\"Temps estimat de lectura\" \/>\n\t<meta name=\"twitter:data1\" content=\"8 minuts\" \/>\n<script type=\"application\/ld+json\" class=\"yoast-schema-graph\">{\"@context\":\"https:\/\/schema.org\",\"@graph\":[{\"@type\":\"WebPage\",\"@id\":\"https:\/\/santaeulariaculturaijoventut.com\/ca\/avis-legal\/\",\"url\":\"https:\/\/santaeulariaculturaijoventut.com\/ca\/avis-legal\/\",\"name\":\"Av\u00eds Legal - Cultura i Joventut, Santa Eul\u00e0ria des Riu\",\"isPartOf\":{\"@id\":\"https:\/\/santaeulariaculturaijoventut.com\/ca\/#website\"},\"datePublished\":\"2020-08-27T08:24:27+00:00\",\"dateModified\":\"2020-08-31T15:36:24+00:00\",\"breadcrumb\":{\"@id\":\"https:\/\/santaeulariaculturaijoventut.com\/ca\/avis-legal\/#breadcrumb\"},\"inLanguage\":\"ca\",\"potentialAction\":[{\"@type\":\"ReadAction\",\"target\":[\"https:\/\/santaeulariaculturaijoventut.com\/ca\/avis-legal\/\"]}]},{\"@type\":\"BreadcrumbList\",\"@id\":\"https:\/\/santaeulariaculturaijoventut.com\/ca\/avis-legal\/#breadcrumb\",\"itemListElement\":[{\"@type\":\"ListItem\",\"position\":1,\"name\":\"Inici\",\"item\":\"https:\/\/santaeulariaculturaijoventut.com\/ca\/escoles-estiu\/informacio-escoles-destiu\/\"},{\"@type\":\"ListItem\",\"position\":2,\"name\":\"Av\u00eds Legal\"}]},{\"@type\":\"WebSite\",\"@id\":\"https:\/\/santaeulariaculturaijoventut.com\/ca\/#website\",\"url\":\"https:\/\/santaeulariaculturaijoventut.com\/ca\/\",\"name\":\"Cultura i Joventut, Santa Eul\u00e0ria des Riu\",\"description\":\"Cultura i Joventut, Santa Eul\u00e0ria des Riu\",\"potentialAction\":[{\"@type\":\"SearchAction\",\"target\":{\"@type\":\"EntryPoint\",\"urlTemplate\":\"https:\/\/santaeulariaculturaijoventut.com\/ca\/?s={search_term_string}\"},\"query-input\":{\"@type\":\"PropertyValueSpecification\",\"valueRequired\":true,\"valueName\":\"search_term_string\"}}],\"inLanguage\":\"ca\"}]}<\/script>\n<!-- \/ Yoast SEO plugin. -->","yoast_head_json":{"title":"Av\u00eds Legal - Cultura i Joventut, Santa Eul\u00e0ria des Riu","robots":{"index":"index","follow":"follow","max-snippet":"max-snippet:-1","max-image-preview":"max-image-preview:large","max-video-preview":"max-video-preview:-1"},"canonical":"https:\/\/santaeulariaculturaijoventut.com\/ca\/avis-legal\/","og_locale":"ca_ES","og_type":"article","og_title":"Av\u00eds Legal - Cultura i Joventut, Santa Eul\u00e0ria des Riu","og_description":"NOTA LEGAL Y CONDICIONES GENERALES DE USO DEL SITIO WEB www.santaeulariaculturaijoventut.com &nbsp; El acceso a la presente web atribuye la condici\u00f3n de USUARIO e implica la aceptaci\u00f3n plena y sin reserva, desde dicho acceso y\/o uso, de la presente nota legal y de la pol\u00edtica de privacidad en su \u00faltima versi\u00f3n. Por ello, aconsejamos que&hellip;","og_url":"https:\/\/santaeulariaculturaijoventut.com\/ca\/avis-legal\/","og_site_name":"Cultura i Joventut, Santa Eul\u00e0ria des Riu","article_modified_time":"2020-08-31T15:36:24+00:00","twitter_card":"summary_large_image","twitter_misc":{"Temps estimat de lectura":"8 minuts"},"schema":{"@context":"https:\/\/schema.org","@graph":[{"@type":"WebPage","@id":"https:\/\/santaeulariaculturaijoventut.com\/ca\/avis-legal\/","url":"https:\/\/santaeulariaculturaijoventut.com\/ca\/avis-legal\/","name":"Av\u00eds Legal - Cultura i Joventut, Santa Eul\u00e0ria des Riu","isPartOf":{"@id":"https:\/\/santaeulariaculturaijoventut.com\/ca\/#website"},"datePublished":"2020-08-27T08:24:27+00:00","dateModified":"2020-08-31T15:36:24+00:00","breadcrumb":{"@id":"https:\/\/santaeulariaculturaijoventut.com\/ca\/avis-legal\/#breadcrumb"},"inLanguage":"ca","potentialAction":[{"@type":"ReadAction","target":["https:\/\/santaeulariaculturaijoventut.com\/ca\/avis-legal\/"]}]},{"@type":"BreadcrumbList","@id":"https:\/\/santaeulariaculturaijoventut.com\/ca\/avis-legal\/#breadcrumb","itemListElement":[{"@type":"ListItem","position":1,"name":"Inici","item":"https:\/\/santaeulariaculturaijoventut.com\/ca\/escoles-estiu\/informacio-escoles-destiu\/"},{"@type":"ListItem","position":2,"name":"Av\u00eds Legal"}]},{"@type":"WebSite","@id":"https:\/\/santaeulariaculturaijoventut.com\/ca\/#website","url":"https:\/\/santaeulariaculturaijoventut.com\/ca\/","name":"Cultura i Joventut, Santa Eul\u00e0ria des Riu","description":"Cultura i Joventut, Santa Eul\u00e0ria des Riu","potentialAction":[{"@type":"SearchAction","target":{"@type":"EntryPoint","urlTemplate":"https:\/\/santaeulariaculturaijoventut.com\/ca\/?s={search_term_string}"},"query-input":{"@type":"PropertyValueSpecification","valueRequired":true,"valueName":"search_term_string"}}],"inLanguage":"ca"}]}},"_links":{"self":[{"href":"https:\/\/santaeulariaculturaijoventut.com\/ca\/wp-json\/wp\/v2\/pages\/226"}],"collection":[{"href":"https:\/\/santaeulariaculturaijoventut.com\/ca\/wp-json\/wp\/v2\/pages"}],"about":[{"href":"https:\/\/santaeulariaculturaijoventut.com\/ca\/wp-json\/wp\/v2\/types\/page"}],"author":[{"embeddable":true,"href":"https:\/\/santaeulariaculturaijoventut.com\/ca\/wp-json\/wp\/v2\/users\/1"}],"replies":[{"embeddable":true,"href":"https:\/\/santaeulariaculturaijoventut.com\/ca\/wp-json\/wp\/v2\/comments?post=226"}],"version-history":[{"count":0,"href":"https:\/\/santaeulariaculturaijoventut.com\/ca\/wp-json\/wp\/v2\/pages\/226\/revisions"}],"wp:attachment":[{"href":"https:\/\/santaeulariaculturaijoventut.com\/ca\/wp-json\/wp\/v2\/media?parent=226"}],"wp:term":[{"taxonomy":"category","embeddable":true,"href":"https:\/\/santaeulariaculturaijoventut.com\/ca\/wp-json\/wp\/v2\/categories?post=226"},{"taxonomy":"post_tag","embeddable":true,"href":"https:\/\/santaeulariaculturaijoventut.com\/ca\/wp-json\/wp\/v2\/tags?post=226"},{"taxonomy":"folder","embeddable":true,"href":"https:\/\/santaeulariaculturaijoventut.com\/ca\/wp-json\/wp\/v2\/folder?post=226"}],"curies":[{"name":"wp","href":"https:\/\/api.w.org\/{rel}","templated":true}]}}