{"id":1463,"date":"2021-02-07T10:49:42","date_gmt":"2021-02-07T09:49:42","guid":{"rendered":"https:\/\/santaeulariaculturaijoventut.com\/?page_id=1463"},"modified":"2021-11-16T08:20:14","modified_gmt":"2021-11-16T07:20:14","slug":"concurs-de-poesia","status":"publish","type":"page","link":"https:\/\/santaeulariaculturaijoventut.com\/ca\/festes-de-santa-eularia\/concurs-de-poesia\/","title":{"rendered":"Concurs de poesia"},"content":{"rendered":"\r\n<h4>Bases XXIV concurs Puig de Missa de poesia 2021<\/h4>\r\n<p>S&#8217;estableixen dues categories de premis en funci\u00f3 de l&#8217;edat dels participants i dues modalitats segons la llengua en qu\u00e8 les obres siguin presentades al concurs, que ser\u00e0 qualsevol de les dues oficials de la Comunitat Aut\u00f2noma de les Illes Balears.<\/p>\r\n<p><strong>CATEGORIA A<\/strong><br \/>Participants a partir de 18 anys.<br \/>Premis: 1r (400 \u20ac) i 2n (200 \u20ac), als millors poemes escrits en catal\u00e0 i en castell\u00e0. <strong>CATEGORIA B<\/strong><br \/><strong>Categoria B1:<\/strong> Participants de fins a 12 anys.<br \/>Premis: 1r (110 \u20ac) i 2n (90 \u20ac) en vals per a material de lectura, als millors poemes escrits en catal\u00e0 i en castell\u00e0.<br \/><strong>Categoria B2:<\/strong> Participants de 13 a 17 anys.<br \/>Premis: 1r (150 \u20ac) i 2n (130 \u20ac) als millors poemes escrits en catal\u00e0 i en castell\u00e0.<\/p>\r\n<p>El jurat estar\u00e0 format per poetes de les Piti\u00fcses.<\/p>\r\n<p>La participaci\u00f3 est\u00e0 limitada als residents de les illes Piti\u00fcses. Cada participant podr\u00e0 presentar al concurs un m\u00e0xim de dos poemes i nom\u00e9s s&#8217;atorgar\u00e0 un premi per concursant. No s&#8217;atorgar\u00e0 cap premi a les persones guanyadores de les \u00faltimes dues edicions. Els poemes han de ser originals i in\u00e8dits. Es presentaran l&#8217;original i dues c\u00f2pies. L&#8217;extensi\u00f3 dels poemes ser\u00e0 lliure, aix\u00ed com la seua tem\u00e0tica.<\/p>\r\n<p><strong>Presentaci\u00f3 dels poemes<\/strong><br \/>Els poemes s&#8217;enviaran per correu electr\u00f2nic a culturaipatrimoni@santaeularia.com. S&#8217;adjuntaran dos arxius de Word o pdf, un amb el poema o poemes (sense dades personals, nom\u00e9s un pseud\u00f2nim) i l&#8217;altre amb les dades personals (nom, DNI, adre\u00e7a, data de naixement, tel\u00e8fon de contacte, correu electr\u00f2nic, t\u00edtol del poema, pseud\u00f2nim i categoria en qu\u00e8 participa). Els col\u00b7legis participants poden presentar tots els poemes junts i adjuntar un llistat de l&#8217;alumnat amb nom, pseud\u00f2nim, t\u00edtol del poema i curs. Rebran un correu electr\u00f2nic com a justificant de recepci\u00f3. El jurat avaluar\u00e0 els treballs de forma an\u00f2nima i anunciar\u00e0 la seua decisi\u00f3 el dia de lliurament de premis. Els premis podran ser declarats deserts i el jurat es reserva el dret d&#8217;aplicar l&#8217;ex aequo. La decisi\u00f3 del jurat ser\u00e0 inapel\u00b7lable.<br \/>El termini d&#8217;admissi\u00f3 dels originals es tancar\u00e0 el dia 19 de mar\u00e7 de 2021 a les 14.30 h. El lliurament de premis es far\u00e0 el dia 21 d&#8217;abril de 2021 a les 19 hores al Teatre Espanya de Santa Eul\u00e0ria.<br \/>L&#8217;Ajuntament de Santa Eul\u00e0ria des Riu es reserva el dret de publicar els poemes premiats.<br \/>Presentar-se al concurs implica l&#8217;acceptaci\u00f3 de tots els punts de les bases.<br \/>L&#8217;organitzaci\u00f3 es reserva el dret a introduir, si ho considera convenient, les modificacions necess\u00e0ries per al bon funcionament del concurs.<\/p>\r\n<p><strong>Informaci\u00f3 sobre protecci\u00f3 de dades:<\/strong> El responsable del tractament de les dades \u00e9s l&#8217;Ajuntament de Santa Eul\u00e0ria des Riu. La finalitat del tractament \u00e9s la seua participaci\u00f3 en el Concurs Puig de Missa de Poesia 2021. La legitimaci\u00f3 per al tractament es basa en el seu consentiment prestat per participar en el concurs esmentat. Les dades seran conservades durant els terminis previstos en les disposicions legals aplicables i el temps necessari per atendre les possibles responsabilitats nascudes del tractament. No es comunicaran les dades a tercers excepte obligaci\u00f3 legal. T\u00e9 dret a sol\u00b7licitar l&#8217;acc\u00e9s a les seues dades personals, la seua rectificaci\u00f3, supressi\u00f3 o portabilitat i la limitaci\u00f3 del seu tractament davant la Secretaria d&#8217;aquest Ajuntament situat a la pla\u00e7a Espanya, n\u00fam. 1, 07840 Santa Eul\u00e0ria des Riu, o oposar-se al tractament, aix\u00ed com a presentar una reclamaci\u00f3 davant l&#8217;autoritat de control.<\/p>\r\n<p><img decoding=\"async\" title=\"thumb-do-not-disturb\" src=\"https:\/\/santaeulariaculturaijoventut.com\/wp-content\/uploads\/2021\/02\/thumb-do-not-disturb.jpg\" alt=\"\" \/> Play Video <img decoding=\"async\" title=\"thumb-somins\" src=\"https:\/\/santaeulariaculturaijoventut.com\/wp-content\/uploads\/2021\/02\/thumb-somins.jpg\" alt=\"\" \/> Play Video <div class=\"fl-builder-content fl-builder-content-1611 fl-builder-template fl-builder-module-template fl-builder-global-templates-locked\" data-post-id=\"1611\"><div class=\"fl-module fl-module-pp-image fl-node-6023d0ae2ed44\" data-node=\"6023d0ae2ed44\">\n\t<div class=\"fl-module-content fl-node-content\">\n\t\t<div class=\"pp-photo-container\">\n\t<div class=\"pp-photo pp-photo-align-center pp-photo-align-responsive-default\" itemscope itemtype=\"http:\/\/schema.org\/ImageObject\">\n\t\t<div class=\"pp-photo-content\">\n\t\t\t<div class=\"pp-photo-content-inner\">\n\t\t\t\t\t\t\t\t<a href=\"\/ca\/festes-de-santa-eularia\/concurs-de-poesia\" target=\"_self\" itemprop=\"url\">\n\t\t\t\t\t\t\t\t\t<img loading=\"lazy\" decoding=\"async\" class=\"pp-photo-img wp-image-1453 size-full\" src=\"https:\/\/santaeulariaculturaijoventut.com\/wp-content\/uploads\/2021\/02\/BANNERS-WEB-DE-POESIA.jpg\" alt=\"BANNERS-WEB-DE-POESIA\" itemprop=\"image\" height=\"394\" width=\"700\" srcset=\"https:\/\/santaeulariaculturaijoventut.com\/wp-content\/uploads\/2021\/02\/BANNERS-WEB-DE-POESIA.jpg 700w, https:\/\/santaeulariaculturaijoventut.com\/wp-content\/uploads\/2021\/02\/BANNERS-WEB-DE-POESIA-300x169.jpg 300w\" sizes=\"(max-width: 700px) 100vw, 700px\" title=\"BANNERS-WEB-DE-POESIA\"  \/>\n\t\t\t\t\t<div class=\"pp-overlay-bg\"><\/div>\n\t\t\t\t\t\t\t\t\t\t\t\t\t<\/a>\n\t\t\t\t\t\t\t<\/div>\n\t\t\t\t\t<\/div>\n\t<\/div>\n<\/div>\n\t<\/div>\n<\/div>\n<\/div><div class=\"uabb-js-breakpoint\" style=\"display: none;\"><\/div> <div class=\"fl-builder-content fl-builder-content-1612 fl-builder-template fl-builder-module-template fl-builder-global-templates-locked\" data-post-id=\"1612\"><div class=\"fl-module fl-module-pp-image fl-node-6023d0be54886\" data-node=\"6023d0be54886\">\n\t<div class=\"fl-module-content fl-node-content\">\n\t\t<div class=\"pp-photo-container\">\n\t<div class=\"pp-photo pp-photo-align-center pp-photo-align-responsive-default\" itemscope itemtype=\"http:\/\/schema.org\/ImageObject\">\n\t\t<div class=\"pp-photo-content\">\n\t\t\t<div class=\"pp-photo-content-inner\">\n\t\t\t\t\t\t\t\t<a href=\"\/ca\/festes-de-santa-eularia\/concurs-de-fotografia\" target=\"_self\" itemprop=\"url\">\n\t\t\t\t\t\t\t\t\t<img loading=\"lazy\" decoding=\"async\" class=\"pp-photo-img wp-image-1457 size-full\" src=\"https:\/\/santaeulariaculturaijoventut.com\/wp-content\/uploads\/2021\/02\/BANNERS-WEB-DE-fotografia.jpg\" alt=\"BANNERS-WEB-DE-fotografia\" itemprop=\"image\" height=\"394\" width=\"700\" srcset=\"https:\/\/santaeulariaculturaijoventut.com\/wp-content\/uploads\/2021\/02\/BANNERS-WEB-DE-fotografia.jpg 700w, https:\/\/santaeulariaculturaijoventut.com\/wp-content\/uploads\/2021\/02\/BANNERS-WEB-DE-fotografia-300x169.jpg 300w\" sizes=\"(max-width: 700px) 100vw, 700px\" title=\"BANNERS-WEB-DE-fotografia\"  \/>\n\t\t\t\t\t<div class=\"pp-overlay-bg\"><\/div>\n\t\t\t\t\t\t\t\t\t\t\t\t\t<\/a>\n\t\t\t\t\t\t\t<\/div>\n\t\t\t\t\t<\/div>\n\t<\/div>\n<\/div>\n\t<\/div>\n<\/div>\n<\/div><div class=\"uabb-js-breakpoint\" style=\"display: none;\"><\/div><\/p>\r\n","protected":false},"excerpt":{"rendered":"<p>Bases XXIV concurs Puig de Missa de poesia 2021 S&#8217;estableixen dues categories de premis en funci\u00f3 de l&#8217;edat dels participants i dues modalitats segons la llengua en qu\u00e8 les obres siguin presentades al concurs, que ser\u00e0 qualsevol de les dues oficials de la Comunitat Aut\u00f2noma de les Illes Balears. CATEGORIA AParticipants a partir de 18&hellip;<\/p>\n","protected":false},"author":1,"featured_media":0,"parent":1428,"menu_order":10,"comment_status":"closed","ping_status":"closed","template":"","meta":{"footnotes":""},"categories":[85],"tags":[],"folder":[33],"yoast_head":"<!-- This site is optimized with the Yoast SEO plugin v23.9 - https:\/\/yoast.com\/wordpress\/plugins\/seo\/ -->\n<title>Concurs de poesia - Cultura i Joventut, Santa Eul\u00e0ria des Riu<\/title>\n<meta name=\"robots\" content=\"index, follow, max-snippet:-1, max-image-preview:large, max-video-preview:-1\" \/>\n<link rel=\"canonical\" href=\"https:\/\/santaeulariaculturaijoventut.com\/ca\/festes-de-santa-eularia\/concurs-de-poesia\/\" \/>\n<meta property=\"og:locale\" content=\"ca_ES\" \/>\n<meta property=\"og:type\" content=\"article\" \/>\n<meta property=\"og:title\" content=\"Concurs de poesia - Cultura i Joventut, Santa Eul\u00e0ria des Riu\" \/>\n<meta property=\"og:description\" content=\"Bases XXIV concurs Puig de Missa de poesia 2021 S&#8217;estableixen dues categories de premis en funci\u00f3 de l&#8217;edat dels participants i dues modalitats segons la llengua en qu\u00e8 les obres siguin presentades al concurs, que ser\u00e0 qualsevol de les dues oficials de la Comunitat Aut\u00f2noma de les Illes Balears. CATEGORIA AParticipants a partir de 18&hellip;\" \/>\n<meta property=\"og:url\" content=\"https:\/\/santaeulariaculturaijoventut.com\/ca\/festes-de-santa-eularia\/concurs-de-poesia\/\" \/>\n<meta property=\"og:site_name\" content=\"Cultura i Joventut, Santa Eul\u00e0ria des Riu\" \/>\n<meta property=\"article:modified_time\" content=\"2021-11-16T07:20:14+00:00\" \/>\n<meta property=\"og:image\" content=\"https:\/\/santaeulariaculturaijoventut.com\/wp-content\/uploads\/2021\/02\/thumb-do-not-disturb.jpg\" \/>\n<meta name=\"twitter:card\" content=\"summary_large_image\" \/>\n<meta name=\"twitter:label1\" content=\"Temps estimat de lectura\" \/>\n\t<meta name=\"twitter:data1\" content=\"3 minuts\" \/>\n<script type=\"application\/ld+json\" class=\"yoast-schema-graph\">{\"@context\":\"https:\/\/schema.org\",\"@graph\":[{\"@type\":\"WebPage\",\"@id\":\"https:\/\/santaeulariaculturaijoventut.com\/ca\/festes-de-santa-eularia\/concurs-de-poesia\/\",\"url\":\"https:\/\/santaeulariaculturaijoventut.com\/ca\/festes-de-santa-eularia\/concurs-de-poesia\/\",\"name\":\"Concurs de poesia - Cultura i Joventut, Santa Eul\u00e0ria des Riu\",\"isPartOf\":{\"@id\":\"https:\/\/santaeulariaculturaijoventut.com\/ca\/#website\"},\"primaryImageOfPage\":{\"@id\":\"https:\/\/santaeulariaculturaijoventut.com\/ca\/festes-de-santa-eularia\/concurs-de-poesia\/#primaryimage\"},\"image\":{\"@id\":\"https:\/\/santaeulariaculturaijoventut.com\/ca\/festes-de-santa-eularia\/concurs-de-poesia\/#primaryimage\"},\"thumbnailUrl\":\"https:\/\/santaeulariaculturaijoventut.com\/wp-content\/uploads\/2021\/02\/thumb-do-not-disturb.jpg\",\"datePublished\":\"2021-02-07T09:49:42+00:00\",\"dateModified\":\"2021-11-16T07:20:14+00:00\",\"breadcrumb\":{\"@id\":\"https:\/\/santaeulariaculturaijoventut.com\/ca\/festes-de-santa-eularia\/concurs-de-poesia\/#breadcrumb\"},\"inLanguage\":\"ca\",\"potentialAction\":[{\"@type\":\"ReadAction\",\"target\":[\"https:\/\/santaeulariaculturaijoventut.com\/ca\/festes-de-santa-eularia\/concurs-de-poesia\/\"]}]},{\"@type\":\"ImageObject\",\"inLanguage\":\"ca\",\"@id\":\"https:\/\/santaeulariaculturaijoventut.com\/ca\/festes-de-santa-eularia\/concurs-de-poesia\/#primaryimage\",\"url\":\"https:\/\/santaeulariaculturaijoventut.com\/wp-content\/uploads\/2021\/02\/thumb-do-not-disturb.jpg\",\"contentUrl\":\"https:\/\/santaeulariaculturaijoventut.com\/wp-content\/uploads\/2021\/02\/thumb-do-not-disturb.jpg\"},{\"@type\":\"BreadcrumbList\",\"@id\":\"https:\/\/santaeulariaculturaijoventut.com\/ca\/festes-de-santa-eularia\/concurs-de-poesia\/#breadcrumb\",\"itemListElement\":[{\"@type\":\"ListItem\",\"position\":1,\"name\":\"Inici\",\"item\":\"https:\/\/santaeulariaculturaijoventut.com\/ca\/escoles-estiu\/informacio-escoles-destiu\/\"},{\"@type\":\"ListItem\",\"position\":2,\"name\":\"Festes de Santa Eul\u00e0ria\",\"item\":\"https:\/\/santaeulariaculturaijoventut.com\/ca\/festes-de-santa-eularia\/\"},{\"@type\":\"ListItem\",\"position\":3,\"name\":\"Concurs de poesia\"}]},{\"@type\":\"WebSite\",\"@id\":\"https:\/\/santaeulariaculturaijoventut.com\/ca\/#website\",\"url\":\"https:\/\/santaeulariaculturaijoventut.com\/ca\/\",\"name\":\"Cultura i Joventut, Santa Eul\u00e0ria des Riu\",\"description\":\"Cultura i Joventut, Santa Eul\u00e0ria des Riu\",\"potentialAction\":[{\"@type\":\"SearchAction\",\"target\":{\"@type\":\"EntryPoint\",\"urlTemplate\":\"https:\/\/santaeulariaculturaijoventut.com\/ca\/?s={search_term_string}\"},\"query-input\":{\"@type\":\"PropertyValueSpecification\",\"valueRequired\":true,\"valueName\":\"search_term_string\"}}],\"inLanguage\":\"ca\"}]}<\/script>\n<!-- \/ Yoast SEO plugin. -->","yoast_head_json":{"title":"Concurs de poesia - Cultura i Joventut, Santa Eul\u00e0ria des Riu","robots":{"index":"index","follow":"follow","max-snippet":"max-snippet:-1","max-image-preview":"max-image-preview:large","max-video-preview":"max-video-preview:-1"},"canonical":"https:\/\/santaeulariaculturaijoventut.com\/ca\/festes-de-santa-eularia\/concurs-de-poesia\/","og_locale":"ca_ES","og_type":"article","og_title":"Concurs de poesia - Cultura i Joventut, Santa Eul\u00e0ria des Riu","og_description":"Bases XXIV concurs Puig de Missa de poesia 2021 S&#8217;estableixen dues categories de premis en funci\u00f3 de l&#8217;edat dels participants i dues modalitats segons la llengua en qu\u00e8 les obres siguin presentades al concurs, que ser\u00e0 qualsevol de les dues oficials de la Comunitat Aut\u00f2noma de les Illes Balears. CATEGORIA AParticipants a partir de 18&hellip;","og_url":"https:\/\/santaeulariaculturaijoventut.com\/ca\/festes-de-santa-eularia\/concurs-de-poesia\/","og_site_name":"Cultura i Joventut, Santa Eul\u00e0ria des Riu","article_modified_time":"2021-11-16T07:20:14+00:00","og_image":[{"url":"https:\/\/santaeulariaculturaijoventut.com\/wp-content\/uploads\/2021\/02\/thumb-do-not-disturb.jpg"}],"twitter_card":"summary_large_image","twitter_misc":{"Temps estimat de lectura":"3 minuts"},"schema":{"@context":"https:\/\/schema.org","@graph":[{"@type":"WebPage","@id":"https:\/\/santaeulariaculturaijoventut.com\/ca\/festes-de-santa-eularia\/concurs-de-poesia\/","url":"https:\/\/santaeulariaculturaijoventut.com\/ca\/festes-de-santa-eularia\/concurs-de-poesia\/","name":"Concurs de poesia - Cultura i Joventut, Santa Eul\u00e0ria des Riu","isPartOf":{"@id":"https:\/\/santaeulariaculturaijoventut.com\/ca\/#website"},"primaryImageOfPage":{"@id":"https:\/\/santaeulariaculturaijoventut.com\/ca\/festes-de-santa-eularia\/concurs-de-poesia\/#primaryimage"},"image":{"@id":"https:\/\/santaeulariaculturaijoventut.com\/ca\/festes-de-santa-eularia\/concurs-de-poesia\/#primaryimage"},"thumbnailUrl":"https:\/\/santaeulariaculturaijoventut.com\/wp-content\/uploads\/2021\/02\/thumb-do-not-disturb.jpg","datePublished":"2021-02-07T09:49:42+00:00","dateModified":"2021-11-16T07:20:14+00:00","breadcrumb":{"@id":"https:\/\/santaeulariaculturaijoventut.com\/ca\/festes-de-santa-eularia\/concurs-de-poesia\/#breadcrumb"},"inLanguage":"ca","potentialAction":[{"@type":"ReadAction","target":["https:\/\/santaeulariaculturaijoventut.com\/ca\/festes-de-santa-eularia\/concurs-de-poesia\/"]}]},{"@type":"ImageObject","inLanguage":"ca","@id":"https:\/\/santaeulariaculturaijoventut.com\/ca\/festes-de-santa-eularia\/concurs-de-poesia\/#primaryimage","url":"https:\/\/santaeulariaculturaijoventut.com\/wp-content\/uploads\/2021\/02\/thumb-do-not-disturb.jpg","contentUrl":"https:\/\/santaeulariaculturaijoventut.com\/wp-content\/uploads\/2021\/02\/thumb-do-not-disturb.jpg"},{"@type":"BreadcrumbList","@id":"https:\/\/santaeulariaculturaijoventut.com\/ca\/festes-de-santa-eularia\/concurs-de-poesia\/#breadcrumb","itemListElement":[{"@type":"ListItem","position":1,"name":"Inici","item":"https:\/\/santaeulariaculturaijoventut.com\/ca\/escoles-estiu\/informacio-escoles-destiu\/"},{"@type":"ListItem","position":2,"name":"Festes de Santa Eul\u00e0ria","item":"https:\/\/santaeulariaculturaijoventut.com\/ca\/festes-de-santa-eularia\/"},{"@type":"ListItem","position":3,"name":"Concurs de poesia"}]},{"@type":"WebSite","@id":"https:\/\/santaeulariaculturaijoventut.com\/ca\/#website","url":"https:\/\/santaeulariaculturaijoventut.com\/ca\/","name":"Cultura i Joventut, Santa Eul\u00e0ria des Riu","description":"Cultura i Joventut, Santa Eul\u00e0ria des Riu","potentialAction":[{"@type":"SearchAction","target":{"@type":"EntryPoint","urlTemplate":"https:\/\/santaeulariaculturaijoventut.com\/ca\/?s={search_term_string}"},"query-input":{"@type":"PropertyValueSpecification","valueRequired":true,"valueName":"search_term_string"}}],"inLanguage":"ca"}]}},"_links":{"self":[{"href":"https:\/\/santaeulariaculturaijoventut.com\/ca\/wp-json\/wp\/v2\/pages\/1463"}],"collection":[{"href":"https:\/\/santaeulariaculturaijoventut.com\/ca\/wp-json\/wp\/v2\/pages"}],"about":[{"href":"https:\/\/santaeulariaculturaijoventut.com\/ca\/wp-json\/wp\/v2\/types\/page"}],"author":[{"embeddable":true,"href":"https:\/\/santaeulariaculturaijoventut.com\/ca\/wp-json\/wp\/v2\/users\/1"}],"replies":[{"embeddable":true,"href":"https:\/\/santaeulariaculturaijoventut.com\/ca\/wp-json\/wp\/v2\/comments?post=1463"}],"version-history":[{"count":1,"href":"https:\/\/santaeulariaculturaijoventut.com\/ca\/wp-json\/wp\/v2\/pages\/1463\/revisions"}],"predecessor-version":[{"id":4445,"href":"https:\/\/santaeulariaculturaijoventut.com\/ca\/wp-json\/wp\/v2\/pages\/1463\/revisions\/4445"}],"up":[{"embeddable":true,"href":"https:\/\/santaeulariaculturaijoventut.com\/ca\/wp-json\/wp\/v2\/pages\/1428"}],"wp:attachment":[{"href":"https:\/\/santaeulariaculturaijoventut.com\/ca\/wp-json\/wp\/v2\/media?parent=1463"}],"wp:term":[{"taxonomy":"category","embeddable":true,"href":"https:\/\/santaeulariaculturaijoventut.com\/ca\/wp-json\/wp\/v2\/categories?post=1463"},{"taxonomy":"post_tag","embeddable":true,"href":"https:\/\/santaeulariaculturaijoventut.com\/ca\/wp-json\/wp\/v2\/tags?post=1463"},{"taxonomy":"folder","embeddable":true,"href":"https:\/\/santaeulariaculturaijoventut.com\/ca\/wp-json\/wp\/v2\/folder?post=1463"}],"curies":[{"name":"wp","href":"https:\/\/api.w.org\/{rel}","templated":true}]}}