{"id":1461,"date":"2021-02-07T10:48:39","date_gmt":"2021-02-07T09:48:39","guid":{"rendered":"https:\/\/santaeulariaculturaijoventut.com\/?page_id=1461"},"modified":"2021-11-16T08:19:39","modified_gmt":"2021-11-16T07:19:39","slug":"concurs-de-fotografia","status":"publish","type":"page","link":"https:\/\/santaeulariaculturaijoventut.com\/ca\/festes-de-santa-eularia\/concurs-de-fotografia\/","title":{"rendered":"Concurs de fotografia"},"content":{"rendered":"\n<h4>\n\t\tBases concurs de fotografia Festes de Santa Eul\u00e0ria des Riu 2021\n\t<\/h4>\n<h2>\n\t\tGUANYADORS CONCURS DE FOTOGRAFIA\n\t<\/h2>\n\t\t\t\t<a href=\"https:\/\/santaeulariaculturaijoventut.com\/wp-content\/uploads\/2021\/02\/54_A_Un-Minut-de-Silenci-.jpg\" target=\"_self\" itemprop=\"url\" rel=\"noopener noreferrer\">\n\t\t\t\t<img loading=\"lazy\" decoding=\"async\" src=\"https:\/\/santaeulariaculturaijoventut.com\/wp-content\/uploads\/2021\/02\/54_A_Un-Minut-de-Silenci-.jpg\" alt=\"54_A_Un Minut de Silenci-\" itemprop=\"image\" height=\"844\" width=\"1200\" title=\"54_A_Un Minut de Silenci-\" onerror=\"this.style.display='none'\">\n\t\t\t\t<\/a>\n<h4>\n\t\tPRIMER PREMI\n\t<\/h4>\n<h4>\n\t\t&#8216;Un minut de silenci&#8217;\n\t<\/h4>\n<h4>\n\t\tTamas Koonig Lansbergen\n\t<\/h4>\n\t\t\t\t<a href=\"https:\/\/santaeulariaculturaijoventut.com\/wp-content\/uploads\/2021\/02\/110_B_Autosuficiencia.jpg\" target=\"_self\" itemprop=\"url\" rel=\"noopener noreferrer\">\n\t\t\t\t<img loading=\"lazy\" decoding=\"async\" src=\"https:\/\/santaeulariaculturaijoventut.com\/wp-content\/uploads\/2021\/02\/110_B_Autosuficiencia.jpg\" alt=\"110_B_Autosuficiencia\" itemprop=\"image\" height=\"1008\" width=\"756\" title=\"110_B_Autosuficiencia\" onerror=\"this.style.display='none'\">\n\t\t\t\t<\/a>\n<h4>\n\t\tSEGON PREMI\n\t<\/h4>\n<h4>\n\t\t&#8216;Autosuficiencia&#8217;\n\t<\/h4>\n<h4>\n\t\tCristina \u00c1lvaro\n\t<\/h4>\n\t\t\t\t<a href=\"https:\/\/santaeulariaculturaijoventut.com\/wp-content\/uploads\/2021\/02\/16_A_-Pagesa-Can-Tomas-Sant-Llorenc\u0327.jpg\" target=\"_self\" itemprop=\"url\" rel=\"noopener noreferrer\">\n\t\t\t\t<img loading=\"lazy\" decoding=\"async\" src=\"https:\/\/santaeulariaculturaijoventut.com\/wp-content\/uploads\/2021\/02\/16_A_-Pagesa-Can-Tomas-Sant-Llorenc\u0327.jpg\" alt=\"16_A_ Pagesa Can Tomas - Sant Llorenc\u0327\" itemprop=\"image\" height=\"1298\" width=\"864\" title=\"16_A_ Pagesa Can Tomas - Sant Llorenc\u0327\" onerror=\"this.style.display='none'\">\n\t\t\t\t<\/a>\n<h4>\n\t\tTERCER PREMI\n\t<\/h4>\n<h4>\n\t\t&#8216;Pagesa&#8217;\n\t<\/h4>\n<h4>\n\t\tManel Royo Mayoral\n\t<\/h4>\n<h2>\n\t\tPARTICIPANTS CONCURS DE FOTOGRAFIA\n\t<\/h2>\n\t<div class=\"fl-builder-content fl-builder-content-1649 fl-builder-template fl-builder-module-template fl-builder-global-templates-locked\" data-post-id=\"1649\"><div class=\"fl-module fl-module-pp-gallery fl-node-6033db1fe9fdb\" data-node=\"6033db1fe9fdb\">\n\t<div class=\"fl-module-content fl-node-content\">\n\t\t\n<div class=\"pp-photo-gallery\" itemscope=\"itemscope\" itemtype=\"https:\/\/schema.org\/ImageGallery\">\n\t<div class=\"pp-photo-gallery-item pp-gallery-masonry-item\" data-item-id=\"1651\" itemprop=\"associatedMedia\" itemscope=\"itemscope\" itemtype=\"http:\/\/schema.org\/ImageObject\">\n\t<div class=\"pp-photo-gallery-content\">\n\n\t\t\t\t<a\n\t\t\thref=\"https:\/\/santaeulariaculturaijoventut.com\/wp-content\/uploads\/2021\/02\/108_C_Sargantana.jpg\"\n\t\t\t \n\t\t\t\t\t\tdata-fancybox=\"images\" \n\t\t\t \n\t\t\ttitle=\"108_C_Sargantana\" \n\t\t\t\t\t\tdata-caption=\"\"\n\t\t\t\t\t\tdata-description=\"\" \n\t\t\titemprop=\"contentUrl\"\n\t\t>\n\t\t\n\t\t\n\t\t\t<img loading=\"lazy\" decoding=\"async\" class=\"pp-gallery-img\" src=\"https:\/\/santaeulariaculturaijoventut.com\/wp-content\/uploads\/2021\/02\/108_C_Sargantana-300x177.jpg\" alt=\"\" data-no-lazy=\"1\" itemprop=\"thumbnail\" width=\"300\" height=\"177\" \/>\n\n\t\t\t<!-- Overlay Wrapper -->\n\t\t\t<div class=\"pp-gallery-overlay\">\n\t\t\t\t<div class=\"pp-overlay-inner\">\n\n\t\t\t\t\t\n\t\t\t\t\t\n\t\t\t\t<\/div>\n\t\t\t<\/div> <!-- Overlay Wrapper Closed -->\n\n\t\t\t\t<\/a>\n\t\t\t\t\t\t\t<meta itemprop=\"width\" content=\"300\" \/>\n\t\t\t<meta itemprop=\"height\" content=\"177\" \/>\n\t\t\t<\/div>\n\t<\/div><div class=\"pp-photo-gallery-item pp-gallery-masonry-item\" data-item-id=\"1653\" itemprop=\"associatedMedia\" itemscope=\"itemscope\" itemtype=\"http:\/\/schema.org\/ImageObject\">\n\t<div class=\"pp-photo-gallery-content\">\n\n\t\t\t\t<a\n\t\t\thref=\"https:\/\/santaeulariaculturaijoventut.com\/wp-content\/uploads\/2021\/02\/47_B_Cova-inclinada.jpg\"\n\t\t\t \n\t\t\t\t\t\tdata-fancybox=\"images\" \n\t\t\t \n\t\t\ttitle=\"47_B_Cova inclinada\" \n\t\t\t\t\t\tdata-caption=\"\"\n\t\t\t\t\t\tdata-description=\"\" \n\t\t\titemprop=\"contentUrl\"\n\t\t>\n\t\t\n\t\t\n\t\t\t<img loading=\"lazy\" decoding=\"async\" class=\"pp-gallery-img\" src=\"https:\/\/santaeulariaculturaijoventut.com\/wp-content\/uploads\/2021\/02\/47_B_Cova-inclinada-300x200.jpg\" alt=\"\" data-no-lazy=\"1\" itemprop=\"thumbnail\" width=\"300\" height=\"200\" \/>\n\n\t\t\t<!-- Overlay Wrapper -->\n\t\t\t<div class=\"pp-gallery-overlay\">\n\t\t\t\t<div class=\"pp-overlay-inner\">\n\n\t\t\t\t\t\n\t\t\t\t\t\n\t\t\t\t<\/div>\n\t\t\t<\/div> <!-- Overlay Wrapper Closed -->\n\n\t\t\t\t<\/a>\n\t\t\t\t\t\t\t<meta itemprop=\"width\" content=\"300\" \/>\n\t\t\t<meta itemprop=\"height\" content=\"200\" \/>\n\t\t\t<\/div>\n\t<\/div><div class=\"pp-photo-gallery-item pp-gallery-masonry-item\" data-item-id=\"1655\" itemprop=\"associatedMedia\" itemscope=\"itemscope\" itemtype=\"http:\/\/schema.org\/ImageObject\">\n\t<div class=\"pp-photo-gallery-content\">\n\n\t\t\t\t<a\n\t\t\thref=\"https:\/\/santaeulariaculturaijoventut.com\/wp-content\/uploads\/2021\/02\/38_C_ES-VEDRA\u0300-BLANCA-scaled.jpg\"\n\t\t\t \n\t\t\t\t\t\tdata-fancybox=\"images\" \n\t\t\t \n\t\t\ttitle=\"38_C_ES VEDRA\u0300 BLANCA\" \n\t\t\t\t\t\tdata-caption=\"\"\n\t\t\t\t\t\tdata-description=\"\" \n\t\t\titemprop=\"contentUrl\"\n\t\t>\n\t\t\n\t\t\n\t\t\t<img loading=\"lazy\" decoding=\"async\" class=\"pp-gallery-img\" src=\"https:\/\/santaeulariaculturaijoventut.com\/wp-content\/uploads\/2021\/02\/38_C_ES-VEDRA\u0300-BLANCA-200x300.jpg\" alt=\"\" data-no-lazy=\"1\" itemprop=\"thumbnail\" width=\"200\" height=\"300\" \/>\n\n\t\t\t<!-- Overlay Wrapper -->\n\t\t\t<div class=\"pp-gallery-overlay\">\n\t\t\t\t<div class=\"pp-overlay-inner\">\n\n\t\t\t\t\t\n\t\t\t\t\t\n\t\t\t\t<\/div>\n\t\t\t<\/div> <!-- Overlay Wrapper Closed -->\n\n\t\t\t\t<\/a>\n\t\t\t\t\t\t\t<meta itemprop=\"width\" content=\"200\" \/>\n\t\t\t<meta itemprop=\"height\" content=\"300\" \/>\n\t\t\t<\/div>\n\t<\/div><div class=\"pp-photo-gallery-item pp-gallery-masonry-item\" data-item-id=\"1657\" itemprop=\"associatedMedia\" itemscope=\"itemscope\" itemtype=\"http:\/\/schema.org\/ImageObject\">\n\t<div class=\"pp-photo-gallery-content\">\n\n\t\t\t\t<a\n\t\t\thref=\"https:\/\/santaeulariaculturaijoventut.com\/wp-content\/uploads\/2021\/02\/36_C_ARTE-DEL-PUEBLO.jpg\"\n\t\t\t \n\t\t\t\t\t\tdata-fancybox=\"images\" \n\t\t\t \n\t\t\ttitle=\"36_C_ARTE DEL PUEBLO\" \n\t\t\t\t\t\tdata-caption=\"\"\n\t\t\t\t\t\tdata-description=\"\" \n\t\t\titemprop=\"contentUrl\"\n\t\t>\n\t\t\n\t\t\n\t\t\t<img loading=\"lazy\" decoding=\"async\" class=\"pp-gallery-img\" src=\"https:\/\/santaeulariaculturaijoventut.com\/wp-content\/uploads\/2021\/02\/36_C_ARTE-DEL-PUEBLO-219x300.jpg\" alt=\"\" data-no-lazy=\"1\" itemprop=\"thumbnail\" width=\"219\" height=\"300\" \/>\n\n\t\t\t<!-- Overlay Wrapper -->\n\t\t\t<div class=\"pp-gallery-overlay\">\n\t\t\t\t<div class=\"pp-overlay-inner\">\n\n\t\t\t\t\t\n\t\t\t\t\t\n\t\t\t\t<\/div>\n\t\t\t<\/div> <!-- Overlay Wrapper Closed -->\n\n\t\t\t\t<\/a>\n\t\t\t\t\t\t\t<meta itemprop=\"width\" content=\"219\" \/>\n\t\t\t<meta itemprop=\"height\" content=\"300\" \/>\n\t\t\t<\/div>\n\t<\/div><div class=\"pp-photo-gallery-item pp-gallery-masonry-item\" data-item-id=\"1659\" itemprop=\"associatedMedia\" itemscope=\"itemscope\" itemtype=\"http:\/\/schema.org\/ImageObject\">\n\t<div class=\"pp-photo-gallery-content\">\n\n\t\t\t\t<a\n\t\t\thref=\"https:\/\/santaeulariaculturaijoventut.com\/wp-content\/uploads\/2021\/02\/22_A_A-CEL-FOSC-I-NU\u0301VOLS-DE-LLANA.jpg\"\n\t\t\t \n\t\t\t\t\t\tdata-fancybox=\"images\" \n\t\t\t \n\t\t\ttitle=\"22_A_A CEL FOSC I NU\u0301VOLS DE LLANA\" \n\t\t\t\t\t\tdata-caption=\"\"\n\t\t\t\t\t\tdata-description=\"\" \n\t\t\titemprop=\"contentUrl\"\n\t\t>\n\t\t\n\t\t\n\t\t\t<img loading=\"lazy\" decoding=\"async\" class=\"pp-gallery-img\" src=\"https:\/\/santaeulariaculturaijoventut.com\/wp-content\/uploads\/2021\/02\/22_A_A-CEL-FOSC-I-NU\u0301VOLS-DE-LLANA-300x200.jpg\" alt=\"\" data-no-lazy=\"1\" itemprop=\"thumbnail\" width=\"300\" height=\"200\" \/>\n\n\t\t\t<!-- Overlay Wrapper -->\n\t\t\t<div class=\"pp-gallery-overlay\">\n\t\t\t\t<div class=\"pp-overlay-inner\">\n\n\t\t\t\t\t\n\t\t\t\t\t\n\t\t\t\t<\/div>\n\t\t\t<\/div> <!-- Overlay Wrapper Closed -->\n\n\t\t\t\t<\/a>\n\t\t\t\t\t\t\t<meta itemprop=\"width\" content=\"300\" \/>\n\t\t\t<meta itemprop=\"height\" content=\"200\" \/>\n\t\t\t<\/div>\n\t<\/div><div class=\"pp-photo-gallery-item pp-gallery-masonry-item\" data-item-id=\"1661\" itemprop=\"associatedMedia\" itemscope=\"itemscope\" itemtype=\"http:\/\/schema.org\/ImageObject\">\n\t<div class=\"pp-photo-gallery-content\">\n\n\t\t\t\t<a\n\t\t\thref=\"https:\/\/santaeulariaculturaijoventut.com\/wp-content\/uploads\/2021\/02\/60_B_ENTRE-ENAGUAS.jpg\"\n\t\t\t \n\t\t\t\t\t\tdata-fancybox=\"images\" \n\t\t\t \n\t\t\ttitle=\"60_B_ENTRE ENAGUAS\" \n\t\t\t\t\t\tdata-caption=\"\"\n\t\t\t\t\t\tdata-description=\"\" \n\t\t\titemprop=\"contentUrl\"\n\t\t>\n\t\t\n\t\t\n\t\t\t<img loading=\"lazy\" decoding=\"async\" class=\"pp-gallery-img\" src=\"https:\/\/santaeulariaculturaijoventut.com\/wp-content\/uploads\/2021\/02\/60_B_ENTRE-ENAGUAS-235x300.jpg\" alt=\"\" data-no-lazy=\"1\" itemprop=\"thumbnail\" width=\"235\" height=\"300\" \/>\n\n\t\t\t<!-- Overlay Wrapper -->\n\t\t\t<div class=\"pp-gallery-overlay\">\n\t\t\t\t<div class=\"pp-overlay-inner\">\n\n\t\t\t\t\t\n\t\t\t\t\t\n\t\t\t\t<\/div>\n\t\t\t<\/div> <!-- Overlay Wrapper Closed -->\n\n\t\t\t\t<\/a>\n\t\t\t\t\t\t\t<meta itemprop=\"width\" content=\"235\" \/>\n\t\t\t<meta itemprop=\"height\" content=\"300\" \/>\n\t\t\t<\/div>\n\t<\/div><div class=\"pp-photo-gallery-item pp-gallery-masonry-item\" data-item-id=\"1663\" itemprop=\"associatedMedia\" itemscope=\"itemscope\" itemtype=\"http:\/\/schema.org\/ImageObject\">\n\t<div class=\"pp-photo-gallery-content\">\n\n\t\t\t\t<a\n\t\t\thref=\"https:\/\/santaeulariaculturaijoventut.com\/wp-content\/uploads\/2021\/02\/44_C_Una-vida-de-tradiciones.jpg\"\n\t\t\t \n\t\t\t\t\t\tdata-fancybox=\"images\" \n\t\t\t \n\t\t\ttitle=\"44_C_Una vida de tradiciones\" \n\t\t\t\t\t\tdata-caption=\"\"\n\t\t\t\t\t\tdata-description=\"\" \n\t\t\titemprop=\"contentUrl\"\n\t\t>\n\t\t\n\t\t\n\t\t\t<img loading=\"lazy\" decoding=\"async\" class=\"pp-gallery-img\" src=\"https:\/\/santaeulariaculturaijoventut.com\/wp-content\/uploads\/2021\/02\/44_C_Una-vida-de-tradiciones-200x300.jpg\" alt=\"\" data-no-lazy=\"1\" itemprop=\"thumbnail\" width=\"200\" height=\"300\" \/>\n\n\t\t\t<!-- Overlay Wrapper -->\n\t\t\t<div class=\"pp-gallery-overlay\">\n\t\t\t\t<div class=\"pp-overlay-inner\">\n\n\t\t\t\t\t\n\t\t\t\t\t\n\t\t\t\t<\/div>\n\t\t\t<\/div> <!-- Overlay Wrapper Closed -->\n\n\t\t\t\t<\/a>\n\t\t\t\t\t\t\t<meta itemprop=\"width\" content=\"200\" \/>\n\t\t\t<meta itemprop=\"height\" content=\"300\" \/>\n\t\t\t<\/div>\n\t<\/div><div class=\"pp-photo-gallery-item pp-gallery-masonry-item\" data-item-id=\"1665\" itemprop=\"associatedMedia\" itemscope=\"itemscope\" itemtype=\"http:\/\/schema.org\/ImageObject\">\n\t<div class=\"pp-photo-gallery-content\">\n\n\t\t\t\t<a\n\t\t\thref=\"https:\/\/santaeulariaculturaijoventut.com\/wp-content\/uploads\/2021\/02\/9_C_Sant-Miquel-scaled.jpg\"\n\t\t\t \n\t\t\t\t\t\tdata-fancybox=\"images\" \n\t\t\t \n\t\t\ttitle=\"9_C_Sant Miquel\" \n\t\t\t\t\t\tdata-caption=\"\"\n\t\t\t\t\t\tdata-description=\"\" \n\t\t\titemprop=\"contentUrl\"\n\t\t>\n\t\t\n\t\t\n\t\t\t<img loading=\"lazy\" decoding=\"async\" class=\"pp-gallery-img\" src=\"https:\/\/santaeulariaculturaijoventut.com\/wp-content\/uploads\/2021\/02\/9_C_Sant-Miquel-169x300.jpg\" alt=\"\" data-no-lazy=\"1\" itemprop=\"thumbnail\" width=\"169\" height=\"300\" \/>\n\n\t\t\t<!-- Overlay Wrapper -->\n\t\t\t<div class=\"pp-gallery-overlay\">\n\t\t\t\t<div class=\"pp-overlay-inner\">\n\n\t\t\t\t\t\n\t\t\t\t\t\n\t\t\t\t<\/div>\n\t\t\t<\/div> <!-- Overlay Wrapper Closed -->\n\n\t\t\t\t<\/a>\n\t\t\t\t\t\t\t<meta itemprop=\"width\" content=\"169\" \/>\n\t\t\t<meta itemprop=\"height\" content=\"300\" \/>\n\t\t\t<\/div>\n\t<\/div><div class=\"pp-photo-gallery-item pp-gallery-masonry-item\" data-item-id=\"1667\" itemprop=\"associatedMedia\" itemscope=\"itemscope\" itemtype=\"http:\/\/schema.org\/ImageObject\">\n\t<div class=\"pp-photo-gallery-content\">\n\n\t\t\t\t<a\n\t\t\thref=\"https:\/\/santaeulariaculturaijoventut.com\/wp-content\/uploads\/2021\/02\/88_C_Astros-Terrestres.jpg\"\n\t\t\t \n\t\t\t\t\t\tdata-fancybox=\"images\" \n\t\t\t \n\t\t\ttitle=\"88_C_Astros Terrestres\" \n\t\t\t\t\t\tdata-caption=\"\"\n\t\t\t\t\t\tdata-description=\"\" \n\t\t\titemprop=\"contentUrl\"\n\t\t>\n\t\t\n\t\t\n\t\t\t<img loading=\"lazy\" decoding=\"async\" class=\"pp-gallery-img\" src=\"https:\/\/santaeulariaculturaijoventut.com\/wp-content\/uploads\/2021\/02\/88_C_Astros-Terrestres-200x300.jpg\" alt=\"\" data-no-lazy=\"1\" itemprop=\"thumbnail\" width=\"200\" height=\"300\" \/>\n\n\t\t\t<!-- Overlay Wrapper -->\n\t\t\t<div class=\"pp-gallery-overlay\">\n\t\t\t\t<div class=\"pp-overlay-inner\">\n\n\t\t\t\t\t\n\t\t\t\t\t\n\t\t\t\t<\/div>\n\t\t\t<\/div> <!-- Overlay Wrapper Closed -->\n\n\t\t\t\t<\/a>\n\t\t\t\t\t\t\t<meta itemprop=\"width\" content=\"200\" \/>\n\t\t\t<meta itemprop=\"height\" content=\"300\" \/>\n\t\t\t<\/div>\n\t<\/div><div class=\"pp-photo-gallery-item pp-gallery-masonry-item\" data-item-id=\"1669\" itemprop=\"associatedMedia\" itemscope=\"itemscope\" itemtype=\"http:\/\/schema.org\/ImageObject\">\n\t<div class=\"pp-photo-gallery-content\">\n\n\t\t\t\t<a\n\t\t\thref=\"https:\/\/santaeulariaculturaijoventut.com\/wp-content\/uploads\/2021\/02\/95_A_El-vigia-del-mar.jpg\"\n\t\t\t \n\t\t\t\t\t\tdata-fancybox=\"images\" \n\t\t\t \n\t\t\ttitle=\"95_A_El vigia del mar\" \n\t\t\t\t\t\tdata-caption=\"\"\n\t\t\t\t\t\tdata-description=\"\" \n\t\t\titemprop=\"contentUrl\"\n\t\t>\n\t\t\n\t\t\n\t\t\t<img loading=\"lazy\" decoding=\"async\" class=\"pp-gallery-img\" src=\"https:\/\/santaeulariaculturaijoventut.com\/wp-content\/uploads\/2021\/02\/95_A_El-vigia-del-mar-225x300.jpg\" alt=\"\" data-no-lazy=\"1\" itemprop=\"thumbnail\" width=\"225\" height=\"300\" \/>\n\n\t\t\t<!-- Overlay Wrapper -->\n\t\t\t<div class=\"pp-gallery-overlay\">\n\t\t\t\t<div class=\"pp-overlay-inner\">\n\n\t\t\t\t\t\n\t\t\t\t\t\n\t\t\t\t<\/div>\n\t\t\t<\/div> <!-- Overlay Wrapper Closed -->\n\n\t\t\t\t<\/a>\n\t\t\t\t\t\t\t<meta itemprop=\"width\" content=\"225\" \/>\n\t\t\t<meta itemprop=\"height\" content=\"300\" \/>\n\t\t\t<\/div>\n\t<\/div><div class=\"pp-photo-gallery-item pp-gallery-masonry-item\" data-item-id=\"1671\" itemprop=\"associatedMedia\" itemscope=\"itemscope\" itemtype=\"http:\/\/schema.org\/ImageObject\">\n\t<div class=\"pp-photo-gallery-content\">\n\n\t\t\t\t<a\n\t\t\thref=\"https:\/\/santaeulariaculturaijoventut.com\/wp-content\/uploads\/2021\/02\/39_A_Nits-al-Puig.jpg\"\n\t\t\t \n\t\t\t\t\t\tdata-fancybox=\"images\" \n\t\t\t \n\t\t\ttitle=\"39_A_Nits al Puig\" \n\t\t\t\t\t\tdata-caption=\"\"\n\t\t\t\t\t\tdata-description=\"\" \n\t\t\titemprop=\"contentUrl\"\n\t\t>\n\t\t\n\t\t\n\t\t\t<img loading=\"lazy\" decoding=\"async\" class=\"pp-gallery-img\" src=\"https:\/\/santaeulariaculturaijoventut.com\/wp-content\/uploads\/2021\/02\/39_A_Nits-al-Puig-300x200.jpg\" alt=\"\" data-no-lazy=\"1\" itemprop=\"thumbnail\" width=\"300\" height=\"200\" \/>\n\n\t\t\t<!-- Overlay Wrapper -->\n\t\t\t<div class=\"pp-gallery-overlay\">\n\t\t\t\t<div class=\"pp-overlay-inner\">\n\n\t\t\t\t\t\n\t\t\t\t\t\n\t\t\t\t<\/div>\n\t\t\t<\/div> <!-- Overlay Wrapper Closed -->\n\n\t\t\t\t<\/a>\n\t\t\t\t\t\t\t<meta itemprop=\"width\" content=\"300\" \/>\n\t\t\t<meta itemprop=\"height\" content=\"200\" \/>\n\t\t\t<\/div>\n\t<\/div><div class=\"pp-photo-gallery-item pp-gallery-masonry-item\" data-item-id=\"1673\" itemprop=\"associatedMedia\" itemscope=\"itemscope\" itemtype=\"http:\/\/schema.org\/ImageObject\">\n\t<div class=\"pp-photo-gallery-content\">\n\n\t\t\t\t<a\n\t\t\thref=\"https:\/\/santaeulariaculturaijoventut.com\/wp-content\/uploads\/2021\/02\/93_C_Man\u0303ana-en-el-puerto.jpg\"\n\t\t\t \n\t\t\t\t\t\tdata-fancybox=\"images\" \n\t\t\t \n\t\t\ttitle=\"93_C_Man\u0303ana en el puerto\" \n\t\t\t\t\t\tdata-caption=\"\"\n\t\t\t\t\t\tdata-description=\"\" \n\t\t\titemprop=\"contentUrl\"\n\t\t>\n\t\t\n\t\t\n\t\t\t<img loading=\"lazy\" decoding=\"async\" class=\"pp-gallery-img\" src=\"https:\/\/santaeulariaculturaijoventut.com\/wp-content\/uploads\/2021\/02\/93_C_Man\u0303ana-en-el-puerto-300x194.jpg\" alt=\"\" data-no-lazy=\"1\" itemprop=\"thumbnail\" width=\"300\" height=\"194\" \/>\n\n\t\t\t<!-- Overlay Wrapper -->\n\t\t\t<div class=\"pp-gallery-overlay\">\n\t\t\t\t<div class=\"pp-overlay-inner\">\n\n\t\t\t\t\t\n\t\t\t\t\t\n\t\t\t\t<\/div>\n\t\t\t<\/div> <!-- Overlay Wrapper Closed -->\n\n\t\t\t\t<\/a>\n\t\t\t\t\t\t\t<meta itemprop=\"width\" content=\"300\" \/>\n\t\t\t<meta itemprop=\"height\" content=\"194\" \/>\n\t\t\t<\/div>\n\t<\/div><div class=\"pp-photo-gallery-item pp-gallery-masonry-item\" data-item-id=\"1675\" itemprop=\"associatedMedia\" itemscope=\"itemscope\" itemtype=\"http:\/\/schema.org\/ImageObject\">\n\t<div class=\"pp-photo-gallery-content\">\n\n\t\t\t\t<a\n\t\t\thref=\"https:\/\/santaeulariaculturaijoventut.com\/wp-content\/uploads\/2021\/02\/88_B_Shangri-La.jpg\"\n\t\t\t \n\t\t\t\t\t\tdata-fancybox=\"images\" \n\t\t\t \n\t\t\ttitle=\"88_B_Shangri-La\" \n\t\t\t\t\t\tdata-caption=\"\"\n\t\t\t\t\t\tdata-description=\"\" \n\t\t\titemprop=\"contentUrl\"\n\t\t>\n\t\t\n\t\t\n\t\t\t<img loading=\"lazy\" decoding=\"async\" class=\"pp-gallery-img\" src=\"https:\/\/santaeulariaculturaijoventut.com\/wp-content\/uploads\/2021\/02\/88_B_Shangri-La-200x300.jpg\" alt=\"\" data-no-lazy=\"1\" itemprop=\"thumbnail\" width=\"200\" height=\"300\" \/>\n\n\t\t\t<!-- Overlay Wrapper -->\n\t\t\t<div class=\"pp-gallery-overlay\">\n\t\t\t\t<div class=\"pp-overlay-inner\">\n\n\t\t\t\t\t\n\t\t\t\t\t\n\t\t\t\t<\/div>\n\t\t\t<\/div> <!-- Overlay Wrapper Closed -->\n\n\t\t\t\t<\/a>\n\t\t\t\t\t\t\t<meta itemprop=\"width\" content=\"200\" \/>\n\t\t\t<meta itemprop=\"height\" content=\"300\" \/>\n\t\t\t<\/div>\n\t<\/div><div class=\"pp-photo-gallery-item pp-gallery-masonry-item\" data-item-id=\"1677\" itemprop=\"associatedMedia\" itemscope=\"itemscope\" itemtype=\"http:\/\/schema.org\/ImageObject\">\n\t<div class=\"pp-photo-gallery-content\">\n\n\t\t\t\t<a\n\t\t\thref=\"https:\/\/santaeulariaculturaijoventut.com\/wp-content\/uploads\/2021\/02\/47_A_costa-punta-arabi.jpg\"\n\t\t\t \n\t\t\t\t\t\tdata-fancybox=\"images\" \n\t\t\t \n\t\t\ttitle=\"47_A_costa punta arabi\" \n\t\t\t\t\t\tdata-caption=\"\"\n\t\t\t\t\t\tdata-description=\"\" \n\t\t\titemprop=\"contentUrl\"\n\t\t>\n\t\t\n\t\t\n\t\t\t<img loading=\"lazy\" decoding=\"async\" class=\"pp-gallery-img\" src=\"https:\/\/santaeulariaculturaijoventut.com\/wp-content\/uploads\/2021\/02\/47_A_costa-punta-arabi-300x199.jpg\" alt=\"\" data-no-lazy=\"1\" itemprop=\"thumbnail\" width=\"300\" height=\"199\" \/>\n\n\t\t\t<!-- Overlay Wrapper -->\n\t\t\t<div class=\"pp-gallery-overlay\">\n\t\t\t\t<div class=\"pp-overlay-inner\">\n\n\t\t\t\t\t\n\t\t\t\t\t\n\t\t\t\t<\/div>\n\t\t\t<\/div> <!-- Overlay Wrapper Closed -->\n\n\t\t\t\t<\/a>\n\t\t\t\t\t\t\t<meta itemprop=\"width\" content=\"300\" \/>\n\t\t\t<meta itemprop=\"height\" content=\"199\" \/>\n\t\t\t<\/div>\n\t<\/div><div class=\"pp-photo-gallery-item pp-gallery-masonry-item\" data-item-id=\"1679\" itemprop=\"associatedMedia\" itemscope=\"itemscope\" itemtype=\"http:\/\/schema.org\/ImageObject\">\n\t<div class=\"pp-photo-gallery-content\">\n\n\t\t\t\t<a\n\t\t\thref=\"https:\/\/santaeulariaculturaijoventut.com\/wp-content\/uploads\/2021\/02\/67_C_PITIU\u0308SES.jpg\"\n\t\t\t \n\t\t\t\t\t\tdata-fancybox=\"images\" \n\t\t\t \n\t\t\ttitle=\"67_C_PITIU\u0308SES\" \n\t\t\t\t\t\tdata-caption=\"\"\n\t\t\t\t\t\tdata-description=\"\" \n\t\t\titemprop=\"contentUrl\"\n\t\t>\n\t\t\n\t\t\n\t\t\t<img loading=\"lazy\" decoding=\"async\" class=\"pp-gallery-img\" src=\"https:\/\/santaeulariaculturaijoventut.com\/wp-content\/uploads\/2021\/02\/67_C_PITIU\u0308SES-225x300.jpg\" alt=\"\" data-no-lazy=\"1\" itemprop=\"thumbnail\" width=\"225\" height=\"300\" \/>\n\n\t\t\t<!-- Overlay Wrapper -->\n\t\t\t<div class=\"pp-gallery-overlay\">\n\t\t\t\t<div class=\"pp-overlay-inner\">\n\n\t\t\t\t\t\n\t\t\t\t\t\n\t\t\t\t<\/div>\n\t\t\t<\/div> <!-- Overlay Wrapper Closed -->\n\n\t\t\t\t<\/a>\n\t\t\t\t\t\t\t<meta itemprop=\"width\" content=\"225\" \/>\n\t\t\t<meta itemprop=\"height\" content=\"300\" \/>\n\t\t\t<\/div>\n\t<\/div><div class=\"pp-photo-gallery-item pp-gallery-masonry-item\" data-item-id=\"1681\" itemprop=\"associatedMedia\" itemscope=\"itemscope\" itemtype=\"http:\/\/schema.org\/ImageObject\">\n\t<div class=\"pp-photo-gallery-content\">\n\n\t\t\t\t<a\n\t\t\thref=\"https:\/\/santaeulariaculturaijoventut.com\/wp-content\/uploads\/2021\/02\/28_B_Petit-Tast-de-Cultura-i-Bellesa.jpg\"\n\t\t\t \n\t\t\t\t\t\tdata-fancybox=\"images\" \n\t\t\t \n\t\t\ttitle=\"28_B_Petit Tast de Cultura i Bellesa\" \n\t\t\t\t\t\tdata-caption=\"\"\n\t\t\t\t\t\tdata-description=\"\" \n\t\t\titemprop=\"contentUrl\"\n\t\t>\n\t\t\n\t\t\n\t\t\t<img loading=\"lazy\" decoding=\"async\" class=\"pp-gallery-img\" src=\"https:\/\/santaeulariaculturaijoventut.com\/wp-content\/uploads\/2021\/02\/28_B_Petit-Tast-de-Cultura-i-Bellesa-225x300.jpg\" alt=\"\" data-no-lazy=\"1\" itemprop=\"thumbnail\" width=\"225\" height=\"300\" \/>\n\n\t\t\t<!-- Overlay Wrapper -->\n\t\t\t<div class=\"pp-gallery-overlay\">\n\t\t\t\t<div class=\"pp-overlay-inner\">\n\n\t\t\t\t\t\n\t\t\t\t\t\n\t\t\t\t<\/div>\n\t\t\t<\/div> <!-- Overlay Wrapper Closed -->\n\n\t\t\t\t<\/a>\n\t\t\t\t\t\t\t<meta itemprop=\"width\" content=\"225\" \/>\n\t\t\t<meta itemprop=\"height\" content=\"300\" \/>\n\t\t\t<\/div>\n\t<\/div><div class=\"pp-photo-gallery-item pp-gallery-masonry-item\" data-item-id=\"1683\" itemprop=\"associatedMedia\" itemscope=\"itemscope\" itemtype=\"http:\/\/schema.org\/ImageObject\">\n\t<div class=\"pp-photo-gallery-content\">\n\n\t\t\t\t<a\n\t\t\thref=\"https:\/\/santaeulariaculturaijoventut.com\/wp-content\/uploads\/2021\/02\/111_B_CALO\u0301-DES-REI.jpg\"\n\t\t\t \n\t\t\t\t\t\tdata-fancybox=\"images\" \n\t\t\t \n\t\t\ttitle=\"111_B_CALO\u0301 DES REI\" \n\t\t\t\t\t\tdata-caption=\"\"\n\t\t\t\t\t\tdata-description=\"\" \n\t\t\titemprop=\"contentUrl\"\n\t\t>\n\t\t\n\t\t\n\t\t\t<img loading=\"lazy\" decoding=\"async\" class=\"pp-gallery-img\" src=\"https:\/\/santaeulariaculturaijoventut.com\/wp-content\/uploads\/2021\/02\/111_B_CALO\u0301-DES-REI-300x225.jpg\" alt=\"\" data-no-lazy=\"1\" itemprop=\"thumbnail\" width=\"300\" height=\"225\" \/>\n\n\t\t\t<!-- Overlay Wrapper -->\n\t\t\t<div class=\"pp-gallery-overlay\">\n\t\t\t\t<div class=\"pp-overlay-inner\">\n\n\t\t\t\t\t\n\t\t\t\t\t\n\t\t\t\t<\/div>\n\t\t\t<\/div> <!-- Overlay Wrapper Closed -->\n\n\t\t\t\t<\/a>\n\t\t\t\t\t\t\t<meta itemprop=\"width\" content=\"300\" \/>\n\t\t\t<meta itemprop=\"height\" content=\"225\" \/>\n\t\t\t<\/div>\n\t<\/div><div class=\"pp-photo-gallery-item pp-gallery-masonry-item\" data-item-id=\"1685\" itemprop=\"associatedMedia\" itemscope=\"itemscope\" itemtype=\"http:\/\/schema.org\/ImageObject\">\n\t<div class=\"pp-photo-gallery-content\">\n\n\t\t\t\t<a\n\t\t\thref=\"https:\/\/santaeulariaculturaijoventut.com\/wp-content\/uploads\/2021\/02\/8_B_UNA-ISLA.jpg\"\n\t\t\t \n\t\t\t\t\t\tdata-fancybox=\"images\" \n\t\t\t \n\t\t\ttitle=\"8_B_UNA ISLA\" \n\t\t\t\t\t\tdata-caption=\"\"\n\t\t\t\t\t\tdata-description=\"\" \n\t\t\titemprop=\"contentUrl\"\n\t\t>\n\t\t\n\t\t\n\t\t\t<img loading=\"lazy\" decoding=\"async\" class=\"pp-gallery-img\" src=\"https:\/\/santaeulariaculturaijoventut.com\/wp-content\/uploads\/2021\/02\/8_B_UNA-ISLA-300x253.jpg\" alt=\"\" data-no-lazy=\"1\" itemprop=\"thumbnail\" width=\"300\" height=\"253\" \/>\n\n\t\t\t<!-- Overlay Wrapper -->\n\t\t\t<div class=\"pp-gallery-overlay\">\n\t\t\t\t<div class=\"pp-overlay-inner\">\n\n\t\t\t\t\t\n\t\t\t\t\t\n\t\t\t\t<\/div>\n\t\t\t<\/div> <!-- Overlay Wrapper Closed -->\n\n\t\t\t\t<\/a>\n\t\t\t\t\t\t\t<meta itemprop=\"width\" content=\"300\" \/>\n\t\t\t<meta itemprop=\"height\" content=\"253\" \/>\n\t\t\t<\/div>\n\t<\/div><div class=\"pp-photo-gallery-item pp-gallery-masonry-item\" data-item-id=\"1687\" itemprop=\"associatedMedia\" itemscope=\"itemscope\" itemtype=\"http:\/\/schema.org\/ImageObject\">\n\t<div class=\"pp-photo-gallery-content\">\n\n\t\t\t\t<a\n\t\t\thref=\"https:\/\/santaeulariaculturaijoventut.com\/wp-content\/uploads\/2021\/02\/119_C.jpg\"\n\t\t\t \n\t\t\t\t\t\tdata-fancybox=\"images\" \n\t\t\t \n\t\t\ttitle=\"119_C\" \n\t\t\t\t\t\tdata-caption=\"\"\n\t\t\t\t\t\tdata-description=\"\" \n\t\t\titemprop=\"contentUrl\"\n\t\t>\n\t\t\n\t\t\n\t\t\t<img loading=\"lazy\" decoding=\"async\" class=\"pp-gallery-img\" src=\"https:\/\/santaeulariaculturaijoventut.com\/wp-content\/uploads\/2021\/02\/119_C-224x300.jpg\" alt=\"\" data-no-lazy=\"1\" itemprop=\"thumbnail\" width=\"224\" height=\"300\" \/>\n\n\t\t\t<!-- Overlay Wrapper -->\n\t\t\t<div class=\"pp-gallery-overlay\">\n\t\t\t\t<div class=\"pp-overlay-inner\">\n\n\t\t\t\t\t\n\t\t\t\t\t\n\t\t\t\t<\/div>\n\t\t\t<\/div> <!-- Overlay Wrapper Closed -->\n\n\t\t\t\t<\/a>\n\t\t\t\t\t\t\t<meta itemprop=\"width\" content=\"224\" \/>\n\t\t\t<meta itemprop=\"height\" content=\"300\" \/>\n\t\t\t<\/div>\n\t<\/div><div class=\"pp-photo-gallery-item pp-gallery-masonry-item\" data-item-id=\"1689\" itemprop=\"associatedMedia\" itemscope=\"itemscope\" itemtype=\"http:\/\/schema.org\/ImageObject\">\n\t<div class=\"pp-photo-gallery-content\">\n\n\t\t\t\t<a\n\t\t\thref=\"https:\/\/santaeulariaculturaijoventut.com\/wp-content\/uploads\/2021\/02\/74_A_-Mans-artesanes.jpg\"\n\t\t\t \n\t\t\t\t\t\tdata-fancybox=\"images\" \n\t\t\t \n\t\t\ttitle=\"74_A_ Mans artesanes\" \n\t\t\t\t\t\tdata-caption=\"\"\n\t\t\t\t\t\tdata-description=\"\" \n\t\t\titemprop=\"contentUrl\"\n\t\t>\n\t\t\n\t\t\n\t\t\t<img loading=\"lazy\" decoding=\"async\" class=\"pp-gallery-img\" src=\"https:\/\/santaeulariaculturaijoventut.com\/wp-content\/uploads\/2021\/02\/74_A_-Mans-artesanes-300x199.jpg\" alt=\"\" data-no-lazy=\"1\" itemprop=\"thumbnail\" width=\"300\" height=\"199\" \/>\n\n\t\t\t<!-- Overlay Wrapper -->\n\t\t\t<div class=\"pp-gallery-overlay\">\n\t\t\t\t<div class=\"pp-overlay-inner\">\n\n\t\t\t\t\t\n\t\t\t\t\t\n\t\t\t\t<\/div>\n\t\t\t<\/div> <!-- Overlay Wrapper Closed -->\n\n\t\t\t\t<\/a>\n\t\t\t\t\t\t\t<meta itemprop=\"width\" content=\"300\" \/>\n\t\t\t<meta itemprop=\"height\" content=\"199\" \/>\n\t\t\t<\/div>\n\t<\/div><div class=\"pp-photo-gallery-item pp-gallery-masonry-item\" data-item-id=\"1691\" itemprop=\"associatedMedia\" itemscope=\"itemscope\" itemtype=\"http:\/\/schema.org\/ImageObject\">\n\t<div class=\"pp-photo-gallery-content\">\n\n\t\t\t\t<a\n\t\t\thref=\"https:\/\/santaeulariaculturaijoventut.com\/wp-content\/uploads\/2021\/02\/11_C_Un-repic.jpg\"\n\t\t\t \n\t\t\t\t\t\tdata-fancybox=\"images\" \n\t\t\t \n\t\t\ttitle=\"11_C_Un repic\" \n\t\t\t\t\t\tdata-caption=\"\"\n\t\t\t\t\t\tdata-description=\"\" \n\t\t\titemprop=\"contentUrl\"\n\t\t>\n\t\t\n\t\t\n\t\t\t<img loading=\"lazy\" decoding=\"async\" class=\"pp-gallery-img\" src=\"https:\/\/santaeulariaculturaijoventut.com\/wp-content\/uploads\/2021\/02\/11_C_Un-repic-200x300.jpg\" alt=\"\" data-no-lazy=\"1\" itemprop=\"thumbnail\" width=\"200\" height=\"300\" \/>\n\n\t\t\t<!-- Overlay Wrapper -->\n\t\t\t<div class=\"pp-gallery-overlay\">\n\t\t\t\t<div class=\"pp-overlay-inner\">\n\n\t\t\t\t\t\n\t\t\t\t\t\n\t\t\t\t<\/div>\n\t\t\t<\/div> <!-- Overlay Wrapper Closed -->\n\n\t\t\t\t<\/a>\n\t\t\t\t\t\t\t<meta itemprop=\"width\" content=\"200\" \/>\n\t\t\t<meta itemprop=\"height\" content=\"300\" \/>\n\t\t\t<\/div>\n\t<\/div><div class=\"pp-photo-gallery-item pp-gallery-masonry-item\" data-item-id=\"1693\" itemprop=\"associatedMedia\" itemscope=\"itemscope\" itemtype=\"http:\/\/schema.org\/ImageObject\">\n\t<div class=\"pp-photo-gallery-content\">\n\n\t\t\t\t<a\n\t\t\thref=\"https:\/\/santaeulariaculturaijoventut.com\/wp-content\/uploads\/2021\/02\/118_B_Santa-maria-de-les-neus.jpg\"\n\t\t\t \n\t\t\t\t\t\tdata-fancybox=\"images\" \n\t\t\t \n\t\t\ttitle=\"118_B_Santa maria de les neus\" \n\t\t\t\t\t\tdata-caption=\"\"\n\t\t\t\t\t\tdata-description=\"\" \n\t\t\titemprop=\"contentUrl\"\n\t\t>\n\t\t\n\t\t\n\t\t\t<img loading=\"lazy\" decoding=\"async\" class=\"pp-gallery-img\" src=\"https:\/\/santaeulariaculturaijoventut.com\/wp-content\/uploads\/2021\/02\/118_B_Santa-maria-de-les-neus-224x300.jpg\" alt=\"\" data-no-lazy=\"1\" itemprop=\"thumbnail\" width=\"224\" height=\"300\" \/>\n\n\t\t\t<!-- Overlay Wrapper -->\n\t\t\t<div class=\"pp-gallery-overlay\">\n\t\t\t\t<div class=\"pp-overlay-inner\">\n\n\t\t\t\t\t\n\t\t\t\t\t\n\t\t\t\t<\/div>\n\t\t\t<\/div> <!-- Overlay Wrapper Closed -->\n\n\t\t\t\t<\/a>\n\t\t\t\t\t\t\t<meta itemprop=\"width\" content=\"224\" \/>\n\t\t\t<meta itemprop=\"height\" content=\"300\" \/>\n\t\t\t<\/div>\n\t<\/div><div class=\"pp-photo-gallery-item pp-gallery-masonry-item\" data-item-id=\"1695\" itemprop=\"associatedMedia\" itemscope=\"itemscope\" itemtype=\"http:\/\/schema.org\/ImageObject\">\n\t<div class=\"pp-photo-gallery-content\">\n\n\t\t\t\t<a\n\t\t\thref=\"https:\/\/santaeulariaculturaijoventut.com\/wp-content\/uploads\/2021\/02\/63_A_Reflejos-en-la-sal-scaled.jpg\"\n\t\t\t \n\t\t\t\t\t\tdata-fancybox=\"images\" \n\t\t\t \n\t\t\ttitle=\"63_A_Reflejos en la sal\" \n\t\t\t\t\t\tdata-caption=\"\"\n\t\t\t\t\t\tdata-description=\"\" \n\t\t\titemprop=\"contentUrl\"\n\t\t>\n\t\t\n\t\t\n\t\t\t<img loading=\"lazy\" decoding=\"async\" class=\"pp-gallery-img\" src=\"https:\/\/santaeulariaculturaijoventut.com\/wp-content\/uploads\/2021\/02\/63_A_Reflejos-en-la-sal-300x200.jpg\" alt=\"\" data-no-lazy=\"1\" itemprop=\"thumbnail\" width=\"300\" height=\"200\" \/>\n\n\t\t\t<!-- Overlay Wrapper -->\n\t\t\t<div class=\"pp-gallery-overlay\">\n\t\t\t\t<div class=\"pp-overlay-inner\">\n\n\t\t\t\t\t\n\t\t\t\t\t\n\t\t\t\t<\/div>\n\t\t\t<\/div> <!-- Overlay Wrapper Closed -->\n\n\t\t\t\t<\/a>\n\t\t\t\t\t\t\t<meta itemprop=\"width\" content=\"300\" \/>\n\t\t\t<meta itemprop=\"height\" content=\"200\" \/>\n\t\t\t<\/div>\n\t<\/div><div class=\"pp-photo-gallery-item pp-gallery-masonry-item\" data-item-id=\"1697\" itemprop=\"associatedMedia\" itemscope=\"itemscope\" itemtype=\"http:\/\/schema.org\/ImageObject\">\n\t<div class=\"pp-photo-gallery-content\">\n\n\t\t\t\t<a\n\t\t\thref=\"https:\/\/santaeulariaculturaijoventut.com\/wp-content\/uploads\/2021\/02\/3_A_ALMENDROS-EN-FLOR.jpg\"\n\t\t\t \n\t\t\t\t\t\tdata-fancybox=\"images\" \n\t\t\t \n\t\t\ttitle=\"3_A_ALMENDROS EN FLOR\" \n\t\t\t\t\t\tdata-caption=\"\"\n\t\t\t\t\t\tdata-description=\"\" \n\t\t\titemprop=\"contentUrl\"\n\t\t>\n\t\t\n\t\t\n\t\t\t<img loading=\"lazy\" decoding=\"async\" class=\"pp-gallery-img\" src=\"https:\/\/santaeulariaculturaijoventut.com\/wp-content\/uploads\/2021\/02\/3_A_ALMENDROS-EN-FLOR-139x300.jpg\" alt=\"\" data-no-lazy=\"1\" itemprop=\"thumbnail\" width=\"139\" height=\"300\" \/>\n\n\t\t\t<!-- Overlay Wrapper -->\n\t\t\t<div class=\"pp-gallery-overlay\">\n\t\t\t\t<div class=\"pp-overlay-inner\">\n\n\t\t\t\t\t\n\t\t\t\t\t\n\t\t\t\t<\/div>\n\t\t\t<\/div> <!-- Overlay Wrapper Closed -->\n\n\t\t\t\t<\/a>\n\t\t\t\t\t\t\t<meta itemprop=\"width\" content=\"139\" \/>\n\t\t\t<meta itemprop=\"height\" content=\"300\" \/>\n\t\t\t<\/div>\n\t<\/div><div class=\"pp-photo-gallery-item pp-gallery-masonry-item\" data-item-id=\"1699\" itemprop=\"associatedMedia\" itemscope=\"itemscope\" itemtype=\"http:\/\/schema.org\/ImageObject\">\n\t<div class=\"pp-photo-gallery-content\">\n\n\t\t\t\t<a\n\t\t\thref=\"https:\/\/santaeulariaculturaijoventut.com\/wp-content\/uploads\/2021\/02\/8_C_LA-MAR.jpg\"\n\t\t\t \n\t\t\t\t\t\tdata-fancybox=\"images\" \n\t\t\t \n\t\t\ttitle=\"8_C_LA MAR\" \n\t\t\t\t\t\tdata-caption=\"\"\n\t\t\t\t\t\tdata-description=\"\" \n\t\t\titemprop=\"contentUrl\"\n\t\t>\n\t\t\n\t\t\n\t\t\t<img loading=\"lazy\" decoding=\"async\" class=\"pp-gallery-img\" src=\"https:\/\/santaeulariaculturaijoventut.com\/wp-content\/uploads\/2021\/02\/8_C_LA-MAR-300x280.jpg\" alt=\"\" data-no-lazy=\"1\" itemprop=\"thumbnail\" width=\"300\" height=\"280\" \/>\n\n\t\t\t<!-- Overlay Wrapper -->\n\t\t\t<div class=\"pp-gallery-overlay\">\n\t\t\t\t<div class=\"pp-overlay-inner\">\n\n\t\t\t\t\t\n\t\t\t\t\t\n\t\t\t\t<\/div>\n\t\t\t<\/div> <!-- Overlay Wrapper Closed -->\n\n\t\t\t\t<\/a>\n\t\t\t\t\t\t\t<meta itemprop=\"width\" content=\"300\" \/>\n\t\t\t<meta itemprop=\"height\" content=\"280\" \/>\n\t\t\t<\/div>\n\t<\/div><div class=\"pp-photo-gallery-item pp-gallery-masonry-item\" data-item-id=\"1701\" itemprop=\"associatedMedia\" itemscope=\"itemscope\" itemtype=\"http:\/\/schema.org\/ImageObject\">\n\t<div class=\"pp-photo-gallery-content\">\n\n\t\t\t\t<a\n\t\t\thref=\"https:\/\/santaeulariaculturaijoventut.com\/wp-content\/uploads\/2021\/02\/29_B_Ametller.jpg\"\n\t\t\t \n\t\t\t\t\t\tdata-fancybox=\"images\" \n\t\t\t \n\t\t\ttitle=\"29_B_Ametller\" \n\t\t\t\t\t\tdata-caption=\"\"\n\t\t\t\t\t\tdata-description=\"\" \n\t\t\titemprop=\"contentUrl\"\n\t\t>\n\t\t\n\t\t\n\t\t\t<img loading=\"lazy\" decoding=\"async\" class=\"pp-gallery-img\" src=\"https:\/\/santaeulariaculturaijoventut.com\/wp-content\/uploads\/2021\/02\/29_B_Ametller-225x300.jpg\" alt=\"\" data-no-lazy=\"1\" itemprop=\"thumbnail\" width=\"225\" height=\"300\" \/>\n\n\t\t\t<!-- Overlay Wrapper -->\n\t\t\t<div class=\"pp-gallery-overlay\">\n\t\t\t\t<div class=\"pp-overlay-inner\">\n\n\t\t\t\t\t\n\t\t\t\t\t\n\t\t\t\t<\/div>\n\t\t\t<\/div> <!-- Overlay Wrapper Closed -->\n\n\t\t\t\t<\/a>\n\t\t\t\t\t\t\t<meta itemprop=\"width\" content=\"225\" \/>\n\t\t\t<meta itemprop=\"height\" content=\"300\" \/>\n\t\t\t<\/div>\n\t<\/div><div class=\"pp-photo-gallery-item pp-gallery-masonry-item\" data-item-id=\"1703\" itemprop=\"associatedMedia\" itemscope=\"itemscope\" itemtype=\"http:\/\/schema.org\/ImageObject\">\n\t<div class=\"pp-photo-gallery-content\">\n\n\t\t\t\t<a\n\t\t\thref=\"https:\/\/santaeulariaculturaijoventut.com\/wp-content\/uploads\/2021\/02\/101_B_Ki-y-el-horizonte.jpg\"\n\t\t\t \n\t\t\t\t\t\tdata-fancybox=\"images\" \n\t\t\t \n\t\t\ttitle=\"101_B_Ki y el horizonte\" \n\t\t\t\t\t\tdata-caption=\"\"\n\t\t\t\t\t\tdata-description=\"\" \n\t\t\titemprop=\"contentUrl\"\n\t\t>\n\t\t\n\t\t\n\t\t\t<img loading=\"lazy\" decoding=\"async\" class=\"pp-gallery-img\" src=\"https:\/\/santaeulariaculturaijoventut.com\/wp-content\/uploads\/2021\/02\/101_B_Ki-y-el-horizonte-300x225.jpg\" alt=\"\" data-no-lazy=\"1\" itemprop=\"thumbnail\" width=\"300\" height=\"225\" \/>\n\n\t\t\t<!-- Overlay Wrapper -->\n\t\t\t<div class=\"pp-gallery-overlay\">\n\t\t\t\t<div class=\"pp-overlay-inner\">\n\n\t\t\t\t\t\n\t\t\t\t\t\n\t\t\t\t<\/div>\n\t\t\t<\/div> <!-- Overlay Wrapper Closed -->\n\n\t\t\t\t<\/a>\n\t\t\t\t\t\t\t<meta itemprop=\"width\" content=\"300\" \/>\n\t\t\t<meta itemprop=\"height\" content=\"225\" \/>\n\t\t\t<\/div>\n\t<\/div><div class=\"pp-photo-gallery-item pp-gallery-masonry-item\" data-item-id=\"1705\" itemprop=\"associatedMedia\" itemscope=\"itemscope\" itemtype=\"http:\/\/schema.org\/ImageObject\">\n\t<div class=\"pp-photo-gallery-content\">\n\n\t\t\t\t<a\n\t\t\thref=\"https:\/\/santaeulariaculturaijoventut.com\/wp-content\/uploads\/2021\/02\/105_C_Els-colors-dEivissa-Santa-Gertrudis.jpg\"\n\t\t\t \n\t\t\t\t\t\tdata-fancybox=\"images\" \n\t\t\t \n\t\t\ttitle=\"105_C_Els colors d&#039;Eivissa - Santa Gertrudis\" \n\t\t\t\t\t\tdata-caption=\"\"\n\t\t\t\t\t\tdata-description=\"\" \n\t\t\titemprop=\"contentUrl\"\n\t\t>\n\t\t\n\t\t\n\t\t\t<img loading=\"lazy\" decoding=\"async\" class=\"pp-gallery-img\" src=\"https:\/\/santaeulariaculturaijoventut.com\/wp-content\/uploads\/2021\/02\/105_C_Els-colors-dEivissa-Santa-Gertrudis-300x199.jpg\" alt=\"\" data-no-lazy=\"1\" itemprop=\"thumbnail\" width=\"300\" height=\"199\" \/>\n\n\t\t\t<!-- Overlay Wrapper -->\n\t\t\t<div class=\"pp-gallery-overlay\">\n\t\t\t\t<div class=\"pp-overlay-inner\">\n\n\t\t\t\t\t\n\t\t\t\t\t\n\t\t\t\t<\/div>\n\t\t\t<\/div> <!-- Overlay Wrapper Closed -->\n\n\t\t\t\t<\/a>\n\t\t\t\t\t\t\t<meta itemprop=\"width\" content=\"300\" \/>\n\t\t\t<meta itemprop=\"height\" content=\"199\" \/>\n\t\t\t<\/div>\n\t<\/div><div class=\"pp-photo-gallery-item pp-gallery-masonry-item\" data-item-id=\"1707\" itemprop=\"associatedMedia\" itemscope=\"itemscope\" itemtype=\"http:\/\/schema.org\/ImageObject\">\n\t<div class=\"pp-photo-gallery-content\">\n\n\t\t\t\t<a\n\t\t\thref=\"https:\/\/santaeulariaculturaijoventut.com\/wp-content\/uploads\/2021\/02\/95_B_La-Fortaleza.jpg\"\n\t\t\t \n\t\t\t\t\t\tdata-fancybox=\"images\" \n\t\t\t \n\t\t\ttitle=\"95_B_La Fortaleza\" \n\t\t\t\t\t\tdata-caption=\"\"\n\t\t\t\t\t\tdata-description=\"\" \n\t\t\titemprop=\"contentUrl\"\n\t\t>\n\t\t\n\t\t\n\t\t\t<img loading=\"lazy\" decoding=\"async\" class=\"pp-gallery-img\" src=\"https:\/\/santaeulariaculturaijoventut.com\/wp-content\/uploads\/2021\/02\/95_B_La-Fortaleza-225x300.jpg\" alt=\"\" data-no-lazy=\"1\" itemprop=\"thumbnail\" width=\"225\" height=\"300\" \/>\n\n\t\t\t<!-- Overlay Wrapper -->\n\t\t\t<div class=\"pp-gallery-overlay\">\n\t\t\t\t<div class=\"pp-overlay-inner\">\n\n\t\t\t\t\t\n\t\t\t\t\t\n\t\t\t\t<\/div>\n\t\t\t<\/div> <!-- Overlay Wrapper Closed -->\n\n\t\t\t\t<\/a>\n\t\t\t\t\t\t\t<meta itemprop=\"width\" content=\"225\" \/>\n\t\t\t<meta itemprop=\"height\" content=\"300\" \/>\n\t\t\t<\/div>\n\t<\/div><div class=\"pp-photo-gallery-item pp-gallery-masonry-item\" data-item-id=\"1709\" itemprop=\"associatedMedia\" itemscope=\"itemscope\" itemtype=\"http:\/\/schema.org\/ImageObject\">\n\t<div class=\"pp-photo-gallery-content\">\n\n\t\t\t\t<a\n\t\t\thref=\"https:\/\/santaeulariaculturaijoventut.com\/wp-content\/uploads\/2021\/02\/123_C.jpg\"\n\t\t\t \n\t\t\t\t\t\tdata-fancybox=\"images\" \n\t\t\t \n\t\t\ttitle=\"123_C\" \n\t\t\t\t\t\tdata-caption=\"\"\n\t\t\t\t\t\tdata-description=\"\" \n\t\t\titemprop=\"contentUrl\"\n\t\t>\n\t\t\n\t\t\n\t\t\t<img loading=\"lazy\" decoding=\"async\" class=\"pp-gallery-img\" src=\"https:\/\/santaeulariaculturaijoventut.com\/wp-content\/uploads\/2021\/02\/123_C-200x300.jpg\" alt=\"\" data-no-lazy=\"1\" itemprop=\"thumbnail\" width=\"200\" height=\"300\" \/>\n\n\t\t\t<!-- Overlay Wrapper -->\n\t\t\t<div class=\"pp-gallery-overlay\">\n\t\t\t\t<div class=\"pp-overlay-inner\">\n\n\t\t\t\t\t\n\t\t\t\t\t\n\t\t\t\t<\/div>\n\t\t\t<\/div> <!-- Overlay Wrapper Closed -->\n\n\t\t\t\t<\/a>\n\t\t\t\t\t\t\t<meta itemprop=\"width\" content=\"200\" \/>\n\t\t\t<meta itemprop=\"height\" content=\"300\" \/>\n\t\t\t<\/div>\n\t<\/div><div class=\"pp-photo-gallery-item pp-gallery-masonry-item\" data-item-id=\"1711\" itemprop=\"associatedMedia\" itemscope=\"itemscope\" itemtype=\"http:\/\/schema.org\/ImageObject\">\n\t<div class=\"pp-photo-gallery-content\">\n\n\t\t\t\t<a\n\t\t\thref=\"https:\/\/santaeulariaculturaijoventut.com\/wp-content\/uploads\/2021\/02\/88_A_Si\u0301-Lugar.jpg\"\n\t\t\t \n\t\t\t\t\t\tdata-fancybox=\"images\" \n\t\t\t \n\t\t\ttitle=\"88_A_Si\u0301-Lugar\" \n\t\t\t\t\t\tdata-caption=\"\"\n\t\t\t\t\t\tdata-description=\"\" \n\t\t\titemprop=\"contentUrl\"\n\t\t>\n\t\t\n\t\t\n\t\t\t<img loading=\"lazy\" decoding=\"async\" class=\"pp-gallery-img\" src=\"https:\/\/santaeulariaculturaijoventut.com\/wp-content\/uploads\/2021\/02\/88_A_Si\u0301-Lugar-200x300.jpg\" alt=\"\" data-no-lazy=\"1\" itemprop=\"thumbnail\" width=\"200\" height=\"300\" \/>\n\n\t\t\t<!-- Overlay Wrapper -->\n\t\t\t<div class=\"pp-gallery-overlay\">\n\t\t\t\t<div class=\"pp-overlay-inner\">\n\n\t\t\t\t\t\n\t\t\t\t\t\n\t\t\t\t<\/div>\n\t\t\t<\/div> <!-- Overlay Wrapper Closed -->\n\n\t\t\t\t<\/a>\n\t\t\t\t\t\t\t<meta itemprop=\"width\" content=\"200\" \/>\n\t\t\t<meta itemprop=\"height\" content=\"300\" \/>\n\t\t\t<\/div>\n\t<\/div><div class=\"pp-photo-gallery-item pp-gallery-masonry-item\" data-item-id=\"1713\" itemprop=\"associatedMedia\" itemscope=\"itemscope\" itemtype=\"http:\/\/schema.org\/ImageObject\">\n\t<div class=\"pp-photo-gallery-content\">\n\n\t\t\t\t<a\n\t\t\thref=\"https:\/\/santaeulariaculturaijoventut.com\/wp-content\/uploads\/2021\/02\/120_B_Mediterra\u0300niament.jpg\"\n\t\t\t \n\t\t\t\t\t\tdata-fancybox=\"images\" \n\t\t\t \n\t\t\ttitle=\"120_B_Mediterra\u0300niament\" \n\t\t\t\t\t\tdata-caption=\"\"\n\t\t\t\t\t\tdata-description=\"\" \n\t\t\titemprop=\"contentUrl\"\n\t\t>\n\t\t\n\t\t\n\t\t\t<img loading=\"lazy\" decoding=\"async\" class=\"pp-gallery-img\" src=\"https:\/\/santaeulariaculturaijoventut.com\/wp-content\/uploads\/2021\/02\/120_B_Mediterra\u0300niament-200x300.jpg\" alt=\"\" data-no-lazy=\"1\" itemprop=\"thumbnail\" width=\"200\" height=\"300\" \/>\n\n\t\t\t<!-- Overlay Wrapper -->\n\t\t\t<div class=\"pp-gallery-overlay\">\n\t\t\t\t<div class=\"pp-overlay-inner\">\n\n\t\t\t\t\t\n\t\t\t\t\t\n\t\t\t\t<\/div>\n\t\t\t<\/div> <!-- Overlay Wrapper Closed -->\n\n\t\t\t\t<\/a>\n\t\t\t\t\t\t\t<meta itemprop=\"width\" content=\"200\" \/>\n\t\t\t<meta itemprop=\"height\" content=\"300\" \/>\n\t\t\t<\/div>\n\t<\/div><div class=\"pp-photo-gallery-item pp-gallery-masonry-item\" data-item-id=\"1715\" itemprop=\"associatedMedia\" itemscope=\"itemscope\" itemtype=\"http:\/\/schema.org\/ImageObject\">\n\t<div class=\"pp-photo-gallery-content\">\n\n\t\t\t\t<a\n\t\t\thref=\"https:\/\/santaeulariaculturaijoventut.com\/wp-content\/uploads\/2021\/02\/27_A_FRAGMENTO-AZUCAR-SONIDO.jpg\"\n\t\t\t \n\t\t\t\t\t\tdata-fancybox=\"images\" \n\t\t\t \n\t\t\ttitle=\"27_A_FRAGMENTO AZUCAR SONIDO\" \n\t\t\t\t\t\tdata-caption=\"\"\n\t\t\t\t\t\tdata-description=\"\" \n\t\t\titemprop=\"contentUrl\"\n\t\t>\n\t\t\n\t\t\n\t\t\t<img loading=\"lazy\" decoding=\"async\" class=\"pp-gallery-img\" src=\"https:\/\/santaeulariaculturaijoventut.com\/wp-content\/uploads\/2021\/02\/27_A_FRAGMENTO-AZUCAR-SONIDO-300x135.jpg\" alt=\"\" data-no-lazy=\"1\" itemprop=\"thumbnail\" width=\"300\" height=\"135\" \/>\n\n\t\t\t<!-- Overlay Wrapper -->\n\t\t\t<div class=\"pp-gallery-overlay\">\n\t\t\t\t<div class=\"pp-overlay-inner\">\n\n\t\t\t\t\t\n\t\t\t\t\t\n\t\t\t\t<\/div>\n\t\t\t<\/div> <!-- Overlay Wrapper Closed -->\n\n\t\t\t\t<\/a>\n\t\t\t\t\t\t\t<meta itemprop=\"width\" content=\"300\" \/>\n\t\t\t<meta itemprop=\"height\" content=\"135\" \/>\n\t\t\t<\/div>\n\t<\/div><div class=\"pp-photo-gallery-item pp-gallery-masonry-item\" data-item-id=\"1717\" itemprop=\"associatedMedia\" itemscope=\"itemscope\" itemtype=\"http:\/\/schema.org\/ImageObject\">\n\t<div class=\"pp-photo-gallery-content\">\n\n\t\t\t\t<a\n\t\t\thref=\"https:\/\/santaeulariaculturaijoventut.com\/wp-content\/uploads\/2021\/02\/99_A_Erase-un-molino-scaled.jpg\"\n\t\t\t \n\t\t\t\t\t\tdata-fancybox=\"images\" \n\t\t\t \n\t\t\ttitle=\"99_A_Erase un molino\" \n\t\t\t\t\t\tdata-caption=\"\"\n\t\t\t\t\t\tdata-description=\"\" \n\t\t\titemprop=\"contentUrl\"\n\t\t>\n\t\t\n\t\t\n\t\t\t<img loading=\"lazy\" decoding=\"async\" class=\"pp-gallery-img\" src=\"https:\/\/santaeulariaculturaijoventut.com\/wp-content\/uploads\/2021\/02\/99_A_Erase-un-molino-225x300.jpg\" alt=\"\" data-no-lazy=\"1\" itemprop=\"thumbnail\" width=\"225\" height=\"300\" \/>\n\n\t\t\t<!-- Overlay Wrapper -->\n\t\t\t<div class=\"pp-gallery-overlay\">\n\t\t\t\t<div class=\"pp-overlay-inner\">\n\n\t\t\t\t\t\n\t\t\t\t\t\n\t\t\t\t<\/div>\n\t\t\t<\/div> <!-- Overlay Wrapper Closed -->\n\n\t\t\t\t<\/a>\n\t\t\t\t\t\t\t<meta itemprop=\"width\" content=\"225\" \/>\n\t\t\t<meta itemprop=\"height\" content=\"300\" \/>\n\t\t\t<\/div>\n\t<\/div><div class=\"pp-photo-gallery-item pp-gallery-masonry-item\" data-item-id=\"1719\" itemprop=\"associatedMedia\" itemscope=\"itemscope\" itemtype=\"http:\/\/schema.org\/ImageObject\">\n\t<div class=\"pp-photo-gallery-content\">\n\n\t\t\t\t<a\n\t\t\thref=\"https:\/\/santaeulariaculturaijoventut.com\/wp-content\/uploads\/2021\/02\/43_A_SAL-DE-NIT.jpg\"\n\t\t\t \n\t\t\t\t\t\tdata-fancybox=\"images\" \n\t\t\t \n\t\t\ttitle=\"43_A_SAL DE NIT\" \n\t\t\t\t\t\tdata-caption=\"\"\n\t\t\t\t\t\tdata-description=\"\" \n\t\t\titemprop=\"contentUrl\"\n\t\t>\n\t\t\n\t\t\n\t\t\t<img loading=\"lazy\" decoding=\"async\" class=\"pp-gallery-img\" src=\"https:\/\/santaeulariaculturaijoventut.com\/wp-content\/uploads\/2021\/02\/43_A_SAL-DE-NIT-200x300.jpg\" alt=\"\" data-no-lazy=\"1\" itemprop=\"thumbnail\" width=\"200\" height=\"300\" \/>\n\n\t\t\t<!-- Overlay Wrapper -->\n\t\t\t<div class=\"pp-gallery-overlay\">\n\t\t\t\t<div class=\"pp-overlay-inner\">\n\n\t\t\t\t\t\n\t\t\t\t\t\n\t\t\t\t<\/div>\n\t\t\t<\/div> <!-- Overlay Wrapper Closed -->\n\n\t\t\t\t<\/a>\n\t\t\t\t\t\t\t<meta itemprop=\"width\" content=\"200\" \/>\n\t\t\t<meta itemprop=\"height\" content=\"300\" \/>\n\t\t\t<\/div>\n\t<\/div><div class=\"pp-photo-gallery-item pp-gallery-masonry-item\" data-item-id=\"1721\" itemprop=\"associatedMedia\" itemscope=\"itemscope\" itemtype=\"http:\/\/schema.org\/ImageObject\">\n\t<div class=\"pp-photo-gallery-content\">\n\n\t\t\t\t<a\n\t\t\thref=\"https:\/\/santaeulariaculturaijoventut.com\/wp-content\/uploads\/2021\/02\/125_B_-PATRIMONI-BLANC-I-BLAU.jpg\"\n\t\t\t \n\t\t\t\t\t\tdata-fancybox=\"images\" \n\t\t\t \n\t\t\ttitle=\"125_B_ PATRIMONI BLANC I BLAU\" \n\t\t\t\t\t\tdata-caption=\"\"\n\t\t\t\t\t\tdata-description=\"\" \n\t\t\titemprop=\"contentUrl\"\n\t\t>\n\t\t\n\t\t\n\t\t\t<img loading=\"lazy\" decoding=\"async\" class=\"pp-gallery-img\" src=\"https:\/\/santaeulariaculturaijoventut.com\/wp-content\/uploads\/2021\/02\/125_B_-PATRIMONI-BLANC-I-BLAU-300x200.jpg\" alt=\"\" data-no-lazy=\"1\" itemprop=\"thumbnail\" width=\"300\" height=\"200\" \/>\n\n\t\t\t<!-- Overlay Wrapper -->\n\t\t\t<div class=\"pp-gallery-overlay\">\n\t\t\t\t<div class=\"pp-overlay-inner\">\n\n\t\t\t\t\t\n\t\t\t\t\t\n\t\t\t\t<\/div>\n\t\t\t<\/div> <!-- Overlay Wrapper Closed -->\n\n\t\t\t\t<\/a>\n\t\t\t\t\t\t\t<meta itemprop=\"width\" content=\"300\" \/>\n\t\t\t<meta itemprop=\"height\" content=\"200\" \/>\n\t\t\t<\/div>\n\t<\/div><div class=\"pp-photo-gallery-item pp-gallery-masonry-item\" data-item-id=\"1723\" itemprop=\"associatedMedia\" itemscope=\"itemscope\" itemtype=\"http:\/\/schema.org\/ImageObject\">\n\t<div class=\"pp-photo-gallery-content\">\n\n\t\t\t\t<a\n\t\t\thref=\"https:\/\/santaeulariaculturaijoventut.com\/wp-content\/uploads\/2021\/02\/121_C_-SES-BALANDRES.jpg\"\n\t\t\t \n\t\t\t\t\t\tdata-fancybox=\"images\" \n\t\t\t \n\t\t\ttitle=\"121_C_ SES BALANDRES\" \n\t\t\t\t\t\tdata-caption=\"\"\n\t\t\t\t\t\tdata-description=\"\" \n\t\t\titemprop=\"contentUrl\"\n\t\t>\n\t\t\n\t\t\n\t\t\t<img loading=\"lazy\" decoding=\"async\" class=\"pp-gallery-img\" src=\"https:\/\/santaeulariaculturaijoventut.com\/wp-content\/uploads\/2021\/02\/121_C_-SES-BALANDRES-300x225.jpg\" alt=\"\" data-no-lazy=\"1\" itemprop=\"thumbnail\" width=\"300\" height=\"225\" \/>\n\n\t\t\t<!-- Overlay Wrapper -->\n\t\t\t<div class=\"pp-gallery-overlay\">\n\t\t\t\t<div class=\"pp-overlay-inner\">\n\n\t\t\t\t\t\n\t\t\t\t\t\n\t\t\t\t<\/div>\n\t\t\t<\/div> <!-- Overlay Wrapper Closed -->\n\n\t\t\t\t<\/a>\n\t\t\t\t\t\t\t<meta itemprop=\"width\" content=\"300\" \/>\n\t\t\t<meta itemprop=\"height\" content=\"225\" \/>\n\t\t\t<\/div>\n\t<\/div><div class=\"pp-photo-gallery-item pp-gallery-masonry-item\" data-item-id=\"1725\" itemprop=\"associatedMedia\" itemscope=\"itemscope\" itemtype=\"http:\/\/schema.org\/ImageObject\">\n\t<div class=\"pp-photo-gallery-content\">\n\n\t\t\t\t<a\n\t\t\thref=\"https:\/\/santaeulariaculturaijoventut.com\/wp-content\/uploads\/2021\/02\/87_C_ATARDECER-DE-INVIERNO.jpg\"\n\t\t\t \n\t\t\t\t\t\tdata-fancybox=\"images\" \n\t\t\t \n\t\t\ttitle=\"87_C_ATARDECER DE INVIERNO\" \n\t\t\t\t\t\tdata-caption=\"\"\n\t\t\t\t\t\tdata-description=\"\" \n\t\t\titemprop=\"contentUrl\"\n\t\t>\n\t\t\n\t\t\n\t\t\t<img loading=\"lazy\" decoding=\"async\" class=\"pp-gallery-img\" src=\"https:\/\/santaeulariaculturaijoventut.com\/wp-content\/uploads\/2021\/02\/87_C_ATARDECER-DE-INVIERNO-300x169.jpg\" alt=\"\" data-no-lazy=\"1\" itemprop=\"thumbnail\" width=\"300\" height=\"169\" \/>\n\n\t\t\t<!-- Overlay Wrapper -->\n\t\t\t<div class=\"pp-gallery-overlay\">\n\t\t\t\t<div class=\"pp-overlay-inner\">\n\n\t\t\t\t\t\n\t\t\t\t\t\n\t\t\t\t<\/div>\n\t\t\t<\/div> <!-- Overlay Wrapper Closed -->\n\n\t\t\t\t<\/a>\n\t\t\t\t\t\t\t<meta itemprop=\"width\" content=\"300\" \/>\n\t\t\t<meta itemprop=\"height\" content=\"169\" \/>\n\t\t\t<\/div>\n\t<\/div><div class=\"pp-photo-gallery-item pp-gallery-masonry-item\" data-item-id=\"1727\" itemprop=\"associatedMedia\" itemscope=\"itemscope\" itemtype=\"http:\/\/schema.org\/ImageObject\">\n\t<div class=\"pp-photo-gallery-content\">\n\n\t\t\t\t<a\n\t\t\thref=\"https:\/\/santaeulariaculturaijoventut.com\/wp-content\/uploads\/2021\/02\/126_A_Al-ritmo-de-los-tambores.jpg\"\n\t\t\t \n\t\t\t\t\t\tdata-fancybox=\"images\" \n\t\t\t \n\t\t\ttitle=\"126_A_Al ritmo de los tambores\" \n\t\t\t\t\t\tdata-caption=\"\"\n\t\t\t\t\t\tdata-description=\"\" \n\t\t\titemprop=\"contentUrl\"\n\t\t>\n\t\t\n\t\t\n\t\t\t<img loading=\"lazy\" decoding=\"async\" class=\"pp-gallery-img\" src=\"https:\/\/santaeulariaculturaijoventut.com\/wp-content\/uploads\/2021\/02\/126_A_Al-ritmo-de-los-tambores-225x300.jpg\" alt=\"\" data-no-lazy=\"1\" itemprop=\"thumbnail\" width=\"225\" height=\"300\" \/>\n\n\t\t\t<!-- Overlay Wrapper -->\n\t\t\t<div class=\"pp-gallery-overlay\">\n\t\t\t\t<div class=\"pp-overlay-inner\">\n\n\t\t\t\t\t\n\t\t\t\t\t\n\t\t\t\t<\/div>\n\t\t\t<\/div> <!-- Overlay Wrapper Closed -->\n\n\t\t\t\t<\/a>\n\t\t\t\t\t\t\t<meta itemprop=\"width\" content=\"225\" \/>\n\t\t\t<meta itemprop=\"height\" content=\"300\" \/>\n\t\t\t<\/div>\n\t<\/div><div class=\"pp-photo-gallery-item pp-gallery-masonry-item\" data-item-id=\"1729\" itemprop=\"associatedMedia\" itemscope=\"itemscope\" itemtype=\"http:\/\/schema.org\/ImageObject\">\n\t<div class=\"pp-photo-gallery-content\">\n\n\t\t\t\t<a\n\t\t\thref=\"https:\/\/santaeulariaculturaijoventut.com\/wp-content\/uploads\/2021\/02\/74_C_Una-entrada-per-a-tots.jpg\"\n\t\t\t \n\t\t\t\t\t\tdata-fancybox=\"images\" \n\t\t\t \n\t\t\ttitle=\"74_C_Una entrada per a tots\" \n\t\t\t\t\t\tdata-caption=\"\"\n\t\t\t\t\t\tdata-description=\"\" \n\t\t\titemprop=\"contentUrl\"\n\t\t>\n\t\t\n\t\t\n\t\t\t<img loading=\"lazy\" decoding=\"async\" class=\"pp-gallery-img\" src=\"https:\/\/santaeulariaculturaijoventut.com\/wp-content\/uploads\/2021\/02\/74_C_Una-entrada-per-a-tots-300x200.jpg\" alt=\"\" data-no-lazy=\"1\" itemprop=\"thumbnail\" width=\"300\" height=\"200\" \/>\n\n\t\t\t<!-- Overlay Wrapper -->\n\t\t\t<div class=\"pp-gallery-overlay\">\n\t\t\t\t<div class=\"pp-overlay-inner\">\n\n\t\t\t\t\t\n\t\t\t\t\t\n\t\t\t\t<\/div>\n\t\t\t<\/div> <!-- Overlay Wrapper Closed -->\n\n\t\t\t\t<\/a>\n\t\t\t\t\t\t\t<meta itemprop=\"width\" content=\"300\" \/>\n\t\t\t<meta itemprop=\"height\" content=\"200\" \/>\n\t\t\t<\/div>\n\t<\/div><div class=\"pp-photo-gallery-item pp-gallery-masonry-item\" data-item-id=\"1731\" itemprop=\"associatedMedia\" itemscope=\"itemscope\" itemtype=\"http:\/\/schema.org\/ImageObject\">\n\t<div class=\"pp-photo-gallery-content\">\n\n\t\t\t\t<a\n\t\t\thref=\"https:\/\/santaeulariaculturaijoventut.com\/wp-content\/uploads\/2021\/02\/43_B_POU-DE-GATZARA.jpg\"\n\t\t\t \n\t\t\t\t\t\tdata-fancybox=\"images\" \n\t\t\t \n\t\t\ttitle=\"43_B_POU DE GATZARA\" \n\t\t\t\t\t\tdata-caption=\"\"\n\t\t\t\t\t\tdata-description=\"\" \n\t\t\titemprop=\"contentUrl\"\n\t\t>\n\t\t\n\t\t\n\t\t\t<img loading=\"lazy\" decoding=\"async\" class=\"pp-gallery-img\" src=\"https:\/\/santaeulariaculturaijoventut.com\/wp-content\/uploads\/2021\/02\/43_B_POU-DE-GATZARA-199x300.jpg\" alt=\"\" data-no-lazy=\"1\" itemprop=\"thumbnail\" width=\"199\" height=\"300\" \/>\n\n\t\t\t<!-- Overlay Wrapper -->\n\t\t\t<div class=\"pp-gallery-overlay\">\n\t\t\t\t<div class=\"pp-overlay-inner\">\n\n\t\t\t\t\t\n\t\t\t\t\t\n\t\t\t\t<\/div>\n\t\t\t<\/div> <!-- Overlay Wrapper Closed -->\n\n\t\t\t\t<\/a>\n\t\t\t\t\t\t\t<meta itemprop=\"width\" content=\"199\" \/>\n\t\t\t<meta itemprop=\"height\" content=\"300\" \/>\n\t\t\t<\/div>\n\t<\/div><div class=\"pp-photo-gallery-item pp-gallery-masonry-item\" data-item-id=\"1733\" itemprop=\"associatedMedia\" itemscope=\"itemscope\" itemtype=\"http:\/\/schema.org\/ImageObject\">\n\t<div class=\"pp-photo-gallery-content\">\n\n\t\t\t\t<a\n\t\t\thref=\"https:\/\/santaeulariaculturaijoventut.com\/wp-content\/uploads\/2021\/02\/84_C_Tempesta-i-calma.jpg\"\n\t\t\t \n\t\t\t\t\t\tdata-fancybox=\"images\" \n\t\t\t \n\t\t\ttitle=\"84_C_Tempesta i calma\" \n\t\t\t\t\t\tdata-caption=\"\"\n\t\t\t\t\t\tdata-description=\"\" \n\t\t\titemprop=\"contentUrl\"\n\t\t>\n\t\t\n\t\t\n\t\t\t<img loading=\"lazy\" decoding=\"async\" class=\"pp-gallery-img\" src=\"https:\/\/santaeulariaculturaijoventut.com\/wp-content\/uploads\/2021\/02\/84_C_Tempesta-i-calma-300x200.jpg\" alt=\"\" data-no-lazy=\"1\" itemprop=\"thumbnail\" width=\"300\" height=\"200\" \/>\n\n\t\t\t<!-- Overlay Wrapper -->\n\t\t\t<div class=\"pp-gallery-overlay\">\n\t\t\t\t<div class=\"pp-overlay-inner\">\n\n\t\t\t\t\t\n\t\t\t\t\t\n\t\t\t\t<\/div>\n\t\t\t<\/div> <!-- Overlay Wrapper Closed -->\n\n\t\t\t\t<\/a>\n\t\t\t\t\t\t\t<meta itemprop=\"width\" content=\"300\" \/>\n\t\t\t<meta itemprop=\"height\" content=\"200\" \/>\n\t\t\t<\/div>\n\t<\/div><div class=\"pp-photo-gallery-item pp-gallery-masonry-item\" data-item-id=\"1735\" itemprop=\"associatedMedia\" itemscope=\"itemscope\" itemtype=\"http:\/\/schema.org\/ImageObject\">\n\t<div class=\"pp-photo-gallery-content\">\n\n\t\t\t\t<a\n\t\t\thref=\"https:\/\/santaeulariaculturaijoventut.com\/wp-content\/uploads\/2021\/02\/11_B_Anem-a-ballar.jpg\"\n\t\t\t \n\t\t\t\t\t\tdata-fancybox=\"images\" \n\t\t\t \n\t\t\ttitle=\"11_B_Anem a ballar\" \n\t\t\t\t\t\tdata-caption=\"\"\n\t\t\t\t\t\tdata-description=\"\" \n\t\t\titemprop=\"contentUrl\"\n\t\t>\n\t\t\n\t\t\n\t\t\t<img loading=\"lazy\" decoding=\"async\" class=\"pp-gallery-img\" src=\"https:\/\/santaeulariaculturaijoventut.com\/wp-content\/uploads\/2021\/02\/11_B_Anem-a-ballar-200x300.jpg\" alt=\"\" data-no-lazy=\"1\" itemprop=\"thumbnail\" width=\"200\" height=\"300\" \/>\n\n\t\t\t<!-- Overlay Wrapper -->\n\t\t\t<div class=\"pp-gallery-overlay\">\n\t\t\t\t<div class=\"pp-overlay-inner\">\n\n\t\t\t\t\t\n\t\t\t\t\t\n\t\t\t\t<\/div>\n\t\t\t<\/div> <!-- Overlay Wrapper Closed -->\n\n\t\t\t\t<\/a>\n\t\t\t\t\t\t\t<meta itemprop=\"width\" content=\"200\" \/>\n\t\t\t<meta itemprop=\"height\" content=\"300\" \/>\n\t\t\t<\/div>\n\t<\/div><div class=\"pp-photo-gallery-item pp-gallery-masonry-item\" data-item-id=\"1737\" itemprop=\"associatedMedia\" itemscope=\"itemscope\" itemtype=\"http:\/\/schema.org\/ImageObject\">\n\t<div class=\"pp-photo-gallery-content\">\n\n\t\t\t\t<a\n\t\t\thref=\"https:\/\/santaeulariaculturaijoventut.com\/wp-content\/uploads\/2021\/02\/21_C_INHABITAR.jpg\"\n\t\t\t \n\t\t\t\t\t\tdata-fancybox=\"images\" \n\t\t\t \n\t\t\ttitle=\"21_C_INHABITAR\" \n\t\t\t\t\t\tdata-caption=\"\"\n\t\t\t\t\t\tdata-description=\"\" \n\t\t\titemprop=\"contentUrl\"\n\t\t>\n\t\t\n\t\t\n\t\t\t<img loading=\"lazy\" decoding=\"async\" class=\"pp-gallery-img\" src=\"https:\/\/santaeulariaculturaijoventut.com\/wp-content\/uploads\/2021\/02\/21_C_INHABITAR-216x300.jpg\" alt=\"\" data-no-lazy=\"1\" itemprop=\"thumbnail\" width=\"216\" height=\"300\" \/>\n\n\t\t\t<!-- Overlay Wrapper -->\n\t\t\t<div class=\"pp-gallery-overlay\">\n\t\t\t\t<div class=\"pp-overlay-inner\">\n\n\t\t\t\t\t\n\t\t\t\t\t\n\t\t\t\t<\/div>\n\t\t\t<\/div> <!-- Overlay Wrapper Closed -->\n\n\t\t\t\t<\/a>\n\t\t\t\t\t\t\t<meta itemprop=\"width\" content=\"216\" \/>\n\t\t\t<meta itemprop=\"height\" content=\"300\" \/>\n\t\t\t<\/div>\n\t<\/div><div class=\"pp-photo-gallery-item pp-gallery-masonry-item\" data-item-id=\"1739\" itemprop=\"associatedMedia\" itemscope=\"itemscope\" itemtype=\"http:\/\/schema.org\/ImageObject\">\n\t<div class=\"pp-photo-gallery-content\">\n\n\t\t\t\t<a\n\t\t\thref=\"https:\/\/santaeulariaculturaijoventut.com\/wp-content\/uploads\/2021\/02\/98_B_Amaneceres-en-Santa-Eulalia-para-los-Runners-de-la-nueva-normalidad.jpg\"\n\t\t\t \n\t\t\t\t\t\tdata-fancybox=\"images\" \n\t\t\t \n\t\t\ttitle=\"98_B_Amaneceres en Santa Eulalia para los Runners de la nueva normalidad\" \n\t\t\t\t\t\tdata-caption=\"\"\n\t\t\t\t\t\tdata-description=\"\" \n\t\t\titemprop=\"contentUrl\"\n\t\t>\n\t\t\n\t\t\n\t\t\t<img loading=\"lazy\" decoding=\"async\" class=\"pp-gallery-img\" src=\"https:\/\/santaeulariaculturaijoventut.com\/wp-content\/uploads\/2021\/02\/98_B_Amaneceres-en-Santa-Eulalia-para-los-Runners-de-la-nueva-normalidad-300x225.jpg\" alt=\"\" data-no-lazy=\"1\" itemprop=\"thumbnail\" width=\"300\" height=\"225\" \/>\n\n\t\t\t<!-- Overlay Wrapper -->\n\t\t\t<div class=\"pp-gallery-overlay\">\n\t\t\t\t<div class=\"pp-overlay-inner\">\n\n\t\t\t\t\t\n\t\t\t\t\t\n\t\t\t\t<\/div>\n\t\t\t<\/div> <!-- Overlay Wrapper Closed -->\n\n\t\t\t\t<\/a>\n\t\t\t\t\t\t\t<meta itemprop=\"width\" content=\"300\" \/>\n\t\t\t<meta itemprop=\"height\" content=\"225\" \/>\n\t\t\t<\/div>\n\t<\/div><div class=\"pp-photo-gallery-item pp-gallery-masonry-item\" data-item-id=\"1741\" itemprop=\"associatedMedia\" itemscope=\"itemscope\" itemtype=\"http:\/\/schema.org\/ImageObject\">\n\t<div class=\"pp-photo-gallery-content\">\n\n\t\t\t\t<a\n\t\t\thref=\"https:\/\/santaeulariaculturaijoventut.com\/wp-content\/uploads\/2021\/02\/95_C_Flores-y-almendros.jpg\"\n\t\t\t \n\t\t\t\t\t\tdata-fancybox=\"images\" \n\t\t\t \n\t\t\ttitle=\"95_C_Flores y almendros\" \n\t\t\t\t\t\tdata-caption=\"\"\n\t\t\t\t\t\tdata-description=\"\" \n\t\t\titemprop=\"contentUrl\"\n\t\t>\n\t\t\n\t\t\n\t\t\t<img loading=\"lazy\" decoding=\"async\" class=\"pp-gallery-img\" src=\"https:\/\/santaeulariaculturaijoventut.com\/wp-content\/uploads\/2021\/02\/95_C_Flores-y-almendros-300x300.jpg\" alt=\"\" data-no-lazy=\"1\" itemprop=\"thumbnail\" width=\"300\" height=\"300\" \/>\n\n\t\t\t<!-- Overlay Wrapper -->\n\t\t\t<div class=\"pp-gallery-overlay\">\n\t\t\t\t<div class=\"pp-overlay-inner\">\n\n\t\t\t\t\t\n\t\t\t\t\t\n\t\t\t\t<\/div>\n\t\t\t<\/div> <!-- Overlay Wrapper Closed -->\n\n\t\t\t\t<\/a>\n\t\t\t\t\t\t\t<meta itemprop=\"width\" content=\"300\" \/>\n\t\t\t<meta itemprop=\"height\" content=\"300\" \/>\n\t\t\t<\/div>\n\t<\/div><div class=\"pp-photo-gallery-item pp-gallery-masonry-item\" data-item-id=\"1743\" itemprop=\"associatedMedia\" itemscope=\"itemscope\" itemtype=\"http:\/\/schema.org\/ImageObject\">\n\t<div class=\"pp-photo-gallery-content\">\n\n\t\t\t\t<a\n\t\t\thref=\"https:\/\/santaeulariaculturaijoventut.com\/wp-content\/uploads\/2021\/02\/116_A_ball-pages.jpg\"\n\t\t\t \n\t\t\t\t\t\tdata-fancybox=\"images\" \n\t\t\t \n\t\t\ttitle=\"116_A_ball pages\" \n\t\t\t\t\t\tdata-caption=\"\"\n\t\t\t\t\t\tdata-description=\"\" \n\t\t\titemprop=\"contentUrl\"\n\t\t>\n\t\t\n\t\t\n\t\t\t<img loading=\"lazy\" decoding=\"async\" class=\"pp-gallery-img\" src=\"https:\/\/santaeulariaculturaijoventut.com\/wp-content\/uploads\/2021\/02\/116_A_ball-pages-300x200.jpg\" alt=\"\" data-no-lazy=\"1\" itemprop=\"thumbnail\" width=\"300\" height=\"200\" \/>\n\n\t\t\t<!-- Overlay Wrapper -->\n\t\t\t<div class=\"pp-gallery-overlay\">\n\t\t\t\t<div class=\"pp-overlay-inner\">\n\n\t\t\t\t\t\n\t\t\t\t\t\n\t\t\t\t<\/div>\n\t\t\t<\/div> <!-- Overlay Wrapper Closed -->\n\n\t\t\t\t<\/a>\n\t\t\t\t\t\t\t<meta itemprop=\"width\" content=\"300\" \/>\n\t\t\t<meta itemprop=\"height\" content=\"200\" \/>\n\t\t\t<\/div>\n\t<\/div><div class=\"pp-photo-gallery-item pp-gallery-masonry-item\" data-item-id=\"1745\" itemprop=\"associatedMedia\" itemscope=\"itemscope\" itemtype=\"http:\/\/schema.org\/ImageObject\">\n\t<div class=\"pp-photo-gallery-content\">\n\n\t\t\t\t<a\n\t\t\thref=\"https:\/\/santaeulariaculturaijoventut.com\/wp-content\/uploads\/2021\/02\/58_B_SUNSET-PAGE\u0300S-scaled.jpg\"\n\t\t\t \n\t\t\t\t\t\tdata-fancybox=\"images\" \n\t\t\t \n\t\t\ttitle=\"58_B_SUNSET PAGE\u0300S\" \n\t\t\t\t\t\tdata-caption=\"\"\n\t\t\t\t\t\tdata-description=\"\" \n\t\t\titemprop=\"contentUrl\"\n\t\t>\n\t\t\n\t\t\n\t\t\t<img loading=\"lazy\" decoding=\"async\" class=\"pp-gallery-img\" src=\"https:\/\/santaeulariaculturaijoventut.com\/wp-content\/uploads\/2021\/02\/58_B_SUNSET-PAGE\u0300S-225x300.jpg\" alt=\"\" data-no-lazy=\"1\" itemprop=\"thumbnail\" width=\"225\" height=\"300\" \/>\n\n\t\t\t<!-- Overlay Wrapper -->\n\t\t\t<div class=\"pp-gallery-overlay\">\n\t\t\t\t<div class=\"pp-overlay-inner\">\n\n\t\t\t\t\t\n\t\t\t\t\t\n\t\t\t\t<\/div>\n\t\t\t<\/div> <!-- Overlay Wrapper Closed -->\n\n\t\t\t\t<\/a>\n\t\t\t\t\t\t\t<meta itemprop=\"width\" content=\"225\" \/>\n\t\t\t<meta itemprop=\"height\" content=\"300\" \/>\n\t\t\t<\/div>\n\t<\/div><div class=\"pp-photo-gallery-item pp-gallery-masonry-item\" data-item-id=\"1747\" itemprop=\"associatedMedia\" itemscope=\"itemscope\" itemtype=\"http:\/\/schema.org\/ImageObject\">\n\t<div class=\"pp-photo-gallery-content\">\n\n\t\t\t\t<a\n\t\t\thref=\"https:\/\/santaeulariaculturaijoventut.com\/wp-content\/uploads\/2021\/02\/106_A_Nieve-ibicenca.jpg\"\n\t\t\t \n\t\t\t\t\t\tdata-fancybox=\"images\" \n\t\t\t \n\t\t\ttitle=\"106_A_Nieve ibicenca\" \n\t\t\t\t\t\tdata-caption=\"\"\n\t\t\t\t\t\tdata-description=\"\" \n\t\t\titemprop=\"contentUrl\"\n\t\t>\n\t\t\n\t\t\n\t\t\t<img loading=\"lazy\" decoding=\"async\" class=\"pp-gallery-img\" src=\"https:\/\/santaeulariaculturaijoventut.com\/wp-content\/uploads\/2021\/02\/106_A_Nieve-ibicenca-300x200.jpg\" alt=\"\" data-no-lazy=\"1\" itemprop=\"thumbnail\" width=\"300\" height=\"200\" \/>\n\n\t\t\t<!-- Overlay Wrapper -->\n\t\t\t<div class=\"pp-gallery-overlay\">\n\t\t\t\t<div class=\"pp-overlay-inner\">\n\n\t\t\t\t\t\n\t\t\t\t\t\n\t\t\t\t<\/div>\n\t\t\t<\/div> <!-- Overlay Wrapper Closed -->\n\n\t\t\t\t<\/a>\n\t\t\t\t\t\t\t<meta itemprop=\"width\" content=\"300\" \/>\n\t\t\t<meta itemprop=\"height\" content=\"200\" \/>\n\t\t\t<\/div>\n\t<\/div><div class=\"pp-photo-gallery-item pp-gallery-masonry-item\" data-item-id=\"1749\" itemprop=\"associatedMedia\" itemscope=\"itemscope\" itemtype=\"http:\/\/schema.org\/ImageObject\">\n\t<div class=\"pp-photo-gallery-content\">\n\n\t\t\t\t<a\n\t\t\thref=\"https:\/\/santaeulariaculturaijoventut.com\/wp-content\/uploads\/2021\/02\/43_C_PUIG-EN-GRISOS.jpg\"\n\t\t\t \n\t\t\t\t\t\tdata-fancybox=\"images\" \n\t\t\t \n\t\t\ttitle=\"43_C_PUIG EN GRISOS\" \n\t\t\t\t\t\tdata-caption=\"\"\n\t\t\t\t\t\tdata-description=\"\" \n\t\t\titemprop=\"contentUrl\"\n\t\t>\n\t\t\n\t\t\n\t\t\t<img loading=\"lazy\" decoding=\"async\" class=\"pp-gallery-img\" src=\"https:\/\/santaeulariaculturaijoventut.com\/wp-content\/uploads\/2021\/02\/43_C_PUIG-EN-GRISOS-300x200.jpg\" alt=\"\" data-no-lazy=\"1\" itemprop=\"thumbnail\" width=\"300\" height=\"200\" \/>\n\n\t\t\t<!-- Overlay Wrapper -->\n\t\t\t<div class=\"pp-gallery-overlay\">\n\t\t\t\t<div class=\"pp-overlay-inner\">\n\n\t\t\t\t\t\n\t\t\t\t\t\n\t\t\t\t<\/div>\n\t\t\t<\/div> <!-- Overlay Wrapper Closed -->\n\n\t\t\t\t<\/a>\n\t\t\t\t\t\t\t<meta itemprop=\"width\" content=\"300\" \/>\n\t\t\t<meta itemprop=\"height\" content=\"200\" \/>\n\t\t\t<\/div>\n\t<\/div><div class=\"pp-photo-gallery-item pp-gallery-masonry-item\" data-item-id=\"1751\" itemprop=\"associatedMedia\" itemscope=\"itemscope\" itemtype=\"http:\/\/schema.org\/ImageObject\">\n\t<div class=\"pp-photo-gallery-content\">\n\n\t\t\t\t<a\n\t\t\thref=\"https:\/\/santaeulariaculturaijoventut.com\/wp-content\/uploads\/2021\/02\/84_B_Portes-a-lor-blanc.jpg\"\n\t\t\t \n\t\t\t\t\t\tdata-fancybox=\"images\" \n\t\t\t \n\t\t\ttitle=\"84_B_Portes a l&#039;or blanc\" \n\t\t\t\t\t\tdata-caption=\"\"\n\t\t\t\t\t\tdata-description=\"\" \n\t\t\titemprop=\"contentUrl\"\n\t\t>\n\t\t\n\t\t\n\t\t\t<img loading=\"lazy\" decoding=\"async\" class=\"pp-gallery-img\" src=\"https:\/\/santaeulariaculturaijoventut.com\/wp-content\/uploads\/2021\/02\/84_B_Portes-a-lor-blanc-300x200.jpg\" alt=\"\" data-no-lazy=\"1\" itemprop=\"thumbnail\" width=\"300\" height=\"200\" \/>\n\n\t\t\t<!-- Overlay Wrapper -->\n\t\t\t<div class=\"pp-gallery-overlay\">\n\t\t\t\t<div class=\"pp-overlay-inner\">\n\n\t\t\t\t\t\n\t\t\t\t\t\n\t\t\t\t<\/div>\n\t\t\t<\/div> <!-- Overlay Wrapper Closed -->\n\n\t\t\t\t<\/a>\n\t\t\t\t\t\t\t<meta itemprop=\"width\" content=\"300\" \/>\n\t\t\t<meta itemprop=\"height\" content=\"200\" \/>\n\t\t\t<\/div>\n\t<\/div><div class=\"pp-photo-gallery-item pp-gallery-masonry-item\" data-item-id=\"1753\" itemprop=\"associatedMedia\" itemscope=\"itemscope\" itemtype=\"http:\/\/schema.org\/ImageObject\">\n\t<div class=\"pp-photo-gallery-content\">\n\n\t\t\t\t<a\n\t\t\thref=\"https:\/\/santaeulariaculturaijoventut.com\/wp-content\/uploads\/2021\/02\/59_B_SOL-I-AIGUA.jpg\"\n\t\t\t \n\t\t\t\t\t\tdata-fancybox=\"images\" \n\t\t\t \n\t\t\ttitle=\"59_B_SOL I AIGUA\" \n\t\t\t\t\t\tdata-caption=\"\"\n\t\t\t\t\t\tdata-description=\"\" \n\t\t\titemprop=\"contentUrl\"\n\t\t>\n\t\t\n\t\t\n\t\t\t<img loading=\"lazy\" decoding=\"async\" class=\"pp-gallery-img\" src=\"https:\/\/santaeulariaculturaijoventut.com\/wp-content\/uploads\/2021\/02\/59_B_SOL-I-AIGUA-300x138.jpg\" alt=\"\" data-no-lazy=\"1\" itemprop=\"thumbnail\" width=\"300\" height=\"138\" \/>\n\n\t\t\t<!-- Overlay Wrapper -->\n\t\t\t<div class=\"pp-gallery-overlay\">\n\t\t\t\t<div class=\"pp-overlay-inner\">\n\n\t\t\t\t\t\n\t\t\t\t\t\n\t\t\t\t<\/div>\n\t\t\t<\/div> <!-- Overlay Wrapper Closed -->\n\n\t\t\t\t<\/a>\n\t\t\t\t\t\t\t<meta itemprop=\"width\" content=\"300\" \/>\n\t\t\t<meta itemprop=\"height\" content=\"138\" \/>\n\t\t\t<\/div>\n\t<\/div><div class=\"pp-photo-gallery-item pp-gallery-masonry-item\" data-item-id=\"1755\" itemprop=\"associatedMedia\" itemscope=\"itemscope\" itemtype=\"http:\/\/schema.org\/ImageObject\">\n\t<div class=\"pp-photo-gallery-content\">\n\n\t\t\t\t<a\n\t\t\thref=\"https:\/\/santaeulariaculturaijoventut.com\/wp-content\/uploads\/2021\/02\/121_B_ES-VEDRA\u0300.jpg\"\n\t\t\t \n\t\t\t\t\t\tdata-fancybox=\"images\" \n\t\t\t \n\t\t\ttitle=\"121_B_ES VEDRA\u0300\" \n\t\t\t\t\t\tdata-caption=\"\"\n\t\t\t\t\t\tdata-description=\"\" \n\t\t\titemprop=\"contentUrl\"\n\t\t>\n\t\t\n\t\t\n\t\t\t<img loading=\"lazy\" decoding=\"async\" class=\"pp-gallery-img\" src=\"https:\/\/santaeulariaculturaijoventut.com\/wp-content\/uploads\/2021\/02\/121_B_ES-VEDRA\u0300-300x169.jpg\" alt=\"\" data-no-lazy=\"1\" itemprop=\"thumbnail\" width=\"300\" height=\"169\" \/>\n\n\t\t\t<!-- Overlay Wrapper -->\n\t\t\t<div class=\"pp-gallery-overlay\">\n\t\t\t\t<div class=\"pp-overlay-inner\">\n\n\t\t\t\t\t\n\t\t\t\t\t\n\t\t\t\t<\/div>\n\t\t\t<\/div> <!-- Overlay Wrapper Closed -->\n\n\t\t\t\t<\/a>\n\t\t\t\t\t\t\t<meta itemprop=\"width\" content=\"300\" \/>\n\t\t\t<meta itemprop=\"height\" content=\"169\" \/>\n\t\t\t<\/div>\n\t<\/div><div class=\"pp-photo-gallery-item pp-gallery-masonry-item\" data-item-id=\"1757\" itemprop=\"associatedMedia\" itemscope=\"itemscope\" itemtype=\"http:\/\/schema.org\/ImageObject\">\n\t<div class=\"pp-photo-gallery-content\">\n\n\t\t\t\t<a\n\t\t\thref=\"https:\/\/santaeulariaculturaijoventut.com\/wp-content\/uploads\/2021\/02\/9_B_Patrimoni-Gastrono\u0301mic-rotated.jpg\"\n\t\t\t \n\t\t\t\t\t\tdata-fancybox=\"images\" \n\t\t\t \n\t\t\ttitle=\"9_B_Patrimoni Gastrono\u0301mic\" \n\t\t\t\t\t\tdata-caption=\"\"\n\t\t\t\t\t\tdata-description=\"\" \n\t\t\titemprop=\"contentUrl\"\n\t\t>\n\t\t\n\t\t\n\t\t\t<img loading=\"lazy\" decoding=\"async\" class=\"pp-gallery-img\" src=\"https:\/\/santaeulariaculturaijoventut.com\/wp-content\/uploads\/2021\/02\/9_B_Patrimoni-Gastrono\u0301mic-275x300.jpg\" alt=\"\" data-no-lazy=\"1\" itemprop=\"thumbnail\" width=\"275\" height=\"300\" \/>\n\n\t\t\t<!-- Overlay Wrapper -->\n\t\t\t<div class=\"pp-gallery-overlay\">\n\t\t\t\t<div class=\"pp-overlay-inner\">\n\n\t\t\t\t\t\n\t\t\t\t\t\n\t\t\t\t<\/div>\n\t\t\t<\/div> <!-- Overlay Wrapper Closed -->\n\n\t\t\t\t<\/a>\n\t\t\t\t\t\t\t<meta itemprop=\"width\" content=\"275\" \/>\n\t\t\t<meta itemprop=\"height\" content=\"300\" \/>\n\t\t\t<\/div>\n\t<\/div><div class=\"pp-photo-gallery-item pp-gallery-masonry-item\" data-item-id=\"1759\" itemprop=\"associatedMedia\" itemscope=\"itemscope\" itemtype=\"http:\/\/schema.org\/ImageObject\">\n\t<div class=\"pp-photo-gallery-content\">\n\n\t\t\t\t<a\n\t\t\thref=\"https:\/\/santaeulariaculturaijoventut.com\/wp-content\/uploads\/2021\/02\/125_A_-PATRIMONI-BLANC-I-BLAU.jpg\"\n\t\t\t \n\t\t\t\t\t\tdata-fancybox=\"images\" \n\t\t\t \n\t\t\ttitle=\"125_A_ PATRIMONI BLANC I BLAU\" \n\t\t\t\t\t\tdata-caption=\"\"\n\t\t\t\t\t\tdata-description=\"\" \n\t\t\titemprop=\"contentUrl\"\n\t\t>\n\t\t\n\t\t\n\t\t\t<img loading=\"lazy\" decoding=\"async\" class=\"pp-gallery-img\" src=\"https:\/\/santaeulariaculturaijoventut.com\/wp-content\/uploads\/2021\/02\/125_A_-PATRIMONI-BLANC-I-BLAU-200x300.jpg\" alt=\"\" data-no-lazy=\"1\" itemprop=\"thumbnail\" width=\"200\" height=\"300\" \/>\n\n\t\t\t<!-- Overlay Wrapper -->\n\t\t\t<div class=\"pp-gallery-overlay\">\n\t\t\t\t<div class=\"pp-overlay-inner\">\n\n\t\t\t\t\t\n\t\t\t\t\t\n\t\t\t\t<\/div>\n\t\t\t<\/div> <!-- Overlay Wrapper Closed -->\n\n\t\t\t\t<\/a>\n\t\t\t\t\t\t\t<meta itemprop=\"width\" content=\"200\" \/>\n\t\t\t<meta itemprop=\"height\" content=\"300\" \/>\n\t\t\t<\/div>\n\t<\/div><div class=\"pp-photo-gallery-item pp-gallery-masonry-item\" data-item-id=\"1761\" itemprop=\"associatedMedia\" itemscope=\"itemscope\" itemtype=\"http:\/\/schema.org\/ImageObject\">\n\t<div class=\"pp-photo-gallery-content\">\n\n\t\t\t\t<a\n\t\t\thref=\"https:\/\/santaeulariaculturaijoventut.com\/wp-content\/uploads\/2021\/02\/96_C_ARQUITECTURA-PAYESA.jpg\"\n\t\t\t \n\t\t\t\t\t\tdata-fancybox=\"images\" \n\t\t\t \n\t\t\ttitle=\"96_C_ARQUITECTURA PAYESA\" \n\t\t\t\t\t\tdata-caption=\"\"\n\t\t\t\t\t\tdata-description=\"\" \n\t\t\titemprop=\"contentUrl\"\n\t\t>\n\t\t\n\t\t\n\t\t\t<img loading=\"lazy\" decoding=\"async\" class=\"pp-gallery-img\" src=\"https:\/\/santaeulariaculturaijoventut.com\/wp-content\/uploads\/2021\/02\/96_C_ARQUITECTURA-PAYESA-200x300.jpg\" alt=\"\" data-no-lazy=\"1\" itemprop=\"thumbnail\" width=\"200\" height=\"300\" \/>\n\n\t\t\t<!-- Overlay Wrapper -->\n\t\t\t<div class=\"pp-gallery-overlay\">\n\t\t\t\t<div class=\"pp-overlay-inner\">\n\n\t\t\t\t\t\n\t\t\t\t\t\n\t\t\t\t<\/div>\n\t\t\t<\/div> <!-- Overlay Wrapper Closed -->\n\n\t\t\t\t<\/a>\n\t\t\t\t\t\t\t<meta itemprop=\"width\" content=\"200\" \/>\n\t\t\t<meta itemprop=\"height\" content=\"300\" \/>\n\t\t\t<\/div>\n\t<\/div><div class=\"pp-photo-gallery-item pp-gallery-masonry-item\" data-item-id=\"1763\" itemprop=\"associatedMedia\" itemscope=\"itemscope\" itemtype=\"http:\/\/schema.org\/ImageObject\">\n\t<div class=\"pp-photo-gallery-content\">\n\n\t\t\t\t<a\n\t\t\thref=\"https:\/\/santaeulariaculturaijoventut.com\/wp-content\/uploads\/2021\/02\/39_C_Nits-al-Puig.jpg\"\n\t\t\t \n\t\t\t\t\t\tdata-fancybox=\"images\" \n\t\t\t \n\t\t\ttitle=\"39_C_Nits al Puig\" \n\t\t\t\t\t\tdata-caption=\"\"\n\t\t\t\t\t\tdata-description=\"\" \n\t\t\titemprop=\"contentUrl\"\n\t\t>\n\t\t\n\t\t\n\t\t\t<img loading=\"lazy\" decoding=\"async\" class=\"pp-gallery-img\" src=\"https:\/\/santaeulariaculturaijoventut.com\/wp-content\/uploads\/2021\/02\/39_C_Nits-al-Puig-200x300.jpg\" alt=\"\" data-no-lazy=\"1\" itemprop=\"thumbnail\" width=\"200\" height=\"300\" \/>\n\n\t\t\t<!-- Overlay Wrapper -->\n\t\t\t<div class=\"pp-gallery-overlay\">\n\t\t\t\t<div class=\"pp-overlay-inner\">\n\n\t\t\t\t\t\n\t\t\t\t\t\n\t\t\t\t<\/div>\n\t\t\t<\/div> <!-- Overlay Wrapper Closed -->\n\n\t\t\t\t<\/a>\n\t\t\t\t\t\t\t<meta itemprop=\"width\" content=\"200\" \/>\n\t\t\t<meta itemprop=\"height\" content=\"300\" \/>\n\t\t\t<\/div>\n\t<\/div><div class=\"pp-photo-gallery-item pp-gallery-masonry-item\" data-item-id=\"1765\" itemprop=\"associatedMedia\" itemscope=\"itemscope\" itemtype=\"http:\/\/schema.org\/ImageObject\">\n\t<div class=\"pp-photo-gallery-content\">\n\n\t\t\t\t<a\n\t\t\thref=\"https:\/\/santaeulariaculturaijoventut.com\/wp-content\/uploads\/2021\/02\/97_B_Torre-de-Ca-nEspatleta.jpg\"\n\t\t\t \n\t\t\t\t\t\tdata-fancybox=\"images\" \n\t\t\t \n\t\t\ttitle=\"97_B_Torre de Ca n&#039;Espatleta\" \n\t\t\t\t\t\tdata-caption=\"\"\n\t\t\t\t\t\tdata-description=\"\" \n\t\t\titemprop=\"contentUrl\"\n\t\t>\n\t\t\n\t\t\n\t\t\t<img loading=\"lazy\" decoding=\"async\" class=\"pp-gallery-img\" src=\"https:\/\/santaeulariaculturaijoventut.com\/wp-content\/uploads\/2021\/02\/97_B_Torre-de-Ca-nEspatleta-200x300.jpg\" alt=\"\" data-no-lazy=\"1\" itemprop=\"thumbnail\" width=\"200\" height=\"300\" \/>\n\n\t\t\t<!-- Overlay Wrapper -->\n\t\t\t<div class=\"pp-gallery-overlay\">\n\t\t\t\t<div class=\"pp-overlay-inner\">\n\n\t\t\t\t\t\n\t\t\t\t\t\n\t\t\t\t<\/div>\n\t\t\t<\/div> <!-- Overlay Wrapper Closed -->\n\n\t\t\t\t<\/a>\n\t\t\t\t\t\t\t<meta itemprop=\"width\" content=\"200\" \/>\n\t\t\t<meta itemprop=\"height\" content=\"300\" \/>\n\t\t\t<\/div>\n\t<\/div><div class=\"pp-photo-gallery-item pp-gallery-masonry-item\" data-item-id=\"1767\" itemprop=\"associatedMedia\" itemscope=\"itemscope\" itemtype=\"http:\/\/schema.org\/ImageObject\">\n\t<div class=\"pp-photo-gallery-content\">\n\n\t\t\t\t<a\n\t\t\thref=\"https:\/\/santaeulariaculturaijoventut.com\/wp-content\/uploads\/2021\/02\/32_B_FLAO\u0301.jpg\"\n\t\t\t \n\t\t\t\t\t\tdata-fancybox=\"images\" \n\t\t\t \n\t\t\ttitle=\"32_B_FLAO\u0301\" \n\t\t\t\t\t\tdata-caption=\"\"\n\t\t\t\t\t\tdata-description=\"\" \n\t\t\titemprop=\"contentUrl\"\n\t\t>\n\t\t\n\t\t\n\t\t\t<img loading=\"lazy\" decoding=\"async\" class=\"pp-gallery-img\" src=\"https:\/\/santaeulariaculturaijoventut.com\/wp-content\/uploads\/2021\/02\/32_B_FLAO\u0301-225x300.jpg\" alt=\"\" data-no-lazy=\"1\" itemprop=\"thumbnail\" width=\"225\" height=\"300\" \/>\n\n\t\t\t<!-- Overlay Wrapper -->\n\t\t\t<div class=\"pp-gallery-overlay\">\n\t\t\t\t<div class=\"pp-overlay-inner\">\n\n\t\t\t\t\t\n\t\t\t\t\t\n\t\t\t\t<\/div>\n\t\t\t<\/div> <!-- Overlay Wrapper Closed -->\n\n\t\t\t\t<\/a>\n\t\t\t\t\t\t\t<meta itemprop=\"width\" content=\"225\" \/>\n\t\t\t<meta itemprop=\"height\" content=\"300\" \/>\n\t\t\t<\/div>\n\t<\/div><div class=\"pp-photo-gallery-item pp-gallery-masonry-item\" data-item-id=\"1769\" itemprop=\"associatedMedia\" itemscope=\"itemscope\" itemtype=\"http:\/\/schema.org\/ImageObject\">\n\t<div class=\"pp-photo-gallery-content\">\n\n\t\t\t\t<a\n\t\t\thref=\"https:\/\/santaeulariaculturaijoventut.com\/wp-content\/uploads\/2021\/02\/81_A_ENLAIRAT.jpg\"\n\t\t\t \n\t\t\t\t\t\tdata-fancybox=\"images\" \n\t\t\t \n\t\t\ttitle=\"81_A_ENLAIRA&#039;T\" \n\t\t\t\t\t\tdata-caption=\"\"\n\t\t\t\t\t\tdata-description=\"\" \n\t\t\titemprop=\"contentUrl\"\n\t\t>\n\t\t\n\t\t\n\t\t\t<img loading=\"lazy\" decoding=\"async\" class=\"pp-gallery-img\" src=\"https:\/\/santaeulariaculturaijoventut.com\/wp-content\/uploads\/2021\/02\/81_A_ENLAIRAT-300x300.jpg\" alt=\"\" data-no-lazy=\"1\" itemprop=\"thumbnail\" width=\"300\" height=\"300\" \/>\n\n\t\t\t<!-- Overlay Wrapper -->\n\t\t\t<div class=\"pp-gallery-overlay\">\n\t\t\t\t<div class=\"pp-overlay-inner\">\n\n\t\t\t\t\t\n\t\t\t\t\t\n\t\t\t\t<\/div>\n\t\t\t<\/div> <!-- Overlay Wrapper Closed -->\n\n\t\t\t\t<\/a>\n\t\t\t\t\t\t\t<meta itemprop=\"width\" content=\"300\" \/>\n\t\t\t<meta itemprop=\"height\" content=\"300\" \/>\n\t\t\t<\/div>\n\t<\/div><div class=\"pp-photo-gallery-item pp-gallery-masonry-item\" data-item-id=\"1771\" itemprop=\"associatedMedia\" itemscope=\"itemscope\" itemtype=\"http:\/\/schema.org\/ImageObject\">\n\t<div class=\"pp-photo-gallery-content\">\n\n\t\t\t\t<a\n\t\t\thref=\"https:\/\/santaeulariaculturaijoventut.com\/wp-content\/uploads\/2021\/02\/53_C_AMANTES-DE-LA-BELLEZA.jpg\"\n\t\t\t \n\t\t\t\t\t\tdata-fancybox=\"images\" \n\t\t\t \n\t\t\ttitle=\"53_C_AMANTES DE LA BELLEZA\" \n\t\t\t\t\t\tdata-caption=\"\"\n\t\t\t\t\t\tdata-description=\"\" \n\t\t\titemprop=\"contentUrl\"\n\t\t>\n\t\t\n\t\t\n\t\t\t<img loading=\"lazy\" decoding=\"async\" class=\"pp-gallery-img\" src=\"https:\/\/santaeulariaculturaijoventut.com\/wp-content\/uploads\/2021\/02\/53_C_AMANTES-DE-LA-BELLEZA-300x225.jpg\" alt=\"\" data-no-lazy=\"1\" itemprop=\"thumbnail\" width=\"300\" height=\"225\" \/>\n\n\t\t\t<!-- Overlay Wrapper -->\n\t\t\t<div class=\"pp-gallery-overlay\">\n\t\t\t\t<div class=\"pp-overlay-inner\">\n\n\t\t\t\t\t\n\t\t\t\t\t\n\t\t\t\t<\/div>\n\t\t\t<\/div> <!-- Overlay Wrapper Closed -->\n\n\t\t\t\t<\/a>\n\t\t\t\t\t\t\t<meta itemprop=\"width\" content=\"300\" \/>\n\t\t\t<meta itemprop=\"height\" content=\"225\" \/>\n\t\t\t<\/div>\n\t<\/div><div class=\"pp-photo-gallery-item pp-gallery-masonry-item\" data-item-id=\"1773\" itemprop=\"associatedMedia\" itemscope=\"itemscope\" itemtype=\"http:\/\/schema.org\/ImageObject\">\n\t<div class=\"pp-photo-gallery-content\">\n\n\t\t\t\t<a\n\t\t\thref=\"https:\/\/santaeulariaculturaijoventut.com\/wp-content\/uploads\/2021\/02\/44_B_Trotando-a-cuarenta.jpg\"\n\t\t\t \n\t\t\t\t\t\tdata-fancybox=\"images\" \n\t\t\t \n\t\t\ttitle=\"44_B_Trotando a cuarenta\" \n\t\t\t\t\t\tdata-caption=\"\"\n\t\t\t\t\t\tdata-description=\"\" \n\t\t\titemprop=\"contentUrl\"\n\t\t>\n\t\t\n\t\t\n\t\t\t<img loading=\"lazy\" decoding=\"async\" class=\"pp-gallery-img\" src=\"https:\/\/santaeulariaculturaijoventut.com\/wp-content\/uploads\/2021\/02\/44_B_Trotando-a-cuarenta-200x300.jpg\" alt=\"\" data-no-lazy=\"1\" itemprop=\"thumbnail\" width=\"200\" height=\"300\" \/>\n\n\t\t\t<!-- Overlay Wrapper -->\n\t\t\t<div class=\"pp-gallery-overlay\">\n\t\t\t\t<div class=\"pp-overlay-inner\">\n\n\t\t\t\t\t\n\t\t\t\t\t\n\t\t\t\t<\/div>\n\t\t\t<\/div> <!-- Overlay Wrapper Closed -->\n\n\t\t\t\t<\/a>\n\t\t\t\t\t\t\t<meta itemprop=\"width\" content=\"200\" \/>\n\t\t\t<meta itemprop=\"height\" content=\"300\" \/>\n\t\t\t<\/div>\n\t<\/div><div class=\"pp-photo-gallery-item pp-gallery-masonry-item\" data-item-id=\"1775\" itemprop=\"associatedMedia\" itemscope=\"itemscope\" itemtype=\"http:\/\/schema.org\/ImageObject\">\n\t<div class=\"pp-photo-gallery-content\">\n\n\t\t\t\t<a\n\t\t\thref=\"https:\/\/santaeulariaculturaijoventut.com\/wp-content\/uploads\/2021\/02\/97_C_Pont-vell.jpg\"\n\t\t\t \n\t\t\t\t\t\tdata-fancybox=\"images\" \n\t\t\t \n\t\t\ttitle=\"97_C_Pont vell\" \n\t\t\t\t\t\tdata-caption=\"\"\n\t\t\t\t\t\tdata-description=\"\" \n\t\t\titemprop=\"contentUrl\"\n\t\t>\n\t\t\n\t\t\n\t\t\t<img loading=\"lazy\" decoding=\"async\" class=\"pp-gallery-img\" src=\"https:\/\/santaeulariaculturaijoventut.com\/wp-content\/uploads\/2021\/02\/97_C_Pont-vell-300x200.jpg\" alt=\"\" data-no-lazy=\"1\" itemprop=\"thumbnail\" width=\"300\" height=\"200\" \/>\n\n\t\t\t<!-- Overlay Wrapper -->\n\t\t\t<div class=\"pp-gallery-overlay\">\n\t\t\t\t<div class=\"pp-overlay-inner\">\n\n\t\t\t\t\t\n\t\t\t\t\t\n\t\t\t\t<\/div>\n\t\t\t<\/div> <!-- Overlay Wrapper Closed -->\n\n\t\t\t\t<\/a>\n\t\t\t\t\t\t\t<meta itemprop=\"width\" content=\"300\" \/>\n\t\t\t<meta itemprop=\"height\" content=\"200\" \/>\n\t\t\t<\/div>\n\t<\/div><div class=\"pp-photo-gallery-item pp-gallery-masonry-item\" data-item-id=\"1777\" itemprop=\"associatedMedia\" itemscope=\"itemscope\" itemtype=\"http:\/\/schema.org\/ImageObject\">\n\t<div class=\"pp-photo-gallery-content\">\n\n\t\t\t\t<a\n\t\t\thref=\"https:\/\/santaeulariaculturaijoventut.com\/wp-content\/uploads\/2021\/02\/116_C_siluetas.jpg\"\n\t\t\t \n\t\t\t\t\t\tdata-fancybox=\"images\" \n\t\t\t \n\t\t\ttitle=\"116_C_siluetas\" \n\t\t\t\t\t\tdata-caption=\"\"\n\t\t\t\t\t\tdata-description=\"\" \n\t\t\titemprop=\"contentUrl\"\n\t\t>\n\t\t\n\t\t\n\t\t\t<img loading=\"lazy\" decoding=\"async\" class=\"pp-gallery-img\" src=\"https:\/\/santaeulariaculturaijoventut.com\/wp-content\/uploads\/2021\/02\/116_C_siluetas-300x200.jpg\" alt=\"\" data-no-lazy=\"1\" itemprop=\"thumbnail\" width=\"300\" height=\"200\" \/>\n\n\t\t\t<!-- Overlay Wrapper -->\n\t\t\t<div class=\"pp-gallery-overlay\">\n\t\t\t\t<div class=\"pp-overlay-inner\">\n\n\t\t\t\t\t\n\t\t\t\t\t\n\t\t\t\t<\/div>\n\t\t\t<\/div> <!-- Overlay Wrapper Closed -->\n\n\t\t\t\t<\/a>\n\t\t\t\t\t\t\t<meta itemprop=\"width\" content=\"300\" \/>\n\t\t\t<meta itemprop=\"height\" content=\"200\" \/>\n\t\t\t<\/div>\n\t<\/div><div class=\"pp-photo-gallery-item pp-gallery-masonry-item\" data-item-id=\"1779\" itemprop=\"associatedMedia\" itemscope=\"itemscope\" itemtype=\"http:\/\/schema.org\/ImageObject\">\n\t<div class=\"pp-photo-gallery-content\">\n\n\t\t\t\t<a\n\t\t\thref=\"https:\/\/santaeulariaculturaijoventut.com\/wp-content\/uploads\/2021\/02\/75_C_JARDINES-Y-CASAS.jpg\"\n\t\t\t \n\t\t\t\t\t\tdata-fancybox=\"images\" \n\t\t\t \n\t\t\ttitle=\"75_C_JARDINES Y CASAS\" \n\t\t\t\t\t\tdata-caption=\"\"\n\t\t\t\t\t\tdata-description=\"\" \n\t\t\titemprop=\"contentUrl\"\n\t\t>\n\t\t\n\t\t\n\t\t\t<img loading=\"lazy\" decoding=\"async\" class=\"pp-gallery-img\" src=\"https:\/\/santaeulariaculturaijoventut.com\/wp-content\/uploads\/2021\/02\/75_C_JARDINES-Y-CASAS-300x200.jpg\" alt=\"\" data-no-lazy=\"1\" itemprop=\"thumbnail\" width=\"300\" height=\"200\" \/>\n\n\t\t\t<!-- Overlay Wrapper -->\n\t\t\t<div class=\"pp-gallery-overlay\">\n\t\t\t\t<div class=\"pp-overlay-inner\">\n\n\t\t\t\t\t\n\t\t\t\t\t\n\t\t\t\t<\/div>\n\t\t\t<\/div> <!-- Overlay Wrapper Closed -->\n\n\t\t\t\t<\/a>\n\t\t\t\t\t\t\t<meta itemprop=\"width\" content=\"300\" \/>\n\t\t\t<meta itemprop=\"height\" content=\"200\" \/>\n\t\t\t<\/div>\n\t<\/div><div class=\"pp-photo-gallery-item pp-gallery-masonry-item\" data-item-id=\"1781\" itemprop=\"associatedMedia\" itemscope=\"itemscope\" itemtype=\"http:\/\/schema.org\/ImageObject\">\n\t<div class=\"pp-photo-gallery-content\">\n\n\t\t\t\t<a\n\t\t\thref=\"https:\/\/santaeulariaculturaijoventut.com\/wp-content\/uploads\/2021\/02\/96_A_INALTERABLE-ESENCIA-IBICENCA.jpg\"\n\t\t\t \n\t\t\t\t\t\tdata-fancybox=\"images\" \n\t\t\t \n\t\t\ttitle=\"96_A_INALTERABLE ESENCIA IBICENCA\" \n\t\t\t\t\t\tdata-caption=\"\"\n\t\t\t\t\t\tdata-description=\"\" \n\t\t\titemprop=\"contentUrl\"\n\t\t>\n\t\t\n\t\t\n\t\t\t<img loading=\"lazy\" decoding=\"async\" class=\"pp-gallery-img\" src=\"https:\/\/santaeulariaculturaijoventut.com\/wp-content\/uploads\/2021\/02\/96_A_INALTERABLE-ESENCIA-IBICENCA-300x200.jpg\" alt=\"\" data-no-lazy=\"1\" itemprop=\"thumbnail\" width=\"300\" height=\"200\" \/>\n\n\t\t\t<!-- Overlay Wrapper -->\n\t\t\t<div class=\"pp-gallery-overlay\">\n\t\t\t\t<div class=\"pp-overlay-inner\">\n\n\t\t\t\t\t\n\t\t\t\t\t\n\t\t\t\t<\/div>\n\t\t\t<\/div> <!-- Overlay Wrapper Closed -->\n\n\t\t\t\t<\/a>\n\t\t\t\t\t\t\t<meta itemprop=\"width\" content=\"300\" \/>\n\t\t\t<meta itemprop=\"height\" content=\"200\" \/>\n\t\t\t<\/div>\n\t<\/div><div class=\"pp-photo-gallery-item pp-gallery-masonry-item\" data-item-id=\"1783\" itemprop=\"associatedMedia\" itemscope=\"itemscope\" itemtype=\"http:\/\/schema.org\/ImageObject\">\n\t<div class=\"pp-photo-gallery-content\">\n\n\t\t\t\t<a\n\t\t\thref=\"https:\/\/santaeulariaculturaijoventut.com\/wp-content\/uploads\/2021\/02\/93_A_Noche-en-Es-Vedra-scaled.jpg\"\n\t\t\t \n\t\t\t\t\t\tdata-fancybox=\"images\" \n\t\t\t \n\t\t\ttitle=\"93_A_Noche en Es Vedra\" \n\t\t\t\t\t\tdata-caption=\"\"\n\t\t\t\t\t\tdata-description=\"\" \n\t\t\titemprop=\"contentUrl\"\n\t\t>\n\t\t\n\t\t\n\t\t\t<img loading=\"lazy\" decoding=\"async\" class=\"pp-gallery-img\" src=\"https:\/\/santaeulariaculturaijoventut.com\/wp-content\/uploads\/2021\/02\/93_A_Noche-en-Es-Vedra-225x300.jpg\" alt=\"\" data-no-lazy=\"1\" itemprop=\"thumbnail\" width=\"225\" height=\"300\" \/>\n\n\t\t\t<!-- Overlay Wrapper -->\n\t\t\t<div class=\"pp-gallery-overlay\">\n\t\t\t\t<div class=\"pp-overlay-inner\">\n\n\t\t\t\t\t\n\t\t\t\t\t\n\t\t\t\t<\/div>\n\t\t\t<\/div> <!-- Overlay Wrapper Closed -->\n\n\t\t\t\t<\/a>\n\t\t\t\t\t\t\t<meta itemprop=\"width\" content=\"225\" \/>\n\t\t\t<meta itemprop=\"height\" content=\"300\" \/>\n\t\t\t<\/div>\n\t<\/div><div class=\"pp-photo-gallery-item pp-gallery-masonry-item\" data-item-id=\"1785\" itemprop=\"associatedMedia\" itemscope=\"itemscope\" itemtype=\"http:\/\/schema.org\/ImageObject\">\n\t<div class=\"pp-photo-gallery-content\">\n\n\t\t\t\t<a\n\t\t\thref=\"https:\/\/santaeulariaculturaijoventut.com\/wp-content\/uploads\/2021\/02\/60_C_ENTRE-ENAGUAS.jpg\"\n\t\t\t \n\t\t\t\t\t\tdata-fancybox=\"images\" \n\t\t\t \n\t\t\ttitle=\"60_C_ENTRE ENAGUAS\" \n\t\t\t\t\t\tdata-caption=\"\"\n\t\t\t\t\t\tdata-description=\"\" \n\t\t\titemprop=\"contentUrl\"\n\t\t>\n\t\t\n\t\t\n\t\t\t<img loading=\"lazy\" decoding=\"async\" class=\"pp-gallery-img\" src=\"https:\/\/santaeulariaculturaijoventut.com\/wp-content\/uploads\/2021\/02\/60_C_ENTRE-ENAGUAS-300x235.jpg\" alt=\"\" data-no-lazy=\"1\" itemprop=\"thumbnail\" width=\"300\" height=\"235\" \/>\n\n\t\t\t<!-- Overlay Wrapper -->\n\t\t\t<div class=\"pp-gallery-overlay\">\n\t\t\t\t<div class=\"pp-overlay-inner\">\n\n\t\t\t\t\t\n\t\t\t\t\t\n\t\t\t\t<\/div>\n\t\t\t<\/div> <!-- Overlay Wrapper Closed -->\n\n\t\t\t\t<\/a>\n\t\t\t\t\t\t\t<meta itemprop=\"width\" content=\"300\" \/>\n\t\t\t<meta itemprop=\"height\" content=\"235\" \/>\n\t\t\t<\/div>\n\t<\/div><div class=\"pp-photo-gallery-item pp-gallery-masonry-item\" data-item-id=\"1787\" itemprop=\"associatedMedia\" itemscope=\"itemscope\" itemtype=\"http:\/\/schema.org\/ImageObject\">\n\t<div class=\"pp-photo-gallery-content\">\n\n\t\t\t\t<a\n\t\t\thref=\"https:\/\/santaeulariaculturaijoventut.com\/wp-content\/uploads\/2021\/02\/26_C_AMETLLERS-DE-SILLA-DEIVISSA.jpg\"\n\t\t\t \n\t\t\t\t\t\tdata-fancybox=\"images\" \n\t\t\t \n\t\t\ttitle=\"26_C_AMETLLERS DE S&#039;ILLA D&#039;EIVISSA\" \n\t\t\t\t\t\tdata-caption=\"\"\n\t\t\t\t\t\tdata-description=\"\" \n\t\t\titemprop=\"contentUrl\"\n\t\t>\n\t\t\n\t\t\n\t\t\t<img loading=\"lazy\" decoding=\"async\" class=\"pp-gallery-img\" src=\"https:\/\/santaeulariaculturaijoventut.com\/wp-content\/uploads\/2021\/02\/26_C_AMETLLERS-DE-SILLA-DEIVISSA-300x169.jpg\" alt=\"\" data-no-lazy=\"1\" itemprop=\"thumbnail\" width=\"300\" height=\"169\" \/>\n\n\t\t\t<!-- Overlay Wrapper -->\n\t\t\t<div class=\"pp-gallery-overlay\">\n\t\t\t\t<div class=\"pp-overlay-inner\">\n\n\t\t\t\t\t\n\t\t\t\t\t\n\t\t\t\t<\/div>\n\t\t\t<\/div> <!-- Overlay Wrapper Closed -->\n\n\t\t\t\t<\/a>\n\t\t\t\t\t\t\t<meta itemprop=\"width\" content=\"300\" \/>\n\t\t\t<meta itemprop=\"height\" content=\"169\" \/>\n\t\t\t<\/div>\n\t<\/div><div class=\"pp-photo-gallery-item pp-gallery-masonry-item\" data-item-id=\"1789\" itemprop=\"associatedMedia\" itemscope=\"itemscope\" itemtype=\"http:\/\/schema.org\/ImageObject\">\n\t<div class=\"pp-photo-gallery-content\">\n\n\t\t\t\t<a\n\t\t\thref=\"https:\/\/santaeulariaculturaijoventut.com\/wp-content\/uploads\/2021\/02\/102_C_raconets.jpg\"\n\t\t\t \n\t\t\t\t\t\tdata-fancybox=\"images\" \n\t\t\t \n\t\t\ttitle=\"102_C_raconets\" \n\t\t\t\t\t\tdata-caption=\"\"\n\t\t\t\t\t\tdata-description=\"\" \n\t\t\titemprop=\"contentUrl\"\n\t\t>\n\t\t\n\t\t\n\t\t\t<img loading=\"lazy\" decoding=\"async\" class=\"pp-gallery-img\" src=\"https:\/\/santaeulariaculturaijoventut.com\/wp-content\/uploads\/2021\/02\/102_C_raconets-300x225.jpg\" alt=\"\" data-no-lazy=\"1\" itemprop=\"thumbnail\" width=\"300\" height=\"225\" \/>\n\n\t\t\t<!-- Overlay Wrapper -->\n\t\t\t<div class=\"pp-gallery-overlay\">\n\t\t\t\t<div class=\"pp-overlay-inner\">\n\n\t\t\t\t\t\n\t\t\t\t\t\n\t\t\t\t<\/div>\n\t\t\t<\/div> <!-- Overlay Wrapper Closed -->\n\n\t\t\t\t<\/a>\n\t\t\t\t\t\t\t<meta itemprop=\"width\" content=\"300\" \/>\n\t\t\t<meta itemprop=\"height\" content=\"225\" \/>\n\t\t\t<\/div>\n\t<\/div><div class=\"pp-photo-gallery-item pp-gallery-masonry-item\" data-item-id=\"1791\" itemprop=\"associatedMedia\" itemscope=\"itemscope\" itemtype=\"http:\/\/schema.org\/ImageObject\">\n\t<div class=\"pp-photo-gallery-content\">\n\n\t\t\t\t<a\n\t\t\thref=\"https:\/\/santaeulariaculturaijoventut.com\/wp-content\/uploads\/2021\/02\/16_C_Ball-Page\u0300s-Sant-Miquel.jpg\"\n\t\t\t \n\t\t\t\t\t\tdata-fancybox=\"images\" \n\t\t\t \n\t\t\ttitle=\"16_C_Ball Page\u0300s - Sant Miquel\" \n\t\t\t\t\t\tdata-caption=\"\"\n\t\t\t\t\t\tdata-description=\"\" \n\t\t\titemprop=\"contentUrl\"\n\t\t>\n\t\t\n\t\t\n\t\t\t<img loading=\"lazy\" decoding=\"async\" class=\"pp-gallery-img\" src=\"https:\/\/santaeulariaculturaijoventut.com\/wp-content\/uploads\/2021\/02\/16_C_Ball-Page\u0300s-Sant-Miquel-300x195.jpg\" alt=\"\" data-no-lazy=\"1\" itemprop=\"thumbnail\" width=\"300\" height=\"195\" \/>\n\n\t\t\t<!-- Overlay Wrapper -->\n\t\t\t<div class=\"pp-gallery-overlay\">\n\t\t\t\t<div class=\"pp-overlay-inner\">\n\n\t\t\t\t\t\n\t\t\t\t\t\n\t\t\t\t<\/div>\n\t\t\t<\/div> <!-- Overlay Wrapper Closed -->\n\n\t\t\t\t<\/a>\n\t\t\t\t\t\t\t<meta itemprop=\"width\" content=\"300\" \/>\n\t\t\t<meta itemprop=\"height\" content=\"195\" \/>\n\t\t\t<\/div>\n\t<\/div><div class=\"pp-photo-gallery-item pp-gallery-masonry-item\" data-item-id=\"1793\" itemprop=\"associatedMedia\" itemscope=\"itemscope\" itemtype=\"http:\/\/schema.org\/ImageObject\">\n\t<div class=\"pp-photo-gallery-content\">\n\n\t\t\t\t<a\n\t\t\thref=\"https:\/\/santaeulariaculturaijoventut.com\/wp-content\/uploads\/2021\/02\/47_C_Faro-sa-cala.jpg\"\n\t\t\t \n\t\t\t\t\t\tdata-fancybox=\"images\" \n\t\t\t \n\t\t\ttitle=\"47_C_Faro sa cala\" \n\t\t\t\t\t\tdata-caption=\"\"\n\t\t\t\t\t\tdata-description=\"\" \n\t\t\titemprop=\"contentUrl\"\n\t\t>\n\t\t\n\t\t\n\t\t\t<img loading=\"lazy\" decoding=\"async\" class=\"pp-gallery-img\" src=\"https:\/\/santaeulariaculturaijoventut.com\/wp-content\/uploads\/2021\/02\/47_C_Faro-sa-cala-300x187.jpg\" alt=\"\" data-no-lazy=\"1\" itemprop=\"thumbnail\" width=\"300\" height=\"187\" \/>\n\n\t\t\t<!-- Overlay Wrapper -->\n\t\t\t<div class=\"pp-gallery-overlay\">\n\t\t\t\t<div class=\"pp-overlay-inner\">\n\n\t\t\t\t\t\n\t\t\t\t\t\n\t\t\t\t<\/div>\n\t\t\t<\/div> <!-- Overlay Wrapper Closed -->\n\n\t\t\t\t<\/a>\n\t\t\t\t\t\t\t<meta itemprop=\"width\" content=\"300\" \/>\n\t\t\t<meta itemprop=\"height\" content=\"187\" \/>\n\t\t\t<\/div>\n\t<\/div><div class=\"pp-photo-gallery-item pp-gallery-masonry-item\" data-item-id=\"1795\" itemprop=\"associatedMedia\" itemscope=\"itemscope\" itemtype=\"http:\/\/schema.org\/ImageObject\">\n\t<div class=\"pp-photo-gallery-content\">\n\n\t\t\t\t<a\n\t\t\thref=\"https:\/\/santaeulariaculturaijoventut.com\/wp-content\/uploads\/2021\/02\/71_C_L\u2019esse\u0300ncia.jpg\"\n\t\t\t \n\t\t\t\t\t\tdata-fancybox=\"images\" \n\t\t\t \n\t\t\ttitle=\"71_C_L\u2019esse\u0300ncia\" \n\t\t\t\t\t\tdata-caption=\"\"\n\t\t\t\t\t\tdata-description=\"\" \n\t\t\titemprop=\"contentUrl\"\n\t\t>\n\t\t\n\t\t\n\t\t\t<img loading=\"lazy\" decoding=\"async\" class=\"pp-gallery-img\" src=\"https:\/\/santaeulariaculturaijoventut.com\/wp-content\/uploads\/2021\/02\/71_C_L\u2019esse\u0300ncia-200x300.jpg\" alt=\"\" data-no-lazy=\"1\" itemprop=\"thumbnail\" width=\"200\" height=\"300\" \/>\n\n\t\t\t<!-- Overlay Wrapper -->\n\t\t\t<div class=\"pp-gallery-overlay\">\n\t\t\t\t<div class=\"pp-overlay-inner\">\n\n\t\t\t\t\t\n\t\t\t\t\t\n\t\t\t\t<\/div>\n\t\t\t<\/div> <!-- Overlay Wrapper Closed -->\n\n\t\t\t\t<\/a>\n\t\t\t\t\t\t\t<meta itemprop=\"width\" content=\"200\" \/>\n\t\t\t<meta itemprop=\"height\" content=\"300\" \/>\n\t\t\t<\/div>\n\t<\/div><div class=\"pp-photo-gallery-item pp-gallery-masonry-item\" data-item-id=\"1797\" itemprop=\"associatedMedia\" itemscope=\"itemscope\" itemtype=\"http:\/\/schema.org\/ImageObject\">\n\t<div class=\"pp-photo-gallery-content\">\n\n\t\t\t\t<a\n\t\t\thref=\"https:\/\/santaeulariaculturaijoventut.com\/wp-content\/uploads\/2021\/02\/104_A.jpg\"\n\t\t\t \n\t\t\t\t\t\tdata-fancybox=\"images\" \n\t\t\t \n\t\t\ttitle=\"104_A\" \n\t\t\t\t\t\tdata-caption=\"\"\n\t\t\t\t\t\tdata-description=\"\" \n\t\t\titemprop=\"contentUrl\"\n\t\t>\n\t\t\n\t\t\n\t\t\t<img loading=\"lazy\" decoding=\"async\" class=\"pp-gallery-img\" src=\"https:\/\/santaeulariaculturaijoventut.com\/wp-content\/uploads\/2021\/02\/104_A-300x212.jpg\" alt=\"\" data-no-lazy=\"1\" itemprop=\"thumbnail\" width=\"300\" height=\"212\" \/>\n\n\t\t\t<!-- Overlay Wrapper -->\n\t\t\t<div class=\"pp-gallery-overlay\">\n\t\t\t\t<div class=\"pp-overlay-inner\">\n\n\t\t\t\t\t\n\t\t\t\t\t\n\t\t\t\t<\/div>\n\t\t\t<\/div> <!-- Overlay Wrapper Closed -->\n\n\t\t\t\t<\/a>\n\t\t\t\t\t\t\t<meta itemprop=\"width\" content=\"300\" \/>\n\t\t\t<meta itemprop=\"height\" content=\"212\" \/>\n\t\t\t<\/div>\n\t<\/div><div class=\"pp-photo-gallery-item pp-gallery-masonry-item\" data-item-id=\"1799\" itemprop=\"associatedMedia\" itemscope=\"itemscope\" itemtype=\"http:\/\/schema.org\/ImageObject\">\n\t<div class=\"pp-photo-gallery-content\">\n\n\t\t\t\t<a\n\t\t\thref=\"https:\/\/santaeulariaculturaijoventut.com\/wp-content\/uploads\/2021\/02\/91_C_Es-cor-de-s\u2019illa.jpg\"\n\t\t\t \n\t\t\t\t\t\tdata-fancybox=\"images\" \n\t\t\t \n\t\t\ttitle=\"91_C_Es cor de s\u2019illa\" \n\t\t\t\t\t\tdata-caption=\"\"\n\t\t\t\t\t\tdata-description=\"\" \n\t\t\titemprop=\"contentUrl\"\n\t\t>\n\t\t\n\t\t\n\t\t\t<img loading=\"lazy\" decoding=\"async\" class=\"pp-gallery-img\" src=\"https:\/\/santaeulariaculturaijoventut.com\/wp-content\/uploads\/2021\/02\/91_C_Es-cor-de-s\u2019illa-300x200.jpg\" alt=\"\" data-no-lazy=\"1\" itemprop=\"thumbnail\" width=\"300\" height=\"200\" \/>\n\n\t\t\t<!-- Overlay Wrapper -->\n\t\t\t<div class=\"pp-gallery-overlay\">\n\t\t\t\t<div class=\"pp-overlay-inner\">\n\n\t\t\t\t\t\n\t\t\t\t\t\n\t\t\t\t<\/div>\n\t\t\t<\/div> <!-- Overlay Wrapper Closed -->\n\n\t\t\t\t<\/a>\n\t\t\t\t\t\t\t<meta itemprop=\"width\" content=\"300\" \/>\n\t\t\t<meta itemprop=\"height\" content=\"200\" \/>\n\t\t\t<\/div>\n\t<\/div><div class=\"pp-photo-gallery-item pp-gallery-masonry-item\" data-item-id=\"1801\" itemprop=\"associatedMedia\" itemscope=\"itemscope\" itemtype=\"http:\/\/schema.org\/ImageObject\">\n\t<div class=\"pp-photo-gallery-content\">\n\n\t\t\t\t<a\n\t\t\thref=\"https:\/\/santaeulariaculturaijoventut.com\/wp-content\/uploads\/2021\/02\/31_A_EIVISSA-MAR-scaled.jpg\"\n\t\t\t \n\t\t\t\t\t\tdata-fancybox=\"images\" \n\t\t\t \n\t\t\ttitle=\"31_A_EIVISSA MAR\" \n\t\t\t\t\t\tdata-caption=\"\"\n\t\t\t\t\t\tdata-description=\"\" \n\t\t\titemprop=\"contentUrl\"\n\t\t>\n\t\t\n\t\t\n\t\t\t<img loading=\"lazy\" decoding=\"async\" class=\"pp-gallery-img\" src=\"https:\/\/santaeulariaculturaijoventut.com\/wp-content\/uploads\/2021\/02\/31_A_EIVISSA-MAR-225x300.jpg\" alt=\"\" data-no-lazy=\"1\" itemprop=\"thumbnail\" width=\"225\" height=\"300\" \/>\n\n\t\t\t<!-- Overlay Wrapper -->\n\t\t\t<div class=\"pp-gallery-overlay\">\n\t\t\t\t<div class=\"pp-overlay-inner\">\n\n\t\t\t\t\t\n\t\t\t\t\t\n\t\t\t\t<\/div>\n\t\t\t<\/div> <!-- Overlay Wrapper Closed -->\n\n\t\t\t\t<\/a>\n\t\t\t\t\t\t\t<meta itemprop=\"width\" content=\"225\" \/>\n\t\t\t<meta itemprop=\"height\" content=\"300\" \/>\n\t\t\t<\/div>\n\t<\/div><div class=\"pp-photo-gallery-item pp-gallery-masonry-item\" data-item-id=\"1803\" itemprop=\"associatedMedia\" itemscope=\"itemscope\" itemtype=\"http:\/\/schema.org\/ImageObject\">\n\t<div class=\"pp-photo-gallery-content\">\n\n\t\t\t\t<a\n\t\t\thref=\"https:\/\/santaeulariaculturaijoventut.com\/wp-content\/uploads\/2021\/02\/77_A_UNA-MIRADA-POR-NUESTRO-ENTORNO.jpg\"\n\t\t\t \n\t\t\t\t\t\tdata-fancybox=\"images\" \n\t\t\t \n\t\t\ttitle=\"77_A_UNA MIRADA POR NUESTRO ENTORNO\" \n\t\t\t\t\t\tdata-caption=\"\"\n\t\t\t\t\t\tdata-description=\"\" \n\t\t\titemprop=\"contentUrl\"\n\t\t>\n\t\t\n\t\t\n\t\t\t<img loading=\"lazy\" decoding=\"async\" class=\"pp-gallery-img\" src=\"https:\/\/santaeulariaculturaijoventut.com\/wp-content\/uploads\/2021\/02\/77_A_UNA-MIRADA-POR-NUESTRO-ENTORNO-300x225.jpg\" alt=\"\" data-no-lazy=\"1\" itemprop=\"thumbnail\" width=\"300\" height=\"225\" \/>\n\n\t\t\t<!-- Overlay Wrapper -->\n\t\t\t<div class=\"pp-gallery-overlay\">\n\t\t\t\t<div class=\"pp-overlay-inner\">\n\n\t\t\t\t\t\n\t\t\t\t\t\n\t\t\t\t<\/div>\n\t\t\t<\/div> <!-- Overlay Wrapper Closed -->\n\n\t\t\t\t<\/a>\n\t\t\t\t\t\t\t<meta itemprop=\"width\" content=\"300\" \/>\n\t\t\t<meta itemprop=\"height\" content=\"225\" \/>\n\t\t\t<\/div>\n\t<\/div><div class=\"pp-photo-gallery-item pp-gallery-masonry-item\" data-item-id=\"1805\" itemprop=\"associatedMedia\" itemscope=\"itemscope\" itemtype=\"http:\/\/schema.org\/ImageObject\">\n\t<div class=\"pp-photo-gallery-content\">\n\n\t\t\t\t<a\n\t\t\thref=\"https:\/\/santaeulariaculturaijoventut.com\/wp-content\/uploads\/2021\/02\/21_B_INHABITAR.jpg\"\n\t\t\t \n\t\t\t\t\t\tdata-fancybox=\"images\" \n\t\t\t \n\t\t\ttitle=\"21_B_INHABITAR\" \n\t\t\t\t\t\tdata-caption=\"\"\n\t\t\t\t\t\tdata-description=\"\" \n\t\t\titemprop=\"contentUrl\"\n\t\t>\n\t\t\n\t\t\n\t\t\t<img loading=\"lazy\" decoding=\"async\" class=\"pp-gallery-img\" src=\"https:\/\/santaeulariaculturaijoventut.com\/wp-content\/uploads\/2021\/02\/21_B_INHABITAR-216x300.jpg\" alt=\"\" data-no-lazy=\"1\" itemprop=\"thumbnail\" width=\"216\" height=\"300\" \/>\n\n\t\t\t<!-- Overlay Wrapper -->\n\t\t\t<div class=\"pp-gallery-overlay\">\n\t\t\t\t<div class=\"pp-overlay-inner\">\n\n\t\t\t\t\t\n\t\t\t\t\t\n\t\t\t\t<\/div>\n\t\t\t<\/div> <!-- Overlay Wrapper Closed -->\n\n\t\t\t\t<\/a>\n\t\t\t\t\t\t\t<meta itemprop=\"width\" content=\"216\" \/>\n\t\t\t<meta itemprop=\"height\" content=\"300\" \/>\n\t\t\t<\/div>\n\t<\/div><div class=\"pp-photo-gallery-item pp-gallery-masonry-item\" data-item-id=\"1807\" itemprop=\"associatedMedia\" itemscope=\"itemscope\" itemtype=\"http:\/\/schema.org\/ImageObject\">\n\t<div class=\"pp-photo-gallery-content\">\n\n\t\t\t\t<a\n\t\t\thref=\"https:\/\/santaeulariaculturaijoventut.com\/wp-content\/uploads\/2021\/02\/7_C_-Atardecer-en-el-puerto-de-Sant-Antoni.jpg\"\n\t\t\t \n\t\t\t\t\t\tdata-fancybox=\"images\" \n\t\t\t \n\t\t\ttitle=\"7_C_ Atardecer en el puerto de Sant Antoni\" \n\t\t\t\t\t\tdata-caption=\"\"\n\t\t\t\t\t\tdata-description=\"\" \n\t\t\titemprop=\"contentUrl\"\n\t\t>\n\t\t\n\t\t\n\t\t\t<img loading=\"lazy\" decoding=\"async\" class=\"pp-gallery-img\" src=\"https:\/\/santaeulariaculturaijoventut.com\/wp-content\/uploads\/2021\/02\/7_C_-Atardecer-en-el-puerto-de-Sant-Antoni-208x300.jpg\" alt=\"\" data-no-lazy=\"1\" itemprop=\"thumbnail\" width=\"208\" height=\"300\" \/>\n\n\t\t\t<!-- Overlay Wrapper -->\n\t\t\t<div class=\"pp-gallery-overlay\">\n\t\t\t\t<div class=\"pp-overlay-inner\">\n\n\t\t\t\t\t\n\t\t\t\t\t\n\t\t\t\t<\/div>\n\t\t\t<\/div> <!-- Overlay Wrapper Closed -->\n\n\t\t\t\t<\/a>\n\t\t\t\t\t\t\t<meta itemprop=\"width\" content=\"208\" \/>\n\t\t\t<meta itemprop=\"height\" content=\"300\" \/>\n\t\t\t<\/div>\n\t<\/div><div class=\"pp-photo-gallery-item pp-gallery-masonry-item\" data-item-id=\"1809\" itemprop=\"associatedMedia\" itemscope=\"itemscope\" itemtype=\"http:\/\/schema.org\/ImageObject\">\n\t<div class=\"pp-photo-gallery-content\">\n\n\t\t\t\t<a\n\t\t\thref=\"https:\/\/santaeulariaculturaijoventut.com\/wp-content\/uploads\/2021\/02\/103_A_Atarcederes-de-la-isla.jpg\"\n\t\t\t \n\t\t\t\t\t\tdata-fancybox=\"images\" \n\t\t\t \n\t\t\ttitle=\"103_A_Atarcederes de la isla\" \n\t\t\t\t\t\tdata-caption=\"\"\n\t\t\t\t\t\tdata-description=\"\" \n\t\t\titemprop=\"contentUrl\"\n\t\t>\n\t\t\n\t\t\n\t\t\t<img loading=\"lazy\" decoding=\"async\" class=\"pp-gallery-img\" src=\"https:\/\/santaeulariaculturaijoventut.com\/wp-content\/uploads\/2021\/02\/103_A_Atarcederes-de-la-isla-300x225.jpg\" alt=\"\" data-no-lazy=\"1\" itemprop=\"thumbnail\" width=\"300\" height=\"225\" \/>\n\n\t\t\t<!-- Overlay Wrapper -->\n\t\t\t<div class=\"pp-gallery-overlay\">\n\t\t\t\t<div class=\"pp-overlay-inner\">\n\n\t\t\t\t\t\n\t\t\t\t\t\n\t\t\t\t<\/div>\n\t\t\t<\/div> <!-- Overlay Wrapper Closed -->\n\n\t\t\t\t<\/a>\n\t\t\t\t\t\t\t<meta itemprop=\"width\" content=\"300\" \/>\n\t\t\t<meta itemprop=\"height\" content=\"225\" \/>\n\t\t\t<\/div>\n\t<\/div><div class=\"pp-photo-gallery-item pp-gallery-masonry-item\" data-item-id=\"1811\" itemprop=\"associatedMedia\" itemscope=\"itemscope\" itemtype=\"http:\/\/schema.org\/ImageObject\">\n\t<div class=\"pp-photo-gallery-content\">\n\n\t\t\t\t<a\n\t\t\thref=\"https:\/\/santaeulariaculturaijoventut.com\/wp-content\/uploads\/2021\/02\/1_C_CEL-I-PAU.jpg\"\n\t\t\t \n\t\t\t\t\t\tdata-fancybox=\"images\" \n\t\t\t \n\t\t\ttitle=\"1_C_CEL I PAU\" \n\t\t\t\t\t\tdata-caption=\"\"\n\t\t\t\t\t\tdata-description=\"\" \n\t\t\titemprop=\"contentUrl\"\n\t\t>\n\t\t\n\t\t\n\t\t\t<img loading=\"lazy\" decoding=\"async\" class=\"pp-gallery-img\" src=\"https:\/\/santaeulariaculturaijoventut.com\/wp-content\/uploads\/2021\/02\/1_C_CEL-I-PAU-261x300.jpg\" alt=\"\" data-no-lazy=\"1\" itemprop=\"thumbnail\" width=\"261\" height=\"300\" \/>\n\n\t\t\t<!-- Overlay Wrapper -->\n\t\t\t<div class=\"pp-gallery-overlay\">\n\t\t\t\t<div class=\"pp-overlay-inner\">\n\n\t\t\t\t\t\n\t\t\t\t\t\n\t\t\t\t<\/div>\n\t\t\t<\/div> <!-- Overlay Wrapper Closed -->\n\n\t\t\t\t<\/a>\n\t\t\t\t\t\t\t<meta itemprop=\"width\" content=\"261\" \/>\n\t\t\t<meta itemprop=\"height\" content=\"300\" \/>\n\t\t\t<\/div>\n\t<\/div><div class=\"pp-photo-gallery-item pp-gallery-masonry-item\" data-item-id=\"1813\" itemprop=\"associatedMedia\" itemscope=\"itemscope\" itemtype=\"http:\/\/schema.org\/ImageObject\">\n\t<div class=\"pp-photo-gallery-content\">\n\n\t\t\t\t<a\n\t\t\thref=\"https:\/\/santaeulariaculturaijoventut.com\/wp-content\/uploads\/2021\/02\/84_A_Pageses.jpg\"\n\t\t\t \n\t\t\t\t\t\tdata-fancybox=\"images\" \n\t\t\t \n\t\t\ttitle=\"84_A_Pageses\" \n\t\t\t\t\t\tdata-caption=\"\"\n\t\t\t\t\t\tdata-description=\"\" \n\t\t\titemprop=\"contentUrl\"\n\t\t>\n\t\t\n\t\t\n\t\t\t<img loading=\"lazy\" decoding=\"async\" class=\"pp-gallery-img\" src=\"https:\/\/santaeulariaculturaijoventut.com\/wp-content\/uploads\/2021\/02\/84_A_Pageses-300x200.jpg\" alt=\"\" data-no-lazy=\"1\" itemprop=\"thumbnail\" width=\"300\" height=\"200\" \/>\n\n\t\t\t<!-- Overlay Wrapper -->\n\t\t\t<div class=\"pp-gallery-overlay\">\n\t\t\t\t<div class=\"pp-overlay-inner\">\n\n\t\t\t\t\t\n\t\t\t\t\t\n\t\t\t\t<\/div>\n\t\t\t<\/div> <!-- Overlay Wrapper Closed -->\n\n\t\t\t\t<\/a>\n\t\t\t\t\t\t\t<meta itemprop=\"width\" content=\"300\" \/>\n\t\t\t<meta itemprop=\"height\" content=\"200\" \/>\n\t\t\t<\/div>\n\t<\/div><div class=\"pp-photo-gallery-item pp-gallery-masonry-item\" data-item-id=\"1815\" itemprop=\"associatedMedia\" itemscope=\"itemscope\" itemtype=\"http:\/\/schema.org\/ImageObject\">\n\t<div class=\"pp-photo-gallery-content\">\n\n\t\t\t\t<a\n\t\t\thref=\"https:\/\/santaeulariaculturaijoventut.com\/wp-content\/uploads\/2021\/02\/63_C_Vida.jpg\"\n\t\t\t \n\t\t\t\t\t\tdata-fancybox=\"images\" \n\t\t\t \n\t\t\ttitle=\"63_C_Vida\" \n\t\t\t\t\t\tdata-caption=\"\"\n\t\t\t\t\t\tdata-description=\"\" \n\t\t\titemprop=\"contentUrl\"\n\t\t>\n\t\t\n\t\t\n\t\t\t<img loading=\"lazy\" decoding=\"async\" class=\"pp-gallery-img\" src=\"https:\/\/santaeulariaculturaijoventut.com\/wp-content\/uploads\/2021\/02\/63_C_Vida-200x300.jpg\" alt=\"\" data-no-lazy=\"1\" itemprop=\"thumbnail\" width=\"200\" height=\"300\" \/>\n\n\t\t\t<!-- Overlay Wrapper -->\n\t\t\t<div class=\"pp-gallery-overlay\">\n\t\t\t\t<div class=\"pp-overlay-inner\">\n\n\t\t\t\t\t\n\t\t\t\t\t\n\t\t\t\t<\/div>\n\t\t\t<\/div> <!-- Overlay Wrapper Closed -->\n\n\t\t\t\t<\/a>\n\t\t\t\t\t\t\t<meta itemprop=\"width\" content=\"200\" \/>\n\t\t\t<meta itemprop=\"height\" content=\"300\" \/>\n\t\t\t<\/div>\n\t<\/div><div class=\"pp-photo-gallery-item pp-gallery-masonry-item\" data-item-id=\"1817\" itemprop=\"associatedMedia\" itemscope=\"itemscope\" itemtype=\"http:\/\/schema.org\/ImageObject\">\n\t<div class=\"pp-photo-gallery-content\">\n\n\t\t\t\t<a\n\t\t\thref=\"https:\/\/santaeulariaculturaijoventut.com\/wp-content\/uploads\/2021\/02\/42_B_PARED.jpg\"\n\t\t\t \n\t\t\t\t\t\tdata-fancybox=\"images\" \n\t\t\t \n\t\t\ttitle=\"42_B_PARED\" \n\t\t\t\t\t\tdata-caption=\"\"\n\t\t\t\t\t\tdata-description=\"\" \n\t\t\titemprop=\"contentUrl\"\n\t\t>\n\t\t\n\t\t\n\t\t\t<img loading=\"lazy\" decoding=\"async\" class=\"pp-gallery-img\" src=\"https:\/\/santaeulariaculturaijoventut.com\/wp-content\/uploads\/2021\/02\/42_B_PARED-300x200.jpg\" alt=\"\" data-no-lazy=\"1\" itemprop=\"thumbnail\" width=\"300\" height=\"200\" \/>\n\n\t\t\t<!-- Overlay Wrapper -->\n\t\t\t<div class=\"pp-gallery-overlay\">\n\t\t\t\t<div class=\"pp-overlay-inner\">\n\n\t\t\t\t\t\n\t\t\t\t\t\n\t\t\t\t<\/div>\n\t\t\t<\/div> <!-- Overlay Wrapper Closed -->\n\n\t\t\t\t<\/a>\n\t\t\t\t\t\t\t<meta itemprop=\"width\" content=\"300\" \/>\n\t\t\t<meta itemprop=\"height\" content=\"200\" \/>\n\t\t\t<\/div>\n\t<\/div><div class=\"pp-photo-gallery-item pp-gallery-masonry-item\" data-item-id=\"1819\" itemprop=\"associatedMedia\" itemscope=\"itemscope\" itemtype=\"http:\/\/schema.org\/ImageObject\">\n\t<div class=\"pp-photo-gallery-content\">\n\n\t\t\t\t<a\n\t\t\thref=\"https:\/\/santaeulariaculturaijoventut.com\/wp-content\/uploads\/2021\/02\/109_C_Entre-almendros.jpg\"\n\t\t\t \n\t\t\t\t\t\tdata-fancybox=\"images\" \n\t\t\t \n\t\t\ttitle=\"109_C_Entre almendros\" \n\t\t\t\t\t\tdata-caption=\"\"\n\t\t\t\t\t\tdata-description=\"\" \n\t\t\titemprop=\"contentUrl\"\n\t\t>\n\t\t\n\t\t\n\t\t\t<img loading=\"lazy\" decoding=\"async\" class=\"pp-gallery-img\" src=\"https:\/\/santaeulariaculturaijoventut.com\/wp-content\/uploads\/2021\/02\/109_C_Entre-almendros-300x200.jpg\" alt=\"\" data-no-lazy=\"1\" itemprop=\"thumbnail\" width=\"300\" height=\"200\" \/>\n\n\t\t\t<!-- Overlay Wrapper -->\n\t\t\t<div class=\"pp-gallery-overlay\">\n\t\t\t\t<div class=\"pp-overlay-inner\">\n\n\t\t\t\t\t\n\t\t\t\t\t\n\t\t\t\t<\/div>\n\t\t\t<\/div> <!-- Overlay Wrapper Closed -->\n\n\t\t\t\t<\/a>\n\t\t\t\t\t\t\t<meta itemprop=\"width\" content=\"300\" \/>\n\t\t\t<meta itemprop=\"height\" content=\"200\" \/>\n\t\t\t<\/div>\n\t<\/div><div class=\"pp-photo-gallery-item pp-gallery-masonry-item\" data-item-id=\"1821\" itemprop=\"associatedMedia\" itemscope=\"itemscope\" itemtype=\"http:\/\/schema.org\/ImageObject\">\n\t<div class=\"pp-photo-gallery-content\">\n\n\t\t\t\t<a\n\t\t\thref=\"https:\/\/santaeulariaculturaijoventut.com\/wp-content\/uploads\/2021\/02\/7_B_-Puerto-de-Ibiza.jpg\"\n\t\t\t \n\t\t\t\t\t\tdata-fancybox=\"images\" \n\t\t\t \n\t\t\ttitle=\"7_B_ Puerto de Ibiza\" \n\t\t\t\t\t\tdata-caption=\"\"\n\t\t\t\t\t\tdata-description=\"\" \n\t\t\titemprop=\"contentUrl\"\n\t\t>\n\t\t\n\t\t\n\t\t\t<img loading=\"lazy\" decoding=\"async\" class=\"pp-gallery-img\" src=\"https:\/\/santaeulariaculturaijoventut.com\/wp-content\/uploads\/2021\/02\/7_B_-Puerto-de-Ibiza-300x196.jpg\" alt=\"\" data-no-lazy=\"1\" itemprop=\"thumbnail\" width=\"300\" height=\"196\" \/>\n\n\t\t\t<!-- Overlay Wrapper -->\n\t\t\t<div class=\"pp-gallery-overlay\">\n\t\t\t\t<div class=\"pp-overlay-inner\">\n\n\t\t\t\t\t\n\t\t\t\t\t\n\t\t\t\t<\/div>\n\t\t\t<\/div> <!-- Overlay Wrapper Closed -->\n\n\t\t\t\t<\/a>\n\t\t\t\t\t\t\t<meta itemprop=\"width\" content=\"300\" \/>\n\t\t\t<meta itemprop=\"height\" content=\"196\" \/>\n\t\t\t<\/div>\n\t<\/div><div class=\"pp-photo-gallery-item pp-gallery-masonry-item\" data-item-id=\"1823\" itemprop=\"associatedMedia\" itemscope=\"itemscope\" itemtype=\"http:\/\/schema.org\/ImageObject\">\n\t<div class=\"pp-photo-gallery-content\">\n\n\t\t\t\t<a\n\t\t\thref=\"https:\/\/santaeulariaculturaijoventut.com\/wp-content\/uploads\/2021\/02\/41_A_E0270.jpg\"\n\t\t\t \n\t\t\t\t\t\tdata-fancybox=\"images\" \n\t\t\t \n\t\t\ttitle=\"41_A_E0270\" \n\t\t\t\t\t\tdata-caption=\"\"\n\t\t\t\t\t\tdata-description=\"\" \n\t\t\titemprop=\"contentUrl\"\n\t\t>\n\t\t\n\t\t\n\t\t\t<img loading=\"lazy\" decoding=\"async\" class=\"pp-gallery-img\" src=\"https:\/\/santaeulariaculturaijoventut.com\/wp-content\/uploads\/2021\/02\/41_A_E0270-300x175.jpg\" alt=\"\" data-no-lazy=\"1\" itemprop=\"thumbnail\" width=\"300\" height=\"175\" \/>\n\n\t\t\t<!-- Overlay Wrapper -->\n\t\t\t<div class=\"pp-gallery-overlay\">\n\t\t\t\t<div class=\"pp-overlay-inner\">\n\n\t\t\t\t\t\n\t\t\t\t\t\n\t\t\t\t<\/div>\n\t\t\t<\/div> <!-- Overlay Wrapper Closed -->\n\n\t\t\t\t<\/a>\n\t\t\t\t\t\t\t<meta itemprop=\"width\" content=\"300\" \/>\n\t\t\t<meta itemprop=\"height\" content=\"175\" \/>\n\t\t\t<\/div>\n\t<\/div><div class=\"pp-photo-gallery-item pp-gallery-masonry-item\" data-item-id=\"1825\" itemprop=\"associatedMedia\" itemscope=\"itemscope\" itemtype=\"http:\/\/schema.org\/ImageObject\">\n\t<div class=\"pp-photo-gallery-content\">\n\n\t\t\t\t<a\n\t\t\thref=\"https:\/\/santaeulariaculturaijoventut.com\/wp-content\/uploads\/2021\/02\/113_A_Illot.jpg\"\n\t\t\t \n\t\t\t\t\t\tdata-fancybox=\"images\" \n\t\t\t \n\t\t\ttitle=\"113_A_Illot\" \n\t\t\t\t\t\tdata-caption=\"\"\n\t\t\t\t\t\tdata-description=\"\" \n\t\t\titemprop=\"contentUrl\"\n\t\t>\n\t\t\n\t\t\n\t\t\t<img loading=\"lazy\" decoding=\"async\" class=\"pp-gallery-img\" src=\"https:\/\/santaeulariaculturaijoventut.com\/wp-content\/uploads\/2021\/02\/113_A_Illot-200x300.jpg\" alt=\"\" data-no-lazy=\"1\" itemprop=\"thumbnail\" width=\"200\" height=\"300\" \/>\n\n\t\t\t<!-- Overlay Wrapper -->\n\t\t\t<div class=\"pp-gallery-overlay\">\n\t\t\t\t<div class=\"pp-overlay-inner\">\n\n\t\t\t\t\t\n\t\t\t\t\t\n\t\t\t\t<\/div>\n\t\t\t<\/div> <!-- Overlay Wrapper Closed -->\n\n\t\t\t\t<\/a>\n\t\t\t\t\t\t\t<meta itemprop=\"width\" content=\"200\" \/>\n\t\t\t<meta itemprop=\"height\" content=\"300\" \/>\n\t\t\t<\/div>\n\t<\/div><div class=\"pp-photo-gallery-item pp-gallery-masonry-item\" data-item-id=\"1827\" itemprop=\"associatedMedia\" itemscope=\"itemscope\" itemtype=\"http:\/\/schema.org\/ImageObject\">\n\t<div class=\"pp-photo-gallery-content\">\n\n\t\t\t\t<a\n\t\t\thref=\"https:\/\/santaeulariaculturaijoventut.com\/wp-content\/uploads\/2021\/02\/10_A_BALL_I_-TRADICIO\u0301.jpg\"\n\t\t\t \n\t\t\t\t\t\tdata-fancybox=\"images\" \n\t\t\t \n\t\t\ttitle=\"10_A_BALL_I_ TRADICIO\u0301\" \n\t\t\t\t\t\tdata-caption=\"\"\n\t\t\t\t\t\tdata-description=\"\" \n\t\t\titemprop=\"contentUrl\"\n\t\t>\n\t\t\n\t\t\n\t\t\t<img loading=\"lazy\" decoding=\"async\" class=\"pp-gallery-img\" src=\"https:\/\/santaeulariaculturaijoventut.com\/wp-content\/uploads\/2021\/02\/10_A_BALL_I_-TRADICIO\u0301-199x300.jpg\" alt=\"\" data-no-lazy=\"1\" itemprop=\"thumbnail\" width=\"199\" height=\"300\" \/>\n\n\t\t\t<!-- Overlay Wrapper -->\n\t\t\t<div class=\"pp-gallery-overlay\">\n\t\t\t\t<div class=\"pp-overlay-inner\">\n\n\t\t\t\t\t\n\t\t\t\t\t\n\t\t\t\t<\/div>\n\t\t\t<\/div> <!-- Overlay Wrapper Closed -->\n\n\t\t\t\t<\/a>\n\t\t\t\t\t\t\t<meta itemprop=\"width\" content=\"199\" \/>\n\t\t\t<meta itemprop=\"height\" content=\"300\" \/>\n\t\t\t<\/div>\n\t<\/div><div class=\"pp-photo-gallery-item pp-gallery-masonry-item\" data-item-id=\"1829\" itemprop=\"associatedMedia\" itemscope=\"itemscope\" itemtype=\"http:\/\/schema.org\/ImageObject\">\n\t<div class=\"pp-photo-gallery-content\">\n\n\t\t\t\t<a\n\t\t\thref=\"https:\/\/santaeulariaculturaijoventut.com\/wp-content\/uploads\/2021\/02\/11_A_Color-i-tradicio\u0301.jpg\"\n\t\t\t \n\t\t\t\t\t\tdata-fancybox=\"images\" \n\t\t\t \n\t\t\ttitle=\"11_A_Color i tradicio\u0301\" \n\t\t\t\t\t\tdata-caption=\"\"\n\t\t\t\t\t\tdata-description=\"\" \n\t\t\titemprop=\"contentUrl\"\n\t\t>\n\t\t\n\t\t\n\t\t\t<img loading=\"lazy\" decoding=\"async\" class=\"pp-gallery-img\" src=\"https:\/\/santaeulariaculturaijoventut.com\/wp-content\/uploads\/2021\/02\/11_A_Color-i-tradicio\u0301-300x200.jpg\" alt=\"\" data-no-lazy=\"1\" itemprop=\"thumbnail\" width=\"300\" height=\"200\" \/>\n\n\t\t\t<!-- Overlay Wrapper -->\n\t\t\t<div class=\"pp-gallery-overlay\">\n\t\t\t\t<div class=\"pp-overlay-inner\">\n\n\t\t\t\t\t\n\t\t\t\t\t\n\t\t\t\t<\/div>\n\t\t\t<\/div> <!-- Overlay Wrapper Closed -->\n\n\t\t\t\t<\/a>\n\t\t\t\t\t\t\t<meta itemprop=\"width\" content=\"300\" \/>\n\t\t\t<meta itemprop=\"height\" content=\"200\" \/>\n\t\t\t<\/div>\n\t<\/div><div class=\"pp-photo-gallery-item pp-gallery-masonry-item\" data-item-id=\"1831\" itemprop=\"associatedMedia\" itemscope=\"itemscope\" itemtype=\"http:\/\/schema.org\/ImageObject\">\n\t<div class=\"pp-photo-gallery-content\">\n\n\t\t\t\t<a\n\t\t\thref=\"https:\/\/santaeulariaculturaijoventut.com\/wp-content\/uploads\/2021\/02\/105_A_Els-colors-dEivissa-Portinatx.jpg\"\n\t\t\t \n\t\t\t\t\t\tdata-fancybox=\"images\" \n\t\t\t \n\t\t\ttitle=\"105_A_Els colors d&#039;Eivissa - Portinatx\" \n\t\t\t\t\t\tdata-caption=\"\"\n\t\t\t\t\t\tdata-description=\"\" \n\t\t\titemprop=\"contentUrl\"\n\t\t>\n\t\t\n\t\t\n\t\t\t<img loading=\"lazy\" decoding=\"async\" class=\"pp-gallery-img\" src=\"https:\/\/santaeulariaculturaijoventut.com\/wp-content\/uploads\/2021\/02\/105_A_Els-colors-dEivissa-Portinatx-300x199.jpg\" alt=\"\" data-no-lazy=\"1\" itemprop=\"thumbnail\" width=\"300\" height=\"199\" \/>\n\n\t\t\t<!-- Overlay Wrapper -->\n\t\t\t<div class=\"pp-gallery-overlay\">\n\t\t\t\t<div class=\"pp-overlay-inner\">\n\n\t\t\t\t\t\n\t\t\t\t\t\n\t\t\t\t<\/div>\n\t\t\t<\/div> <!-- Overlay Wrapper Closed -->\n\n\t\t\t\t<\/a>\n\t\t\t\t\t\t\t<meta itemprop=\"width\" content=\"300\" \/>\n\t\t\t<meta itemprop=\"height\" content=\"199\" \/>\n\t\t\t<\/div>\n\t<\/div><div class=\"pp-photo-gallery-item pp-gallery-masonry-item\" data-item-id=\"1833\" itemprop=\"associatedMedia\" itemscope=\"itemscope\" itemtype=\"http:\/\/schema.org\/ImageObject\">\n\t<div class=\"pp-photo-gallery-content\">\n\n\t\t\t\t<a\n\t\t\thref=\"https:\/\/santaeulariaculturaijoventut.com\/wp-content\/uploads\/2021\/02\/83_A_Arquitectura-geome\u0301trica.jpg\"\n\t\t\t \n\t\t\t\t\t\tdata-fancybox=\"images\" \n\t\t\t \n\t\t\ttitle=\"83_A_Arquitectura geome\u0301trica\" \n\t\t\t\t\t\tdata-caption=\"\"\n\t\t\t\t\t\tdata-description=\"\" \n\t\t\titemprop=\"contentUrl\"\n\t\t>\n\t\t\n\t\t\n\t\t\t<img loading=\"lazy\" decoding=\"async\" class=\"pp-gallery-img\" src=\"https:\/\/santaeulariaculturaijoventut.com\/wp-content\/uploads\/2021\/02\/83_A_Arquitectura-geome\u0301trica-200x300.jpg\" alt=\"\" data-no-lazy=\"1\" itemprop=\"thumbnail\" width=\"200\" height=\"300\" \/>\n\n\t\t\t<!-- Overlay Wrapper -->\n\t\t\t<div class=\"pp-gallery-overlay\">\n\t\t\t\t<div class=\"pp-overlay-inner\">\n\n\t\t\t\t\t\n\t\t\t\t\t\n\t\t\t\t<\/div>\n\t\t\t<\/div> <!-- Overlay Wrapper Closed -->\n\n\t\t\t\t<\/a>\n\t\t\t\t\t\t\t<meta itemprop=\"width\" content=\"200\" \/>\n\t\t\t<meta itemprop=\"height\" content=\"300\" \/>\n\t\t\t<\/div>\n\t<\/div><div class=\"pp-photo-gallery-item pp-gallery-masonry-item\" data-item-id=\"1835\" itemprop=\"associatedMedia\" itemscope=\"itemscope\" itemtype=\"http:\/\/schema.org\/ImageObject\">\n\t<div class=\"pp-photo-gallery-content\">\n\n\t\t\t\t<a\n\t\t\thref=\"https:\/\/santaeulariaculturaijoventut.com\/wp-content\/uploads\/2021\/02\/70_A.jpg\"\n\t\t\t \n\t\t\t\t\t\tdata-fancybox=\"images\" \n\t\t\t \n\t\t\ttitle=\"70_A\" \n\t\t\t\t\t\tdata-caption=\"\"\n\t\t\t\t\t\tdata-description=\"\" \n\t\t\titemprop=\"contentUrl\"\n\t\t>\n\t\t\n\t\t\n\t\t\t<img loading=\"lazy\" decoding=\"async\" class=\"pp-gallery-img\" src=\"https:\/\/santaeulariaculturaijoventut.com\/wp-content\/uploads\/2021\/02\/70_A-199x300.jpg\" alt=\"\" data-no-lazy=\"1\" itemprop=\"thumbnail\" width=\"199\" height=\"300\" \/>\n\n\t\t\t<!-- Overlay Wrapper -->\n\t\t\t<div class=\"pp-gallery-overlay\">\n\t\t\t\t<div class=\"pp-overlay-inner\">\n\n\t\t\t\t\t\n\t\t\t\t\t\n\t\t\t\t<\/div>\n\t\t\t<\/div> <!-- Overlay Wrapper Closed -->\n\n\t\t\t\t<\/a>\n\t\t\t\t\t\t\t<meta itemprop=\"width\" content=\"199\" \/>\n\t\t\t<meta itemprop=\"height\" content=\"300\" \/>\n\t\t\t<\/div>\n\t<\/div><div class=\"pp-photo-gallery-item pp-gallery-masonry-item\" data-item-id=\"1837\" itemprop=\"associatedMedia\" itemscope=\"itemscope\" itemtype=\"http:\/\/schema.org\/ImageObject\">\n\t<div class=\"pp-photo-gallery-content\">\n\n\t\t\t\t<a\n\t\t\thref=\"https:\/\/santaeulariaculturaijoventut.com\/wp-content\/uploads\/2021\/02\/78_B_Hivern.jpg\"\n\t\t\t \n\t\t\t\t\t\tdata-fancybox=\"images\" \n\t\t\t \n\t\t\ttitle=\"78_B_Hivern\" \n\t\t\t\t\t\tdata-caption=\"\"\n\t\t\t\t\t\tdata-description=\"\" \n\t\t\titemprop=\"contentUrl\"\n\t\t>\n\t\t\n\t\t\n\t\t\t<img loading=\"lazy\" decoding=\"async\" class=\"pp-gallery-img\" src=\"https:\/\/santaeulariaculturaijoventut.com\/wp-content\/uploads\/2021\/02\/78_B_Hivern-300x225.jpg\" alt=\"\" data-no-lazy=\"1\" itemprop=\"thumbnail\" width=\"300\" height=\"225\" \/>\n\n\t\t\t<!-- Overlay Wrapper -->\n\t\t\t<div class=\"pp-gallery-overlay\">\n\t\t\t\t<div class=\"pp-overlay-inner\">\n\n\t\t\t\t\t\n\t\t\t\t\t\n\t\t\t\t<\/div>\n\t\t\t<\/div> <!-- Overlay Wrapper Closed -->\n\n\t\t\t\t<\/a>\n\t\t\t\t\t\t\t<meta itemprop=\"width\" content=\"300\" \/>\n\t\t\t<meta itemprop=\"height\" content=\"225\" \/>\n\t\t\t<\/div>\n\t<\/div><div class=\"pp-photo-gallery-item pp-gallery-masonry-item\" data-item-id=\"1839\" itemprop=\"associatedMedia\" itemscope=\"itemscope\" itemtype=\"http:\/\/schema.org\/ImageObject\">\n\t<div class=\"pp-photo-gallery-content\">\n\n\t\t\t\t<a\n\t\t\thref=\"https:\/\/santaeulariaculturaijoventut.com\/wp-content\/uploads\/2021\/02\/87_A_VUELO-LIBRE.jpg\"\n\t\t\t \n\t\t\t\t\t\tdata-fancybox=\"images\" \n\t\t\t \n\t\t\ttitle=\"87_A_VUELO LIBRE\" \n\t\t\t\t\t\tdata-caption=\"\"\n\t\t\t\t\t\tdata-description=\"\" \n\t\t\titemprop=\"contentUrl\"\n\t\t>\n\t\t\n\t\t\n\t\t\t<img loading=\"lazy\" decoding=\"async\" class=\"pp-gallery-img\" src=\"https:\/\/santaeulariaculturaijoventut.com\/wp-content\/uploads\/2021\/02\/87_A_VUELO-LIBRE-300x169.jpg\" alt=\"\" data-no-lazy=\"1\" itemprop=\"thumbnail\" width=\"300\" height=\"169\" \/>\n\n\t\t\t<!-- Overlay Wrapper -->\n\t\t\t<div class=\"pp-gallery-overlay\">\n\t\t\t\t<div class=\"pp-overlay-inner\">\n\n\t\t\t\t\t\n\t\t\t\t\t\n\t\t\t\t<\/div>\n\t\t\t<\/div> <!-- Overlay Wrapper Closed -->\n\n\t\t\t\t<\/a>\n\t\t\t\t\t\t\t<meta itemprop=\"width\" content=\"300\" \/>\n\t\t\t<meta itemprop=\"height\" content=\"169\" \/>\n\t\t\t<\/div>\n\t<\/div><div class=\"pp-photo-gallery-item pp-gallery-masonry-item\" data-item-id=\"1841\" itemprop=\"associatedMedia\" itemscope=\"itemscope\" itemtype=\"http:\/\/schema.org\/ImageObject\">\n\t<div class=\"pp-photo-gallery-content\">\n\n\t\t\t\t<a\n\t\t\thref=\"https:\/\/santaeulariaculturaijoventut.com\/wp-content\/uploads\/2021\/02\/85_C_SANTA-EULA\u0300RIA.jpg\"\n\t\t\t \n\t\t\t\t\t\tdata-fancybox=\"images\" \n\t\t\t \n\t\t\ttitle=\"85_C_SANTA EULA\u0300RIA\" \n\t\t\t\t\t\tdata-caption=\"\"\n\t\t\t\t\t\tdata-description=\"\" \n\t\t\titemprop=\"contentUrl\"\n\t\t>\n\t\t\n\t\t\n\t\t\t<img loading=\"lazy\" decoding=\"async\" class=\"pp-gallery-img\" src=\"https:\/\/santaeulariaculturaijoventut.com\/wp-content\/uploads\/2021\/02\/85_C_SANTA-EULA\u0300RIA-225x300.jpg\" alt=\"\" data-no-lazy=\"1\" itemprop=\"thumbnail\" width=\"225\" height=\"300\" \/>\n\n\t\t\t<!-- Overlay Wrapper -->\n\t\t\t<div class=\"pp-gallery-overlay\">\n\t\t\t\t<div class=\"pp-overlay-inner\">\n\n\t\t\t\t\t\n\t\t\t\t\t\n\t\t\t\t<\/div>\n\t\t\t<\/div> <!-- Overlay Wrapper Closed -->\n\n\t\t\t\t<\/a>\n\t\t\t\t\t\t\t<meta itemprop=\"width\" content=\"225\" \/>\n\t\t\t<meta itemprop=\"height\" content=\"300\" \/>\n\t\t\t<\/div>\n\t<\/div><div class=\"pp-photo-gallery-item pp-gallery-masonry-item\" data-item-id=\"1843\" itemprop=\"associatedMedia\" itemscope=\"itemscope\" itemtype=\"http:\/\/schema.org\/ImageObject\">\n\t<div class=\"pp-photo-gallery-content\">\n\n\t\t\t\t<a\n\t\t\thref=\"https:\/\/santaeulariaculturaijoventut.com\/wp-content\/uploads\/2021\/02\/51_C_El-a\u0301rbol-cai\u0301do-de-Puig-de-Missa-1988.jpg\"\n\t\t\t \n\t\t\t\t\t\tdata-fancybox=\"images\" \n\t\t\t \n\t\t\ttitle=\"51_C_El a\u0301rbol cai\u0301do de Puig de Missa 1988\" \n\t\t\t\t\t\tdata-caption=\"\"\n\t\t\t\t\t\tdata-description=\"\" \n\t\t\titemprop=\"contentUrl\"\n\t\t>\n\t\t\n\t\t\n\t\t\t<img loading=\"lazy\" decoding=\"async\" class=\"pp-gallery-img\" src=\"https:\/\/santaeulariaculturaijoventut.com\/wp-content\/uploads\/2021\/02\/51_C_El-a\u0301rbol-cai\u0301do-de-Puig-de-Missa-1988-220x300.jpg\" alt=\"\" data-no-lazy=\"1\" itemprop=\"thumbnail\" width=\"220\" height=\"300\" \/>\n\n\t\t\t<!-- Overlay Wrapper -->\n\t\t\t<div class=\"pp-gallery-overlay\">\n\t\t\t\t<div class=\"pp-overlay-inner\">\n\n\t\t\t\t\t\n\t\t\t\t\t\n\t\t\t\t<\/div>\n\t\t\t<\/div> <!-- Overlay Wrapper Closed -->\n\n\t\t\t\t<\/a>\n\t\t\t\t\t\t\t<meta itemprop=\"width\" content=\"220\" \/>\n\t\t\t<meta itemprop=\"height\" content=\"300\" \/>\n\t\t\t<\/div>\n\t<\/div><div class=\"pp-photo-gallery-item pp-gallery-masonry-item\" data-item-id=\"1845\" itemprop=\"associatedMedia\" itemscope=\"itemscope\" itemtype=\"http:\/\/schema.org\/ImageObject\">\n\t<div class=\"pp-photo-gallery-content\">\n\n\t\t\t\t<a\n\t\t\thref=\"https:\/\/santaeulariaculturaijoventut.com\/wp-content\/uploads\/2021\/02\/64_A_LUZ-DE-UN-SUEN\u0303O.jpg\"\n\t\t\t \n\t\t\t\t\t\tdata-fancybox=\"images\" \n\t\t\t \n\t\t\ttitle=\"64_A_LUZ DE UN SUEN\u0303O\" \n\t\t\t\t\t\tdata-caption=\"\"\n\t\t\t\t\t\tdata-description=\"\" \n\t\t\titemprop=\"contentUrl\"\n\t\t>\n\t\t\n\t\t\n\t\t\t<img loading=\"lazy\" decoding=\"async\" class=\"pp-gallery-img\" src=\"https:\/\/santaeulariaculturaijoventut.com\/wp-content\/uploads\/2021\/02\/64_A_LUZ-DE-UN-SUEN\u0303O-300x200.jpg\" alt=\"\" data-no-lazy=\"1\" itemprop=\"thumbnail\" width=\"300\" height=\"200\" \/>\n\n\t\t\t<!-- Overlay Wrapper -->\n\t\t\t<div class=\"pp-gallery-overlay\">\n\t\t\t\t<div class=\"pp-overlay-inner\">\n\n\t\t\t\t\t\n\t\t\t\t\t\n\t\t\t\t<\/div>\n\t\t\t<\/div> <!-- Overlay Wrapper Closed -->\n\n\t\t\t\t<\/a>\n\t\t\t\t\t\t\t<meta itemprop=\"width\" content=\"300\" \/>\n\t\t\t<meta itemprop=\"height\" content=\"200\" \/>\n\t\t\t<\/div>\n\t<\/div><div class=\"pp-photo-gallery-item pp-gallery-masonry-item\" data-item-id=\"1847\" itemprop=\"associatedMedia\" itemscope=\"itemscope\" itemtype=\"http:\/\/schema.org\/ImageObject\">\n\t<div class=\"pp-photo-gallery-content\">\n\n\t\t\t\t<a\n\t\t\thref=\"https:\/\/santaeulariaculturaijoventut.com\/wp-content\/uploads\/2021\/02\/25_A_DORDI.jpg\"\n\t\t\t \n\t\t\t\t\t\tdata-fancybox=\"images\" \n\t\t\t \n\t\t\ttitle=\"25_A_D&#039;ORDI\" \n\t\t\t\t\t\tdata-caption=\"\"\n\t\t\t\t\t\tdata-description=\"\" \n\t\t\titemprop=\"contentUrl\"\n\t\t>\n\t\t\n\t\t\n\t\t\t<img loading=\"lazy\" decoding=\"async\" class=\"pp-gallery-img\" src=\"https:\/\/santaeulariaculturaijoventut.com\/wp-content\/uploads\/2021\/02\/25_A_DORDI-300x200.jpg\" alt=\"\" data-no-lazy=\"1\" itemprop=\"thumbnail\" width=\"300\" height=\"200\" \/>\n\n\t\t\t<!-- Overlay Wrapper -->\n\t\t\t<div class=\"pp-gallery-overlay\">\n\t\t\t\t<div class=\"pp-overlay-inner\">\n\n\t\t\t\t\t\n\t\t\t\t\t\n\t\t\t\t<\/div>\n\t\t\t<\/div> <!-- Overlay Wrapper Closed -->\n\n\t\t\t\t<\/a>\n\t\t\t\t\t\t\t<meta itemprop=\"width\" content=\"300\" \/>\n\t\t\t<meta itemprop=\"height\" content=\"200\" \/>\n\t\t\t<\/div>\n\t<\/div><div class=\"pp-photo-gallery-item pp-gallery-masonry-item\" data-item-id=\"1849\" itemprop=\"associatedMedia\" itemscope=\"itemscope\" itemtype=\"http:\/\/schema.org\/ImageObject\">\n\t<div class=\"pp-photo-gallery-content\">\n\n\t\t\t\t<a\n\t\t\thref=\"https:\/\/santaeulariaculturaijoventut.com\/wp-content\/uploads\/2021\/02\/33_C_Los-Pescadores.jpg\"\n\t\t\t \n\t\t\t\t\t\tdata-fancybox=\"images\" \n\t\t\t \n\t\t\ttitle=\"33_C_Los Pescadores\" \n\t\t\t\t\t\tdata-caption=\"\"\n\t\t\t\t\t\tdata-description=\"\" \n\t\t\titemprop=\"contentUrl\"\n\t\t>\n\t\t\n\t\t\n\t\t\t<img loading=\"lazy\" decoding=\"async\" class=\"pp-gallery-img\" src=\"https:\/\/santaeulariaculturaijoventut.com\/wp-content\/uploads\/2021\/02\/33_C_Los-Pescadores-244x300.jpg\" alt=\"\" data-no-lazy=\"1\" itemprop=\"thumbnail\" width=\"244\" height=\"300\" \/>\n\n\t\t\t<!-- Overlay Wrapper -->\n\t\t\t<div class=\"pp-gallery-overlay\">\n\t\t\t\t<div class=\"pp-overlay-inner\">\n\n\t\t\t\t\t\n\t\t\t\t\t\n\t\t\t\t<\/div>\n\t\t\t<\/div> <!-- Overlay Wrapper Closed -->\n\n\t\t\t\t<\/a>\n\t\t\t\t\t\t\t<meta itemprop=\"width\" content=\"244\" \/>\n\t\t\t<meta itemprop=\"height\" content=\"300\" \/>\n\t\t\t<\/div>\n\t<\/div><div class=\"pp-photo-gallery-item pp-gallery-masonry-item\" data-item-id=\"1851\" itemprop=\"associatedMedia\" itemscope=\"itemscope\" itemtype=\"http:\/\/schema.org\/ImageObject\">\n\t<div class=\"pp-photo-gallery-content\">\n\n\t\t\t\t<a\n\t\t\thref=\"https:\/\/santaeulariaculturaijoventut.com\/wp-content\/uploads\/2021\/02\/12_B_FAR-MAR.jpg\"\n\t\t\t \n\t\t\t\t\t\tdata-fancybox=\"images\" \n\t\t\t \n\t\t\ttitle=\"12_B_FAR MAR\" \n\t\t\t\t\t\tdata-caption=\"\"\n\t\t\t\t\t\tdata-description=\"\" \n\t\t\titemprop=\"contentUrl\"\n\t\t>\n\t\t\n\t\t\n\t\t\t<img loading=\"lazy\" decoding=\"async\" class=\"pp-gallery-img\" src=\"https:\/\/santaeulariaculturaijoventut.com\/wp-content\/uploads\/2021\/02\/12_B_FAR-MAR-201x300.jpg\" alt=\"\" data-no-lazy=\"1\" itemprop=\"thumbnail\" width=\"201\" height=\"300\" \/>\n\n\t\t\t<!-- Overlay Wrapper -->\n\t\t\t<div class=\"pp-gallery-overlay\">\n\t\t\t\t<div class=\"pp-overlay-inner\">\n\n\t\t\t\t\t\n\t\t\t\t\t\n\t\t\t\t<\/div>\n\t\t\t<\/div> <!-- Overlay Wrapper Closed -->\n\n\t\t\t\t<\/a>\n\t\t\t\t\t\t\t<meta itemprop=\"width\" content=\"201\" \/>\n\t\t\t<meta itemprop=\"height\" content=\"300\" \/>\n\t\t\t<\/div>\n\t<\/div><div class=\"pp-photo-gallery-item pp-gallery-masonry-item\" data-item-id=\"1853\" itemprop=\"associatedMedia\" itemscope=\"itemscope\" itemtype=\"http:\/\/schema.org\/ImageObject\">\n\t<div class=\"pp-photo-gallery-content\">\n\n\t\t\t\t<a\n\t\t\thref=\"https:\/\/santaeulariaculturaijoventut.com\/wp-content\/uploads\/2021\/02\/39_B_Nits-al-Puig.jpg\"\n\t\t\t \n\t\t\t\t\t\tdata-fancybox=\"images\" \n\t\t\t \n\t\t\ttitle=\"39_B_Nits al Puig\" \n\t\t\t\t\t\tdata-caption=\"\"\n\t\t\t\t\t\tdata-description=\"\" \n\t\t\titemprop=\"contentUrl\"\n\t\t>\n\t\t\n\t\t\n\t\t\t<img loading=\"lazy\" decoding=\"async\" class=\"pp-gallery-img\" src=\"https:\/\/santaeulariaculturaijoventut.com\/wp-content\/uploads\/2021\/02\/39_B_Nits-al-Puig-200x300.jpg\" alt=\"\" data-no-lazy=\"1\" itemprop=\"thumbnail\" width=\"200\" height=\"300\" \/>\n\n\t\t\t<!-- Overlay Wrapper -->\n\t\t\t<div class=\"pp-gallery-overlay\">\n\t\t\t\t<div class=\"pp-overlay-inner\">\n\n\t\t\t\t\t\n\t\t\t\t\t\n\t\t\t\t<\/div>\n\t\t\t<\/div> <!-- Overlay Wrapper Closed -->\n\n\t\t\t\t<\/a>\n\t\t\t\t\t\t\t<meta itemprop=\"width\" content=\"200\" \/>\n\t\t\t<meta itemprop=\"height\" content=\"300\" \/>\n\t\t\t<\/div>\n\t<\/div><div class=\"pp-photo-gallery-item pp-gallery-masonry-item\" data-item-id=\"1855\" itemprop=\"associatedMedia\" itemscope=\"itemscope\" itemtype=\"http:\/\/schema.org\/ImageObject\">\n\t<div class=\"pp-photo-gallery-content\">\n\n\t\t\t\t<a\n\t\t\thref=\"https:\/\/santaeulariaculturaijoventut.com\/wp-content\/uploads\/2021\/02\/90_B_VESTIMENTA-TRADICIONAL.jpg\"\n\t\t\t \n\t\t\t\t\t\tdata-fancybox=\"images\" \n\t\t\t \n\t\t\ttitle=\"90_B_VESTIMENTA TRADICIONAL\" \n\t\t\t\t\t\tdata-caption=\"\"\n\t\t\t\t\t\tdata-description=\"\" \n\t\t\titemprop=\"contentUrl\"\n\t\t>\n\t\t\n\t\t\n\t\t\t<img loading=\"lazy\" decoding=\"async\" class=\"pp-gallery-img\" src=\"https:\/\/santaeulariaculturaijoventut.com\/wp-content\/uploads\/2021\/02\/90_B_VESTIMENTA-TRADICIONAL-154x300.jpg\" alt=\"\" data-no-lazy=\"1\" itemprop=\"thumbnail\" width=\"154\" height=\"300\" \/>\n\n\t\t\t<!-- Overlay Wrapper -->\n\t\t\t<div class=\"pp-gallery-overlay\">\n\t\t\t\t<div class=\"pp-overlay-inner\">\n\n\t\t\t\t\t\n\t\t\t\t\t\n\t\t\t\t<\/div>\n\t\t\t<\/div> <!-- Overlay Wrapper Closed -->\n\n\t\t\t\t<\/a>\n\t\t\t\t\t\t\t<meta itemprop=\"width\" content=\"154\" \/>\n\t\t\t<meta itemprop=\"height\" content=\"300\" \/>\n\t\t\t<\/div>\n\t<\/div><div class=\"pp-photo-gallery-item pp-gallery-masonry-item\" data-item-id=\"1857\" itemprop=\"associatedMedia\" itemscope=\"itemscope\" itemtype=\"http:\/\/schema.org\/ImageObject\">\n\t<div class=\"pp-photo-gallery-content\">\n\n\t\t\t\t<a\n\t\t\thref=\"https:\/\/santaeulariaculturaijoventut.com\/wp-content\/uploads\/2021\/02\/92_C.jpg\"\n\t\t\t \n\t\t\t\t\t\tdata-fancybox=\"images\" \n\t\t\t \n\t\t\ttitle=\"92_C\" \n\t\t\t\t\t\tdata-caption=\"\"\n\t\t\t\t\t\tdata-description=\"\" \n\t\t\titemprop=\"contentUrl\"\n\t\t>\n\t\t\n\t\t\n\t\t\t<img loading=\"lazy\" decoding=\"async\" class=\"pp-gallery-img\" src=\"https:\/\/santaeulariaculturaijoventut.com\/wp-content\/uploads\/2021\/02\/92_C-300x205.jpg\" alt=\"\" data-no-lazy=\"1\" itemprop=\"thumbnail\" width=\"300\" height=\"205\" \/>\n\n\t\t\t<!-- Overlay Wrapper -->\n\t\t\t<div class=\"pp-gallery-overlay\">\n\t\t\t\t<div class=\"pp-overlay-inner\">\n\n\t\t\t\t\t\n\t\t\t\t\t\n\t\t\t\t<\/div>\n\t\t\t<\/div> <!-- Overlay Wrapper Closed -->\n\n\t\t\t\t<\/a>\n\t\t\t\t\t\t\t<meta itemprop=\"width\" content=\"300\" \/>\n\t\t\t<meta itemprop=\"height\" content=\"205\" \/>\n\t\t\t<\/div>\n\t<\/div><div class=\"pp-photo-gallery-item pp-gallery-masonry-item\" data-item-id=\"1859\" itemprop=\"associatedMedia\" itemscope=\"itemscope\" itemtype=\"http:\/\/schema.org\/ImageObject\">\n\t<div class=\"pp-photo-gallery-content\">\n\n\t\t\t\t<a\n\t\t\thref=\"https:\/\/santaeulariaculturaijoventut.com\/wp-content\/uploads\/2021\/02\/114_B_Casa-Pagesa.jpg\"\n\t\t\t \n\t\t\t\t\t\tdata-fancybox=\"images\" \n\t\t\t \n\t\t\ttitle=\"114_B_Casa Pagesa\" \n\t\t\t\t\t\tdata-caption=\"\"\n\t\t\t\t\t\tdata-description=\"\" \n\t\t\titemprop=\"contentUrl\"\n\t\t>\n\t\t\n\t\t\n\t\t\t<img loading=\"lazy\" decoding=\"async\" class=\"pp-gallery-img\" src=\"https:\/\/santaeulariaculturaijoventut.com\/wp-content\/uploads\/2021\/02\/114_B_Casa-Pagesa-200x300.jpg\" alt=\"\" data-no-lazy=\"1\" itemprop=\"thumbnail\" width=\"200\" height=\"300\" \/>\n\n\t\t\t<!-- Overlay Wrapper -->\n\t\t\t<div class=\"pp-gallery-overlay\">\n\t\t\t\t<div class=\"pp-overlay-inner\">\n\n\t\t\t\t\t\n\t\t\t\t\t\n\t\t\t\t<\/div>\n\t\t\t<\/div> <!-- Overlay Wrapper Closed -->\n\n\t\t\t\t<\/a>\n\t\t\t\t\t\t\t<meta itemprop=\"width\" content=\"200\" \/>\n\t\t\t<meta itemprop=\"height\" content=\"300\" \/>\n\t\t\t<\/div>\n\t<\/div><div class=\"pp-photo-gallery-item pp-gallery-masonry-item\" data-item-id=\"1861\" itemprop=\"associatedMedia\" itemscope=\"itemscope\" itemtype=\"http:\/\/schema.org\/ImageObject\">\n\t<div class=\"pp-photo-gallery-content\">\n\n\t\t\t\t<a\n\t\t\thref=\"https:\/\/santaeulariaculturaijoventut.com\/wp-content\/uploads\/2021\/02\/92_A_.jpg\"\n\t\t\t \n\t\t\t\t\t\tdata-fancybox=\"images\" \n\t\t\t \n\t\t\ttitle=\"92_A_\" \n\t\t\t\t\t\tdata-caption=\"\"\n\t\t\t\t\t\tdata-description=\"\" \n\t\t\titemprop=\"contentUrl\"\n\t\t>\n\t\t\n\t\t\n\t\t\t<img loading=\"lazy\" decoding=\"async\" class=\"pp-gallery-img\" src=\"https:\/\/santaeulariaculturaijoventut.com\/wp-content\/uploads\/2021\/02\/92_A_-300x153.jpg\" alt=\"\" data-no-lazy=\"1\" itemprop=\"thumbnail\" width=\"300\" height=\"153\" \/>\n\n\t\t\t<!-- Overlay Wrapper -->\n\t\t\t<div class=\"pp-gallery-overlay\">\n\t\t\t\t<div class=\"pp-overlay-inner\">\n\n\t\t\t\t\t\n\t\t\t\t\t\n\t\t\t\t<\/div>\n\t\t\t<\/div> <!-- Overlay Wrapper Closed -->\n\n\t\t\t\t<\/a>\n\t\t\t\t\t\t\t<meta itemprop=\"width\" content=\"300\" \/>\n\t\t\t<meta itemprop=\"height\" content=\"153\" \/>\n\t\t\t<\/div>\n\t<\/div><div class=\"pp-photo-gallery-item pp-gallery-masonry-item\" data-item-id=\"1863\" itemprop=\"associatedMedia\" itemscope=\"itemscope\" itemtype=\"http:\/\/schema.org\/ImageObject\">\n\t<div class=\"pp-photo-gallery-content\">\n\n\t\t\t\t<a\n\t\t\thref=\"https:\/\/santaeulariaculturaijoventut.com\/wp-content\/uploads\/2021\/02\/64_C_LUZ-DE-UN-SUEN\u0303O.jpg\"\n\t\t\t \n\t\t\t\t\t\tdata-fancybox=\"images\" \n\t\t\t \n\t\t\ttitle=\"64_C_LUZ DE UN SUEN\u0303O\" \n\t\t\t\t\t\tdata-caption=\"\"\n\t\t\t\t\t\tdata-description=\"\" \n\t\t\titemprop=\"contentUrl\"\n\t\t>\n\t\t\n\t\t\n\t\t\t<img loading=\"lazy\" decoding=\"async\" class=\"pp-gallery-img\" src=\"https:\/\/santaeulariaculturaijoventut.com\/wp-content\/uploads\/2021\/02\/64_C_LUZ-DE-UN-SUEN\u0303O-200x300.jpg\" alt=\"\" data-no-lazy=\"1\" itemprop=\"thumbnail\" width=\"200\" height=\"300\" \/>\n\n\t\t\t<!-- Overlay Wrapper -->\n\t\t\t<div class=\"pp-gallery-overlay\">\n\t\t\t\t<div class=\"pp-overlay-inner\">\n\n\t\t\t\t\t\n\t\t\t\t\t\n\t\t\t\t<\/div>\n\t\t\t<\/div> <!-- Overlay Wrapper Closed -->\n\n\t\t\t\t<\/a>\n\t\t\t\t\t\t\t<meta itemprop=\"width\" content=\"200\" \/>\n\t\t\t<meta itemprop=\"height\" content=\"300\" \/>\n\t\t\t<\/div>\n\t<\/div><div class=\"pp-photo-gallery-item pp-gallery-masonry-item\" data-item-id=\"1865\" itemprop=\"associatedMedia\" itemscope=\"itemscope\" itemtype=\"http:\/\/schema.org\/ImageObject\">\n\t<div class=\"pp-photo-gallery-content\">\n\n\t\t\t\t<a\n\t\t\thref=\"https:\/\/santaeulariaculturaijoventut.com\/wp-content\/uploads\/2021\/02\/53_B_AMANTES-DE-LA-BELLEZA.jpg\"\n\t\t\t \n\t\t\t\t\t\tdata-fancybox=\"images\" \n\t\t\t \n\t\t\ttitle=\"53_B_AMANTES DE LA BELLEZA\" \n\t\t\t\t\t\tdata-caption=\"\"\n\t\t\t\t\t\tdata-description=\"\" \n\t\t\titemprop=\"contentUrl\"\n\t\t>\n\t\t\n\t\t\n\t\t\t<img loading=\"lazy\" decoding=\"async\" class=\"pp-gallery-img\" src=\"https:\/\/santaeulariaculturaijoventut.com\/wp-content\/uploads\/2021\/02\/53_B_AMANTES-DE-LA-BELLEZA-300x200.jpg\" alt=\"\" data-no-lazy=\"1\" itemprop=\"thumbnail\" width=\"300\" height=\"200\" \/>\n\n\t\t\t<!-- Overlay Wrapper -->\n\t\t\t<div class=\"pp-gallery-overlay\">\n\t\t\t\t<div class=\"pp-overlay-inner\">\n\n\t\t\t\t\t\n\t\t\t\t\t\n\t\t\t\t<\/div>\n\t\t\t<\/div> <!-- Overlay Wrapper Closed -->\n\n\t\t\t\t<\/a>\n\t\t\t\t\t\t\t<meta itemprop=\"width\" content=\"300\" \/>\n\t\t\t<meta itemprop=\"height\" content=\"200\" \/>\n\t\t\t<\/div>\n\t<\/div><div class=\"pp-photo-gallery-item pp-gallery-masonry-item\" data-item-id=\"1867\" itemprop=\"associatedMedia\" itemscope=\"itemscope\" itemtype=\"http:\/\/schema.org\/ImageObject\">\n\t<div class=\"pp-photo-gallery-content\">\n\n\t\t\t\t<a\n\t\t\thref=\"https:\/\/santaeulariaculturaijoventut.com\/wp-content\/uploads\/2021\/02\/26_A_AMETLLERS-DE-SILLA-DEIVISSA.jpg\"\n\t\t\t \n\t\t\t\t\t\tdata-fancybox=\"images\" \n\t\t\t \n\t\t\ttitle=\"26_A_AMETLLERS DE S&#039;ILLA D&#039;EIVISSA\" \n\t\t\t\t\t\tdata-caption=\"\"\n\t\t\t\t\t\tdata-description=\"\" \n\t\t\titemprop=\"contentUrl\"\n\t\t>\n\t\t\n\t\t\n\t\t\t<img loading=\"lazy\" decoding=\"async\" class=\"pp-gallery-img\" src=\"https:\/\/santaeulariaculturaijoventut.com\/wp-content\/uploads\/2021\/02\/26_A_AMETLLERS-DE-SILLA-DEIVISSA-300x127.jpg\" alt=\"\" data-no-lazy=\"1\" itemprop=\"thumbnail\" width=\"300\" height=\"127\" \/>\n\n\t\t\t<!-- Overlay Wrapper -->\n\t\t\t<div class=\"pp-gallery-overlay\">\n\t\t\t\t<div class=\"pp-overlay-inner\">\n\n\t\t\t\t\t\n\t\t\t\t\t\n\t\t\t\t<\/div>\n\t\t\t<\/div> <!-- Overlay Wrapper Closed -->\n\n\t\t\t\t<\/a>\n\t\t\t\t\t\t\t<meta itemprop=\"width\" content=\"300\" \/>\n\t\t\t<meta itemprop=\"height\" content=\"127\" \/>\n\t\t\t<\/div>\n\t<\/div><div class=\"pp-photo-gallery-item pp-gallery-masonry-item\" data-item-id=\"1869\" itemprop=\"associatedMedia\" itemscope=\"itemscope\" itemtype=\"http:\/\/schema.org\/ImageObject\">\n\t<div class=\"pp-photo-gallery-content\">\n\n\t\t\t\t<a\n\t\t\thref=\"https:\/\/santaeulariaculturaijoventut.com\/wp-content\/uploads\/2021\/02\/91_A_Sa-foto-me\u0301s-salada.jpg\"\n\t\t\t \n\t\t\t\t\t\tdata-fancybox=\"images\" \n\t\t\t \n\t\t\ttitle=\"91_A_Sa foto me\u0301s salada\" \n\t\t\t\t\t\tdata-caption=\"\"\n\t\t\t\t\t\tdata-description=\"\" \n\t\t\titemprop=\"contentUrl\"\n\t\t>\n\t\t\n\t\t\n\t\t\t<img loading=\"lazy\" decoding=\"async\" class=\"pp-gallery-img\" src=\"https:\/\/santaeulariaculturaijoventut.com\/wp-content\/uploads\/2021\/02\/91_A_Sa-foto-me\u0301s-salada-240x300.jpg\" alt=\"\" data-no-lazy=\"1\" itemprop=\"thumbnail\" width=\"240\" height=\"300\" \/>\n\n\t\t\t<!-- Overlay Wrapper -->\n\t\t\t<div class=\"pp-gallery-overlay\">\n\t\t\t\t<div class=\"pp-overlay-inner\">\n\n\t\t\t\t\t\n\t\t\t\t\t\n\t\t\t\t<\/div>\n\t\t\t<\/div> <!-- Overlay Wrapper Closed -->\n\n\t\t\t\t<\/a>\n\t\t\t\t\t\t\t<meta itemprop=\"width\" content=\"240\" \/>\n\t\t\t<meta itemprop=\"height\" content=\"300\" \/>\n\t\t\t<\/div>\n\t<\/div><div class=\"pp-photo-gallery-item pp-gallery-masonry-item\" data-item-id=\"1871\" itemprop=\"associatedMedia\" itemscope=\"itemscope\" itemtype=\"http:\/\/schema.org\/ImageObject\">\n\t<div class=\"pp-photo-gallery-content\">\n\n\t\t\t\t<a\n\t\t\thref=\"https:\/\/santaeulariaculturaijoventut.com\/wp-content\/uploads\/2021\/02\/15_A_Arcs-i-llum.jpg\"\n\t\t\t \n\t\t\t\t\t\tdata-fancybox=\"images\" \n\t\t\t \n\t\t\ttitle=\"15_A_Arcs i llum\" \n\t\t\t\t\t\tdata-caption=\"\"\n\t\t\t\t\t\tdata-description=\"\" \n\t\t\titemprop=\"contentUrl\"\n\t\t>\n\t\t\n\t\t\n\t\t\t<img loading=\"lazy\" decoding=\"async\" class=\"pp-gallery-img\" src=\"https:\/\/santaeulariaculturaijoventut.com\/wp-content\/uploads\/2021\/02\/15_A_Arcs-i-llum-300x225.jpg\" alt=\"\" data-no-lazy=\"1\" itemprop=\"thumbnail\" width=\"300\" height=\"225\" \/>\n\n\t\t\t<!-- Overlay Wrapper -->\n\t\t\t<div class=\"pp-gallery-overlay\">\n\t\t\t\t<div class=\"pp-overlay-inner\">\n\n\t\t\t\t\t\n\t\t\t\t\t\n\t\t\t\t<\/div>\n\t\t\t<\/div> <!-- Overlay Wrapper Closed -->\n\n\t\t\t\t<\/a>\n\t\t\t\t\t\t\t<meta itemprop=\"width\" content=\"300\" \/>\n\t\t\t<meta itemprop=\"height\" content=\"225\" \/>\n\t\t\t<\/div>\n\t<\/div><div class=\"pp-photo-gallery-item pp-gallery-masonry-item\" data-item-id=\"1873\" itemprop=\"associatedMedia\" itemscope=\"itemscope\" itemtype=\"http:\/\/schema.org\/ImageObject\">\n\t<div class=\"pp-photo-gallery-content\">\n\n\t\t\t\t<a\n\t\t\thref=\"https:\/\/santaeulariaculturaijoventut.com\/wp-content\/uploads\/2021\/02\/120_A_Fins-a-la-lluna.jpg\"\n\t\t\t \n\t\t\t\t\t\tdata-fancybox=\"images\" \n\t\t\t \n\t\t\ttitle=\"120_A_Fins a la lluna\" \n\t\t\t\t\t\tdata-caption=\"\"\n\t\t\t\t\t\tdata-description=\"\" \n\t\t\titemprop=\"contentUrl\"\n\t\t>\n\t\t\n\t\t\n\t\t\t<img loading=\"lazy\" decoding=\"async\" class=\"pp-gallery-img\" src=\"https:\/\/santaeulariaculturaijoventut.com\/wp-content\/uploads\/2021\/02\/120_A_Fins-a-la-lluna-300x200.jpg\" alt=\"\" data-no-lazy=\"1\" itemprop=\"thumbnail\" width=\"300\" height=\"200\" \/>\n\n\t\t\t<!-- Overlay Wrapper -->\n\t\t\t<div class=\"pp-gallery-overlay\">\n\t\t\t\t<div class=\"pp-overlay-inner\">\n\n\t\t\t\t\t\n\t\t\t\t\t\n\t\t\t\t<\/div>\n\t\t\t<\/div> <!-- Overlay Wrapper Closed -->\n\n\t\t\t\t<\/a>\n\t\t\t\t\t\t\t<meta itemprop=\"width\" content=\"300\" \/>\n\t\t\t<meta itemprop=\"height\" content=\"200\" \/>\n\t\t\t<\/div>\n\t<\/div><div class=\"pp-photo-gallery-item pp-gallery-masonry-item\" data-item-id=\"1875\" itemprop=\"associatedMedia\" itemscope=\"itemscope\" itemtype=\"http:\/\/schema.org\/ImageObject\">\n\t<div class=\"pp-photo-gallery-content\">\n\n\t\t\t\t<a\n\t\t\thref=\"https:\/\/santaeulariaculturaijoventut.com\/wp-content\/uploads\/2021\/02\/34_A_DIA-DE-SANTA-EULA\u0300RIA.jpg\"\n\t\t\t \n\t\t\t\t\t\tdata-fancybox=\"images\" \n\t\t\t \n\t\t\ttitle=\"34_A_DIA DE SANTA EULA\u0300RIA\" \n\t\t\t\t\t\tdata-caption=\"\"\n\t\t\t\t\t\tdata-description=\"\" \n\t\t\titemprop=\"contentUrl\"\n\t\t>\n\t\t\n\t\t\n\t\t\t<img loading=\"lazy\" decoding=\"async\" class=\"pp-gallery-img\" src=\"https:\/\/santaeulariaculturaijoventut.com\/wp-content\/uploads\/2021\/02\/34_A_DIA-DE-SANTA-EULA\u0300RIA-199x300.jpg\" alt=\"\" data-no-lazy=\"1\" itemprop=\"thumbnail\" width=\"199\" height=\"300\" \/>\n\n\t\t\t<!-- Overlay Wrapper -->\n\t\t\t<div class=\"pp-gallery-overlay\">\n\t\t\t\t<div class=\"pp-overlay-inner\">\n\n\t\t\t\t\t\n\t\t\t\t\t\n\t\t\t\t<\/div>\n\t\t\t<\/div> <!-- Overlay Wrapper Closed -->\n\n\t\t\t\t<\/a>\n\t\t\t\t\t\t\t<meta itemprop=\"width\" content=\"199\" \/>\n\t\t\t<meta itemprop=\"height\" content=\"300\" \/>\n\t\t\t<\/div>\n\t<\/div><div class=\"pp-photo-gallery-item pp-gallery-masonry-item\" data-item-id=\"1877\" itemprop=\"associatedMedia\" itemscope=\"itemscope\" itemtype=\"http:\/\/schema.org\/ImageObject\">\n\t<div class=\"pp-photo-gallery-content\">\n\n\t\t\t\t<a\n\t\t\thref=\"https:\/\/santaeulariaculturaijoventut.com\/wp-content\/uploads\/2021\/02\/56_B_NOCHE-Y-DIA.jpg\"\n\t\t\t \n\t\t\t\t\t\tdata-fancybox=\"images\" \n\t\t\t \n\t\t\ttitle=\"56_B_NOCHE Y DIA\" \n\t\t\t\t\t\tdata-caption=\"\"\n\t\t\t\t\t\tdata-description=\"\" \n\t\t\titemprop=\"contentUrl\"\n\t\t>\n\t\t\n\t\t\n\t\t\t<img loading=\"lazy\" decoding=\"async\" class=\"pp-gallery-img\" src=\"https:\/\/santaeulariaculturaijoventut.com\/wp-content\/uploads\/2021\/02\/56_B_NOCHE-Y-DIA-300x200.jpg\" alt=\"\" data-no-lazy=\"1\" itemprop=\"thumbnail\" width=\"300\" height=\"200\" \/>\n\n\t\t\t<!-- Overlay Wrapper -->\n\t\t\t<div class=\"pp-gallery-overlay\">\n\t\t\t\t<div class=\"pp-overlay-inner\">\n\n\t\t\t\t\t\n\t\t\t\t\t\n\t\t\t\t<\/div>\n\t\t\t<\/div> <!-- Overlay Wrapper Closed -->\n\n\t\t\t\t<\/a>\n\t\t\t\t\t\t\t<meta itemprop=\"width\" content=\"300\" \/>\n\t\t\t<meta itemprop=\"height\" content=\"200\" \/>\n\t\t\t<\/div>\n\t<\/div><div class=\"pp-photo-gallery-item pp-gallery-masonry-item\" data-item-id=\"1879\" itemprop=\"associatedMedia\" itemscope=\"itemscope\" itemtype=\"http:\/\/schema.org\/ImageObject\">\n\t<div class=\"pp-photo-gallery-content\">\n\n\t\t\t\t<a\n\t\t\thref=\"https:\/\/santaeulariaculturaijoventut.com\/wp-content\/uploads\/2021\/02\/75_B_NUESTRA-MODA.jpg\"\n\t\t\t \n\t\t\t\t\t\tdata-fancybox=\"images\" \n\t\t\t \n\t\t\ttitle=\"75_B_NUESTRA MODA\" \n\t\t\t\t\t\tdata-caption=\"\"\n\t\t\t\t\t\tdata-description=\"\" \n\t\t\titemprop=\"contentUrl\"\n\t\t>\n\t\t\n\t\t\n\t\t\t<img loading=\"lazy\" decoding=\"async\" class=\"pp-gallery-img\" src=\"https:\/\/santaeulariaculturaijoventut.com\/wp-content\/uploads\/2021\/02\/75_B_NUESTRA-MODA-200x300.jpg\" alt=\"\" data-no-lazy=\"1\" itemprop=\"thumbnail\" width=\"200\" height=\"300\" \/>\n\n\t\t\t<!-- Overlay Wrapper -->\n\t\t\t<div class=\"pp-gallery-overlay\">\n\t\t\t\t<div class=\"pp-overlay-inner\">\n\n\t\t\t\t\t\n\t\t\t\t\t\n\t\t\t\t<\/div>\n\t\t\t<\/div> <!-- Overlay Wrapper Closed -->\n\n\t\t\t\t<\/a>\n\t\t\t\t\t\t\t<meta itemprop=\"width\" content=\"200\" \/>\n\t\t\t<meta itemprop=\"height\" content=\"300\" \/>\n\t\t\t<\/div>\n\t<\/div><div class=\"pp-photo-gallery-item pp-gallery-masonry-item\" data-item-id=\"1881\" itemprop=\"associatedMedia\" itemscope=\"itemscope\" itemtype=\"http:\/\/schema.org\/ImageObject\">\n\t<div class=\"pp-photo-gallery-content\">\n\n\t\t\t\t<a\n\t\t\thref=\"https:\/\/santaeulariaculturaijoventut.com\/wp-content\/uploads\/2021\/02\/61_C_Torre-d\u00b4es-Savinar.jpg\"\n\t\t\t \n\t\t\t\t\t\tdata-fancybox=\"images\" \n\t\t\t \n\t\t\ttitle=\"61_C_Torre d\u00b4es Savinar\" \n\t\t\t\t\t\tdata-caption=\"\"\n\t\t\t\t\t\tdata-description=\"\" \n\t\t\titemprop=\"contentUrl\"\n\t\t>\n\t\t\n\t\t\n\t\t\t<img loading=\"lazy\" decoding=\"async\" class=\"pp-gallery-img\" src=\"https:\/\/santaeulariaculturaijoventut.com\/wp-content\/uploads\/2021\/02\/61_C_Torre-d\u00b4es-Savinar-300x209.jpg\" alt=\"\" data-no-lazy=\"1\" itemprop=\"thumbnail\" width=\"300\" height=\"209\" \/>\n\n\t\t\t<!-- Overlay Wrapper -->\n\t\t\t<div class=\"pp-gallery-overlay\">\n\t\t\t\t<div class=\"pp-overlay-inner\">\n\n\t\t\t\t\t\n\t\t\t\t\t\n\t\t\t\t<\/div>\n\t\t\t<\/div> <!-- Overlay Wrapper Closed -->\n\n\t\t\t\t<\/a>\n\t\t\t\t\t\t\t<meta itemprop=\"width\" content=\"300\" \/>\n\t\t\t<meta itemprop=\"height\" content=\"209\" \/>\n\t\t\t<\/div>\n\t<\/div><div class=\"pp-photo-gallery-item pp-gallery-masonry-item\" data-item-id=\"1883\" itemprop=\"associatedMedia\" itemscope=\"itemscope\" itemtype=\"http:\/\/schema.org\/ImageObject\">\n\t<div class=\"pp-photo-gallery-content\">\n\n\t\t\t\t<a\n\t\t\thref=\"https:\/\/santaeulariaculturaijoventut.com\/wp-content\/uploads\/2021\/02\/25_B_FIGUERES.jpg\"\n\t\t\t \n\t\t\t\t\t\tdata-fancybox=\"images\" \n\t\t\t \n\t\t\ttitle=\"25_B_FIGUERES\" \n\t\t\t\t\t\tdata-caption=\"\"\n\t\t\t\t\t\tdata-description=\"\" \n\t\t\titemprop=\"contentUrl\"\n\t\t>\n\t\t\n\t\t\n\t\t\t<img loading=\"lazy\" decoding=\"async\" class=\"pp-gallery-img\" src=\"https:\/\/santaeulariaculturaijoventut.com\/wp-content\/uploads\/2021\/02\/25_B_FIGUERES-165x300.jpg\" alt=\"\" data-no-lazy=\"1\" itemprop=\"thumbnail\" width=\"165\" height=\"300\" \/>\n\n\t\t\t<!-- Overlay Wrapper -->\n\t\t\t<div class=\"pp-gallery-overlay\">\n\t\t\t\t<div class=\"pp-overlay-inner\">\n\n\t\t\t\t\t\n\t\t\t\t\t\n\t\t\t\t<\/div>\n\t\t\t<\/div> <!-- Overlay Wrapper Closed -->\n\n\t\t\t\t<\/a>\n\t\t\t\t\t\t\t<meta itemprop=\"width\" content=\"165\" \/>\n\t\t\t<meta itemprop=\"height\" content=\"300\" \/>\n\t\t\t<\/div>\n\t<\/div><div class=\"pp-photo-gallery-item pp-gallery-masonry-item\" data-item-id=\"1885\" itemprop=\"associatedMedia\" itemscope=\"itemscope\" itemtype=\"http:\/\/schema.org\/ImageObject\">\n\t<div class=\"pp-photo-gallery-content\">\n\n\t\t\t\t<a\n\t\t\thref=\"https:\/\/santaeulariaculturaijoventut.com\/wp-content\/uploads\/2021\/02\/90_C_BALLAM.jpg\"\n\t\t\t \n\t\t\t\t\t\tdata-fancybox=\"images\" \n\t\t\t \n\t\t\ttitle=\"90_C_BALLAM\" \n\t\t\t\t\t\tdata-caption=\"\"\n\t\t\t\t\t\tdata-description=\"\" \n\t\t\titemprop=\"contentUrl\"\n\t\t>\n\t\t\n\t\t\n\t\t\t<img loading=\"lazy\" decoding=\"async\" class=\"pp-gallery-img\" src=\"https:\/\/santaeulariaculturaijoventut.com\/wp-content\/uploads\/2021\/02\/90_C_BALLAM-214x300.jpg\" alt=\"\" data-no-lazy=\"1\" itemprop=\"thumbnail\" width=\"214\" height=\"300\" \/>\n\n\t\t\t<!-- Overlay Wrapper -->\n\t\t\t<div class=\"pp-gallery-overlay\">\n\t\t\t\t<div class=\"pp-overlay-inner\">\n\n\t\t\t\t\t\n\t\t\t\t\t\n\t\t\t\t<\/div>\n\t\t\t<\/div> <!-- Overlay Wrapper Closed -->\n\n\t\t\t\t<\/a>\n\t\t\t\t\t\t\t<meta itemprop=\"width\" content=\"214\" \/>\n\t\t\t<meta itemprop=\"height\" content=\"300\" \/>\n\t\t\t<\/div>\n\t<\/div><div class=\"pp-photo-gallery-item pp-gallery-masonry-item\" data-item-id=\"1887\" itemprop=\"associatedMedia\" itemscope=\"itemscope\" itemtype=\"http:\/\/schema.org\/ImageObject\">\n\t<div class=\"pp-photo-gallery-content\">\n\n\t\t\t\t<a\n\t\t\thref=\"https:\/\/santaeulariaculturaijoventut.com\/wp-content\/uploads\/2021\/02\/12_A_A-CEL-A-LA-TERRA.jpg\"\n\t\t\t \n\t\t\t\t\t\tdata-fancybox=\"images\" \n\t\t\t \n\t\t\ttitle=\"12_A_A CEL A LA TERRA\" \n\t\t\t\t\t\tdata-caption=\"\"\n\t\t\t\t\t\tdata-description=\"\" \n\t\t\titemprop=\"contentUrl\"\n\t\t>\n\t\t\n\t\t\n\t\t\t<img loading=\"lazy\" decoding=\"async\" class=\"pp-gallery-img\" src=\"https:\/\/santaeulariaculturaijoventut.com\/wp-content\/uploads\/2021\/02\/12_A_A-CEL-A-LA-TERRA-206x300.jpg\" alt=\"\" data-no-lazy=\"1\" itemprop=\"thumbnail\" width=\"206\" height=\"300\" \/>\n\n\t\t\t<!-- Overlay Wrapper -->\n\t\t\t<div class=\"pp-gallery-overlay\">\n\t\t\t\t<div class=\"pp-overlay-inner\">\n\n\t\t\t\t\t\n\t\t\t\t\t\n\t\t\t\t<\/div>\n\t\t\t<\/div> <!-- Overlay Wrapper Closed -->\n\n\t\t\t\t<\/a>\n\t\t\t\t\t\t\t<meta itemprop=\"width\" content=\"206\" \/>\n\t\t\t<meta itemprop=\"height\" content=\"300\" \/>\n\t\t\t<\/div>\n\t<\/div><div class=\"pp-photo-gallery-item pp-gallery-masonry-item\" data-item-id=\"1889\" itemprop=\"associatedMedia\" itemscope=\"itemscope\" itemtype=\"http:\/\/schema.org\/ImageObject\">\n\t<div class=\"pp-photo-gallery-content\">\n\n\t\t\t\t<a\n\t\t\thref=\"https:\/\/santaeulariaculturaijoventut.com\/wp-content\/uploads\/2021\/02\/16_A_-Pagesa-Can-Tomas-Sant-Llorenc\u0327.jpg\"\n\t\t\t \n\t\t\t\t\t\tdata-fancybox=\"images\" \n\t\t\t \n\t\t\ttitle=\"16_A_ Pagesa Can Tomas - Sant Llorenc\u0327\" \n\t\t\t\t\t\tdata-caption=\"\"\n\t\t\t\t\t\tdata-description=\"\" \n\t\t\titemprop=\"contentUrl\"\n\t\t>\n\t\t\n\t\t\n\t\t\t<img loading=\"lazy\" decoding=\"async\" class=\"pp-gallery-img\" src=\"https:\/\/santaeulariaculturaijoventut.com\/wp-content\/uploads\/2021\/02\/16_A_-Pagesa-Can-Tomas-Sant-Llorenc\u0327-200x300.jpg\" alt=\"\" data-no-lazy=\"1\" itemprop=\"thumbnail\" width=\"200\" height=\"300\" \/>\n\n\t\t\t<!-- Overlay Wrapper -->\n\t\t\t<div class=\"pp-gallery-overlay\">\n\t\t\t\t<div class=\"pp-overlay-inner\">\n\n\t\t\t\t\t\n\t\t\t\t\t\n\t\t\t\t<\/div>\n\t\t\t<\/div> <!-- Overlay Wrapper Closed -->\n\n\t\t\t\t<\/a>\n\t\t\t\t\t\t\t<meta itemprop=\"width\" content=\"200\" \/>\n\t\t\t<meta itemprop=\"height\" content=\"300\" \/>\n\t\t\t<\/div>\n\t<\/div><div class=\"pp-photo-gallery-item pp-gallery-masonry-item\" data-item-id=\"1891\" itemprop=\"associatedMedia\" itemscope=\"itemscope\" itemtype=\"http:\/\/schema.org\/ImageObject\">\n\t<div class=\"pp-photo-gallery-content\">\n\n\t\t\t\t<a\n\t\t\thref=\"https:\/\/santaeulariaculturaijoventut.com\/wp-content\/uploads\/2021\/02\/56_C_NOCHE-Y-DIA.jpg\"\n\t\t\t \n\t\t\t\t\t\tdata-fancybox=\"images\" \n\t\t\t \n\t\t\ttitle=\"56_C_NOCHE Y DIA\" \n\t\t\t\t\t\tdata-caption=\"\"\n\t\t\t\t\t\tdata-description=\"\" \n\t\t\titemprop=\"contentUrl\"\n\t\t>\n\t\t\n\t\t\n\t\t\t<img loading=\"lazy\" decoding=\"async\" class=\"pp-gallery-img\" src=\"https:\/\/santaeulariaculturaijoventut.com\/wp-content\/uploads\/2021\/02\/56_C_NOCHE-Y-DIA-200x300.jpg\" alt=\"\" data-no-lazy=\"1\" itemprop=\"thumbnail\" width=\"200\" height=\"300\" \/>\n\n\t\t\t<!-- Overlay Wrapper -->\n\t\t\t<div class=\"pp-gallery-overlay\">\n\t\t\t\t<div class=\"pp-overlay-inner\">\n\n\t\t\t\t\t\n\t\t\t\t\t\n\t\t\t\t<\/div>\n\t\t\t<\/div> <!-- Overlay Wrapper Closed -->\n\n\t\t\t\t<\/a>\n\t\t\t\t\t\t\t<meta itemprop=\"width\" content=\"200\" \/>\n\t\t\t<meta itemprop=\"height\" content=\"300\" \/>\n\t\t\t<\/div>\n\t<\/div><div class=\"pp-photo-gallery-item pp-gallery-masonry-item\" data-item-id=\"1893\" itemprop=\"associatedMedia\" itemscope=\"itemscope\" itemtype=\"http:\/\/schema.org\/ImageObject\">\n\t<div class=\"pp-photo-gallery-content\">\n\n\t\t\t\t<a\n\t\t\thref=\"https:\/\/santaeulariaculturaijoventut.com\/wp-content\/uploads\/2021\/02\/90_A_ESENCIA-PURA.jpg\"\n\t\t\t \n\t\t\t\t\t\tdata-fancybox=\"images\" \n\t\t\t \n\t\t\ttitle=\"90_A_ESENCIA PURA\" \n\t\t\t\t\t\tdata-caption=\"\"\n\t\t\t\t\t\tdata-description=\"\" \n\t\t\titemprop=\"contentUrl\"\n\t\t>\n\t\t\n\t\t\n\t\t\t<img loading=\"lazy\" decoding=\"async\" class=\"pp-gallery-img\" src=\"https:\/\/santaeulariaculturaijoventut.com\/wp-content\/uploads\/2021\/02\/90_A_ESENCIA-PURA-229x300.jpg\" alt=\"\" data-no-lazy=\"1\" itemprop=\"thumbnail\" width=\"229\" height=\"300\" \/>\n\n\t\t\t<!-- Overlay Wrapper -->\n\t\t\t<div class=\"pp-gallery-overlay\">\n\t\t\t\t<div class=\"pp-overlay-inner\">\n\n\t\t\t\t\t\n\t\t\t\t\t\n\t\t\t\t<\/div>\n\t\t\t<\/div> <!-- Overlay Wrapper Closed -->\n\n\t\t\t\t<\/a>\n\t\t\t\t\t\t\t<meta itemprop=\"width\" content=\"229\" \/>\n\t\t\t<meta itemprop=\"height\" content=\"300\" \/>\n\t\t\t<\/div>\n\t<\/div><div class=\"pp-photo-gallery-item pp-gallery-masonry-item\" data-item-id=\"1895\" itemprop=\"associatedMedia\" itemscope=\"itemscope\" itemtype=\"http:\/\/schema.org\/ImageObject\">\n\t<div class=\"pp-photo-gallery-content\">\n\n\t\t\t\t<a\n\t\t\thref=\"https:\/\/santaeulariaculturaijoventut.com\/wp-content\/uploads\/2021\/02\/69_C_Font-d-Atzaro.jpg\"\n\t\t\t \n\t\t\t\t\t\tdata-fancybox=\"images\" \n\t\t\t \n\t\t\ttitle=\"69_C_Font d&#039; Atzaro\" \n\t\t\t\t\t\tdata-caption=\"\"\n\t\t\t\t\t\tdata-description=\"\" \n\t\t\titemprop=\"contentUrl\"\n\t\t>\n\t\t\n\t\t\n\t\t\t<img loading=\"lazy\" decoding=\"async\" class=\"pp-gallery-img\" src=\"https:\/\/santaeulariaculturaijoventut.com\/wp-content\/uploads\/2021\/02\/69_C_Font-d-Atzaro-200x300.jpg\" alt=\"\" data-no-lazy=\"1\" itemprop=\"thumbnail\" width=\"200\" height=\"300\" \/>\n\n\t\t\t<!-- Overlay Wrapper -->\n\t\t\t<div class=\"pp-gallery-overlay\">\n\t\t\t\t<div class=\"pp-overlay-inner\">\n\n\t\t\t\t\t\n\t\t\t\t\t\n\t\t\t\t<\/div>\n\t\t\t<\/div> <!-- Overlay Wrapper Closed -->\n\n\t\t\t\t<\/a>\n\t\t\t\t\t\t\t<meta itemprop=\"width\" content=\"200\" \/>\n\t\t\t<meta itemprop=\"height\" content=\"300\" \/>\n\t\t\t<\/div>\n\t<\/div><div class=\"pp-photo-gallery-item pp-gallery-masonry-item\" data-item-id=\"1897\" itemprop=\"associatedMedia\" itemscope=\"itemscope\" itemtype=\"http:\/\/schema.org\/ImageObject\">\n\t<div class=\"pp-photo-gallery-content\">\n\n\t\t\t\t<a\n\t\t\thref=\"https:\/\/santaeulariaculturaijoventut.com\/wp-content\/uploads\/2021\/02\/35_A_TARDES-DESTIU.jpg\"\n\t\t\t \n\t\t\t\t\t\tdata-fancybox=\"images\" \n\t\t\t \n\t\t\ttitle=\"35_A_TARDES D&#039;ESTIU\" \n\t\t\t\t\t\tdata-caption=\"\"\n\t\t\t\t\t\tdata-description=\"\" \n\t\t\titemprop=\"contentUrl\"\n\t\t>\n\t\t\n\t\t\n\t\t\t<img loading=\"lazy\" decoding=\"async\" class=\"pp-gallery-img\" src=\"https:\/\/santaeulariaculturaijoventut.com\/wp-content\/uploads\/2021\/02\/35_A_TARDES-DESTIU-300x200.jpg\" alt=\"\" data-no-lazy=\"1\" itemprop=\"thumbnail\" width=\"300\" height=\"200\" \/>\n\n\t\t\t<!-- Overlay Wrapper -->\n\t\t\t<div class=\"pp-gallery-overlay\">\n\t\t\t\t<div class=\"pp-overlay-inner\">\n\n\t\t\t\t\t\n\t\t\t\t\t\n\t\t\t\t<\/div>\n\t\t\t<\/div> <!-- Overlay Wrapper Closed -->\n\n\t\t\t\t<\/a>\n\t\t\t\t\t\t\t<meta itemprop=\"width\" content=\"300\" \/>\n\t\t\t<meta itemprop=\"height\" content=\"200\" \/>\n\t\t\t<\/div>\n\t<\/div><div class=\"pp-photo-gallery-item pp-gallery-masonry-item\" data-item-id=\"1899\" itemprop=\"associatedMedia\" itemscope=\"itemscope\" itemtype=\"http:\/\/schema.org\/ImageObject\">\n\t<div class=\"pp-photo-gallery-content\">\n\n\t\t\t\t<a\n\t\t\thref=\"https:\/\/santaeulariaculturaijoventut.com\/wp-content\/uploads\/2021\/02\/126_C_En-el-fondo-hay-colores.jpg\"\n\t\t\t \n\t\t\t\t\t\tdata-fancybox=\"images\" \n\t\t\t \n\t\t\ttitle=\"126_C_En el fondo hay colores\" \n\t\t\t\t\t\tdata-caption=\"\"\n\t\t\t\t\t\tdata-description=\"\" \n\t\t\titemprop=\"contentUrl\"\n\t\t>\n\t\t\n\t\t\n\t\t\t<img loading=\"lazy\" decoding=\"async\" class=\"pp-gallery-img\" src=\"https:\/\/santaeulariaculturaijoventut.com\/wp-content\/uploads\/2021\/02\/126_C_En-el-fondo-hay-colores-300x225.jpg\" alt=\"\" data-no-lazy=\"1\" itemprop=\"thumbnail\" width=\"300\" height=\"225\" \/>\n\n\t\t\t<!-- Overlay Wrapper -->\n\t\t\t<div class=\"pp-gallery-overlay\">\n\t\t\t\t<div class=\"pp-overlay-inner\">\n\n\t\t\t\t\t\n\t\t\t\t\t\n\t\t\t\t<\/div>\n\t\t\t<\/div> <!-- Overlay Wrapper Closed -->\n\n\t\t\t\t<\/a>\n\t\t\t\t\t\t\t<meta itemprop=\"width\" content=\"300\" \/>\n\t\t\t<meta itemprop=\"height\" content=\"225\" \/>\n\t\t\t<\/div>\n\t<\/div><div class=\"pp-photo-gallery-item pp-gallery-masonry-item\" data-item-id=\"1901\" itemprop=\"associatedMedia\" itemscope=\"itemscope\" itemtype=\"http:\/\/schema.org\/ImageObject\">\n\t<div class=\"pp-photo-gallery-content\">\n\n\t\t\t\t<a\n\t\t\thref=\"https:\/\/santaeulariaculturaijoventut.com\/wp-content\/uploads\/2021\/02\/7_A_-Puesta-de-sol.jpg\"\n\t\t\t \n\t\t\t\t\t\tdata-fancybox=\"images\" \n\t\t\t \n\t\t\ttitle=\"7_A_ Puesta de sol\" \n\t\t\t\t\t\tdata-caption=\"\"\n\t\t\t\t\t\tdata-description=\"\" \n\t\t\titemprop=\"contentUrl\"\n\t\t>\n\t\t\n\t\t\n\t\t\t<img loading=\"lazy\" decoding=\"async\" class=\"pp-gallery-img\" src=\"https:\/\/santaeulariaculturaijoventut.com\/wp-content\/uploads\/2021\/02\/7_A_-Puesta-de-sol-300x169.jpg\" alt=\"\" data-no-lazy=\"1\" itemprop=\"thumbnail\" width=\"300\" height=\"169\" \/>\n\n\t\t\t<!-- Overlay Wrapper -->\n\t\t\t<div class=\"pp-gallery-overlay\">\n\t\t\t\t<div class=\"pp-overlay-inner\">\n\n\t\t\t\t\t\n\t\t\t\t\t\n\t\t\t\t<\/div>\n\t\t\t<\/div> <!-- Overlay Wrapper Closed -->\n\n\t\t\t\t<\/a>\n\t\t\t\t\t\t\t<meta itemprop=\"width\" content=\"300\" \/>\n\t\t\t<meta itemprop=\"height\" content=\"169\" \/>\n\t\t\t<\/div>\n\t<\/div><div class=\"pp-photo-gallery-item pp-gallery-masonry-item\" data-item-id=\"1903\" itemprop=\"associatedMedia\" itemscope=\"itemscope\" itemtype=\"http:\/\/schema.org\/ImageObject\">\n\t<div class=\"pp-photo-gallery-content\">\n\n\t\t\t\t<a\n\t\t\thref=\"https:\/\/santaeulariaculturaijoventut.com\/wp-content\/uploads\/2021\/02\/70_C.jpg\"\n\t\t\t \n\t\t\t\t\t\tdata-fancybox=\"images\" \n\t\t\t \n\t\t\ttitle=\"70_C\" \n\t\t\t\t\t\tdata-caption=\"\"\n\t\t\t\t\t\tdata-description=\"\" \n\t\t\titemprop=\"contentUrl\"\n\t\t>\n\t\t\n\t\t\n\t\t\t<img loading=\"lazy\" decoding=\"async\" class=\"pp-gallery-img\" src=\"https:\/\/santaeulariaculturaijoventut.com\/wp-content\/uploads\/2021\/02\/70_C-169x300.jpg\" alt=\"\" data-no-lazy=\"1\" itemprop=\"thumbnail\" width=\"169\" height=\"300\" \/>\n\n\t\t\t<!-- Overlay Wrapper -->\n\t\t\t<div class=\"pp-gallery-overlay\">\n\t\t\t\t<div class=\"pp-overlay-inner\">\n\n\t\t\t\t\t\n\t\t\t\t\t\n\t\t\t\t<\/div>\n\t\t\t<\/div> <!-- Overlay Wrapper Closed -->\n\n\t\t\t\t<\/a>\n\t\t\t\t\t\t\t<meta itemprop=\"width\" content=\"169\" \/>\n\t\t\t<meta itemprop=\"height\" content=\"300\" \/>\n\t\t\t<\/div>\n\t<\/div><div class=\"pp-photo-gallery-item pp-gallery-masonry-item\" data-item-id=\"1905\" itemprop=\"associatedMedia\" itemscope=\"itemscope\" itemtype=\"http:\/\/schema.org\/ImageObject\">\n\t<div class=\"pp-photo-gallery-content\">\n\n\t\t\t\t<a\n\t\t\thref=\"https:\/\/santaeulariaculturaijoventut.com\/wp-content\/uploads\/2021\/02\/110_B_Autosuficiencia.jpg\"\n\t\t\t \n\t\t\t\t\t\tdata-fancybox=\"images\" \n\t\t\t \n\t\t\ttitle=\"110_B_Autosuficiencia\" \n\t\t\t\t\t\tdata-caption=\"\"\n\t\t\t\t\t\tdata-description=\"\" \n\t\t\titemprop=\"contentUrl\"\n\t\t>\n\t\t\n\t\t\n\t\t\t<img loading=\"lazy\" decoding=\"async\" class=\"pp-gallery-img\" src=\"https:\/\/santaeulariaculturaijoventut.com\/wp-content\/uploads\/2021\/02\/110_B_Autosuficiencia-225x300.jpg\" alt=\"\" data-no-lazy=\"1\" itemprop=\"thumbnail\" width=\"225\" height=\"300\" \/>\n\n\t\t\t<!-- Overlay Wrapper -->\n\t\t\t<div class=\"pp-gallery-overlay\">\n\t\t\t\t<div class=\"pp-overlay-inner\">\n\n\t\t\t\t\t\n\t\t\t\t\t\n\t\t\t\t<\/div>\n\t\t\t<\/div> <!-- Overlay Wrapper Closed -->\n\n\t\t\t\t<\/a>\n\t\t\t\t\t\t\t<meta itemprop=\"width\" content=\"225\" \/>\n\t\t\t<meta itemprop=\"height\" content=\"300\" \/>\n\t\t\t<\/div>\n\t<\/div><div class=\"pp-photo-gallery-item pp-gallery-masonry-item\" data-item-id=\"1907\" itemprop=\"associatedMedia\" itemscope=\"itemscope\" itemtype=\"http:\/\/schema.org\/ImageObject\">\n\t<div class=\"pp-photo-gallery-content\">\n\n\t\t\t\t<a\n\t\t\thref=\"https:\/\/santaeulariaculturaijoventut.com\/wp-content\/uploads\/2021\/02\/46_B_TERTULIA-RELAJADA.jpg\"\n\t\t\t \n\t\t\t\t\t\tdata-fancybox=\"images\" \n\t\t\t \n\t\t\ttitle=\"46_B_TERTULIA RELAJADA\" \n\t\t\t\t\t\tdata-caption=\"\"\n\t\t\t\t\t\tdata-description=\"\" \n\t\t\titemprop=\"contentUrl\"\n\t\t>\n\t\t\n\t\t\n\t\t\t<img loading=\"lazy\" decoding=\"async\" class=\"pp-gallery-img\" src=\"https:\/\/santaeulariaculturaijoventut.com\/wp-content\/uploads\/2021\/02\/46_B_TERTULIA-RELAJADA-169x300.jpg\" alt=\"\" data-no-lazy=\"1\" itemprop=\"thumbnail\" width=\"169\" height=\"300\" \/>\n\n\t\t\t<!-- Overlay Wrapper -->\n\t\t\t<div class=\"pp-gallery-overlay\">\n\t\t\t\t<div class=\"pp-overlay-inner\">\n\n\t\t\t\t\t\n\t\t\t\t\t\n\t\t\t\t<\/div>\n\t\t\t<\/div> <!-- Overlay Wrapper Closed -->\n\n\t\t\t\t<\/a>\n\t\t\t\t\t\t\t<meta itemprop=\"width\" content=\"169\" \/>\n\t\t\t<meta itemprop=\"height\" content=\"300\" \/>\n\t\t\t<\/div>\n\t<\/div><div class=\"pp-photo-gallery-item pp-gallery-masonry-item\" data-item-id=\"1909\" itemprop=\"associatedMedia\" itemscope=\"itemscope\" itemtype=\"http:\/\/schema.org\/ImageObject\">\n\t<div class=\"pp-photo-gallery-content\">\n\n\t\t\t\t<a\n\t\t\thref=\"https:\/\/santaeulariaculturaijoventut.com\/wp-content\/uploads\/2021\/02\/101_C_Patrominio.jpg\"\n\t\t\t \n\t\t\t\t\t\tdata-fancybox=\"images\" \n\t\t\t \n\t\t\ttitle=\"101_C_Patrominio\" \n\t\t\t\t\t\tdata-caption=\"\"\n\t\t\t\t\t\tdata-description=\"\" \n\t\t\titemprop=\"contentUrl\"\n\t\t>\n\t\t\n\t\t\n\t\t\t<img loading=\"lazy\" decoding=\"async\" class=\"pp-gallery-img\" src=\"https:\/\/santaeulariaculturaijoventut.com\/wp-content\/uploads\/2021\/02\/101_C_Patrominio-300x225.jpg\" alt=\"\" data-no-lazy=\"1\" itemprop=\"thumbnail\" width=\"300\" height=\"225\" \/>\n\n\t\t\t<!-- Overlay Wrapper -->\n\t\t\t<div class=\"pp-gallery-overlay\">\n\t\t\t\t<div class=\"pp-overlay-inner\">\n\n\t\t\t\t\t\n\t\t\t\t\t\n\t\t\t\t<\/div>\n\t\t\t<\/div> <!-- Overlay Wrapper Closed -->\n\n\t\t\t\t<\/a>\n\t\t\t\t\t\t\t<meta itemprop=\"width\" content=\"300\" \/>\n\t\t\t<meta itemprop=\"height\" content=\"225\" \/>\n\t\t\t<\/div>\n\t<\/div><div class=\"pp-photo-gallery-item pp-gallery-masonry-item\" data-item-id=\"1911\" itemprop=\"associatedMedia\" itemscope=\"itemscope\" itemtype=\"http:\/\/schema.org\/ImageObject\">\n\t<div class=\"pp-photo-gallery-content\">\n\n\t\t\t\t<a\n\t\t\thref=\"https:\/\/santaeulariaculturaijoventut.com\/wp-content\/uploads\/2021\/02\/14_A_COTO-PRIVADO-DE-CAZA.jpg\"\n\t\t\t \n\t\t\t\t\t\tdata-fancybox=\"images\" \n\t\t\t \n\t\t\ttitle=\"14_A_COTO PRIVADO DE CAZA\" \n\t\t\t\t\t\tdata-caption=\"\"\n\t\t\t\t\t\tdata-description=\"\" \n\t\t\titemprop=\"contentUrl\"\n\t\t>\n\t\t\n\t\t\n\t\t\t<img loading=\"lazy\" decoding=\"async\" class=\"pp-gallery-img\" src=\"https:\/\/santaeulariaculturaijoventut.com\/wp-content\/uploads\/2021\/02\/14_A_COTO-PRIVADO-DE-CAZA-300x227.jpg\" alt=\"\" data-no-lazy=\"1\" itemprop=\"thumbnail\" width=\"300\" height=\"227\" \/>\n\n\t\t\t<!-- Overlay Wrapper -->\n\t\t\t<div class=\"pp-gallery-overlay\">\n\t\t\t\t<div class=\"pp-overlay-inner\">\n\n\t\t\t\t\t\n\t\t\t\t\t\n\t\t\t\t<\/div>\n\t\t\t<\/div> <!-- Overlay Wrapper Closed -->\n\n\t\t\t\t<\/a>\n\t\t\t\t\t\t\t<meta itemprop=\"width\" content=\"300\" \/>\n\t\t\t<meta itemprop=\"height\" content=\"227\" \/>\n\t\t\t<\/div>\n\t<\/div><div class=\"pp-photo-gallery-item pp-gallery-masonry-item\" data-item-id=\"1913\" itemprop=\"associatedMedia\" itemscope=\"itemscope\" itemtype=\"http:\/\/schema.org\/ImageObject\">\n\t<div class=\"pp-photo-gallery-content\">\n\n\t\t\t\t<a\n\t\t\thref=\"https:\/\/santaeulariaculturaijoventut.com\/wp-content\/uploads\/2021\/02\/79_C_HACIA-LA-PLAZA.jpg\"\n\t\t\t \n\t\t\t\t\t\tdata-fancybox=\"images\" \n\t\t\t \n\t\t\ttitle=\"79_C_HACIA LA PLAZA\" \n\t\t\t\t\t\tdata-caption=\"\"\n\t\t\t\t\t\tdata-description=\"\" \n\t\t\titemprop=\"contentUrl\"\n\t\t>\n\t\t\n\t\t\n\t\t\t<img loading=\"lazy\" decoding=\"async\" class=\"pp-gallery-img\" src=\"https:\/\/santaeulariaculturaijoventut.com\/wp-content\/uploads\/2021\/02\/79_C_HACIA-LA-PLAZA-300x206.jpg\" alt=\"\" data-no-lazy=\"1\" itemprop=\"thumbnail\" width=\"300\" height=\"206\" \/>\n\n\t\t\t<!-- Overlay Wrapper -->\n\t\t\t<div class=\"pp-gallery-overlay\">\n\t\t\t\t<div class=\"pp-overlay-inner\">\n\n\t\t\t\t\t\n\t\t\t\t\t\n\t\t\t\t<\/div>\n\t\t\t<\/div> <!-- Overlay Wrapper Closed -->\n\n\t\t\t\t<\/a>\n\t\t\t\t\t\t\t<meta itemprop=\"width\" content=\"300\" \/>\n\t\t\t<meta itemprop=\"height\" content=\"206\" \/>\n\t\t\t<\/div>\n\t<\/div><div class=\"pp-photo-gallery-item pp-gallery-masonry-item\" data-item-id=\"1915\" itemprop=\"associatedMedia\" itemscope=\"itemscope\" itemtype=\"http:\/\/schema.org\/ImageObject\">\n\t<div class=\"pp-photo-gallery-content\">\n\n\t\t\t\t<a\n\t\t\thref=\"https:\/\/santaeulariaculturaijoventut.com\/wp-content\/uploads\/2021\/02\/6_B_PISTILO.jpg\"\n\t\t\t \n\t\t\t\t\t\tdata-fancybox=\"images\" \n\t\t\t \n\t\t\ttitle=\"6_B_PISTILO\" \n\t\t\t\t\t\tdata-caption=\"\"\n\t\t\t\t\t\tdata-description=\"\" \n\t\t\titemprop=\"contentUrl\"\n\t\t>\n\t\t\n\t\t\n\t\t\t<img loading=\"lazy\" decoding=\"async\" class=\"pp-gallery-img\" src=\"https:\/\/santaeulariaculturaijoventut.com\/wp-content\/uploads\/2021\/02\/6_B_PISTILO-300x166.jpg\" alt=\"\" data-no-lazy=\"1\" itemprop=\"thumbnail\" width=\"300\" height=\"166\" \/>\n\n\t\t\t<!-- Overlay Wrapper -->\n\t\t\t<div class=\"pp-gallery-overlay\">\n\t\t\t\t<div class=\"pp-overlay-inner\">\n\n\t\t\t\t\t\n\t\t\t\t\t\n\t\t\t\t<\/div>\n\t\t\t<\/div> <!-- Overlay Wrapper Closed -->\n\n\t\t\t\t<\/a>\n\t\t\t\t\t\t\t<meta itemprop=\"width\" content=\"300\" \/>\n\t\t\t<meta itemprop=\"height\" content=\"166\" \/>\n\t\t\t<\/div>\n\t<\/div><div class=\"pp-photo-gallery-item pp-gallery-masonry-item\" data-item-id=\"1917\" itemprop=\"associatedMedia\" itemscope=\"itemscope\" itemtype=\"http:\/\/schema.org\/ImageObject\">\n\t<div class=\"pp-photo-gallery-content\">\n\n\t\t\t\t<a\n\t\t\thref=\"https:\/\/santaeulariaculturaijoventut.com\/wp-content\/uploads\/2021\/02\/123_B.jpg\"\n\t\t\t \n\t\t\t\t\t\tdata-fancybox=\"images\" \n\t\t\t \n\t\t\ttitle=\"123_B\" \n\t\t\t\t\t\tdata-caption=\"\"\n\t\t\t\t\t\tdata-description=\"\" \n\t\t\titemprop=\"contentUrl\"\n\t\t>\n\t\t\n\t\t\n\t\t\t<img loading=\"lazy\" decoding=\"async\" class=\"pp-gallery-img\" src=\"https:\/\/santaeulariaculturaijoventut.com\/wp-content\/uploads\/2021\/02\/123_B-300x200.jpg\" alt=\"\" data-no-lazy=\"1\" itemprop=\"thumbnail\" width=\"300\" height=\"200\" \/>\n\n\t\t\t<!-- Overlay Wrapper -->\n\t\t\t<div class=\"pp-gallery-overlay\">\n\t\t\t\t<div class=\"pp-overlay-inner\">\n\n\t\t\t\t\t\n\t\t\t\t\t\n\t\t\t\t<\/div>\n\t\t\t<\/div> <!-- Overlay Wrapper Closed -->\n\n\t\t\t\t<\/a>\n\t\t\t\t\t\t\t<meta itemprop=\"width\" content=\"300\" \/>\n\t\t\t<meta itemprop=\"height\" content=\"200\" \/>\n\t\t\t<\/div>\n\t<\/div><div class=\"pp-photo-gallery-item pp-gallery-masonry-item\" data-item-id=\"1919\" itemprop=\"associatedMedia\" itemscope=\"itemscope\" itemtype=\"http:\/\/schema.org\/ImageObject\">\n\t<div class=\"pp-photo-gallery-content\">\n\n\t\t\t\t<a\n\t\t\thref=\"https:\/\/santaeulariaculturaijoventut.com\/wp-content\/uploads\/2021\/02\/13_C_EL-OLVIDO.jpg\"\n\t\t\t \n\t\t\t\t\t\tdata-fancybox=\"images\" \n\t\t\t \n\t\t\ttitle=\"13_C_EL OLVIDO\" \n\t\t\t\t\t\tdata-caption=\"\"\n\t\t\t\t\t\tdata-description=\"\" \n\t\t\titemprop=\"contentUrl\"\n\t\t>\n\t\t\n\t\t\n\t\t\t<img loading=\"lazy\" decoding=\"async\" class=\"pp-gallery-img\" src=\"https:\/\/santaeulariaculturaijoventut.com\/wp-content\/uploads\/2021\/02\/13_C_EL-OLVIDO-225x300.jpg\" alt=\"\" data-no-lazy=\"1\" itemprop=\"thumbnail\" width=\"225\" height=\"300\" \/>\n\n\t\t\t<!-- Overlay Wrapper -->\n\t\t\t<div class=\"pp-gallery-overlay\">\n\t\t\t\t<div class=\"pp-overlay-inner\">\n\n\t\t\t\t\t\n\t\t\t\t\t\n\t\t\t\t<\/div>\n\t\t\t<\/div> <!-- Overlay Wrapper Closed -->\n\n\t\t\t\t<\/a>\n\t\t\t\t\t\t\t<meta itemprop=\"width\" content=\"225\" \/>\n\t\t\t<meta itemprop=\"height\" content=\"300\" \/>\n\t\t\t<\/div>\n\t<\/div><div class=\"pp-photo-gallery-item pp-gallery-masonry-item\" data-item-id=\"1921\" itemprop=\"associatedMedia\" itemscope=\"itemscope\" itemtype=\"http:\/\/schema.org\/ImageObject\">\n\t<div class=\"pp-photo-gallery-content\">\n\n\t\t\t\t<a\n\t\t\thref=\"https:\/\/santaeulariaculturaijoventut.com\/wp-content\/uploads\/2021\/02\/5_B_FAR-DES-MOSCARTER.jpg\"\n\t\t\t \n\t\t\t\t\t\tdata-fancybox=\"images\" \n\t\t\t \n\t\t\ttitle=\"DCIM101GOPROGOPR7342.JPG\" \n\t\t\t\t\t\tdata-caption=\"DCIM101GOPROGOPR7342.JPG\"\n\t\t\t\t\t\tdata-description=\"\" \n\t\t\titemprop=\"contentUrl\"\n\t\t>\n\t\t\n\t\t\n\t\t\t<img loading=\"lazy\" decoding=\"async\" class=\"pp-gallery-img\" src=\"https:\/\/santaeulariaculturaijoventut.com\/wp-content\/uploads\/2021\/02\/5_B_FAR-DES-MOSCARTER-300x237.jpg\" alt=\"\" data-no-lazy=\"1\" itemprop=\"thumbnail\" width=\"300\" height=\"237\" \/>\n\n\t\t\t<!-- Overlay Wrapper -->\n\t\t\t<div class=\"pp-gallery-overlay\">\n\t\t\t\t<div class=\"pp-overlay-inner\">\n\n\t\t\t\t\t\n\t\t\t\t\t\n\t\t\t\t<\/div>\n\t\t\t<\/div> <!-- Overlay Wrapper Closed -->\n\n\t\t\t\t<\/a>\n\t\t\t\t\t\t\t<meta itemprop=\"width\" content=\"300\" \/>\n\t\t\t<meta itemprop=\"height\" content=\"237\" \/>\n\t\t\t<\/div>\n\t<\/div><div class=\"pp-photo-gallery-item pp-gallery-masonry-item\" data-item-id=\"1923\" itemprop=\"associatedMedia\" itemscope=\"itemscope\" itemtype=\"http:\/\/schema.org\/ImageObject\">\n\t<div class=\"pp-photo-gallery-content\">\n\n\t\t\t\t<a\n\t\t\thref=\"https:\/\/santaeulariaculturaijoventut.com\/wp-content\/uploads\/2021\/02\/113_C_Melo\u0301-Eric\u0327o\u0301.jpg\"\n\t\t\t \n\t\t\t\t\t\tdata-fancybox=\"images\" \n\t\t\t \n\t\t\ttitle=\"113_C_Melo\u0301 Eric\u0327o\u0301\" \n\t\t\t\t\t\tdata-caption=\"\"\n\t\t\t\t\t\tdata-description=\"\" \n\t\t\titemprop=\"contentUrl\"\n\t\t>\n\t\t\n\t\t\n\t\t\t<img loading=\"lazy\" decoding=\"async\" class=\"pp-gallery-img\" src=\"https:\/\/santaeulariaculturaijoventut.com\/wp-content\/uploads\/2021\/02\/113_C_Melo\u0301-Eric\u0327o\u0301-200x300.jpg\" alt=\"\" data-no-lazy=\"1\" itemprop=\"thumbnail\" width=\"200\" height=\"300\" \/>\n\n\t\t\t<!-- Overlay Wrapper -->\n\t\t\t<div class=\"pp-gallery-overlay\">\n\t\t\t\t<div class=\"pp-overlay-inner\">\n\n\t\t\t\t\t\n\t\t\t\t\t\n\t\t\t\t<\/div>\n\t\t\t<\/div> <!-- Overlay Wrapper Closed -->\n\n\t\t\t\t<\/a>\n\t\t\t\t\t\t\t<meta itemprop=\"width\" content=\"200\" \/>\n\t\t\t<meta itemprop=\"height\" content=\"300\" \/>\n\t\t\t<\/div>\n\t<\/div><div class=\"pp-photo-gallery-item pp-gallery-masonry-item\" data-item-id=\"1925\" itemprop=\"associatedMedia\" itemscope=\"itemscope\" itemtype=\"http:\/\/schema.org\/ImageObject\">\n\t<div class=\"pp-photo-gallery-content\">\n\n\t\t\t\t<a\n\t\t\thref=\"https:\/\/santaeulariaculturaijoventut.com\/wp-content\/uploads\/2021\/02\/106_B_Luces-y-sombras-ibicencas.jpg\"\n\t\t\t \n\t\t\t\t\t\tdata-fancybox=\"images\" \n\t\t\t \n\t\t\ttitle=\"106_B_Luces y sombras ibicencas\" \n\t\t\t\t\t\tdata-caption=\"\"\n\t\t\t\t\t\tdata-description=\"\" \n\t\t\titemprop=\"contentUrl\"\n\t\t>\n\t\t\n\t\t\n\t\t\t<img loading=\"lazy\" decoding=\"async\" class=\"pp-gallery-img\" src=\"https:\/\/santaeulariaculturaijoventut.com\/wp-content\/uploads\/2021\/02\/106_B_Luces-y-sombras-ibicencas-300x200.jpg\" alt=\"\" data-no-lazy=\"1\" itemprop=\"thumbnail\" width=\"300\" height=\"200\" \/>\n\n\t\t\t<!-- Overlay Wrapper -->\n\t\t\t<div class=\"pp-gallery-overlay\">\n\t\t\t\t<div class=\"pp-overlay-inner\">\n\n\t\t\t\t\t\n\t\t\t\t\t\n\t\t\t\t<\/div>\n\t\t\t<\/div> <!-- Overlay Wrapper Closed -->\n\n\t\t\t\t<\/a>\n\t\t\t\t\t\t\t<meta itemprop=\"width\" content=\"300\" \/>\n\t\t\t<meta itemprop=\"height\" content=\"200\" \/>\n\t\t\t<\/div>\n\t<\/div><div class=\"pp-photo-gallery-item pp-gallery-masonry-item\" data-item-id=\"1927\" itemprop=\"associatedMedia\" itemscope=\"itemscope\" itemtype=\"http:\/\/schema.org\/ImageObject\">\n\t<div class=\"pp-photo-gallery-content\">\n\n\t\t\t\t<a\n\t\t\thref=\"https:\/\/santaeulariaculturaijoventut.com\/wp-content\/uploads\/2021\/02\/97_A_Torre-de-Campanitx.jpg\"\n\t\t\t \n\t\t\t\t\t\tdata-fancybox=\"images\" \n\t\t\t \n\t\t\ttitle=\"97_A_Torre de Campanitx\" \n\t\t\t\t\t\tdata-caption=\"\"\n\t\t\t\t\t\tdata-description=\"\" \n\t\t\titemprop=\"contentUrl\"\n\t\t>\n\t\t\n\t\t\n\t\t\t<img loading=\"lazy\" decoding=\"async\" class=\"pp-gallery-img\" src=\"https:\/\/santaeulariaculturaijoventut.com\/wp-content\/uploads\/2021\/02\/97_A_Torre-de-Campanitx-300x200.jpg\" alt=\"\" data-no-lazy=\"1\" itemprop=\"thumbnail\" width=\"300\" height=\"200\" \/>\n\n\t\t\t<!-- Overlay Wrapper -->\n\t\t\t<div class=\"pp-gallery-overlay\">\n\t\t\t\t<div class=\"pp-overlay-inner\">\n\n\t\t\t\t\t\n\t\t\t\t\t\n\t\t\t\t<\/div>\n\t\t\t<\/div> <!-- Overlay Wrapper Closed -->\n\n\t\t\t\t<\/a>\n\t\t\t\t\t\t\t<meta itemprop=\"width\" content=\"300\" \/>\n\t\t\t<meta itemprop=\"height\" content=\"200\" \/>\n\t\t\t<\/div>\n\t<\/div><div class=\"pp-photo-gallery-item pp-gallery-masonry-item\" data-item-id=\"1929\" itemprop=\"associatedMedia\" itemscope=\"itemscope\" itemtype=\"http:\/\/schema.org\/ImageObject\">\n\t<div class=\"pp-photo-gallery-content\">\n\n\t\t\t\t<a\n\t\t\thref=\"https:\/\/santaeulariaculturaijoventut.com\/wp-content\/uploads\/2021\/02\/67_A_PITIU\u0308SES.jpg\"\n\t\t\t \n\t\t\t\t\t\tdata-fancybox=\"images\" \n\t\t\t \n\t\t\ttitle=\"67_A_PITIU\u0308SES\" \n\t\t\t\t\t\tdata-caption=\"\"\n\t\t\t\t\t\tdata-description=\"\" \n\t\t\titemprop=\"contentUrl\"\n\t\t>\n\t\t\n\t\t\n\t\t\t<img loading=\"lazy\" decoding=\"async\" class=\"pp-gallery-img\" src=\"https:\/\/santaeulariaculturaijoventut.com\/wp-content\/uploads\/2021\/02\/67_A_PITIU\u0308SES-225x300.jpg\" alt=\"\" data-no-lazy=\"1\" itemprop=\"thumbnail\" width=\"225\" height=\"300\" \/>\n\n\t\t\t<!-- Overlay Wrapper -->\n\t\t\t<div class=\"pp-gallery-overlay\">\n\t\t\t\t<div class=\"pp-overlay-inner\">\n\n\t\t\t\t\t\n\t\t\t\t\t\n\t\t\t\t<\/div>\n\t\t\t<\/div> <!-- Overlay Wrapper Closed -->\n\n\t\t\t\t<\/a>\n\t\t\t\t\t\t\t<meta itemprop=\"width\" content=\"225\" \/>\n\t\t\t<meta itemprop=\"height\" content=\"300\" \/>\n\t\t\t<\/div>\n\t<\/div><div class=\"pp-photo-gallery-item pp-gallery-masonry-item\" data-item-id=\"1931\" itemprop=\"associatedMedia\" itemscope=\"itemscope\" itemtype=\"http:\/\/schema.org\/ImageObject\">\n\t<div class=\"pp-photo-gallery-content\">\n\n\t\t\t\t<a\n\t\t\thref=\"https:\/\/santaeulariaculturaijoventut.com\/wp-content\/uploads\/2021\/02\/87_B_EL-CAMINO-DEJA-HUELLAS.jpg\"\n\t\t\t \n\t\t\t\t\t\tdata-fancybox=\"images\" \n\t\t\t \n\t\t\ttitle=\"87_B_EL CAMINO DEJA HUELLAS\" \n\t\t\t\t\t\tdata-caption=\"\"\n\t\t\t\t\t\tdata-description=\"\" \n\t\t\titemprop=\"contentUrl\"\n\t\t>\n\t\t\n\t\t\n\t\t\t<img loading=\"lazy\" decoding=\"async\" class=\"pp-gallery-img\" src=\"https:\/\/santaeulariaculturaijoventut.com\/wp-content\/uploads\/2021\/02\/87_B_EL-CAMINO-DEJA-HUELLAS-169x300.jpg\" alt=\"\" data-no-lazy=\"1\" itemprop=\"thumbnail\" width=\"169\" height=\"300\" \/>\n\n\t\t\t<!-- Overlay Wrapper -->\n\t\t\t<div class=\"pp-gallery-overlay\">\n\t\t\t\t<div class=\"pp-overlay-inner\">\n\n\t\t\t\t\t\n\t\t\t\t\t\n\t\t\t\t<\/div>\n\t\t\t<\/div> <!-- Overlay Wrapper Closed -->\n\n\t\t\t\t<\/a>\n\t\t\t\t\t\t\t<meta itemprop=\"width\" content=\"169\" \/>\n\t\t\t<meta itemprop=\"height\" content=\"300\" \/>\n\t\t\t<\/div>\n\t<\/div><div class=\"pp-photo-gallery-item pp-gallery-masonry-item\" data-item-id=\"1933\" itemprop=\"associatedMedia\" itemscope=\"itemscope\" itemtype=\"http:\/\/schema.org\/ImageObject\">\n\t<div class=\"pp-photo-gallery-content\">\n\n\t\t\t\t<a\n\t\t\thref=\"https:\/\/santaeulariaculturaijoventut.com\/wp-content\/uploads\/2021\/02\/86_C_Entran-nuevas-generaciones.jpg\"\n\t\t\t \n\t\t\t\t\t\tdata-fancybox=\"images\" \n\t\t\t \n\t\t\ttitle=\"86_C_Entran nuevas generaciones\" \n\t\t\t\t\t\tdata-caption=\"\"\n\t\t\t\t\t\tdata-description=\"\" \n\t\t\titemprop=\"contentUrl\"\n\t\t>\n\t\t\n\t\t\n\t\t\t<img loading=\"lazy\" decoding=\"async\" class=\"pp-gallery-img\" src=\"https:\/\/santaeulariaculturaijoventut.com\/wp-content\/uploads\/2021\/02\/86_C_Entran-nuevas-generaciones-200x300.jpg\" alt=\"\" data-no-lazy=\"1\" itemprop=\"thumbnail\" width=\"200\" height=\"300\" \/>\n\n\t\t\t<!-- Overlay Wrapper -->\n\t\t\t<div class=\"pp-gallery-overlay\">\n\t\t\t\t<div class=\"pp-overlay-inner\">\n\n\t\t\t\t\t\n\t\t\t\t\t\n\t\t\t\t<\/div>\n\t\t\t<\/div> <!-- Overlay Wrapper Closed -->\n\n\t\t\t\t<\/a>\n\t\t\t\t\t\t\t<meta itemprop=\"width\" content=\"200\" \/>\n\t\t\t<meta itemprop=\"height\" content=\"300\" \/>\n\t\t\t<\/div>\n\t<\/div><div class=\"pp-photo-gallery-item pp-gallery-masonry-item\" data-item-id=\"1935\" itemprop=\"associatedMedia\" itemscope=\"itemscope\" itemtype=\"http:\/\/schema.org\/ImageObject\">\n\t<div class=\"pp-photo-gallery-content\">\n\n\t\t\t\t<a\n\t\t\thref=\"https:\/\/santaeulariaculturaijoventut.com\/wp-content\/uploads\/2021\/02\/52_A_MAYO-SIN-PANDEMIA.jpg\"\n\t\t\t \n\t\t\t\t\t\tdata-fancybox=\"images\" \n\t\t\t \n\t\t\ttitle=\"52_A_MAYO SIN PANDEMIA\" \n\t\t\t\t\t\tdata-caption=\"\"\n\t\t\t\t\t\tdata-description=\"\" \n\t\t\titemprop=\"contentUrl\"\n\t\t>\n\t\t\n\t\t\n\t\t\t<img loading=\"lazy\" decoding=\"async\" class=\"pp-gallery-img\" src=\"https:\/\/santaeulariaculturaijoventut.com\/wp-content\/uploads\/2021\/02\/52_A_MAYO-SIN-PANDEMIA-300x169.jpg\" alt=\"\" data-no-lazy=\"1\" itemprop=\"thumbnail\" width=\"300\" height=\"169\" \/>\n\n\t\t\t<!-- Overlay Wrapper -->\n\t\t\t<div class=\"pp-gallery-overlay\">\n\t\t\t\t<div class=\"pp-overlay-inner\">\n\n\t\t\t\t\t\n\t\t\t\t\t\n\t\t\t\t<\/div>\n\t\t\t<\/div> <!-- Overlay Wrapper Closed -->\n\n\t\t\t\t<\/a>\n\t\t\t\t\t\t\t<meta itemprop=\"width\" content=\"300\" \/>\n\t\t\t<meta itemprop=\"height\" content=\"169\" \/>\n\t\t\t<\/div>\n\t<\/div><div class=\"pp-photo-gallery-item pp-gallery-masonry-item\" data-item-id=\"1937\" itemprop=\"associatedMedia\" itemscope=\"itemscope\" itemtype=\"http:\/\/schema.org\/ImageObject\">\n\t<div class=\"pp-photo-gallery-content\">\n\n\t\t\t\t<a\n\t\t\thref=\"https:\/\/santaeulariaculturaijoventut.com\/wp-content\/uploads\/2021\/02\/72_A_AIRES-DE-FEBRERO.jpg\"\n\t\t\t \n\t\t\t\t\t\tdata-fancybox=\"images\" \n\t\t\t \n\t\t\ttitle=\"72_A_AIRES DE FEBRERO\" \n\t\t\t\t\t\tdata-caption=\"\"\n\t\t\t\t\t\tdata-description=\"\" \n\t\t\titemprop=\"contentUrl\"\n\t\t>\n\t\t\n\t\t\n\t\t\t<img loading=\"lazy\" decoding=\"async\" class=\"pp-gallery-img\" src=\"https:\/\/santaeulariaculturaijoventut.com\/wp-content\/uploads\/2021\/02\/72_A_AIRES-DE-FEBRERO-200x300.jpg\" alt=\"\" data-no-lazy=\"1\" itemprop=\"thumbnail\" width=\"200\" height=\"300\" \/>\n\n\t\t\t<!-- Overlay Wrapper -->\n\t\t\t<div class=\"pp-gallery-overlay\">\n\t\t\t\t<div class=\"pp-overlay-inner\">\n\n\t\t\t\t\t\n\t\t\t\t\t\n\t\t\t\t<\/div>\n\t\t\t<\/div> <!-- Overlay Wrapper Closed -->\n\n\t\t\t\t<\/a>\n\t\t\t\t\t\t\t<meta itemprop=\"width\" content=\"200\" \/>\n\t\t\t<meta itemprop=\"height\" content=\"300\" \/>\n\t\t\t<\/div>\n\t<\/div><div class=\"pp-photo-gallery-item pp-gallery-masonry-item\" data-item-id=\"1939\" itemprop=\"associatedMedia\" itemscope=\"itemscope\" itemtype=\"http:\/\/schema.org\/ImageObject\">\n\t<div class=\"pp-photo-gallery-content\">\n\n\t\t\t\t<a\n\t\t\thref=\"https:\/\/santaeulariaculturaijoventut.com\/wp-content\/uploads\/2021\/02\/81_B_HIVERN-AL-MAR.jpg\"\n\t\t\t \n\t\t\t\t\t\tdata-fancybox=\"images\" \n\t\t\t \n\t\t\ttitle=\"81_B_HIVERN AL MAR\" \n\t\t\t\t\t\tdata-caption=\"\"\n\t\t\t\t\t\tdata-description=\"\" \n\t\t\titemprop=\"contentUrl\"\n\t\t>\n\t\t\n\t\t\n\t\t\t<img loading=\"lazy\" decoding=\"async\" class=\"pp-gallery-img\" src=\"https:\/\/santaeulariaculturaijoventut.com\/wp-content\/uploads\/2021\/02\/81_B_HIVERN-AL-MAR-242x300.jpg\" alt=\"\" data-no-lazy=\"1\" itemprop=\"thumbnail\" width=\"242\" height=\"300\" \/>\n\n\t\t\t<!-- Overlay Wrapper -->\n\t\t\t<div class=\"pp-gallery-overlay\">\n\t\t\t\t<div class=\"pp-overlay-inner\">\n\n\t\t\t\t\t\n\t\t\t\t\t\n\t\t\t\t<\/div>\n\t\t\t<\/div> <!-- Overlay Wrapper Closed -->\n\n\t\t\t\t<\/a>\n\t\t\t\t\t\t\t<meta itemprop=\"width\" content=\"242\" \/>\n\t\t\t<meta itemprop=\"height\" content=\"300\" \/>\n\t\t\t<\/div>\n\t<\/div><div class=\"pp-photo-gallery-item pp-gallery-masonry-item\" data-item-id=\"1941\" itemprop=\"associatedMedia\" itemscope=\"itemscope\" itemtype=\"http:\/\/schema.org\/ImageObject\">\n\t<div class=\"pp-photo-gallery-content\">\n\n\t\t\t\t<a\n\t\t\thref=\"https:\/\/santaeulariaculturaijoventut.com\/wp-content\/uploads\/2021\/02\/29_C_Fauna.jpg\"\n\t\t\t \n\t\t\t\t\t\tdata-fancybox=\"images\" \n\t\t\t \n\t\t\ttitle=\"29_C_Fauna\" \n\t\t\t\t\t\tdata-caption=\"\"\n\t\t\t\t\t\tdata-description=\"\" \n\t\t\titemprop=\"contentUrl\"\n\t\t>\n\t\t\n\t\t\n\t\t\t<img loading=\"lazy\" decoding=\"async\" class=\"pp-gallery-img\" src=\"https:\/\/santaeulariaculturaijoventut.com\/wp-content\/uploads\/2021\/02\/29_C_Fauna-225x300.jpg\" alt=\"\" data-no-lazy=\"1\" itemprop=\"thumbnail\" width=\"225\" height=\"300\" \/>\n\n\t\t\t<!-- Overlay Wrapper -->\n\t\t\t<div class=\"pp-gallery-overlay\">\n\t\t\t\t<div class=\"pp-overlay-inner\">\n\n\t\t\t\t\t\n\t\t\t\t\t\n\t\t\t\t<\/div>\n\t\t\t<\/div> <!-- Overlay Wrapper Closed -->\n\n\t\t\t\t<\/a>\n\t\t\t\t\t\t\t<meta itemprop=\"width\" content=\"225\" \/>\n\t\t\t<meta itemprop=\"height\" content=\"300\" \/>\n\t\t\t<\/div>\n\t<\/div><div class=\"pp-photo-gallery-item pp-gallery-masonry-item\" data-item-id=\"1943\" itemprop=\"associatedMedia\" itemscope=\"itemscope\" itemtype=\"http:\/\/schema.org\/ImageObject\">\n\t<div class=\"pp-photo-gallery-content\">\n\n\t\t\t\t<a\n\t\t\thref=\"https:\/\/santaeulariaculturaijoventut.com\/wp-content\/uploads\/2021\/02\/126_B_A\u0300mfores.jpg\"\n\t\t\t \n\t\t\t\t\t\tdata-fancybox=\"images\" \n\t\t\t \n\t\t\ttitle=\"126_B_A\u0300mfores\" \n\t\t\t\t\t\tdata-caption=\"\"\n\t\t\t\t\t\tdata-description=\"\" \n\t\t\titemprop=\"contentUrl\"\n\t\t>\n\t\t\n\t\t\n\t\t\t<img loading=\"lazy\" decoding=\"async\" class=\"pp-gallery-img\" src=\"https:\/\/santaeulariaculturaijoventut.com\/wp-content\/uploads\/2021\/02\/126_B_A\u0300mfores-300x201.jpg\" alt=\"\" data-no-lazy=\"1\" itemprop=\"thumbnail\" width=\"300\" height=\"201\" \/>\n\n\t\t\t<!-- Overlay Wrapper -->\n\t\t\t<div class=\"pp-gallery-overlay\">\n\t\t\t\t<div class=\"pp-overlay-inner\">\n\n\t\t\t\t\t\n\t\t\t\t\t\n\t\t\t\t<\/div>\n\t\t\t<\/div> <!-- Overlay Wrapper Closed -->\n\n\t\t\t\t<\/a>\n\t\t\t\t\t\t\t<meta itemprop=\"width\" content=\"300\" \/>\n\t\t\t<meta itemprop=\"height\" content=\"201\" \/>\n\t\t\t<\/div>\n\t<\/div><div class=\"pp-photo-gallery-item pp-gallery-masonry-item\" data-item-id=\"1945\" itemprop=\"associatedMedia\" itemscope=\"itemscope\" itemtype=\"http:\/\/schema.org\/ImageObject\">\n\t<div class=\"pp-photo-gallery-content\">\n\n\t\t\t\t<a\n\t\t\thref=\"https:\/\/santaeulariaculturaijoventut.com\/wp-content\/uploads\/2021\/02\/114_C_Festa.jpg\"\n\t\t\t \n\t\t\t\t\t\tdata-fancybox=\"images\" \n\t\t\t \n\t\t\ttitle=\"114_C_Festa\" \n\t\t\t\t\t\tdata-caption=\"\"\n\t\t\t\t\t\tdata-description=\"\" \n\t\t\titemprop=\"contentUrl\"\n\t\t>\n\t\t\n\t\t\n\t\t\t<img loading=\"lazy\" decoding=\"async\" class=\"pp-gallery-img\" src=\"https:\/\/santaeulariaculturaijoventut.com\/wp-content\/uploads\/2021\/02\/114_C_Festa-200x300.jpg\" alt=\"\" data-no-lazy=\"1\" itemprop=\"thumbnail\" width=\"200\" height=\"300\" \/>\n\n\t\t\t<!-- Overlay Wrapper -->\n\t\t\t<div class=\"pp-gallery-overlay\">\n\t\t\t\t<div class=\"pp-overlay-inner\">\n\n\t\t\t\t\t\n\t\t\t\t\t\n\t\t\t\t<\/div>\n\t\t\t<\/div> <!-- Overlay Wrapper Closed -->\n\n\t\t\t\t<\/a>\n\t\t\t\t\t\t\t<meta itemprop=\"width\" content=\"200\" \/>\n\t\t\t<meta itemprop=\"height\" content=\"300\" \/>\n\t\t\t<\/div>\n\t<\/div><div class=\"pp-photo-gallery-item pp-gallery-masonry-item\" data-item-id=\"1947\" itemprop=\"associatedMedia\" itemscope=\"itemscope\" itemtype=\"http:\/\/schema.org\/ImageObject\">\n\t<div class=\"pp-photo-gallery-content\">\n\n\t\t\t\t<a\n\t\t\thref=\"https:\/\/santaeulariaculturaijoventut.com\/wp-content\/uploads\/2021\/02\/74_B_El-puig-esquinc\u0327ant-el-cel.jpg\"\n\t\t\t \n\t\t\t\t\t\tdata-fancybox=\"images\" \n\t\t\t \n\t\t\ttitle=\"74_B_El puig esquinc\u0327ant el cel\" \n\t\t\t\t\t\tdata-caption=\"\"\n\t\t\t\t\t\tdata-description=\"\" \n\t\t\titemprop=\"contentUrl\"\n\t\t>\n\t\t\n\t\t\n\t\t\t<img loading=\"lazy\" decoding=\"async\" class=\"pp-gallery-img\" src=\"https:\/\/santaeulariaculturaijoventut.com\/wp-content\/uploads\/2021\/02\/74_B_El-puig-esquinc\u0327ant-el-cel-300x199.jpg\" alt=\"\" data-no-lazy=\"1\" itemprop=\"thumbnail\" width=\"300\" height=\"199\" \/>\n\n\t\t\t<!-- Overlay Wrapper -->\n\t\t\t<div class=\"pp-gallery-overlay\">\n\t\t\t\t<div class=\"pp-overlay-inner\">\n\n\t\t\t\t\t\n\t\t\t\t\t\n\t\t\t\t<\/div>\n\t\t\t<\/div> <!-- Overlay Wrapper Closed -->\n\n\t\t\t\t<\/a>\n\t\t\t\t\t\t\t<meta itemprop=\"width\" content=\"300\" \/>\n\t\t\t<meta itemprop=\"height\" content=\"199\" \/>\n\t\t\t<\/div>\n\t<\/div><div class=\"pp-photo-gallery-item pp-gallery-masonry-item\" data-item-id=\"1949\" itemprop=\"associatedMedia\" itemscope=\"itemscope\" itemtype=\"http:\/\/schema.org\/ImageObject\">\n\t<div class=\"pp-photo-gallery-content\">\n\n\t\t\t\t<a\n\t\t\thref=\"https:\/\/santaeulariaculturaijoventut.com\/wp-content\/uploads\/2021\/02\/36_A_PRIMAVERA-PUIG-DE-MISSA.jpg\"\n\t\t\t \n\t\t\t\t\t\tdata-fancybox=\"images\" \n\t\t\t \n\t\t\ttitle=\"36_A_PRIMAVERA PUIG DE MISSA\" \n\t\t\t\t\t\tdata-caption=\"\"\n\t\t\t\t\t\tdata-description=\"\" \n\t\t\titemprop=\"contentUrl\"\n\t\t>\n\t\t\n\t\t\n\t\t\t<img loading=\"lazy\" decoding=\"async\" class=\"pp-gallery-img\" src=\"https:\/\/santaeulariaculturaijoventut.com\/wp-content\/uploads\/2021\/02\/36_A_PRIMAVERA-PUIG-DE-MISSA-193x300.jpg\" alt=\"\" data-no-lazy=\"1\" itemprop=\"thumbnail\" width=\"193\" height=\"300\" \/>\n\n\t\t\t<!-- Overlay Wrapper -->\n\t\t\t<div class=\"pp-gallery-overlay\">\n\t\t\t\t<div class=\"pp-overlay-inner\">\n\n\t\t\t\t\t\n\t\t\t\t\t\n\t\t\t\t<\/div>\n\t\t\t<\/div> <!-- Overlay Wrapper Closed -->\n\n\t\t\t\t<\/a>\n\t\t\t\t\t\t\t<meta itemprop=\"width\" content=\"193\" \/>\n\t\t\t<meta itemprop=\"height\" content=\"300\" \/>\n\t\t\t<\/div>\n\t<\/div><div class=\"pp-photo-gallery-item pp-gallery-masonry-item\" data-item-id=\"1951\" itemprop=\"associatedMedia\" itemscope=\"itemscope\" itemtype=\"http:\/\/schema.org\/ImageObject\">\n\t<div class=\"pp-photo-gallery-content\">\n\n\t\t\t\t<a\n\t\t\thref=\"https:\/\/santaeulariaculturaijoventut.com\/wp-content\/uploads\/2021\/02\/94_A_Salinas-y-sol-scaled.jpg\"\n\t\t\t \n\t\t\t\t\t\tdata-fancybox=\"images\" \n\t\t\t \n\t\t\ttitle=\"94_A_Salinas y sol\" \n\t\t\t\t\t\tdata-caption=\"\"\n\t\t\t\t\t\tdata-description=\"\" \n\t\t\titemprop=\"contentUrl\"\n\t\t>\n\t\t\n\t\t\n\t\t\t<img loading=\"lazy\" decoding=\"async\" class=\"pp-gallery-img\" src=\"https:\/\/santaeulariaculturaijoventut.com\/wp-content\/uploads\/2021\/02\/94_A_Salinas-y-sol-300x200.jpg\" alt=\"\" data-no-lazy=\"1\" itemprop=\"thumbnail\" width=\"300\" height=\"200\" \/>\n\n\t\t\t<!-- Overlay Wrapper -->\n\t\t\t<div class=\"pp-gallery-overlay\">\n\t\t\t\t<div class=\"pp-overlay-inner\">\n\n\t\t\t\t\t\n\t\t\t\t\t\n\t\t\t\t<\/div>\n\t\t\t<\/div> <!-- Overlay Wrapper Closed -->\n\n\t\t\t\t<\/a>\n\t\t\t\t\t\t\t<meta itemprop=\"width\" content=\"300\" \/>\n\t\t\t<meta itemprop=\"height\" content=\"200\" \/>\n\t\t\t<\/div>\n\t<\/div><div class=\"pp-photo-gallery-item pp-gallery-masonry-item\" data-item-id=\"1953\" itemprop=\"associatedMedia\" itemscope=\"itemscope\" itemtype=\"http:\/\/schema.org\/ImageObject\">\n\t<div class=\"pp-photo-gallery-content\">\n\n\t\t\t\t<a\n\t\t\thref=\"https:\/\/santaeulariaculturaijoventut.com\/wp-content\/uploads\/2021\/02\/44_A_Las-luces-de-Dalt-Vila.jpg\"\n\t\t\t \n\t\t\t\t\t\tdata-fancybox=\"images\" \n\t\t\t \n\t\t\ttitle=\"44_A_Las luces de Dalt Vila\" \n\t\t\t\t\t\tdata-caption=\"\"\n\t\t\t\t\t\tdata-description=\"\" \n\t\t\titemprop=\"contentUrl\"\n\t\t>\n\t\t\n\t\t\n\t\t\t<img loading=\"lazy\" decoding=\"async\" class=\"pp-gallery-img\" src=\"https:\/\/santaeulariaculturaijoventut.com\/wp-content\/uploads\/2021\/02\/44_A_Las-luces-de-Dalt-Vila-300x200.jpg\" alt=\"\" data-no-lazy=\"1\" itemprop=\"thumbnail\" width=\"300\" height=\"200\" \/>\n\n\t\t\t<!-- Overlay Wrapper -->\n\t\t\t<div class=\"pp-gallery-overlay\">\n\t\t\t\t<div class=\"pp-overlay-inner\">\n\n\t\t\t\t\t\n\t\t\t\t\t\n\t\t\t\t<\/div>\n\t\t\t<\/div> <!-- Overlay Wrapper Closed -->\n\n\t\t\t\t<\/a>\n\t\t\t\t\t\t\t<meta itemprop=\"width\" content=\"300\" \/>\n\t\t\t<meta itemprop=\"height\" content=\"200\" \/>\n\t\t\t<\/div>\n\t<\/div><div class=\"pp-photo-gallery-item pp-gallery-masonry-item\" data-item-id=\"1955\" itemprop=\"associatedMedia\" itemscope=\"itemscope\" itemtype=\"http:\/\/schema.org\/ImageObject\">\n\t<div class=\"pp-photo-gallery-content\">\n\n\t\t\t\t<a\n\t\t\thref=\"https:\/\/santaeulariaculturaijoventut.com\/wp-content\/uploads\/2021\/02\/54_A_Un-Minut-de-Silenci-.jpg\"\n\t\t\t \n\t\t\t\t\t\tdata-fancybox=\"images\" \n\t\t\t \n\t\t\ttitle=\"54_A_Un Minut de Silenci-\" \n\t\t\t\t\t\tdata-caption=\"\"\n\t\t\t\t\t\tdata-description=\"\" \n\t\t\titemprop=\"contentUrl\"\n\t\t>\n\t\t\n\t\t\n\t\t\t<img loading=\"lazy\" decoding=\"async\" class=\"pp-gallery-img\" src=\"https:\/\/santaeulariaculturaijoventut.com\/wp-content\/uploads\/2021\/02\/54_A_Un-Minut-de-Silenci--300x211.jpg\" alt=\"\" data-no-lazy=\"1\" itemprop=\"thumbnail\" width=\"300\" height=\"211\" \/>\n\n\t\t\t<!-- Overlay Wrapper -->\n\t\t\t<div class=\"pp-gallery-overlay\">\n\t\t\t\t<div class=\"pp-overlay-inner\">\n\n\t\t\t\t\t\n\t\t\t\t\t\n\t\t\t\t<\/div>\n\t\t\t<\/div> <!-- Overlay Wrapper Closed -->\n\n\t\t\t\t<\/a>\n\t\t\t\t\t\t\t<meta itemprop=\"width\" content=\"300\" \/>\n\t\t\t<meta itemprop=\"height\" content=\"211\" \/>\n\t\t\t<\/div>\n\t<\/div><div class=\"pp-photo-gallery-item pp-gallery-masonry-item\" data-item-id=\"1957\" itemprop=\"associatedMedia\" itemscope=\"itemscope\" itemtype=\"http:\/\/schema.org\/ImageObject\">\n\t<div class=\"pp-photo-gallery-content\">\n\n\t\t\t\t<a\n\t\t\thref=\"https:\/\/santaeulariaculturaijoventut.com\/wp-content\/uploads\/2021\/02\/109_A_Mar-en-calma.jpg\"\n\t\t\t \n\t\t\t\t\t\tdata-fancybox=\"images\" \n\t\t\t \n\t\t\ttitle=\"109_A_Mar en calma\" \n\t\t\t\t\t\tdata-caption=\"\"\n\t\t\t\t\t\tdata-description=\"\" \n\t\t\titemprop=\"contentUrl\"\n\t\t>\n\t\t\n\t\t\n\t\t\t<img loading=\"lazy\" decoding=\"async\" class=\"pp-gallery-img\" src=\"https:\/\/santaeulariaculturaijoventut.com\/wp-content\/uploads\/2021\/02\/109_A_Mar-en-calma-300x200.jpg\" alt=\"\" data-no-lazy=\"1\" itemprop=\"thumbnail\" width=\"300\" height=\"200\" \/>\n\n\t\t\t<!-- Overlay Wrapper -->\n\t\t\t<div class=\"pp-gallery-overlay\">\n\t\t\t\t<div class=\"pp-overlay-inner\">\n\n\t\t\t\t\t\n\t\t\t\t\t\n\t\t\t\t<\/div>\n\t\t\t<\/div> <!-- Overlay Wrapper Closed -->\n\n\t\t\t\t<\/a>\n\t\t\t\t\t\t\t<meta itemprop=\"width\" content=\"300\" \/>\n\t\t\t<meta itemprop=\"height\" content=\"200\" \/>\n\t\t\t<\/div>\n\t<\/div><div class=\"pp-photo-gallery-item pp-gallery-masonry-item\" data-item-id=\"1959\" itemprop=\"associatedMedia\" itemscope=\"itemscope\" itemtype=\"http:\/\/schema.org\/ImageObject\">\n\t<div class=\"pp-photo-gallery-content\">\n\n\t\t\t\t<a\n\t\t\thref=\"https:\/\/santaeulariaculturaijoventut.com\/wp-content\/uploads\/2021\/02\/113_B_Tradicio\u0301.jpg\"\n\t\t\t \n\t\t\t\t\t\tdata-fancybox=\"images\" \n\t\t\t \n\t\t\ttitle=\"113_B_Tradicio\u0301\" \n\t\t\t\t\t\tdata-caption=\"\"\n\t\t\t\t\t\tdata-description=\"\" \n\t\t\titemprop=\"contentUrl\"\n\t\t>\n\t\t\n\t\t\n\t\t\t<img loading=\"lazy\" decoding=\"async\" class=\"pp-gallery-img\" src=\"https:\/\/santaeulariaculturaijoventut.com\/wp-content\/uploads\/2021\/02\/113_B_Tradicio\u0301-200x300.jpg\" alt=\"\" data-no-lazy=\"1\" itemprop=\"thumbnail\" width=\"200\" height=\"300\" \/>\n\n\t\t\t<!-- Overlay Wrapper -->\n\t\t\t<div class=\"pp-gallery-overlay\">\n\t\t\t\t<div class=\"pp-overlay-inner\">\n\n\t\t\t\t\t\n\t\t\t\t\t\n\t\t\t\t<\/div>\n\t\t\t<\/div> <!-- Overlay Wrapper Closed -->\n\n\t\t\t\t<\/a>\n\t\t\t\t\t\t\t<meta itemprop=\"width\" content=\"200\" \/>\n\t\t\t<meta itemprop=\"height\" content=\"300\" \/>\n\t\t\t<\/div>\n\t<\/div><div class=\"pp-photo-gallery-item pp-gallery-masonry-item\" data-item-id=\"1961\" itemprop=\"associatedMedia\" itemscope=\"itemscope\" itemtype=\"http:\/\/schema.org\/ImageObject\">\n\t<div class=\"pp-photo-gallery-content\">\n\n\t\t\t\t<a\n\t\t\thref=\"https:\/\/santaeulariaculturaijoventut.com\/wp-content\/uploads\/2021\/02\/81_C_PENSANT-EN-SA-MAR.jpg\"\n\t\t\t \n\t\t\t\t\t\tdata-fancybox=\"images\" \n\t\t\t \n\t\t\ttitle=\"81_C_PENSANT EN SA MAR\" \n\t\t\t\t\t\tdata-caption=\"\"\n\t\t\t\t\t\tdata-description=\"\" \n\t\t\titemprop=\"contentUrl\"\n\t\t>\n\t\t\n\t\t\n\t\t\t<img loading=\"lazy\" decoding=\"async\" class=\"pp-gallery-img\" src=\"https:\/\/santaeulariaculturaijoventut.com\/wp-content\/uploads\/2021\/02\/81_C_PENSANT-EN-SA-MAR-300x169.jpg\" alt=\"\" data-no-lazy=\"1\" itemprop=\"thumbnail\" width=\"300\" height=\"169\" \/>\n\n\t\t\t<!-- Overlay Wrapper -->\n\t\t\t<div class=\"pp-gallery-overlay\">\n\t\t\t\t<div class=\"pp-overlay-inner\">\n\n\t\t\t\t\t\n\t\t\t\t\t\n\t\t\t\t<\/div>\n\t\t\t<\/div> <!-- Overlay Wrapper Closed -->\n\n\t\t\t\t<\/a>\n\t\t\t\t\t\t\t<meta itemprop=\"width\" content=\"300\" \/>\n\t\t\t<meta itemprop=\"height\" content=\"169\" \/>\n\t\t\t<\/div>\n\t<\/div><div class=\"pp-photo-gallery-item pp-gallery-masonry-item\" data-item-id=\"1963\" itemprop=\"associatedMedia\" itemscope=\"itemscope\" itemtype=\"http:\/\/schema.org\/ImageObject\">\n\t<div class=\"pp-photo-gallery-content\">\n\n\t\t\t\t<a\n\t\t\thref=\"https:\/\/santaeulariaculturaijoventut.com\/wp-content\/uploads\/2021\/02\/4_B_URANOLOGIA-ASTRAL.jpg\"\n\t\t\t \n\t\t\t\t\t\tdata-fancybox=\"images\" \n\t\t\t \n\t\t\ttitle=\"4_B_URANOLOGIA ASTRAL\" \n\t\t\t\t\t\tdata-caption=\"\"\n\t\t\t\t\t\tdata-description=\"\" \n\t\t\titemprop=\"contentUrl\"\n\t\t>\n\t\t\n\t\t\n\t\t\t<img loading=\"lazy\" decoding=\"async\" class=\"pp-gallery-img\" src=\"https:\/\/santaeulariaculturaijoventut.com\/wp-content\/uploads\/2021\/02\/4_B_URANOLOGIA-ASTRAL-300x168.jpg\" alt=\"\" data-no-lazy=\"1\" itemprop=\"thumbnail\" width=\"300\" height=\"168\" \/>\n\n\t\t\t<!-- Overlay Wrapper -->\n\t\t\t<div class=\"pp-gallery-overlay\">\n\t\t\t\t<div class=\"pp-overlay-inner\">\n\n\t\t\t\t\t\n\t\t\t\t\t\n\t\t\t\t<\/div>\n\t\t\t<\/div> <!-- Overlay Wrapper Closed -->\n\n\t\t\t\t<\/a>\n\t\t\t\t\t\t\t<meta itemprop=\"width\" content=\"300\" \/>\n\t\t\t<meta itemprop=\"height\" content=\"168\" \/>\n\t\t\t<\/div>\n\t<\/div><div class=\"pp-photo-gallery-item pp-gallery-masonry-item\" data-item-id=\"1965\" itemprop=\"associatedMedia\" itemscope=\"itemscope\" itemtype=\"http:\/\/schema.org\/ImageObject\">\n\t<div class=\"pp-photo-gallery-content\">\n\n\t\t\t\t<a\n\t\t\thref=\"https:\/\/santaeulariaculturaijoventut.com\/wp-content\/uploads\/2021\/02\/8_A_-RAICES.jpg\"\n\t\t\t \n\t\t\t\t\t\tdata-fancybox=\"images\" \n\t\t\t \n\t\t\ttitle=\"8_A_ RAICES\" \n\t\t\t\t\t\tdata-caption=\"\"\n\t\t\t\t\t\tdata-description=\"\" \n\t\t\titemprop=\"contentUrl\"\n\t\t>\n\t\t\n\t\t\n\t\t\t<img loading=\"lazy\" decoding=\"async\" class=\"pp-gallery-img\" src=\"https:\/\/santaeulariaculturaijoventut.com\/wp-content\/uploads\/2021\/02\/8_A_-RAICES-225x300.jpg\" alt=\"\" data-no-lazy=\"1\" itemprop=\"thumbnail\" width=\"225\" height=\"300\" \/>\n\n\t\t\t<!-- Overlay Wrapper -->\n\t\t\t<div class=\"pp-gallery-overlay\">\n\t\t\t\t<div class=\"pp-overlay-inner\">\n\n\t\t\t\t\t\n\t\t\t\t\t\n\t\t\t\t<\/div>\n\t\t\t<\/div> <!-- Overlay Wrapper Closed -->\n\n\t\t\t\t<\/a>\n\t\t\t\t\t\t\t<meta itemprop=\"width\" content=\"225\" \/>\n\t\t\t<meta itemprop=\"height\" content=\"300\" \/>\n\t\t\t<\/div>\n\t<\/div><div class=\"pp-photo-gallery-item pp-gallery-masonry-item\" data-item-id=\"1967\" itemprop=\"associatedMedia\" itemscope=\"itemscope\" itemtype=\"http:\/\/schema.org\/ImageObject\">\n\t<div class=\"pp-photo-gallery-content\">\n\n\t\t\t\t<a\n\t\t\thref=\"https:\/\/santaeulariaculturaijoventut.com\/wp-content\/uploads\/2021\/02\/40_B_atardecer-entre-salinas.jpg\"\n\t\t\t \n\t\t\t\t\t\tdata-fancybox=\"images\" \n\t\t\t \n\t\t\ttitle=\"40_B_atardecer entre salinas\" \n\t\t\t\t\t\tdata-caption=\"\"\n\t\t\t\t\t\tdata-description=\"\" \n\t\t\titemprop=\"contentUrl\"\n\t\t>\n\t\t\n\t\t\n\t\t\t<img loading=\"lazy\" decoding=\"async\" class=\"pp-gallery-img\" src=\"https:\/\/santaeulariaculturaijoventut.com\/wp-content\/uploads\/2021\/02\/40_B_atardecer-entre-salinas-225x300.jpg\" alt=\"\" data-no-lazy=\"1\" itemprop=\"thumbnail\" width=\"225\" height=\"300\" \/>\n\n\t\t\t<!-- Overlay Wrapper -->\n\t\t\t<div class=\"pp-gallery-overlay\">\n\t\t\t\t<div class=\"pp-overlay-inner\">\n\n\t\t\t\t\t\n\t\t\t\t\t\n\t\t\t\t<\/div>\n\t\t\t<\/div> <!-- Overlay Wrapper Closed -->\n\n\t\t\t\t<\/a>\n\t\t\t\t\t\t\t<meta itemprop=\"width\" content=\"225\" \/>\n\t\t\t<meta itemprop=\"height\" content=\"300\" \/>\n\t\t\t<\/div>\n\t<\/div><div class=\"pp-photo-gallery-item pp-gallery-masonry-item\" data-item-id=\"1969\" itemprop=\"associatedMedia\" itemscope=\"itemscope\" itemtype=\"http:\/\/schema.org\/ImageObject\">\n\t<div class=\"pp-photo-gallery-content\">\n\n\t\t\t\t<a\n\t\t\thref=\"https:\/\/santaeulariaculturaijoventut.com\/wp-content\/uploads\/2021\/02\/40_A_el-crepu\u0301sculo-de-botafoch.jpg\"\n\t\t\t \n\t\t\t\t\t\tdata-fancybox=\"images\" \n\t\t\t \n\t\t\ttitle=\"40_A_el crepu\u0301sculo de botafoch\" \n\t\t\t\t\t\tdata-caption=\"\"\n\t\t\t\t\t\tdata-description=\"\" \n\t\t\titemprop=\"contentUrl\"\n\t\t>\n\t\t\n\t\t\n\t\t\t<img loading=\"lazy\" decoding=\"async\" class=\"pp-gallery-img\" src=\"https:\/\/santaeulariaculturaijoventut.com\/wp-content\/uploads\/2021\/02\/40_A_el-crepu\u0301sculo-de-botafoch-225x300.jpg\" alt=\"\" data-no-lazy=\"1\" itemprop=\"thumbnail\" width=\"225\" height=\"300\" \/>\n\n\t\t\t<!-- Overlay Wrapper -->\n\t\t\t<div class=\"pp-gallery-overlay\">\n\t\t\t\t<div class=\"pp-overlay-inner\">\n\n\t\t\t\t\t\n\t\t\t\t\t\n\t\t\t\t<\/div>\n\t\t\t<\/div> <!-- Overlay Wrapper Closed -->\n\n\t\t\t\t<\/a>\n\t\t\t\t\t\t\t<meta itemprop=\"width\" content=\"225\" \/>\n\t\t\t<meta itemprop=\"height\" content=\"300\" \/>\n\t\t\t<\/div>\n\t<\/div><div class=\"pp-photo-gallery-item pp-gallery-masonry-item\" data-item-id=\"1971\" itemprop=\"associatedMedia\" itemscope=\"itemscope\" itemtype=\"http:\/\/schema.org\/ImageObject\">\n\t<div class=\"pp-photo-gallery-content\">\n\n\t\t\t\t<a\n\t\t\thref=\"https:\/\/santaeulariaculturaijoventut.com\/wp-content\/uploads\/2021\/02\/30_B_RACONS.jpg\"\n\t\t\t \n\t\t\t\t\t\tdata-fancybox=\"images\" \n\t\t\t \n\t\t\ttitle=\"30_B_RACONS\" \n\t\t\t\t\t\tdata-caption=\"\"\n\t\t\t\t\t\tdata-description=\"\" \n\t\t\titemprop=\"contentUrl\"\n\t\t>\n\t\t\n\t\t\n\t\t\t<img loading=\"lazy\" decoding=\"async\" class=\"pp-gallery-img\" src=\"https:\/\/santaeulariaculturaijoventut.com\/wp-content\/uploads\/2021\/02\/30_B_RACONS-300x225.jpg\" alt=\"\" data-no-lazy=\"1\" itemprop=\"thumbnail\" width=\"300\" height=\"225\" \/>\n\n\t\t\t<!-- Overlay Wrapper -->\n\t\t\t<div class=\"pp-gallery-overlay\">\n\t\t\t\t<div class=\"pp-overlay-inner\">\n\n\t\t\t\t\t\n\t\t\t\t\t\n\t\t\t\t<\/div>\n\t\t\t<\/div> <!-- Overlay Wrapper Closed -->\n\n\t\t\t\t<\/a>\n\t\t\t\t\t\t\t<meta itemprop=\"width\" content=\"300\" \/>\n\t\t\t<meta itemprop=\"height\" content=\"225\" \/>\n\t\t\t<\/div>\n\t<\/div><div class=\"pp-photo-gallery-item pp-gallery-masonry-item\" data-item-id=\"1973\" itemprop=\"associatedMedia\" itemscope=\"itemscope\" itemtype=\"http:\/\/schema.org\/ImageObject\">\n\t<div class=\"pp-photo-gallery-content\">\n\n\t\t\t\t<a\n\t\t\thref=\"https:\/\/santaeulariaculturaijoventut.com\/wp-content\/uploads\/2021\/02\/94_C_Bajo-el-agua.jpg\"\n\t\t\t \n\t\t\t\t\t\tdata-fancybox=\"images\" \n\t\t\t \n\t\t\ttitle=\"94_C_Bajo el agua\" \n\t\t\t\t\t\tdata-caption=\"\"\n\t\t\t\t\t\tdata-description=\"\" \n\t\t\titemprop=\"contentUrl\"\n\t\t>\n\t\t\n\t\t\n\t\t\t<img loading=\"lazy\" decoding=\"async\" class=\"pp-gallery-img\" src=\"https:\/\/santaeulariaculturaijoventut.com\/wp-content\/uploads\/2021\/02\/94_C_Bajo-el-agua-300x225.jpg\" alt=\"\" data-no-lazy=\"1\" itemprop=\"thumbnail\" width=\"300\" height=\"225\" \/>\n\n\t\t\t<!-- Overlay Wrapper -->\n\t\t\t<div class=\"pp-gallery-overlay\">\n\t\t\t\t<div class=\"pp-overlay-inner\">\n\n\t\t\t\t\t\n\t\t\t\t\t\n\t\t\t\t<\/div>\n\t\t\t<\/div> <!-- Overlay Wrapper Closed -->\n\n\t\t\t\t<\/a>\n\t\t\t\t\t\t\t<meta itemprop=\"width\" content=\"300\" \/>\n\t\t\t<meta itemprop=\"height\" content=\"225\" \/>\n\t\t\t<\/div>\n\t<\/div><div class=\"pp-photo-gallery-item pp-gallery-masonry-item\" data-item-id=\"1975\" itemprop=\"associatedMedia\" itemscope=\"itemscope\" itemtype=\"http:\/\/schema.org\/ImageObject\">\n\t<div class=\"pp-photo-gallery-content\">\n\n\t\t\t\t<a\n\t\t\thref=\"https:\/\/santaeulariaculturaijoventut.com\/wp-content\/uploads\/2021\/02\/1_A_CEL-I-PAU.jpg\"\n\t\t\t \n\t\t\t\t\t\tdata-fancybox=\"images\" \n\t\t\t \n\t\t\ttitle=\"1_A_CEL I PAU\" \n\t\t\t\t\t\tdata-caption=\"\"\n\t\t\t\t\t\tdata-description=\"\" \n\t\t\titemprop=\"contentUrl\"\n\t\t>\n\t\t\n\t\t\n\t\t\t<img loading=\"lazy\" decoding=\"async\" class=\"pp-gallery-img\" src=\"https:\/\/santaeulariaculturaijoventut.com\/wp-content\/uploads\/2021\/02\/1_A_CEL-I-PAU-245x300.jpg\" alt=\"\" data-no-lazy=\"1\" itemprop=\"thumbnail\" width=\"245\" height=\"300\" \/>\n\n\t\t\t<!-- Overlay Wrapper -->\n\t\t\t<div class=\"pp-gallery-overlay\">\n\t\t\t\t<div class=\"pp-overlay-inner\">\n\n\t\t\t\t\t\n\t\t\t\t\t\n\t\t\t\t<\/div>\n\t\t\t<\/div> <!-- Overlay Wrapper Closed -->\n\n\t\t\t\t<\/a>\n\t\t\t\t\t\t\t<meta itemprop=\"width\" content=\"245\" \/>\n\t\t\t<meta itemprop=\"height\" content=\"300\" \/>\n\t\t\t<\/div>\n\t<\/div><div class=\"pp-photo-gallery-item pp-gallery-masonry-item\" data-item-id=\"1977\" itemprop=\"associatedMedia\" itemscope=\"itemscope\" itemtype=\"http:\/\/schema.org\/ImageObject\">\n\t<div class=\"pp-photo-gallery-content\">\n\n\t\t\t\t<a\n\t\t\thref=\"https:\/\/santaeulariaculturaijoventut.com\/wp-content\/uploads\/2021\/02\/5_C_BOMBOLLES-DE-POSIDO\u0300NIA.jpg\"\n\t\t\t \n\t\t\t\t\t\tdata-fancybox=\"images\" \n\t\t\t \n\t\t\ttitle=\"5_C_BOMBOLLES DE POSIDO\u0300NIA\" \n\t\t\t\t\t\tdata-caption=\"\"\n\t\t\t\t\t\tdata-description=\"\" \n\t\t\titemprop=\"contentUrl\"\n\t\t>\n\t\t\n\t\t\n\t\t\t<img loading=\"lazy\" decoding=\"async\" class=\"pp-gallery-img\" src=\"https:\/\/santaeulariaculturaijoventut.com\/wp-content\/uploads\/2021\/02\/5_C_BOMBOLLES-DE-POSIDO\u0300NIA-300x169.jpg\" alt=\"\" data-no-lazy=\"1\" itemprop=\"thumbnail\" width=\"300\" height=\"169\" \/>\n\n\t\t\t<!-- Overlay Wrapper -->\n\t\t\t<div class=\"pp-gallery-overlay\">\n\t\t\t\t<div class=\"pp-overlay-inner\">\n\n\t\t\t\t\t\n\t\t\t\t\t\n\t\t\t\t<\/div>\n\t\t\t<\/div> <!-- Overlay Wrapper Closed -->\n\n\t\t\t\t<\/a>\n\t\t\t\t\t\t\t<meta itemprop=\"width\" content=\"300\" \/>\n\t\t\t<meta itemprop=\"height\" content=\"169\" \/>\n\t\t\t<\/div>\n\t<\/div><div class=\"pp-photo-gallery-item pp-gallery-masonry-item\" data-item-id=\"1979\" itemprop=\"associatedMedia\" itemscope=\"itemscope\" itemtype=\"http:\/\/schema.org\/ImageObject\">\n\t<div class=\"pp-photo-gallery-content\">\n\n\t\t\t\t<a\n\t\t\thref=\"https:\/\/santaeulariaculturaijoventut.com\/wp-content\/uploads\/2021\/02\/76_A_Arrels.jpg\"\n\t\t\t \n\t\t\t\t\t\tdata-fancybox=\"images\" \n\t\t\t \n\t\t\ttitle=\"76_A_Arrels\" \n\t\t\t\t\t\tdata-caption=\"\"\n\t\t\t\t\t\tdata-description=\"\" \n\t\t\titemprop=\"contentUrl\"\n\t\t>\n\t\t\n\t\t\n\t\t\t<img loading=\"lazy\" decoding=\"async\" class=\"pp-gallery-img\" src=\"https:\/\/santaeulariaculturaijoventut.com\/wp-content\/uploads\/2021\/02\/76_A_Arrels-300x185.jpg\" alt=\"\" data-no-lazy=\"1\" itemprop=\"thumbnail\" width=\"300\" height=\"185\" \/>\n\n\t\t\t<!-- Overlay Wrapper -->\n\t\t\t<div class=\"pp-gallery-overlay\">\n\t\t\t\t<div class=\"pp-overlay-inner\">\n\n\t\t\t\t\t\n\t\t\t\t\t\n\t\t\t\t<\/div>\n\t\t\t<\/div> <!-- Overlay Wrapper Closed -->\n\n\t\t\t\t<\/a>\n\t\t\t\t\t\t\t<meta itemprop=\"width\" content=\"300\" \/>\n\t\t\t<meta itemprop=\"height\" content=\"185\" \/>\n\t\t\t<\/div>\n\t<\/div><div class=\"pp-photo-gallery-item pp-gallery-masonry-item\" data-item-id=\"1981\" itemprop=\"associatedMedia\" itemscope=\"itemscope\" itemtype=\"http:\/\/schema.org\/ImageObject\">\n\t<div class=\"pp-photo-gallery-content\">\n\n\t\t\t\t<a\n\t\t\thref=\"https:\/\/santaeulariaculturaijoventut.com\/wp-content\/uploads\/2021\/02\/51_A_Camino-a-Puig-de-Missa-1988.jpg\"\n\t\t\t \n\t\t\t\t\t\tdata-fancybox=\"images\" \n\t\t\t \n\t\t\ttitle=\"51_A_Camino a Puig de Missa 1988\" \n\t\t\t\t\t\tdata-caption=\"\"\n\t\t\t\t\t\tdata-description=\"\" \n\t\t\titemprop=\"contentUrl\"\n\t\t>\n\t\t\n\t\t\n\t\t\t<img loading=\"lazy\" decoding=\"async\" class=\"pp-gallery-img\" src=\"https:\/\/santaeulariaculturaijoventut.com\/wp-content\/uploads\/2021\/02\/51_A_Camino-a-Puig-de-Missa-1988-221x300.jpg\" alt=\"\" data-no-lazy=\"1\" itemprop=\"thumbnail\" width=\"221\" height=\"300\" \/>\n\n\t\t\t<!-- Overlay Wrapper -->\n\t\t\t<div class=\"pp-gallery-overlay\">\n\t\t\t\t<div class=\"pp-overlay-inner\">\n\n\t\t\t\t\t\n\t\t\t\t\t\n\t\t\t\t<\/div>\n\t\t\t<\/div> <!-- Overlay Wrapper Closed -->\n\n\t\t\t\t<\/a>\n\t\t\t\t\t\t\t<meta itemprop=\"width\" content=\"221\" \/>\n\t\t\t<meta itemprop=\"height\" content=\"300\" \/>\n\t\t\t<\/div>\n\t<\/div><div class=\"pp-photo-gallery-item pp-gallery-masonry-item\" data-item-id=\"1983\" itemprop=\"associatedMedia\" itemscope=\"itemscope\" itemtype=\"http:\/\/schema.org\/ImageObject\">\n\t<div class=\"pp-photo-gallery-content\">\n\n\t\t\t\t<a\n\t\t\thref=\"https:\/\/santaeulariaculturaijoventut.com\/wp-content\/uploads\/2021\/02\/30_A_RACONS.jpg\"\n\t\t\t \n\t\t\t\t\t\tdata-fancybox=\"images\" \n\t\t\t \n\t\t\ttitle=\"30_A_RACONS\" \n\t\t\t\t\t\tdata-caption=\"\"\n\t\t\t\t\t\tdata-description=\"\" \n\t\t\titemprop=\"contentUrl\"\n\t\t>\n\t\t\n\t\t\n\t\t\t<img loading=\"lazy\" decoding=\"async\" class=\"pp-gallery-img\" src=\"https:\/\/santaeulariaculturaijoventut.com\/wp-content\/uploads\/2021\/02\/30_A_RACONS-225x300.jpg\" alt=\"\" data-no-lazy=\"1\" itemprop=\"thumbnail\" width=\"225\" height=\"300\" \/>\n\n\t\t\t<!-- Overlay Wrapper -->\n\t\t\t<div class=\"pp-gallery-overlay\">\n\t\t\t\t<div class=\"pp-overlay-inner\">\n\n\t\t\t\t\t\n\t\t\t\t\t\n\t\t\t\t<\/div>\n\t\t\t<\/div> <!-- Overlay Wrapper Closed -->\n\n\t\t\t\t<\/a>\n\t\t\t\t\t\t\t<meta itemprop=\"width\" content=\"225\" \/>\n\t\t\t<meta itemprop=\"height\" content=\"300\" \/>\n\t\t\t<\/div>\n\t<\/div><div class=\"pp-photo-gallery-item pp-gallery-masonry-item\" data-item-id=\"1985\" itemprop=\"associatedMedia\" itemscope=\"itemscope\" itemtype=\"http:\/\/schema.org\/ImageObject\">\n\t<div class=\"pp-photo-gallery-content\">\n\n\t\t\t\t<a\n\t\t\thref=\"https:\/\/santaeulariaculturaijoventut.com\/wp-content\/uploads\/2021\/02\/48_A_Forn-de-llenya.jpg\"\n\t\t\t \n\t\t\t\t\t\tdata-fancybox=\"images\" \n\t\t\t \n\t\t\ttitle=\"48_A_Forn de llenya\" \n\t\t\t\t\t\tdata-caption=\"\"\n\t\t\t\t\t\tdata-description=\"\" \n\t\t\titemprop=\"contentUrl\"\n\t\t>\n\t\t\n\t\t\n\t\t\t<img loading=\"lazy\" decoding=\"async\" class=\"pp-gallery-img\" src=\"https:\/\/santaeulariaculturaijoventut.com\/wp-content\/uploads\/2021\/02\/48_A_Forn-de-llenya-300x200.jpg\" alt=\"\" data-no-lazy=\"1\" itemprop=\"thumbnail\" width=\"300\" height=\"200\" \/>\n\n\t\t\t<!-- Overlay Wrapper -->\n\t\t\t<div class=\"pp-gallery-overlay\">\n\t\t\t\t<div class=\"pp-overlay-inner\">\n\n\t\t\t\t\t\n\t\t\t\t\t\n\t\t\t\t<\/div>\n\t\t\t<\/div> <!-- Overlay Wrapper Closed -->\n\n\t\t\t\t<\/a>\n\t\t\t\t\t\t\t<meta itemprop=\"width\" content=\"300\" \/>\n\t\t\t<meta itemprop=\"height\" content=\"200\" \/>\n\t\t\t<\/div>\n\t<\/div><div class=\"pp-photo-gallery-item pp-gallery-masonry-item\" data-item-id=\"1987\" itemprop=\"associatedMedia\" itemscope=\"itemscope\" itemtype=\"http:\/\/schema.org\/ImageObject\">\n\t<div class=\"pp-photo-gallery-content\">\n\n\t\t\t\t<a\n\t\t\thref=\"https:\/\/santaeulariaculturaijoventut.com\/wp-content\/uploads\/2021\/02\/96_B_IBIZA...TIERRAMAR-Y-AIRE.jpg\"\n\t\t\t \n\t\t\t\t\t\tdata-fancybox=\"images\" \n\t\t\t \n\t\t\ttitle=\"96_B_IBIZA...TIERRA,MAR Y AIRE\" \n\t\t\t\t\t\tdata-caption=\"\"\n\t\t\t\t\t\tdata-description=\"\" \n\t\t\titemprop=\"contentUrl\"\n\t\t>\n\t\t\n\t\t\n\t\t\t<img loading=\"lazy\" decoding=\"async\" class=\"pp-gallery-img\" src=\"https:\/\/santaeulariaculturaijoventut.com\/wp-content\/uploads\/2021\/02\/96_B_IBIZA...TIERRAMAR-Y-AIRE-300x220.jpg\" alt=\"\" data-no-lazy=\"1\" itemprop=\"thumbnail\" width=\"300\" height=\"220\" \/>\n\n\t\t\t<!-- Overlay Wrapper -->\n\t\t\t<div class=\"pp-gallery-overlay\">\n\t\t\t\t<div class=\"pp-overlay-inner\">\n\n\t\t\t\t\t\n\t\t\t\t\t\n\t\t\t\t<\/div>\n\t\t\t<\/div> <!-- Overlay Wrapper Closed -->\n\n\t\t\t\t<\/a>\n\t\t\t\t\t\t\t<meta itemprop=\"width\" content=\"300\" \/>\n\t\t\t<meta itemprop=\"height\" content=\"220\" \/>\n\t\t\t<\/div>\n\t<\/div><div class=\"pp-photo-gallery-item pp-gallery-masonry-item\" data-item-id=\"1989\" itemprop=\"associatedMedia\" itemscope=\"itemscope\" itemtype=\"http:\/\/schema.org\/ImageObject\">\n\t<div class=\"pp-photo-gallery-content\">\n\n\t\t\t\t<a\n\t\t\thref=\"https:\/\/santaeulariaculturaijoventut.com\/wp-content\/uploads\/2021\/02\/71_A_L\u2019esse\u0300ncia.jpg\"\n\t\t\t \n\t\t\t\t\t\tdata-fancybox=\"images\" \n\t\t\t \n\t\t\ttitle=\"71_A_L\u2019esse\u0300ncia\" \n\t\t\t\t\t\tdata-caption=\"\"\n\t\t\t\t\t\tdata-description=\"\" \n\t\t\titemprop=\"contentUrl\"\n\t\t>\n\t\t\n\t\t\n\t\t\t<img loading=\"lazy\" decoding=\"async\" class=\"pp-gallery-img\" src=\"https:\/\/santaeulariaculturaijoventut.com\/wp-content\/uploads\/2021\/02\/71_A_L\u2019esse\u0300ncia-200x300.jpg\" alt=\"\" data-no-lazy=\"1\" itemprop=\"thumbnail\" width=\"200\" height=\"300\" \/>\n\n\t\t\t<!-- Overlay Wrapper -->\n\t\t\t<div class=\"pp-gallery-overlay\">\n\t\t\t\t<div class=\"pp-overlay-inner\">\n\n\t\t\t\t\t\n\t\t\t\t\t\n\t\t\t\t<\/div>\n\t\t\t<\/div> <!-- Overlay Wrapper Closed -->\n\n\t\t\t\t<\/a>\n\t\t\t\t\t\t\t<meta itemprop=\"width\" content=\"200\" \/>\n\t\t\t<meta itemprop=\"height\" content=\"300\" \/>\n\t\t\t<\/div>\n\t<\/div><div class=\"pp-photo-gallery-item pp-gallery-masonry-item\" data-item-id=\"1991\" itemprop=\"associatedMedia\" itemscope=\"itemscope\" itemtype=\"http:\/\/schema.org\/ImageObject\">\n\t<div class=\"pp-photo-gallery-content\">\n\n\t\t\t\t<a\n\t\t\thref=\"https:\/\/santaeulariaculturaijoventut.com\/wp-content\/uploads\/2021\/02\/104_B.jpg\"\n\t\t\t \n\t\t\t\t\t\tdata-fancybox=\"images\" \n\t\t\t \n\t\t\ttitle=\"104_B\" \n\t\t\t\t\t\tdata-caption=\"\"\n\t\t\t\t\t\tdata-description=\"\" \n\t\t\titemprop=\"contentUrl\"\n\t\t>\n\t\t\n\t\t\n\t\t\t<img loading=\"lazy\" decoding=\"async\" class=\"pp-gallery-img\" src=\"https:\/\/santaeulariaculturaijoventut.com\/wp-content\/uploads\/2021\/02\/104_B-199x300.jpg\" alt=\"\" data-no-lazy=\"1\" itemprop=\"thumbnail\" width=\"199\" height=\"300\" \/>\n\n\t\t\t<!-- Overlay Wrapper -->\n\t\t\t<div class=\"pp-gallery-overlay\">\n\t\t\t\t<div class=\"pp-overlay-inner\">\n\n\t\t\t\t\t\n\t\t\t\t\t\n\t\t\t\t<\/div>\n\t\t\t<\/div> <!-- Overlay Wrapper Closed -->\n\n\t\t\t\t<\/a>\n\t\t\t\t\t\t\t<meta itemprop=\"width\" content=\"199\" \/>\n\t\t\t<meta itemprop=\"height\" content=\"300\" \/>\n\t\t\t<\/div>\n\t<\/div><div class=\"pp-photo-gallery-item pp-gallery-masonry-item\" data-item-id=\"1993\" itemprop=\"associatedMedia\" itemscope=\"itemscope\" itemtype=\"http:\/\/schema.org\/ImageObject\">\n\t<div class=\"pp-photo-gallery-content\">\n\n\t\t\t\t<a\n\t\t\thref=\"https:\/\/santaeulariaculturaijoventut.com\/wp-content\/uploads\/2021\/02\/38_B_FLAU\u0308TA.jpg\"\n\t\t\t \n\t\t\t\t\t\tdata-fancybox=\"images\" \n\t\t\t \n\t\t\ttitle=\"38_B_FLAU\u0308TA\" \n\t\t\t\t\t\tdata-caption=\"\"\n\t\t\t\t\t\tdata-description=\"\" \n\t\t\titemprop=\"contentUrl\"\n\t\t>\n\t\t\n\t\t\n\t\t\t<img loading=\"lazy\" decoding=\"async\" class=\"pp-gallery-img\" src=\"https:\/\/santaeulariaculturaijoventut.com\/wp-content\/uploads\/2021\/02\/38_B_FLAU\u0308TA-300x190.jpg\" alt=\"\" data-no-lazy=\"1\" itemprop=\"thumbnail\" width=\"300\" height=\"190\" \/>\n\n\t\t\t<!-- Overlay Wrapper -->\n\t\t\t<div class=\"pp-gallery-overlay\">\n\t\t\t\t<div class=\"pp-overlay-inner\">\n\n\t\t\t\t\t\n\t\t\t\t\t\n\t\t\t\t<\/div>\n\t\t\t<\/div> <!-- Overlay Wrapper Closed -->\n\n\t\t\t\t<\/a>\n\t\t\t\t\t\t\t<meta itemprop=\"width\" content=\"300\" \/>\n\t\t\t<meta itemprop=\"height\" content=\"190\" \/>\n\t\t\t<\/div>\n\t<\/div><div class=\"pp-photo-gallery-item pp-gallery-masonry-item\" data-item-id=\"1995\" itemprop=\"associatedMedia\" itemscope=\"itemscope\" itemtype=\"http:\/\/schema.org\/ImageObject\">\n\t<div class=\"pp-photo-gallery-content\">\n\n\t\t\t\t<a\n\t\t\thref=\"https:\/\/santaeulariaculturaijoventut.com\/wp-content\/uploads\/2021\/02\/107_B_Ruta-sobre-metal-y-madera.jpg\"\n\t\t\t \n\t\t\t\t\t\tdata-fancybox=\"images\" \n\t\t\t \n\t\t\ttitle=\"107_B_Ruta sobre metal y madera\" \n\t\t\t\t\t\tdata-caption=\"\"\n\t\t\t\t\t\tdata-description=\"\" \n\t\t\titemprop=\"contentUrl\"\n\t\t>\n\t\t\n\t\t\n\t\t\t<img loading=\"lazy\" decoding=\"async\" class=\"pp-gallery-img\" src=\"https:\/\/santaeulariaculturaijoventut.com\/wp-content\/uploads\/2021\/02\/107_B_Ruta-sobre-metal-y-madera-300x200.jpg\" alt=\"\" data-no-lazy=\"1\" itemprop=\"thumbnail\" width=\"300\" height=\"200\" \/>\n\n\t\t\t<!-- Overlay Wrapper -->\n\t\t\t<div class=\"pp-gallery-overlay\">\n\t\t\t\t<div class=\"pp-overlay-inner\">\n\n\t\t\t\t\t\n\t\t\t\t\t\n\t\t\t\t<\/div>\n\t\t\t<\/div> <!-- Overlay Wrapper Closed -->\n\n\t\t\t\t<\/a>\n\t\t\t\t\t\t\t<meta itemprop=\"width\" content=\"300\" \/>\n\t\t\t<meta itemprop=\"height\" content=\"200\" \/>\n\t\t\t<\/div>\n\t<\/div><div class=\"pp-photo-gallery-item pp-gallery-masonry-item\" data-item-id=\"1997\" itemprop=\"associatedMedia\" itemscope=\"itemscope\" itemtype=\"http:\/\/schema.org\/ImageObject\">\n\t<div class=\"pp-photo-gallery-content\">\n\n\t\t\t\t<a\n\t\t\thref=\"https:\/\/santaeulariaculturaijoventut.com\/wp-content\/uploads\/2021\/02\/124_B_LA-CURA-CON-SABOR-A-SAL.jpg\"\n\t\t\t \n\t\t\t\t\t\tdata-fancybox=\"images\" \n\t\t\t \n\t\t\ttitle=\"124_B_LA CURA CON SABOR A SAL\" \n\t\t\t\t\t\tdata-caption=\"\"\n\t\t\t\t\t\tdata-description=\"\" \n\t\t\titemprop=\"contentUrl\"\n\t\t>\n\t\t\n\t\t\n\t\t\t<img loading=\"lazy\" decoding=\"async\" class=\"pp-gallery-img\" src=\"https:\/\/santaeulariaculturaijoventut.com\/wp-content\/uploads\/2021\/02\/124_B_LA-CURA-CON-SABOR-A-SAL-300x225.jpg\" alt=\"\" data-no-lazy=\"1\" itemprop=\"thumbnail\" width=\"300\" height=\"225\" \/>\n\n\t\t\t<!-- Overlay Wrapper -->\n\t\t\t<div class=\"pp-gallery-overlay\">\n\t\t\t\t<div class=\"pp-overlay-inner\">\n\n\t\t\t\t\t\n\t\t\t\t\t\n\t\t\t\t<\/div>\n\t\t\t<\/div> <!-- Overlay Wrapper Closed -->\n\n\t\t\t\t<\/a>\n\t\t\t\t\t\t\t<meta itemprop=\"width\" content=\"300\" \/>\n\t\t\t<meta itemprop=\"height\" content=\"225\" \/>\n\t\t\t<\/div>\n\t<\/div><div class=\"pp-photo-gallery-item pp-gallery-masonry-item\" data-item-id=\"1999\" itemprop=\"associatedMedia\" itemscope=\"itemscope\" itemtype=\"http:\/\/schema.org\/ImageObject\">\n\t<div class=\"pp-photo-gallery-content\">\n\n\t\t\t\t<a\n\t\t\thref=\"https:\/\/santaeulariaculturaijoventut.com\/wp-content\/uploads\/2021\/02\/25_C_SAL.jpg\"\n\t\t\t \n\t\t\t\t\t\tdata-fancybox=\"images\" \n\t\t\t \n\t\t\ttitle=\"25_C_SAL\" \n\t\t\t\t\t\tdata-caption=\"\"\n\t\t\t\t\t\tdata-description=\"\" \n\t\t\titemprop=\"contentUrl\"\n\t\t>\n\t\t\n\t\t\n\t\t\t<img loading=\"lazy\" decoding=\"async\" class=\"pp-gallery-img\" src=\"https:\/\/santaeulariaculturaijoventut.com\/wp-content\/uploads\/2021\/02\/25_C_SAL-215x300.jpg\" alt=\"\" data-no-lazy=\"1\" itemprop=\"thumbnail\" width=\"215\" height=\"300\" \/>\n\n\t\t\t<!-- Overlay Wrapper -->\n\t\t\t<div class=\"pp-gallery-overlay\">\n\t\t\t\t<div class=\"pp-overlay-inner\">\n\n\t\t\t\t\t\n\t\t\t\t\t\n\t\t\t\t<\/div>\n\t\t\t<\/div> <!-- Overlay Wrapper Closed -->\n\n\t\t\t\t<\/a>\n\t\t\t\t\t\t\t<meta itemprop=\"width\" content=\"215\" \/>\n\t\t\t<meta itemprop=\"height\" content=\"300\" \/>\n\t\t\t<\/div>\n\t<\/div><div class=\"pp-photo-gallery-item pp-gallery-masonry-item\" data-item-id=\"2001\" itemprop=\"associatedMedia\" itemscope=\"itemscope\" itemtype=\"http:\/\/schema.org\/ImageObject\">\n\t<div class=\"pp-photo-gallery-content\">\n\n\t\t\t\t<a\n\t\t\thref=\"https:\/\/santaeulariaculturaijoventut.com\/wp-content\/uploads\/2021\/02\/14_B_COTO-DE-CAZA.jpg\"\n\t\t\t \n\t\t\t\t\t\tdata-fancybox=\"images\" \n\t\t\t \n\t\t\ttitle=\"14_B_COTO DE CAZA\" \n\t\t\t\t\t\tdata-caption=\"\"\n\t\t\t\t\t\tdata-description=\"\" \n\t\t\titemprop=\"contentUrl\"\n\t\t>\n\t\t\n\t\t\n\t\t\t<img loading=\"lazy\" decoding=\"async\" class=\"pp-gallery-img\" src=\"https:\/\/santaeulariaculturaijoventut.com\/wp-content\/uploads\/2021\/02\/14_B_COTO-DE-CAZA-300x199.jpg\" alt=\"\" data-no-lazy=\"1\" itemprop=\"thumbnail\" width=\"300\" height=\"199\" \/>\n\n\t\t\t<!-- Overlay Wrapper -->\n\t\t\t<div class=\"pp-gallery-overlay\">\n\t\t\t\t<div class=\"pp-overlay-inner\">\n\n\t\t\t\t\t\n\t\t\t\t\t\n\t\t\t\t<\/div>\n\t\t\t<\/div> <!-- Overlay Wrapper Closed -->\n\n\t\t\t\t<\/a>\n\t\t\t\t\t\t\t<meta itemprop=\"width\" content=\"300\" \/>\n\t\t\t<meta itemprop=\"height\" content=\"199\" \/>\n\t\t\t<\/div>\n\t<\/div><div class=\"pp-photo-gallery-item pp-gallery-masonry-item\" data-item-id=\"2003\" itemprop=\"associatedMedia\" itemscope=\"itemscope\" itemtype=\"http:\/\/schema.org\/ImageObject\">\n\t<div class=\"pp-photo-gallery-content\">\n\n\t\t\t\t<a\n\t\t\thref=\"https:\/\/santaeulariaculturaijoventut.com\/wp-content\/uploads\/2021\/02\/78_C_Llum-final.jpg\"\n\t\t\t \n\t\t\t\t\t\tdata-fancybox=\"images\" \n\t\t\t \n\t\t\ttitle=\"78_C_Llum final\" \n\t\t\t\t\t\tdata-caption=\"\"\n\t\t\t\t\t\tdata-description=\"\" \n\t\t\titemprop=\"contentUrl\"\n\t\t>\n\t\t\n\t\t\n\t\t\t<img loading=\"lazy\" decoding=\"async\" class=\"pp-gallery-img\" src=\"https:\/\/santaeulariaculturaijoventut.com\/wp-content\/uploads\/2021\/02\/78_C_Llum-final-300x169.jpg\" alt=\"\" data-no-lazy=\"1\" itemprop=\"thumbnail\" width=\"300\" height=\"169\" \/>\n\n\t\t\t<!-- Overlay Wrapper -->\n\t\t\t<div class=\"pp-gallery-overlay\">\n\t\t\t\t<div class=\"pp-overlay-inner\">\n\n\t\t\t\t\t\n\t\t\t\t\t\n\t\t\t\t<\/div>\n\t\t\t<\/div> <!-- Overlay Wrapper Closed -->\n\n\t\t\t\t<\/a>\n\t\t\t\t\t\t\t<meta itemprop=\"width\" content=\"300\" \/>\n\t\t\t<meta itemprop=\"height\" content=\"169\" \/>\n\t\t\t<\/div>\n\t<\/div><div class=\"pp-photo-gallery-item pp-gallery-masonry-item\" data-item-id=\"2005\" itemprop=\"associatedMedia\" itemscope=\"itemscope\" itemtype=\"http:\/\/schema.org\/ImageObject\">\n\t<div class=\"pp-photo-gallery-content\">\n\n\t\t\t\t<a\n\t\t\thref=\"https:\/\/santaeulariaculturaijoventut.com\/wp-content\/uploads\/2021\/02\/45_B_MI-PAZ.jpg\"\n\t\t\t \n\t\t\t\t\t\tdata-fancybox=\"images\" \n\t\t\t \n\t\t\ttitle=\"45_B_MI PAZ\" \n\t\t\t\t\t\tdata-caption=\"\"\n\t\t\t\t\t\tdata-description=\"\" \n\t\t\titemprop=\"contentUrl\"\n\t\t>\n\t\t\n\t\t\n\t\t\t<img loading=\"lazy\" decoding=\"async\" class=\"pp-gallery-img\" src=\"https:\/\/santaeulariaculturaijoventut.com\/wp-content\/uploads\/2021\/02\/45_B_MI-PAZ-225x300.jpg\" alt=\"\" data-no-lazy=\"1\" itemprop=\"thumbnail\" width=\"225\" height=\"300\" \/>\n\n\t\t\t<!-- Overlay Wrapper -->\n\t\t\t<div class=\"pp-gallery-overlay\">\n\t\t\t\t<div class=\"pp-overlay-inner\">\n\n\t\t\t\t\t\n\t\t\t\t\t\n\t\t\t\t<\/div>\n\t\t\t<\/div> <!-- Overlay Wrapper Closed -->\n\n\t\t\t\t<\/a>\n\t\t\t\t\t\t\t<meta itemprop=\"width\" content=\"225\" \/>\n\t\t\t<meta itemprop=\"height\" content=\"300\" \/>\n\t\t\t<\/div>\n\t<\/div><div class=\"pp-photo-gallery-item pp-gallery-masonry-item\" data-item-id=\"2007\" itemprop=\"associatedMedia\" itemscope=\"itemscope\" itemtype=\"http:\/\/schema.org\/ImageObject\">\n\t<div class=\"pp-photo-gallery-content\">\n\n\t\t\t\t<a\n\t\t\thref=\"https:\/\/santaeulariaculturaijoventut.com\/wp-content\/uploads\/2021\/02\/86_A_Amigas-y-compan\u0303eras.jpg\"\n\t\t\t \n\t\t\t\t\t\tdata-fancybox=\"images\" \n\t\t\t \n\t\t\ttitle=\"86_A_Amigas y compan\u0303eras\" \n\t\t\t\t\t\tdata-caption=\"\"\n\t\t\t\t\t\tdata-description=\"\" \n\t\t\titemprop=\"contentUrl\"\n\t\t>\n\t\t\n\t\t\n\t\t\t<img loading=\"lazy\" decoding=\"async\" class=\"pp-gallery-img\" src=\"https:\/\/santaeulariaculturaijoventut.com\/wp-content\/uploads\/2021\/02\/86_A_Amigas-y-compan\u0303eras-300x200.jpg\" alt=\"\" data-no-lazy=\"1\" itemprop=\"thumbnail\" width=\"300\" height=\"200\" \/>\n\n\t\t\t<!-- Overlay Wrapper -->\n\t\t\t<div class=\"pp-gallery-overlay\">\n\t\t\t\t<div class=\"pp-overlay-inner\">\n\n\t\t\t\t\t\n\t\t\t\t\t\n\t\t\t\t<\/div>\n\t\t\t<\/div> <!-- Overlay Wrapper Closed -->\n\n\t\t\t\t<\/a>\n\t\t\t\t\t\t\t<meta itemprop=\"width\" content=\"300\" \/>\n\t\t\t<meta itemprop=\"height\" content=\"200\" \/>\n\t\t\t<\/div>\n\t<\/div><div class=\"pp-photo-gallery-item pp-gallery-masonry-item\" data-item-id=\"2009\" itemprop=\"associatedMedia\" itemscope=\"itemscope\" itemtype=\"http:\/\/schema.org\/ImageObject\">\n\t<div class=\"pp-photo-gallery-content\">\n\n\t\t\t\t<a\n\t\t\thref=\"https:\/\/santaeulariaculturaijoventut.com\/wp-content\/uploads\/2021\/02\/71_B_L\u2019esse\u0300ncia.jpg\"\n\t\t\t \n\t\t\t\t\t\tdata-fancybox=\"images\" \n\t\t\t \n\t\t\ttitle=\"71_B_L\u2019esse\u0300ncia\" \n\t\t\t\t\t\tdata-caption=\"\"\n\t\t\t\t\t\tdata-description=\"\" \n\t\t\titemprop=\"contentUrl\"\n\t\t>\n\t\t\n\t\t\n\t\t\t<img loading=\"lazy\" decoding=\"async\" class=\"pp-gallery-img\" src=\"https:\/\/santaeulariaculturaijoventut.com\/wp-content\/uploads\/2021\/02\/71_B_L\u2019esse\u0300ncia-200x300.jpg\" alt=\"\" data-no-lazy=\"1\" itemprop=\"thumbnail\" width=\"200\" height=\"300\" \/>\n\n\t\t\t<!-- Overlay Wrapper -->\n\t\t\t<div class=\"pp-gallery-overlay\">\n\t\t\t\t<div class=\"pp-overlay-inner\">\n\n\t\t\t\t\t\n\t\t\t\t\t\n\t\t\t\t<\/div>\n\t\t\t<\/div> <!-- Overlay Wrapper Closed -->\n\n\t\t\t\t<\/a>\n\t\t\t\t\t\t\t<meta itemprop=\"width\" content=\"200\" \/>\n\t\t\t<meta itemprop=\"height\" content=\"300\" \/>\n\t\t\t<\/div>\n\t<\/div><div class=\"pp-photo-gallery-item pp-gallery-masonry-item\" data-item-id=\"2011\" itemprop=\"associatedMedia\" itemscope=\"itemscope\" itemtype=\"http:\/\/schema.org\/ImageObject\">\n\t<div class=\"pp-photo-gallery-content\">\n\n\t\t\t\t<a\n\t\t\thref=\"https:\/\/santaeulariaculturaijoventut.com\/wp-content\/uploads\/2021\/02\/77_B_UNA-MIRADA-POR-NUESTRO-ENTORNO.jpg\"\n\t\t\t \n\t\t\t\t\t\tdata-fancybox=\"images\" \n\t\t\t \n\t\t\ttitle=\"77_B_UNA MIRADA POR NUESTRO ENTORNO\" \n\t\t\t\t\t\tdata-caption=\"\"\n\t\t\t\t\t\tdata-description=\"\" \n\t\t\titemprop=\"contentUrl\"\n\t\t>\n\t\t\n\t\t\n\t\t\t<img loading=\"lazy\" decoding=\"async\" class=\"pp-gallery-img\" src=\"https:\/\/santaeulariaculturaijoventut.com\/wp-content\/uploads\/2021\/02\/77_B_UNA-MIRADA-POR-NUESTRO-ENTORNO-300x225.jpg\" alt=\"\" data-no-lazy=\"1\" itemprop=\"thumbnail\" width=\"300\" height=\"225\" \/>\n\n\t\t\t<!-- Overlay Wrapper -->\n\t\t\t<div class=\"pp-gallery-overlay\">\n\t\t\t\t<div class=\"pp-overlay-inner\">\n\n\t\t\t\t\t\n\t\t\t\t\t\n\t\t\t\t<\/div>\n\t\t\t<\/div> <!-- Overlay Wrapper Closed -->\n\n\t\t\t\t<\/a>\n\t\t\t\t\t\t\t<meta itemprop=\"width\" content=\"300\" \/>\n\t\t\t<meta itemprop=\"height\" content=\"225\" \/>\n\t\t\t<\/div>\n\t<\/div><div class=\"pp-photo-gallery-item pp-gallery-masonry-item\" data-item-id=\"2013\" itemprop=\"associatedMedia\" itemscope=\"itemscope\" itemtype=\"http:\/\/schema.org\/ImageObject\">\n\t<div class=\"pp-photo-gallery-content\">\n\n\t\t\t\t<a\n\t\t\thref=\"https:\/\/santaeulariaculturaijoventut.com\/wp-content\/uploads\/2021\/02\/111_A_AMANECER-EN-IBIZA-scaled.jpg\"\n\t\t\t \n\t\t\t\t\t\tdata-fancybox=\"images\" \n\t\t\t \n\t\t\ttitle=\"111_A_AMANECER EN IBIZA\" \n\t\t\t\t\t\tdata-caption=\"\"\n\t\t\t\t\t\tdata-description=\"\" \n\t\t\titemprop=\"contentUrl\"\n\t\t>\n\t\t\n\t\t\n\t\t\t<img loading=\"lazy\" decoding=\"async\" class=\"pp-gallery-img\" src=\"https:\/\/santaeulariaculturaijoventut.com\/wp-content\/uploads\/2021\/02\/111_A_AMANECER-EN-IBIZA-300x225.jpg\" alt=\"\" data-no-lazy=\"1\" itemprop=\"thumbnail\" width=\"300\" height=\"225\" \/>\n\n\t\t\t<!-- Overlay Wrapper -->\n\t\t\t<div class=\"pp-gallery-overlay\">\n\t\t\t\t<div class=\"pp-overlay-inner\">\n\n\t\t\t\t\t\n\t\t\t\t\t\n\t\t\t\t<\/div>\n\t\t\t<\/div> <!-- Overlay Wrapper Closed -->\n\n\t\t\t\t<\/a>\n\t\t\t\t\t\t\t<meta itemprop=\"width\" content=\"300\" \/>\n\t\t\t<meta itemprop=\"height\" content=\"225\" \/>\n\t\t\t<\/div>\n\t<\/div><div class=\"pp-photo-gallery-item pp-gallery-masonry-item\" data-item-id=\"2015\" itemprop=\"associatedMedia\" itemscope=\"itemscope\" itemtype=\"http:\/\/schema.org\/ImageObject\">\n\t<div class=\"pp-photo-gallery-content\">\n\n\t\t\t\t<a\n\t\t\thref=\"https:\/\/santaeulariaculturaijoventut.com\/wp-content\/uploads\/2021\/02\/108_A_Portal-de-Feixa.jpg\"\n\t\t\t \n\t\t\t\t\t\tdata-fancybox=\"images\" \n\t\t\t \n\t\t\ttitle=\"108_A_Portal de Feixa\" \n\t\t\t\t\t\tdata-caption=\"\"\n\t\t\t\t\t\tdata-description=\"\" \n\t\t\titemprop=\"contentUrl\"\n\t\t>\n\t\t\n\t\t\n\t\t\t<img loading=\"lazy\" decoding=\"async\" class=\"pp-gallery-img\" src=\"https:\/\/santaeulariaculturaijoventut.com\/wp-content\/uploads\/2021\/02\/108_A_Portal-de-Feixa-300x200.jpg\" alt=\"\" data-no-lazy=\"1\" itemprop=\"thumbnail\" width=\"300\" height=\"200\" \/>\n\n\t\t\t<!-- Overlay Wrapper -->\n\t\t\t<div class=\"pp-gallery-overlay\">\n\t\t\t\t<div class=\"pp-overlay-inner\">\n\n\t\t\t\t\t\n\t\t\t\t\t\n\t\t\t\t<\/div>\n\t\t\t<\/div> <!-- Overlay Wrapper Closed -->\n\n\t\t\t\t<\/a>\n\t\t\t\t\t\t\t<meta itemprop=\"width\" content=\"300\" \/>\n\t\t\t<meta itemprop=\"height\" content=\"200\" \/>\n\t\t\t<\/div>\n\t<\/div><div class=\"pp-photo-gallery-item pp-gallery-masonry-item\" data-item-id=\"2017\" itemprop=\"associatedMedia\" itemscope=\"itemscope\" itemtype=\"http:\/\/schema.org\/ImageObject\">\n\t<div class=\"pp-photo-gallery-content\">\n\n\t\t\t\t<a\n\t\t\thref=\"https:\/\/santaeulariaculturaijoventut.com\/wp-content\/uploads\/2021\/02\/51_B_En-portada-1988.jpg\"\n\t\t\t \n\t\t\t\t\t\tdata-fancybox=\"images\" \n\t\t\t \n\t\t\ttitle=\"51_B_En portada 1988\" \n\t\t\t\t\t\tdata-caption=\"\"\n\t\t\t\t\t\tdata-description=\"\" \n\t\t\titemprop=\"contentUrl\"\n\t\t>\n\t\t\n\t\t\n\t\t\t<img loading=\"lazy\" decoding=\"async\" class=\"pp-gallery-img\" src=\"https:\/\/santaeulariaculturaijoventut.com\/wp-content\/uploads\/2021\/02\/51_B_En-portada-1988-300x207.jpg\" alt=\"\" data-no-lazy=\"1\" itemprop=\"thumbnail\" width=\"300\" height=\"207\" \/>\n\n\t\t\t<!-- Overlay Wrapper -->\n\t\t\t<div class=\"pp-gallery-overlay\">\n\t\t\t\t<div class=\"pp-overlay-inner\">\n\n\t\t\t\t\t\n\t\t\t\t\t\n\t\t\t\t<\/div>\n\t\t\t<\/div> <!-- Overlay Wrapper Closed -->\n\n\t\t\t\t<\/a>\n\t\t\t\t\t\t\t<meta itemprop=\"width\" content=\"300\" \/>\n\t\t\t<meta itemprop=\"height\" content=\"207\" \/>\n\t\t\t<\/div>\n\t<\/div><div class=\"pp-photo-gallery-item pp-gallery-masonry-item\" data-item-id=\"2019\" itemprop=\"associatedMedia\" itemscope=\"itemscope\" itemtype=\"http:\/\/schema.org\/ImageObject\">\n\t<div class=\"pp-photo-gallery-content\">\n\n\t\t\t\t<a\n\t\t\thref=\"https:\/\/santaeulariaculturaijoventut.com\/wp-content\/uploads\/2021\/02\/107_C_Vuelo-rasante-con-distancia-de-seguridad.jpg\"\n\t\t\t \n\t\t\t\t\t\tdata-fancybox=\"images\" \n\t\t\t \n\t\t\ttitle=\"107_C_Vuelo rasante con distancia de seguridad\" \n\t\t\t\t\t\tdata-caption=\"\"\n\t\t\t\t\t\tdata-description=\"\" \n\t\t\titemprop=\"contentUrl\"\n\t\t>\n\t\t\n\t\t\n\t\t\t<img loading=\"lazy\" decoding=\"async\" class=\"pp-gallery-img\" src=\"https:\/\/santaeulariaculturaijoventut.com\/wp-content\/uploads\/2021\/02\/107_C_Vuelo-rasante-con-distancia-de-seguridad-300x193.jpg\" alt=\"\" data-no-lazy=\"1\" itemprop=\"thumbnail\" width=\"300\" height=\"193\" \/>\n\n\t\t\t<!-- Overlay Wrapper -->\n\t\t\t<div class=\"pp-gallery-overlay\">\n\t\t\t\t<div class=\"pp-overlay-inner\">\n\n\t\t\t\t\t\n\t\t\t\t\t\n\t\t\t\t<\/div>\n\t\t\t<\/div> <!-- Overlay Wrapper Closed -->\n\n\t\t\t\t<\/a>\n\t\t\t\t\t\t\t<meta itemprop=\"width\" content=\"300\" \/>\n\t\t\t<meta itemprop=\"height\" content=\"193\" \/>\n\t\t\t<\/div>\n\t<\/div><div class=\"pp-photo-gallery-item pp-gallery-masonry-item\" data-item-id=\"2021\" itemprop=\"associatedMedia\" itemscope=\"itemscope\" itemtype=\"http:\/\/schema.org\/ImageObject\">\n\t<div class=\"pp-photo-gallery-content\">\n\n\t\t\t\t<a\n\t\t\thref=\"https:\/\/santaeulariaculturaijoventut.com\/wp-content\/uploads\/2021\/02\/38_A_EL-BALL.jpg\"\n\t\t\t \n\t\t\t\t\t\tdata-fancybox=\"images\" \n\t\t\t \n\t\t\ttitle=\"38_A_EL BALL\" \n\t\t\t\t\t\tdata-caption=\"\"\n\t\t\t\t\t\tdata-description=\"\" \n\t\t\titemprop=\"contentUrl\"\n\t\t>\n\t\t\n\t\t\n\t\t\t<img loading=\"lazy\" decoding=\"async\" class=\"pp-gallery-img\" src=\"https:\/\/santaeulariaculturaijoventut.com\/wp-content\/uploads\/2021\/02\/38_A_EL-BALL-300x200.jpg\" alt=\"\" data-no-lazy=\"1\" itemprop=\"thumbnail\" width=\"300\" height=\"200\" \/>\n\n\t\t\t<!-- Overlay Wrapper -->\n\t\t\t<div class=\"pp-gallery-overlay\">\n\t\t\t\t<div class=\"pp-overlay-inner\">\n\n\t\t\t\t\t\n\t\t\t\t\t\n\t\t\t\t<\/div>\n\t\t\t<\/div> <!-- Overlay Wrapper Closed -->\n\n\t\t\t\t<\/a>\n\t\t\t\t\t\t\t<meta itemprop=\"width\" content=\"300\" \/>\n\t\t\t<meta itemprop=\"height\" content=\"200\" \/>\n\t\t\t<\/div>\n\t<\/div><div class=\"pp-photo-gallery-item pp-gallery-masonry-item\" data-item-id=\"2023\" itemprop=\"associatedMedia\" itemscope=\"itemscope\" itemtype=\"http:\/\/schema.org\/ImageObject\">\n\t<div class=\"pp-photo-gallery-content\">\n\n\t\t\t\t<a\n\t\t\thref=\"https:\/\/santaeulariaculturaijoventut.com\/wp-content\/uploads\/2021\/02\/21_A_INHABITAR.jpg\"\n\t\t\t \n\t\t\t\t\t\tdata-fancybox=\"images\" \n\t\t\t \n\t\t\ttitle=\"21_A_INHABITAR\" \n\t\t\t\t\t\tdata-caption=\"\"\n\t\t\t\t\t\tdata-description=\"\" \n\t\t\titemprop=\"contentUrl\"\n\t\t>\n\t\t\n\t\t\n\t\t\t<img loading=\"lazy\" decoding=\"async\" class=\"pp-gallery-img\" src=\"https:\/\/santaeulariaculturaijoventut.com\/wp-content\/uploads\/2021\/02\/21_A_INHABITAR-240x300.jpg\" alt=\"\" data-no-lazy=\"1\" itemprop=\"thumbnail\" width=\"240\" height=\"300\" \/>\n\n\t\t\t<!-- Overlay Wrapper -->\n\t\t\t<div class=\"pp-gallery-overlay\">\n\t\t\t\t<div class=\"pp-overlay-inner\">\n\n\t\t\t\t\t\n\t\t\t\t\t\n\t\t\t\t<\/div>\n\t\t\t<\/div> <!-- Overlay Wrapper Closed -->\n\n\t\t\t\t<\/a>\n\t\t\t\t\t\t\t<meta itemprop=\"width\" content=\"240\" \/>\n\t\t\t<meta itemprop=\"height\" content=\"300\" \/>\n\t\t\t<\/div>\n\t<\/div><div class=\"pp-photo-gallery-item pp-gallery-masonry-item\" data-item-id=\"2025\" itemprop=\"associatedMedia\" itemscope=\"itemscope\" itemtype=\"http:\/\/schema.org\/ImageObject\">\n\t<div class=\"pp-photo-gallery-content\">\n\n\t\t\t\t<a\n\t\t\thref=\"https:\/\/santaeulariaculturaijoventut.com\/wp-content\/uploads\/2021\/02\/26_B_AMETLLERS-DE-SILLA-DEIVISSA.jpg\"\n\t\t\t \n\t\t\t\t\t\tdata-fancybox=\"images\" \n\t\t\t \n\t\t\ttitle=\"26_B_AMETLLERS DE S&#039;ILLA D&#039;EIVISSA\" \n\t\t\t\t\t\tdata-caption=\"\"\n\t\t\t\t\t\tdata-description=\"\" \n\t\t\titemprop=\"contentUrl\"\n\t\t>\n\t\t\n\t\t\n\t\t\t<img loading=\"lazy\" decoding=\"async\" class=\"pp-gallery-img\" src=\"https:\/\/santaeulariaculturaijoventut.com\/wp-content\/uploads\/2021\/02\/26_B_AMETLLERS-DE-SILLA-DEIVISSA-300x169.jpg\" alt=\"\" data-no-lazy=\"1\" itemprop=\"thumbnail\" width=\"300\" height=\"169\" \/>\n\n\t\t\t<!-- Overlay Wrapper -->\n\t\t\t<div class=\"pp-gallery-overlay\">\n\t\t\t\t<div class=\"pp-overlay-inner\">\n\n\t\t\t\t\t\n\t\t\t\t\t\n\t\t\t\t<\/div>\n\t\t\t<\/div> <!-- Overlay Wrapper Closed -->\n\n\t\t\t\t<\/a>\n\t\t\t\t\t\t\t<meta itemprop=\"width\" content=\"300\" \/>\n\t\t\t<meta itemprop=\"height\" content=\"169\" \/>\n\t\t\t<\/div>\n\t<\/div><div class=\"pp-photo-gallery-item pp-gallery-masonry-item\" data-item-id=\"2027\" itemprop=\"associatedMedia\" itemscope=\"itemscope\" itemtype=\"http:\/\/schema.org\/ImageObject\">\n\t<div class=\"pp-photo-gallery-content\">\n\n\t\t\t\t<a\n\t\t\thref=\"https:\/\/santaeulariaculturaijoventut.com\/wp-content\/uploads\/2021\/02\/125_C_-PATRIMONI-BLANC-I-BLAU.jpg\"\n\t\t\t \n\t\t\t\t\t\tdata-fancybox=\"images\" \n\t\t\t \n\t\t\ttitle=\"125_C_ PATRIMONI BLANC I BLAU\" \n\t\t\t\t\t\tdata-caption=\"\"\n\t\t\t\t\t\tdata-description=\"\" \n\t\t\titemprop=\"contentUrl\"\n\t\t>\n\t\t\n\t\t\n\t\t\t<img loading=\"lazy\" decoding=\"async\" class=\"pp-gallery-img\" src=\"https:\/\/santaeulariaculturaijoventut.com\/wp-content\/uploads\/2021\/02\/125_C_-PATRIMONI-BLANC-I-BLAU-300x200.jpg\" alt=\"\" data-no-lazy=\"1\" itemprop=\"thumbnail\" width=\"300\" height=\"200\" \/>\n\n\t\t\t<!-- Overlay Wrapper -->\n\t\t\t<div class=\"pp-gallery-overlay\">\n\t\t\t\t<div class=\"pp-overlay-inner\">\n\n\t\t\t\t\t\n\t\t\t\t\t\n\t\t\t\t<\/div>\n\t\t\t<\/div> <!-- Overlay Wrapper Closed -->\n\n\t\t\t\t<\/a>\n\t\t\t\t\t\t\t<meta itemprop=\"width\" content=\"300\" \/>\n\t\t\t<meta itemprop=\"height\" content=\"200\" \/>\n\t\t\t<\/div>\n\t<\/div><div class=\"pp-photo-gallery-item pp-gallery-masonry-item\" data-item-id=\"2029\" itemprop=\"associatedMedia\" itemscope=\"itemscope\" itemtype=\"http:\/\/schema.org\/ImageObject\">\n\t<div class=\"pp-photo-gallery-content\">\n\n\t\t\t\t<a\n\t\t\thref=\"https:\/\/santaeulariaculturaijoventut.com\/wp-content\/uploads\/2021\/02\/115_A_Portus-Magnus.jpg\"\n\t\t\t \n\t\t\t\t\t\tdata-fancybox=\"images\" \n\t\t\t \n\t\t\ttitle=\"115_A_Portus Magnus\" \n\t\t\t\t\t\tdata-caption=\"\"\n\t\t\t\t\t\tdata-description=\"\" \n\t\t\titemprop=\"contentUrl\"\n\t\t>\n\t\t\n\t\t\n\t\t\t<img loading=\"lazy\" decoding=\"async\" class=\"pp-gallery-img\" src=\"https:\/\/santaeulariaculturaijoventut.com\/wp-content\/uploads\/2021\/02\/115_A_Portus-Magnus-300x175.jpg\" alt=\"\" data-no-lazy=\"1\" itemprop=\"thumbnail\" width=\"300\" height=\"175\" \/>\n\n\t\t\t<!-- Overlay Wrapper -->\n\t\t\t<div class=\"pp-gallery-overlay\">\n\t\t\t\t<div class=\"pp-overlay-inner\">\n\n\t\t\t\t\t\n\t\t\t\t\t\n\t\t\t\t<\/div>\n\t\t\t<\/div> <!-- Overlay Wrapper Closed -->\n\n\t\t\t\t<\/a>\n\t\t\t\t\t\t\t<meta itemprop=\"width\" content=\"300\" \/>\n\t\t\t<meta itemprop=\"height\" content=\"175\" \/>\n\t\t\t<\/div>\n\t<\/div><div class=\"pp-photo-gallery-item pp-gallery-masonry-item\" data-item-id=\"2031\" itemprop=\"associatedMedia\" itemscope=\"itemscope\" itemtype=\"http:\/\/schema.org\/ImageObject\">\n\t<div class=\"pp-photo-gallery-content\">\n\n\t\t\t\t<a\n\t\t\thref=\"https:\/\/santaeulariaculturaijoventut.com\/wp-content\/uploads\/2021\/02\/31_C_EIVISSA-MAR.jpg\"\n\t\t\t \n\t\t\t\t\t\tdata-fancybox=\"images\" \n\t\t\t \n\t\t\ttitle=\"31_C_EIVISSA MAR\" \n\t\t\t\t\t\tdata-caption=\"\"\n\t\t\t\t\t\tdata-description=\"\" \n\t\t\titemprop=\"contentUrl\"\n\t\t>\n\t\t\n\t\t\n\t\t\t<img loading=\"lazy\" decoding=\"async\" class=\"pp-gallery-img\" src=\"https:\/\/santaeulariaculturaijoventut.com\/wp-content\/uploads\/2021\/02\/31_C_EIVISSA-MAR-225x300.jpg\" alt=\"\" data-no-lazy=\"1\" itemprop=\"thumbnail\" width=\"225\" height=\"300\" \/>\n\n\t\t\t<!-- Overlay Wrapper -->\n\t\t\t<div class=\"pp-gallery-overlay\">\n\t\t\t\t<div class=\"pp-overlay-inner\">\n\n\t\t\t\t\t\n\t\t\t\t\t\n\t\t\t\t<\/div>\n\t\t\t<\/div> <!-- Overlay Wrapper Closed -->\n\n\t\t\t\t<\/a>\n\t\t\t\t\t\t\t<meta itemprop=\"width\" content=\"225\" \/>\n\t\t\t<meta itemprop=\"height\" content=\"300\" \/>\n\t\t\t<\/div>\n\t<\/div><div class=\"pp-photo-gallery-item pp-gallery-masonry-item\" data-item-id=\"2033\" itemprop=\"associatedMedia\" itemscope=\"itemscope\" itemtype=\"http:\/\/schema.org\/ImageObject\">\n\t<div class=\"pp-photo-gallery-content\">\n\n\t\t\t\t<a\n\t\t\thref=\"https:\/\/santaeulariaculturaijoventut.com\/wp-content\/uploads\/2021\/02\/5_A_SA-COVA-DES-VI.jpg\"\n\t\t\t \n\t\t\t\t\t\tdata-fancybox=\"images\" \n\t\t\t \n\t\t\ttitle=\"5_A_SA COVA DES VI\" \n\t\t\t\t\t\tdata-caption=\"\"\n\t\t\t\t\t\tdata-description=\"\" \n\t\t\titemprop=\"contentUrl\"\n\t\t>\n\t\t\n\t\t\n\t\t\t<img loading=\"lazy\" decoding=\"async\" class=\"pp-gallery-img\" src=\"https:\/\/santaeulariaculturaijoventut.com\/wp-content\/uploads\/2021\/02\/5_A_SA-COVA-DES-VI-300x229.jpg\" alt=\"\" data-no-lazy=\"1\" itemprop=\"thumbnail\" width=\"300\" height=\"229\" \/>\n\n\t\t\t<!-- Overlay Wrapper -->\n\t\t\t<div class=\"pp-gallery-overlay\">\n\t\t\t\t<div class=\"pp-overlay-inner\">\n\n\t\t\t\t\t\n\t\t\t\t\t\n\t\t\t\t<\/div>\n\t\t\t<\/div> <!-- Overlay Wrapper Closed -->\n\n\t\t\t\t<\/a>\n\t\t\t\t\t\t\t<meta itemprop=\"width\" content=\"300\" \/>\n\t\t\t<meta itemprop=\"height\" content=\"229\" \/>\n\t\t\t<\/div>\n\t<\/div><div class=\"pp-photo-gallery-item pp-gallery-masonry-item\" data-item-id=\"2035\" itemprop=\"associatedMedia\" itemscope=\"itemscope\" itemtype=\"http:\/\/schema.org\/ImageObject\">\n\t<div class=\"pp-photo-gallery-content\">\n\n\t\t\t\t<a\n\t\t\thref=\"https:\/\/santaeulariaculturaijoventut.com\/wp-content\/uploads\/2021\/02\/86_B_El-bar-de-siempre.jpg\"\n\t\t\t \n\t\t\t\t\t\tdata-fancybox=\"images\" \n\t\t\t \n\t\t\ttitle=\"86_B_El bar de siempre\" \n\t\t\t\t\t\tdata-caption=\"\"\n\t\t\t\t\t\tdata-description=\"\" \n\t\t\titemprop=\"contentUrl\"\n\t\t>\n\t\t\n\t\t\n\t\t\t<img loading=\"lazy\" decoding=\"async\" class=\"pp-gallery-img\" src=\"https:\/\/santaeulariaculturaijoventut.com\/wp-content\/uploads\/2021\/02\/86_B_El-bar-de-siempre-300x217.jpg\" alt=\"\" data-no-lazy=\"1\" itemprop=\"thumbnail\" width=\"300\" height=\"217\" \/>\n\n\t\t\t<!-- Overlay Wrapper -->\n\t\t\t<div class=\"pp-gallery-overlay\">\n\t\t\t\t<div class=\"pp-overlay-inner\">\n\n\t\t\t\t\t\n\t\t\t\t\t\n\t\t\t\t<\/div>\n\t\t\t<\/div> <!-- Overlay Wrapper Closed -->\n\n\t\t\t\t<\/a>\n\t\t\t\t\t\t\t<meta itemprop=\"width\" content=\"300\" \/>\n\t\t\t<meta itemprop=\"height\" content=\"217\" \/>\n\t\t\t<\/div>\n\t<\/div><div class=\"pp-photo-gallery-item pp-gallery-masonry-item\" data-item-id=\"2037\" itemprop=\"associatedMedia\" itemscope=\"itemscope\" itemtype=\"http:\/\/schema.org\/ImageObject\">\n\t<div class=\"pp-photo-gallery-content\">\n\n\t\t\t\t<a\n\t\t\thref=\"https:\/\/santaeulariaculturaijoventut.com\/wp-content\/uploads\/2021\/02\/101_A_Inmensidad.jpg\"\n\t\t\t \n\t\t\t\t\t\tdata-fancybox=\"images\" \n\t\t\t \n\t\t\ttitle=\"101_A_Inmensidad\" \n\t\t\t\t\t\tdata-caption=\"\"\n\t\t\t\t\t\tdata-description=\"\" \n\t\t\titemprop=\"contentUrl\"\n\t\t>\n\t\t\n\t\t\n\t\t\t<img loading=\"lazy\" decoding=\"async\" class=\"pp-gallery-img\" src=\"https:\/\/santaeulariaculturaijoventut.com\/wp-content\/uploads\/2021\/02\/101_A_Inmensidad-300x169.jpg\" alt=\"\" data-no-lazy=\"1\" itemprop=\"thumbnail\" width=\"300\" height=\"169\" \/>\n\n\t\t\t<!-- Overlay Wrapper -->\n\t\t\t<div class=\"pp-gallery-overlay\">\n\t\t\t\t<div class=\"pp-overlay-inner\">\n\n\t\t\t\t\t\n\t\t\t\t\t\n\t\t\t\t<\/div>\n\t\t\t<\/div> <!-- Overlay Wrapper Closed -->\n\n\t\t\t\t<\/a>\n\t\t\t\t\t\t\t<meta itemprop=\"width\" content=\"300\" \/>\n\t\t\t<meta itemprop=\"height\" content=\"169\" \/>\n\t\t\t<\/div>\n\t<\/div><div class=\"pp-photo-gallery-item pp-gallery-masonry-item\" data-item-id=\"2039\" itemprop=\"associatedMedia\" itemscope=\"itemscope\" itemtype=\"http:\/\/schema.org\/ImageObject\">\n\t<div class=\"pp-photo-gallery-content\">\n\n\t\t\t\t<a\n\t\t\thref=\"https:\/\/santaeulariaculturaijoventut.com\/wp-content\/uploads\/2021\/02\/49_C_AYUNTAMIENTO.jpg\"\n\t\t\t \n\t\t\t\t\t\tdata-fancybox=\"images\" \n\t\t\t \n\t\t\ttitle=\"49_C_AYUNTAMIENTO\" \n\t\t\t\t\t\tdata-caption=\"\"\n\t\t\t\t\t\tdata-description=\"\" \n\t\t\titemprop=\"contentUrl\"\n\t\t>\n\t\t\n\t\t\n\t\t\t<img loading=\"lazy\" decoding=\"async\" class=\"pp-gallery-img\" src=\"https:\/\/santaeulariaculturaijoventut.com\/wp-content\/uploads\/2021\/02\/49_C_AYUNTAMIENTO-225x300.jpg\" alt=\"\" data-no-lazy=\"1\" itemprop=\"thumbnail\" width=\"225\" height=\"300\" \/>\n\n\t\t\t<!-- Overlay Wrapper -->\n\t\t\t<div class=\"pp-gallery-overlay\">\n\t\t\t\t<div class=\"pp-overlay-inner\">\n\n\t\t\t\t\t\n\t\t\t\t\t\n\t\t\t\t<\/div>\n\t\t\t<\/div> <!-- Overlay Wrapper Closed -->\n\n\t\t\t\t<\/a>\n\t\t\t\t\t\t\t<meta itemprop=\"width\" content=\"225\" \/>\n\t\t\t<meta itemprop=\"height\" content=\"300\" \/>\n\t\t\t<\/div>\n\t<\/div><div class=\"pp-photo-gallery-item pp-gallery-masonry-item\" data-item-id=\"2041\" itemprop=\"associatedMedia\" itemscope=\"itemscope\" itemtype=\"http:\/\/schema.org\/ImageObject\">\n\t<div class=\"pp-photo-gallery-content\">\n\n\t\t\t\t<a\n\t\t\thref=\"https:\/\/santaeulariaculturaijoventut.com\/wp-content\/uploads\/2021\/02\/80_C_Per-a-fer-espardenyes.jpg\"\n\t\t\t \n\t\t\t\t\t\tdata-fancybox=\"images\" \n\t\t\t \n\t\t\ttitle=\"80_C_Per a fer espardenyes\" \n\t\t\t\t\t\tdata-caption=\"\"\n\t\t\t\t\t\tdata-description=\"\" \n\t\t\titemprop=\"contentUrl\"\n\t\t>\n\t\t\n\t\t\n\t\t\t<img loading=\"lazy\" decoding=\"async\" class=\"pp-gallery-img\" src=\"https:\/\/santaeulariaculturaijoventut.com\/wp-content\/uploads\/2021\/02\/80_C_Per-a-fer-espardenyes-300x199.jpg\" alt=\"\" data-no-lazy=\"1\" itemprop=\"thumbnail\" width=\"300\" height=\"199\" \/>\n\n\t\t\t<!-- Overlay Wrapper -->\n\t\t\t<div class=\"pp-gallery-overlay\">\n\t\t\t\t<div class=\"pp-overlay-inner\">\n\n\t\t\t\t\t\n\t\t\t\t\t\n\t\t\t\t<\/div>\n\t\t\t<\/div> <!-- Overlay Wrapper Closed -->\n\n\t\t\t\t<\/a>\n\t\t\t\t\t\t\t<meta itemprop=\"width\" content=\"300\" \/>\n\t\t\t<meta itemprop=\"height\" content=\"199\" \/>\n\t\t\t<\/div>\n\t<\/div><div class=\"pp-photo-gallery-item pp-gallery-masonry-item\" data-item-id=\"2043\" itemprop=\"associatedMedia\" itemscope=\"itemscope\" itemtype=\"http:\/\/schema.org\/ImageObject\">\n\t<div class=\"pp-photo-gallery-content\">\n\n\t\t\t\t<a\n\t\t\thref=\"https:\/\/santaeulariaculturaijoventut.com\/wp-content\/uploads\/2021\/02\/19_A_FAMELIAR.jpg\"\n\t\t\t \n\t\t\t\t\t\tdata-fancybox=\"images\" \n\t\t\t \n\t\t\ttitle=\"19_A_FAMELIAR\" \n\t\t\t\t\t\tdata-caption=\"\"\n\t\t\t\t\t\tdata-description=\"\" \n\t\t\titemprop=\"contentUrl\"\n\t\t>\n\t\t\n\t\t\n\t\t\t<img loading=\"lazy\" decoding=\"async\" class=\"pp-gallery-img\" src=\"https:\/\/santaeulariaculturaijoventut.com\/wp-content\/uploads\/2021\/02\/19_A_FAMELIAR-169x300.jpg\" alt=\"\" data-no-lazy=\"1\" itemprop=\"thumbnail\" width=\"169\" height=\"300\" \/>\n\n\t\t\t<!-- Overlay Wrapper -->\n\t\t\t<div class=\"pp-gallery-overlay\">\n\t\t\t\t<div class=\"pp-overlay-inner\">\n\n\t\t\t\t\t\n\t\t\t\t\t\n\t\t\t\t<\/div>\n\t\t\t<\/div> <!-- Overlay Wrapper Closed -->\n\n\t\t\t\t<\/a>\n\t\t\t\t\t\t\t<meta itemprop=\"width\" content=\"169\" \/>\n\t\t\t<meta itemprop=\"height\" content=\"300\" \/>\n\t\t\t<\/div>\n\t<\/div><div class=\"pp-photo-gallery-item pp-gallery-masonry-item\" data-item-id=\"2045\" itemprop=\"associatedMedia\" itemscope=\"itemscope\" itemtype=\"http:\/\/schema.org\/ImageObject\">\n\t<div class=\"pp-photo-gallery-content\">\n\n\t\t\t\t<a\n\t\t\thref=\"https:\/\/santaeulariaculturaijoventut.com\/wp-content\/uploads\/2021\/02\/117_B.jpg\"\n\t\t\t \n\t\t\t\t\t\tdata-fancybox=\"images\" \n\t\t\t \n\t\t\ttitle=\"117_B\" \n\t\t\t\t\t\tdata-caption=\"\"\n\t\t\t\t\t\tdata-description=\"\" \n\t\t\titemprop=\"contentUrl\"\n\t\t>\n\t\t\n\t\t\n\t\t\t<img loading=\"lazy\" decoding=\"async\" class=\"pp-gallery-img\" src=\"https:\/\/santaeulariaculturaijoventut.com\/wp-content\/uploads\/2021\/02\/117_B-225x300.jpg\" alt=\"\" data-no-lazy=\"1\" itemprop=\"thumbnail\" width=\"225\" height=\"300\" \/>\n\n\t\t\t<!-- Overlay Wrapper -->\n\t\t\t<div class=\"pp-gallery-overlay\">\n\t\t\t\t<div class=\"pp-overlay-inner\">\n\n\t\t\t\t\t\n\t\t\t\t\t\n\t\t\t\t<\/div>\n\t\t\t<\/div> <!-- Overlay Wrapper Closed -->\n\n\t\t\t\t<\/a>\n\t\t\t\t\t\t\t<meta itemprop=\"width\" content=\"225\" \/>\n\t\t\t<meta itemprop=\"height\" content=\"300\" \/>\n\t\t\t<\/div>\n\t<\/div><div class=\"pp-photo-gallery-item pp-gallery-masonry-item\" data-item-id=\"2047\" itemprop=\"associatedMedia\" itemscope=\"itemscope\" itemtype=\"http:\/\/schema.org\/ImageObject\">\n\t<div class=\"pp-photo-gallery-content\">\n\n\t\t\t\t<a\n\t\t\thref=\"https:\/\/santaeulariaculturaijoventut.com\/wp-content\/uploads\/2021\/02\/122_A_-FRITA-DE-POLP-EIVISSENCA_PATRIMONI-DE-LA-HUMANITAT.jpg\"\n\t\t\t \n\t\t\t\t\t\tdata-fancybox=\"images\" \n\t\t\t \n\t\t\ttitle=\"122_A_ FRITA DE POLP EIVISSENCA_PATRIMONI DE LA HUMANITAT\" \n\t\t\t\t\t\tdata-caption=\"\"\n\t\t\t\t\t\tdata-description=\"\" \n\t\t\titemprop=\"contentUrl\"\n\t\t>\n\t\t\n\t\t\n\t\t\t<img loading=\"lazy\" decoding=\"async\" class=\"pp-gallery-img\" src=\"https:\/\/santaeulariaculturaijoventut.com\/wp-content\/uploads\/2021\/02\/122_A_-FRITA-DE-POLP-EIVISSENCA_PATRIMONI-DE-LA-HUMANITAT-282x300.jpg\" alt=\"\" data-no-lazy=\"1\" itemprop=\"thumbnail\" width=\"282\" height=\"300\" \/>\n\n\t\t\t<!-- Overlay Wrapper -->\n\t\t\t<div class=\"pp-gallery-overlay\">\n\t\t\t\t<div class=\"pp-overlay-inner\">\n\n\t\t\t\t\t\n\t\t\t\t\t\n\t\t\t\t<\/div>\n\t\t\t<\/div> <!-- Overlay Wrapper Closed -->\n\n\t\t\t\t<\/a>\n\t\t\t\t\t\t\t<meta itemprop=\"width\" content=\"282\" \/>\n\t\t\t<meta itemprop=\"height\" content=\"300\" \/>\n\t\t\t<\/div>\n\t<\/div><div class=\"pp-photo-gallery-item pp-gallery-masonry-item\" data-item-id=\"2049\" itemprop=\"associatedMedia\" itemscope=\"itemscope\" itemtype=\"http:\/\/schema.org\/ImageObject\">\n\t<div class=\"pp-photo-gallery-content\">\n\n\t\t\t\t<a\n\t\t\thref=\"https:\/\/santaeulariaculturaijoventut.com\/wp-content\/uploads\/2021\/02\/73_A_Y-tras-el-caos-el-fuego-y-las-cenizas-broto\u0301-una-orgullosa-flor...-Frase-de-David-Sant.jpg\"\n\t\t\t \n\t\t\t\t\t\tdata-fancybox=\"images\" \n\t\t\t \n\t\t\ttitle=\"73_A_Y tras el caos, el fuego y las cenizas, broto\u0301 una orgullosa flor... - Frase de David Sant\" \n\t\t\t\t\t\tdata-caption=\"\"\n\t\t\t\t\t\tdata-description=\"\" \n\t\t\titemprop=\"contentUrl\"\n\t\t>\n\t\t\n\t\t\n\t\t\t<img loading=\"lazy\" decoding=\"async\" class=\"pp-gallery-img\" src=\"https:\/\/santaeulariaculturaijoventut.com\/wp-content\/uploads\/2021\/02\/73_A_Y-tras-el-caos-el-fuego-y-las-cenizas-broto\u0301-una-orgullosa-flor...-Frase-de-David-Sant-224x300.jpg\" alt=\"\" data-no-lazy=\"1\" itemprop=\"thumbnail\" width=\"224\" height=\"300\" \/>\n\n\t\t\t<!-- Overlay Wrapper -->\n\t\t\t<div class=\"pp-gallery-overlay\">\n\t\t\t\t<div class=\"pp-overlay-inner\">\n\n\t\t\t\t\t\n\t\t\t\t\t\n\t\t\t\t<\/div>\n\t\t\t<\/div> <!-- Overlay Wrapper Closed -->\n\n\t\t\t\t<\/a>\n\t\t\t\t\t\t\t<meta itemprop=\"width\" content=\"224\" \/>\n\t\t\t<meta itemprop=\"height\" content=\"300\" \/>\n\t\t\t<\/div>\n\t<\/div><div class=\"pp-photo-gallery-item pp-gallery-masonry-item\" data-item-id=\"2051\" itemprop=\"associatedMedia\" itemscope=\"itemscope\" itemtype=\"http:\/\/schema.org\/ImageObject\">\n\t<div class=\"pp-photo-gallery-content\">\n\n\t\t\t\t<a\n\t\t\thref=\"https:\/\/santaeulariaculturaijoventut.com\/wp-content\/uploads\/2021\/02\/80_A_Ciutat-emmurallada.jpg\"\n\t\t\t \n\t\t\t\t\t\tdata-fancybox=\"images\" \n\t\t\t \n\t\t\ttitle=\"80_A_Ciutat emmurallada\" \n\t\t\t\t\t\tdata-caption=\"\"\n\t\t\t\t\t\tdata-description=\"\" \n\t\t\titemprop=\"contentUrl\"\n\t\t>\n\t\t\n\t\t\n\t\t\t<img loading=\"lazy\" decoding=\"async\" class=\"pp-gallery-img\" src=\"https:\/\/santaeulariaculturaijoventut.com\/wp-content\/uploads\/2021\/02\/80_A_Ciutat-emmurallada-300x223.jpg\" alt=\"\" data-no-lazy=\"1\" itemprop=\"thumbnail\" width=\"300\" height=\"223\" \/>\n\n\t\t\t<!-- Overlay Wrapper -->\n\t\t\t<div class=\"pp-gallery-overlay\">\n\t\t\t\t<div class=\"pp-overlay-inner\">\n\n\t\t\t\t\t\n\t\t\t\t\t\n\t\t\t\t<\/div>\n\t\t\t<\/div> <!-- Overlay Wrapper Closed -->\n\n\t\t\t\t<\/a>\n\t\t\t\t\t\t\t<meta itemprop=\"width\" content=\"300\" \/>\n\t\t\t<meta itemprop=\"height\" content=\"223\" \/>\n\t\t\t<\/div>\n\t<\/div><div class=\"pp-photo-gallery-item pp-gallery-masonry-item\" data-item-id=\"2053\" itemprop=\"associatedMedia\" itemscope=\"itemscope\" itemtype=\"http:\/\/schema.org\/ImageObject\">\n\t<div class=\"pp-photo-gallery-content\">\n\n\t\t\t\t<a\n\t\t\thref=\"https:\/\/santaeulariaculturaijoventut.com\/wp-content\/uploads\/2021\/02\/42_C_SIESTA.jpg\"\n\t\t\t \n\t\t\t\t\t\tdata-fancybox=\"images\" \n\t\t\t \n\t\t\ttitle=\"42_C_SIESTA\" \n\t\t\t\t\t\tdata-caption=\"\"\n\t\t\t\t\t\tdata-description=\"\" \n\t\t\titemprop=\"contentUrl\"\n\t\t>\n\t\t\n\t\t\n\t\t\t<img loading=\"lazy\" decoding=\"async\" class=\"pp-gallery-img\" src=\"https:\/\/santaeulariaculturaijoventut.com\/wp-content\/uploads\/2021\/02\/42_C_SIESTA-300x264.jpg\" alt=\"\" data-no-lazy=\"1\" itemprop=\"thumbnail\" width=\"300\" height=\"264\" \/>\n\n\t\t\t<!-- Overlay Wrapper -->\n\t\t\t<div class=\"pp-gallery-overlay\">\n\t\t\t\t<div class=\"pp-overlay-inner\">\n\n\t\t\t\t\t\n\t\t\t\t\t\n\t\t\t\t<\/div>\n\t\t\t<\/div> <!-- Overlay Wrapper Closed -->\n\n\t\t\t\t<\/a>\n\t\t\t\t\t\t\t<meta itemprop=\"width\" content=\"300\" \/>\n\t\t\t<meta itemprop=\"height\" content=\"264\" \/>\n\t\t\t<\/div>\n\t<\/div><div class=\"pp-photo-gallery-item pp-gallery-masonry-item\" data-item-id=\"2055\" itemprop=\"associatedMedia\" itemscope=\"itemscope\" itemtype=\"http:\/\/schema.org\/ImageObject\">\n\t<div class=\"pp-photo-gallery-content\">\n\n\t\t\t\t<a\n\t\t\thref=\"https:\/\/santaeulariaculturaijoventut.com\/wp-content\/uploads\/2021\/02\/42_A_CASA-PAGESA.jpg\"\n\t\t\t \n\t\t\t\t\t\tdata-fancybox=\"images\" \n\t\t\t \n\t\t\ttitle=\"42_A_CASA PAGESA\" \n\t\t\t\t\t\tdata-caption=\"\"\n\t\t\t\t\t\tdata-description=\"\" \n\t\t\titemprop=\"contentUrl\"\n\t\t>\n\t\t\n\t\t\n\t\t\t<img loading=\"lazy\" decoding=\"async\" class=\"pp-gallery-img\" src=\"https:\/\/santaeulariaculturaijoventut.com\/wp-content\/uploads\/2021\/02\/42_A_CASA-PAGESA-300x200.jpg\" alt=\"\" data-no-lazy=\"1\" itemprop=\"thumbnail\" width=\"300\" height=\"200\" \/>\n\n\t\t\t<!-- Overlay Wrapper -->\n\t\t\t<div class=\"pp-gallery-overlay\">\n\t\t\t\t<div class=\"pp-overlay-inner\">\n\n\t\t\t\t\t\n\t\t\t\t\t\n\t\t\t\t<\/div>\n\t\t\t<\/div> <!-- Overlay Wrapper Closed -->\n\n\t\t\t\t<\/a>\n\t\t\t\t\t\t\t<meta itemprop=\"width\" content=\"300\" \/>\n\t\t\t<meta itemprop=\"height\" content=\"200\" \/>\n\t\t\t<\/div>\n\t<\/div><div class=\"pp-photo-gallery-item pp-gallery-masonry-item\" data-item-id=\"2057\" itemprop=\"associatedMedia\" itemscope=\"itemscope\" itemtype=\"http:\/\/schema.org\/ImageObject\">\n\t<div class=\"pp-photo-gallery-content\">\n\n\t\t\t\t<a\n\t\t\thref=\"https:\/\/santaeulariaculturaijoventut.com\/wp-content\/uploads\/2021\/02\/99_B_Puerta-al-cielo.jpg\"\n\t\t\t \n\t\t\t\t\t\tdata-fancybox=\"images\" \n\t\t\t \n\t\t\ttitle=\"99_B_Puerta al cielo\" \n\t\t\t\t\t\tdata-caption=\"\"\n\t\t\t\t\t\tdata-description=\"\" \n\t\t\titemprop=\"contentUrl\"\n\t\t>\n\t\t\n\t\t\n\t\t\t<img loading=\"lazy\" decoding=\"async\" class=\"pp-gallery-img\" src=\"https:\/\/santaeulariaculturaijoventut.com\/wp-content\/uploads\/2021\/02\/99_B_Puerta-al-cielo-300x187.jpg\" alt=\"\" data-no-lazy=\"1\" itemprop=\"thumbnail\" width=\"300\" height=\"187\" \/>\n\n\t\t\t<!-- Overlay Wrapper -->\n\t\t\t<div class=\"pp-gallery-overlay\">\n\t\t\t\t<div class=\"pp-overlay-inner\">\n\n\t\t\t\t\t\n\t\t\t\t\t\n\t\t\t\t<\/div>\n\t\t\t<\/div> <!-- Overlay Wrapper Closed -->\n\n\t\t\t\t<\/a>\n\t\t\t\t\t\t\t<meta itemprop=\"width\" content=\"300\" \/>\n\t\t\t<meta itemprop=\"height\" content=\"187\" \/>\n\t\t\t<\/div>\n\t<\/div><div class=\"pp-photo-gallery-item pp-gallery-masonry-item\" data-item-id=\"2059\" itemprop=\"associatedMedia\" itemscope=\"itemscope\" itemtype=\"http:\/\/schema.org\/ImageObject\">\n\t<div class=\"pp-photo-gallery-content\">\n\n\t\t\t\t<a\n\t\t\thref=\"https:\/\/santaeulariaculturaijoventut.com\/wp-content\/uploads\/2021\/02\/108_B_Pou.jpg\"\n\t\t\t \n\t\t\t\t\t\tdata-fancybox=\"images\" \n\t\t\t \n\t\t\ttitle=\"108_B_Pou\" \n\t\t\t\t\t\tdata-caption=\"\"\n\t\t\t\t\t\tdata-description=\"\" \n\t\t\titemprop=\"contentUrl\"\n\t\t>\n\t\t\n\t\t\n\t\t\t<img loading=\"lazy\" decoding=\"async\" class=\"pp-gallery-img\" src=\"https:\/\/santaeulariaculturaijoventut.com\/wp-content\/uploads\/2021\/02\/108_B_Pou-193x300.jpg\" alt=\"\" data-no-lazy=\"1\" itemprop=\"thumbnail\" width=\"193\" height=\"300\" \/>\n\n\t\t\t<!-- Overlay Wrapper -->\n\t\t\t<div class=\"pp-gallery-overlay\">\n\t\t\t\t<div class=\"pp-overlay-inner\">\n\n\t\t\t\t\t\n\t\t\t\t\t\n\t\t\t\t<\/div>\n\t\t\t<\/div> <!-- Overlay Wrapper Closed -->\n\n\t\t\t\t<\/a>\n\t\t\t\t\t\t\t<meta itemprop=\"width\" content=\"193\" \/>\n\t\t\t<meta itemprop=\"height\" content=\"300\" \/>\n\t\t\t<\/div>\n\t<\/div><div class=\"pp-photo-gallery-item pp-gallery-masonry-item\" data-item-id=\"2061\" itemprop=\"associatedMedia\" itemscope=\"itemscope\" itemtype=\"http:\/\/schema.org\/ImageObject\">\n\t<div class=\"pp-photo-gallery-content\">\n\n\t\t\t\t<a\n\t\t\thref=\"https:\/\/santaeulariaculturaijoventut.com\/wp-content\/uploads\/2021\/02\/19_B_FAMELIAR.jpg\"\n\t\t\t \n\t\t\t\t\t\tdata-fancybox=\"images\" \n\t\t\t \n\t\t\ttitle=\"19_B_FAMELIAR\" \n\t\t\t\t\t\tdata-caption=\"\"\n\t\t\t\t\t\tdata-description=\"\" \n\t\t\titemprop=\"contentUrl\"\n\t\t>\n\t\t\n\t\t\n\t\t\t<img loading=\"lazy\" decoding=\"async\" class=\"pp-gallery-img\" src=\"https:\/\/santaeulariaculturaijoventut.com\/wp-content\/uploads\/2021\/02\/19_B_FAMELIAR-169x300.jpg\" alt=\"\" data-no-lazy=\"1\" itemprop=\"thumbnail\" width=\"169\" height=\"300\" \/>\n\n\t\t\t<!-- Overlay Wrapper -->\n\t\t\t<div class=\"pp-gallery-overlay\">\n\t\t\t\t<div class=\"pp-overlay-inner\">\n\n\t\t\t\t\t\n\t\t\t\t\t\n\t\t\t\t<\/div>\n\t\t\t<\/div> <!-- Overlay Wrapper Closed -->\n\n\t\t\t\t<\/a>\n\t\t\t\t\t\t\t<meta itemprop=\"width\" content=\"169\" \/>\n\t\t\t<meta itemprop=\"height\" content=\"300\" \/>\n\t\t\t<\/div>\n\t<\/div><div class=\"pp-photo-gallery-item pp-gallery-masonry-item\" data-item-id=\"2063\" itemprop=\"associatedMedia\" itemscope=\"itemscope\" itemtype=\"http:\/\/schema.org\/ImageObject\">\n\t<div class=\"pp-photo-gallery-content\">\n\n\t\t\t\t<a\n\t\t\thref=\"https:\/\/santaeulariaculturaijoventut.com\/wp-content\/uploads\/2021\/02\/111_C_PRIMAVERA.jpg\"\n\t\t\t \n\t\t\t\t\t\tdata-fancybox=\"images\" \n\t\t\t \n\t\t\ttitle=\"111_C_PRIMAVERA\" \n\t\t\t\t\t\tdata-caption=\"\"\n\t\t\t\t\t\tdata-description=\"\" \n\t\t\titemprop=\"contentUrl\"\n\t\t>\n\t\t\n\t\t\n\t\t\t<img loading=\"lazy\" decoding=\"async\" class=\"pp-gallery-img\" src=\"https:\/\/santaeulariaculturaijoventut.com\/wp-content\/uploads\/2021\/02\/111_C_PRIMAVERA-225x300.jpg\" alt=\"\" data-no-lazy=\"1\" itemprop=\"thumbnail\" width=\"225\" height=\"300\" \/>\n\n\t\t\t<!-- Overlay Wrapper -->\n\t\t\t<div class=\"pp-gallery-overlay\">\n\t\t\t\t<div class=\"pp-overlay-inner\">\n\n\t\t\t\t\t\n\t\t\t\t\t\n\t\t\t\t<\/div>\n\t\t\t<\/div> <!-- Overlay Wrapper Closed -->\n\n\t\t\t\t<\/a>\n\t\t\t\t\t\t\t<meta itemprop=\"width\" content=\"225\" \/>\n\t\t\t<meta itemprop=\"height\" content=\"300\" \/>\n\t\t\t<\/div>\n\t<\/div><div class=\"pp-photo-gallery-item pp-gallery-masonry-item\" data-item-id=\"2065\" itemprop=\"associatedMedia\" itemscope=\"itemscope\" itemtype=\"http:\/\/schema.org\/ImageObject\">\n\t<div class=\"pp-photo-gallery-content\">\n\n\t\t\t\t<a\n\t\t\thref=\"https:\/\/santaeulariaculturaijoventut.com\/wp-content\/uploads\/2021\/02\/36_B_DALT-VILA.jpg\"\n\t\t\t \n\t\t\t\t\t\tdata-fancybox=\"images\" \n\t\t\t \n\t\t\ttitle=\"36_B_DALT VILA\" \n\t\t\t\t\t\tdata-caption=\"\"\n\t\t\t\t\t\tdata-description=\"\" \n\t\t\titemprop=\"contentUrl\"\n\t\t>\n\t\t\n\t\t\n\t\t\t<img loading=\"lazy\" decoding=\"async\" class=\"pp-gallery-img\" src=\"https:\/\/santaeulariaculturaijoventut.com\/wp-content\/uploads\/2021\/02\/36_B_DALT-VILA-300x200.jpg\" alt=\"\" data-no-lazy=\"1\" itemprop=\"thumbnail\" width=\"300\" height=\"200\" \/>\n\n\t\t\t<!-- Overlay Wrapper -->\n\t\t\t<div class=\"pp-gallery-overlay\">\n\t\t\t\t<div class=\"pp-overlay-inner\">\n\n\t\t\t\t\t\n\t\t\t\t\t\n\t\t\t\t<\/div>\n\t\t\t<\/div> <!-- Overlay Wrapper Closed -->\n\n\t\t\t\t<\/a>\n\t\t\t\t\t\t\t<meta itemprop=\"width\" content=\"300\" \/>\n\t\t\t<meta itemprop=\"height\" content=\"200\" \/>\n\t\t\t<\/div>\n\t<\/div><div class=\"pp-photo-gallery-item pp-gallery-masonry-item\" data-item-id=\"2067\" itemprop=\"associatedMedia\" itemscope=\"itemscope\" itemtype=\"http:\/\/schema.org\/ImageObject\">\n\t<div class=\"pp-photo-gallery-content\">\n\n\t\t\t\t<a\n\t\t\thref=\"https:\/\/santaeulariaculturaijoventut.com\/wp-content\/uploads\/2021\/02\/17_A_mar-y-cielo.jpg\"\n\t\t\t \n\t\t\t\t\t\tdata-fancybox=\"images\" \n\t\t\t \n\t\t\ttitle=\"17_A_mar y cielo\" \n\t\t\t\t\t\tdata-caption=\"\"\n\t\t\t\t\t\tdata-description=\"\" \n\t\t\titemprop=\"contentUrl\"\n\t\t>\n\t\t\n\t\t\n\t\t\t<img loading=\"lazy\" decoding=\"async\" class=\"pp-gallery-img\" src=\"https:\/\/santaeulariaculturaijoventut.com\/wp-content\/uploads\/2021\/02\/17_A_mar-y-cielo-300x169.jpg\" alt=\"\" data-no-lazy=\"1\" itemprop=\"thumbnail\" width=\"300\" height=\"169\" \/>\n\n\t\t\t<!-- Overlay Wrapper -->\n\t\t\t<div class=\"pp-gallery-overlay\">\n\t\t\t\t<div class=\"pp-overlay-inner\">\n\n\t\t\t\t\t\n\t\t\t\t\t\n\t\t\t\t<\/div>\n\t\t\t<\/div> <!-- Overlay Wrapper Closed -->\n\n\t\t\t\t<\/a>\n\t\t\t\t\t\t\t<meta itemprop=\"width\" content=\"300\" \/>\n\t\t\t<meta itemprop=\"height\" content=\"169\" \/>\n\t\t\t<\/div>\n\t<\/div><div class=\"pp-photo-gallery-item pp-gallery-masonry-item\" data-item-id=\"2069\" itemprop=\"associatedMedia\" itemscope=\"itemscope\" itemtype=\"http:\/\/schema.org\/ImageObject\">\n\t<div class=\"pp-photo-gallery-content\">\n\n\t\t\t\t<a\n\t\t\thref=\"https:\/\/santaeulariaculturaijoventut.com\/wp-content\/uploads\/2021\/02\/121_A_-SOL-DEN-SERRA.jpg\"\n\t\t\t \n\t\t\t\t\t\tdata-fancybox=\"images\" \n\t\t\t \n\t\t\ttitle=\"121_A_ SOL D&#039;EN SERRA\" \n\t\t\t\t\t\tdata-caption=\"\"\n\t\t\t\t\t\tdata-description=\"\" \n\t\t\titemprop=\"contentUrl\"\n\t\t>\n\t\t\n\t\t\n\t\t\t<img loading=\"lazy\" decoding=\"async\" class=\"pp-gallery-img\" src=\"https:\/\/santaeulariaculturaijoventut.com\/wp-content\/uploads\/2021\/02\/121_A_-SOL-DEN-SERRA-300x231.jpg\" alt=\"\" data-no-lazy=\"1\" itemprop=\"thumbnail\" width=\"300\" height=\"231\" \/>\n\n\t\t\t<!-- Overlay Wrapper -->\n\t\t\t<div class=\"pp-gallery-overlay\">\n\t\t\t\t<div class=\"pp-overlay-inner\">\n\n\t\t\t\t\t\n\t\t\t\t\t\n\t\t\t\t<\/div>\n\t\t\t<\/div> <!-- Overlay Wrapper Closed -->\n\n\t\t\t\t<\/a>\n\t\t\t\t\t\t\t<meta itemprop=\"width\" content=\"300\" \/>\n\t\t\t<meta itemprop=\"height\" content=\"231\" \/>\n\t\t\t<\/div>\n\t<\/div><div class=\"pp-photo-gallery-item pp-gallery-masonry-item\" data-item-id=\"2071\" itemprop=\"associatedMedia\" itemscope=\"itemscope\" itemtype=\"http:\/\/schema.org\/ImageObject\">\n\t<div class=\"pp-photo-gallery-content\">\n\n\t\t\t\t<a\n\t\t\thref=\"https:\/\/santaeulariaculturaijoventut.com\/wp-content\/uploads\/2021\/02\/102_A_sensefiltre.jpg\"\n\t\t\t \n\t\t\t\t\t\tdata-fancybox=\"images\" \n\t\t\t \n\t\t\ttitle=\"102_A_sensefiltre\" \n\t\t\t\t\t\tdata-caption=\"\"\n\t\t\t\t\t\tdata-description=\"\" \n\t\t\titemprop=\"contentUrl\"\n\t\t>\n\t\t\n\t\t\n\t\t\t<img loading=\"lazy\" decoding=\"async\" class=\"pp-gallery-img\" src=\"https:\/\/santaeulariaculturaijoventut.com\/wp-content\/uploads\/2021\/02\/102_A_sensefiltre-300x225.jpg\" alt=\"\" data-no-lazy=\"1\" itemprop=\"thumbnail\" width=\"300\" height=\"225\" \/>\n\n\t\t\t<!-- Overlay Wrapper -->\n\t\t\t<div class=\"pp-gallery-overlay\">\n\t\t\t\t<div class=\"pp-overlay-inner\">\n\n\t\t\t\t\t\n\t\t\t\t\t\n\t\t\t\t<\/div>\n\t\t\t<\/div> <!-- Overlay Wrapper Closed -->\n\n\t\t\t\t<\/a>\n\t\t\t\t\t\t\t<meta itemprop=\"width\" content=\"300\" \/>\n\t\t\t<meta itemprop=\"height\" content=\"225\" \/>\n\t\t\t<\/div>\n\t<\/div><div class=\"pp-photo-gallery-item pp-gallery-masonry-item\" data-item-id=\"2073\" itemprop=\"associatedMedia\" itemscope=\"itemscope\" itemtype=\"http:\/\/schema.org\/ImageObject\">\n\t<div class=\"pp-photo-gallery-content\">\n\n\t\t\t\t<a\n\t\t\thref=\"https:\/\/santaeulariaculturaijoventut.com\/wp-content\/uploads\/2021\/02\/12_C_PRIMAVERA-DE-LHIVERN.jpg\"\n\t\t\t \n\t\t\t\t\t\tdata-fancybox=\"images\" \n\t\t\t \n\t\t\ttitle=\"12_C_PRIMAVERA DE L&#039;HIVERN\" \n\t\t\t\t\t\tdata-caption=\"\"\n\t\t\t\t\t\tdata-description=\"\" \n\t\t\titemprop=\"contentUrl\"\n\t\t>\n\t\t\n\t\t\n\t\t\t<img loading=\"lazy\" decoding=\"async\" class=\"pp-gallery-img\" src=\"https:\/\/santaeulariaculturaijoventut.com\/wp-content\/uploads\/2021\/02\/12_C_PRIMAVERA-DE-LHIVERN-300x225.jpg\" alt=\"\" data-no-lazy=\"1\" itemprop=\"thumbnail\" width=\"300\" height=\"225\" \/>\n\n\t\t\t<!-- Overlay Wrapper -->\n\t\t\t<div class=\"pp-gallery-overlay\">\n\t\t\t\t<div class=\"pp-overlay-inner\">\n\n\t\t\t\t\t\n\t\t\t\t\t\n\t\t\t\t<\/div>\n\t\t\t<\/div> <!-- Overlay Wrapper Closed -->\n\n\t\t\t\t<\/a>\n\t\t\t\t\t\t\t<meta itemprop=\"width\" content=\"300\" \/>\n\t\t\t<meta itemprop=\"height\" content=\"225\" \/>\n\t\t\t<\/div>\n\t<\/div><div class=\"pp-photo-gallery-item pp-gallery-masonry-item\" data-item-id=\"2075\" itemprop=\"associatedMedia\" itemscope=\"itemscope\" itemtype=\"http:\/\/schema.org\/ImageObject\">\n\t<div class=\"pp-photo-gallery-content\">\n\n\t\t\t\t<a\n\t\t\thref=\"https:\/\/santaeulariaculturaijoventut.com\/wp-content\/uploads\/2021\/02\/31_B_EIVISSA-MAR.jpg\"\n\t\t\t \n\t\t\t\t\t\tdata-fancybox=\"images\" \n\t\t\t \n\t\t\ttitle=\"31_B_EIVISSA MAR\" \n\t\t\t\t\t\tdata-caption=\"\"\n\t\t\t\t\t\tdata-description=\"\" \n\t\t\titemprop=\"contentUrl\"\n\t\t>\n\t\t\n\t\t\n\t\t\t<img loading=\"lazy\" decoding=\"async\" class=\"pp-gallery-img\" src=\"https:\/\/santaeulariaculturaijoventut.com\/wp-content\/uploads\/2021\/02\/31_B_EIVISSA-MAR-169x300.jpg\" alt=\"\" data-no-lazy=\"1\" itemprop=\"thumbnail\" width=\"169\" height=\"300\" \/>\n\n\t\t\t<!-- Overlay Wrapper -->\n\t\t\t<div class=\"pp-gallery-overlay\">\n\t\t\t\t<div class=\"pp-overlay-inner\">\n\n\t\t\t\t\t\n\t\t\t\t\t\n\t\t\t\t<\/div>\n\t\t\t<\/div> <!-- Overlay Wrapper Closed -->\n\n\t\t\t\t<\/a>\n\t\t\t\t\t\t\t<meta itemprop=\"width\" content=\"169\" \/>\n\t\t\t<meta itemprop=\"height\" content=\"300\" \/>\n\t\t\t<\/div>\n\t<\/div><div class=\"pp-photo-gallery-item pp-gallery-masonry-item\" data-item-id=\"2077\" itemprop=\"associatedMedia\" itemscope=\"itemscope\" itemtype=\"http:\/\/schema.org\/ImageObject\">\n\t<div class=\"pp-photo-gallery-content\">\n\n\t\t\t\t<a\n\t\t\thref=\"https:\/\/santaeulariaculturaijoventut.com\/wp-content\/uploads\/2021\/02\/67_B_PITIU\u0308SES.jpg\"\n\t\t\t \n\t\t\t\t\t\tdata-fancybox=\"images\" \n\t\t\t \n\t\t\ttitle=\"67_B_PITIU\u0308SES\" \n\t\t\t\t\t\tdata-caption=\"\"\n\t\t\t\t\t\tdata-description=\"\" \n\t\t\titemprop=\"contentUrl\"\n\t\t>\n\t\t\n\t\t\n\t\t\t<img loading=\"lazy\" decoding=\"async\" class=\"pp-gallery-img\" src=\"https:\/\/santaeulariaculturaijoventut.com\/wp-content\/uploads\/2021\/02\/67_B_PITIU\u0308SES-225x300.jpg\" alt=\"\" data-no-lazy=\"1\" itemprop=\"thumbnail\" width=\"225\" height=\"300\" \/>\n\n\t\t\t<!-- Overlay Wrapper -->\n\t\t\t<div class=\"pp-gallery-overlay\">\n\t\t\t\t<div class=\"pp-overlay-inner\">\n\n\t\t\t\t\t\n\t\t\t\t\t\n\t\t\t\t<\/div>\n\t\t\t<\/div> <!-- Overlay Wrapper Closed -->\n\n\t\t\t\t<\/a>\n\t\t\t\t\t\t\t<meta itemprop=\"width\" content=\"225\" \/>\n\t\t\t<meta itemprop=\"height\" content=\"300\" \/>\n\t\t\t<\/div>\n\t<\/div><div class=\"pp-photo-gallery-item pp-gallery-masonry-item\" data-item-id=\"2079\" itemprop=\"associatedMedia\" itemscope=\"itemscope\" itemtype=\"http:\/\/schema.org\/ImageObject\">\n\t<div class=\"pp-photo-gallery-content\">\n\n\t\t\t\t<a\n\t\t\thref=\"https:\/\/santaeulariaculturaijoventut.com\/wp-content\/uploads\/2021\/02\/92_B.jpg\"\n\t\t\t \n\t\t\t\t\t\tdata-fancybox=\"images\" \n\t\t\t \n\t\t\ttitle=\"92_B\" \n\t\t\t\t\t\tdata-caption=\"\"\n\t\t\t\t\t\tdata-description=\"\" \n\t\t\titemprop=\"contentUrl\"\n\t\t>\n\t\t\n\t\t\n\t\t\t<img loading=\"lazy\" decoding=\"async\" class=\"pp-gallery-img\" src=\"https:\/\/santaeulariaculturaijoventut.com\/wp-content\/uploads\/2021\/02\/92_B-300x300.jpg\" alt=\"\" data-no-lazy=\"1\" itemprop=\"thumbnail\" width=\"300\" height=\"300\" \/>\n\n\t\t\t<!-- Overlay Wrapper -->\n\t\t\t<div class=\"pp-gallery-overlay\">\n\t\t\t\t<div class=\"pp-overlay-inner\">\n\n\t\t\t\t\t\n\t\t\t\t\t\n\t\t\t\t<\/div>\n\t\t\t<\/div> <!-- Overlay Wrapper Closed -->\n\n\t\t\t\t<\/a>\n\t\t\t\t\t\t\t<meta itemprop=\"width\" content=\"300\" \/>\n\t\t\t<meta itemprop=\"height\" content=\"300\" \/>\n\t\t\t<\/div>\n\t<\/div><div class=\"pp-photo-gallery-item pp-gallery-masonry-item\" data-item-id=\"2081\" itemprop=\"associatedMedia\" itemscope=\"itemscope\" itemtype=\"http:\/\/schema.org\/ImageObject\">\n\t<div class=\"pp-photo-gallery-content\">\n\n\t\t\t\t<a\n\t\t\thref=\"https:\/\/santaeulariaculturaijoventut.com\/wp-content\/uploads\/2021\/02\/22_C_-MA\u0300GIA-AL-PONT-VELL.jpg\"\n\t\t\t \n\t\t\t\t\t\tdata-fancybox=\"images\" \n\t\t\t \n\t\t\ttitle=\"22_C_ MA\u0300GIA AL PONT VELL\" \n\t\t\t\t\t\tdata-caption=\"\"\n\t\t\t\t\t\tdata-description=\"\" \n\t\t\titemprop=\"contentUrl\"\n\t\t>\n\t\t\n\t\t\n\t\t\t<img loading=\"lazy\" decoding=\"async\" class=\"pp-gallery-img\" src=\"https:\/\/santaeulariaculturaijoventut.com\/wp-content\/uploads\/2021\/02\/22_C_-MA\u0300GIA-AL-PONT-VELL-300x200.jpg\" alt=\"\" data-no-lazy=\"1\" itemprop=\"thumbnail\" width=\"300\" height=\"200\" \/>\n\n\t\t\t<!-- Overlay Wrapper -->\n\t\t\t<div class=\"pp-gallery-overlay\">\n\t\t\t\t<div class=\"pp-overlay-inner\">\n\n\t\t\t\t\t\n\t\t\t\t\t\n\t\t\t\t<\/div>\n\t\t\t<\/div> <!-- Overlay Wrapper Closed -->\n\n\t\t\t\t<\/a>\n\t\t\t\t\t\t\t<meta itemprop=\"width\" content=\"300\" \/>\n\t\t\t<meta itemprop=\"height\" content=\"200\" \/>\n\t\t\t<\/div>\n\t<\/div><div class=\"pp-photo-gallery-item pp-gallery-masonry-item\" data-item-id=\"2083\" itemprop=\"associatedMedia\" itemscope=\"itemscope\" itemtype=\"http:\/\/schema.org\/ImageObject\">\n\t<div class=\"pp-photo-gallery-content\">\n\n\t\t\t\t<a\n\t\t\thref=\"https:\/\/santaeulariaculturaijoventut.com\/wp-content\/uploads\/2021\/02\/68_A_Sa-meua-vesina-.jpg\"\n\t\t\t \n\t\t\t\t\t\tdata-fancybox=\"images\" \n\t\t\t \n\t\t\ttitle=\"68_A_Sa meua vesina-\" \n\t\t\t\t\t\tdata-caption=\"\"\n\t\t\t\t\t\tdata-description=\"\" \n\t\t\titemprop=\"contentUrl\"\n\t\t>\n\t\t\n\t\t\n\t\t\t<img loading=\"lazy\" decoding=\"async\" class=\"pp-gallery-img\" src=\"https:\/\/santaeulariaculturaijoventut.com\/wp-content\/uploads\/2021\/02\/68_A_Sa-meua-vesina--300x200.jpg\" alt=\"\" data-no-lazy=\"1\" itemprop=\"thumbnail\" width=\"300\" height=\"200\" \/>\n\n\t\t\t<!-- Overlay Wrapper -->\n\t\t\t<div class=\"pp-gallery-overlay\">\n\t\t\t\t<div class=\"pp-overlay-inner\">\n\n\t\t\t\t\t\n\t\t\t\t\t\n\t\t\t\t<\/div>\n\t\t\t<\/div> <!-- Overlay Wrapper Closed -->\n\n\t\t\t\t<\/a>\n\t\t\t\t\t\t\t<meta itemprop=\"width\" content=\"300\" \/>\n\t\t\t<meta itemprop=\"height\" content=\"200\" \/>\n\t\t\t<\/div>\n\t<\/div><div class=\"pp-photo-gallery-item pp-gallery-masonry-item\" data-item-id=\"2085\" itemprop=\"associatedMedia\" itemscope=\"itemscope\" itemtype=\"http:\/\/schema.org\/ImageObject\">\n\t<div class=\"pp-photo-gallery-content\">\n\n\t\t\t\t<a\n\t\t\thref=\"https:\/\/santaeulariaculturaijoventut.com\/wp-content\/uploads\/2021\/02\/116_B_dalt-vila.jpg\"\n\t\t\t \n\t\t\t\t\t\tdata-fancybox=\"images\" \n\t\t\t \n\t\t\ttitle=\"116_B_dalt vila\" \n\t\t\t\t\t\tdata-caption=\"\"\n\t\t\t\t\t\tdata-description=\"\" \n\t\t\titemprop=\"contentUrl\"\n\t\t>\n\t\t\n\t\t\n\t\t\t<img loading=\"lazy\" decoding=\"async\" class=\"pp-gallery-img\" src=\"https:\/\/santaeulariaculturaijoventut.com\/wp-content\/uploads\/2021\/02\/116_B_dalt-vila-300x200.jpg\" alt=\"\" data-no-lazy=\"1\" itemprop=\"thumbnail\" width=\"300\" height=\"200\" \/>\n\n\t\t\t<!-- Overlay Wrapper -->\n\t\t\t<div class=\"pp-gallery-overlay\">\n\t\t\t\t<div class=\"pp-overlay-inner\">\n\n\t\t\t\t\t\n\t\t\t\t\t\n\t\t\t\t<\/div>\n\t\t\t<\/div> <!-- Overlay Wrapper Closed -->\n\n\t\t\t\t<\/a>\n\t\t\t\t\t\t\t<meta itemprop=\"width\" content=\"300\" \/>\n\t\t\t<meta itemprop=\"height\" content=\"200\" \/>\n\t\t\t<\/div>\n\t<\/div><div class=\"pp-photo-gallery-item pp-gallery-masonry-item\" data-item-id=\"2087\" itemprop=\"associatedMedia\" itemscope=\"itemscope\" itemtype=\"http:\/\/schema.org\/ImageObject\">\n\t<div class=\"pp-photo-gallery-content\">\n\n\t\t\t\t<a\n\t\t\thref=\"https:\/\/santaeulariaculturaijoventut.com\/wp-content\/uploads\/2021\/02\/50_A_IBIZA-ALMENDROS.jpg\"\n\t\t\t \n\t\t\t\t\t\tdata-fancybox=\"images\" \n\t\t\t \n\t\t\ttitle=\"50_A_IBIZA ALMENDROS\" \n\t\t\t\t\t\tdata-caption=\"\"\n\t\t\t\t\t\tdata-description=\"\" \n\t\t\titemprop=\"contentUrl\"\n\t\t>\n\t\t\n\t\t\n\t\t\t<img loading=\"lazy\" decoding=\"async\" class=\"pp-gallery-img\" src=\"https:\/\/santaeulariaculturaijoventut.com\/wp-content\/uploads\/2021\/02\/50_A_IBIZA-ALMENDROS-300x200.jpg\" alt=\"\" data-no-lazy=\"1\" itemprop=\"thumbnail\" width=\"300\" height=\"200\" \/>\n\n\t\t\t<!-- Overlay Wrapper -->\n\t\t\t<div class=\"pp-gallery-overlay\">\n\t\t\t\t<div class=\"pp-overlay-inner\">\n\n\t\t\t\t\t\n\t\t\t\t\t\n\t\t\t\t<\/div>\n\t\t\t<\/div> <!-- Overlay Wrapper Closed -->\n\n\t\t\t\t<\/a>\n\t\t\t\t\t\t\t<meta itemprop=\"width\" content=\"300\" \/>\n\t\t\t<meta itemprop=\"height\" content=\"200\" \/>\n\t\t\t<\/div>\n\t<\/div><div class=\"pp-photo-gallery-item pp-gallery-masonry-item\" data-item-id=\"2089\" itemprop=\"associatedMedia\" itemscope=\"itemscope\" itemtype=\"http:\/\/schema.org\/ImageObject\">\n\t<div class=\"pp-photo-gallery-content\">\n\n\t\t\t\t<a\n\t\t\thref=\"https:\/\/santaeulariaculturaijoventut.com\/wp-content\/uploads\/2021\/02\/13_B_EL-SOLITARIO.jpg\"\n\t\t\t \n\t\t\t\t\t\tdata-fancybox=\"images\" \n\t\t\t \n\t\t\ttitle=\"13_B_EL SOLITARIO\" \n\t\t\t\t\t\tdata-caption=\"\"\n\t\t\t\t\t\tdata-description=\"\" \n\t\t\titemprop=\"contentUrl\"\n\t\t>\n\t\t\n\t\t\n\t\t\t<img loading=\"lazy\" decoding=\"async\" class=\"pp-gallery-img\" src=\"https:\/\/santaeulariaculturaijoventut.com\/wp-content\/uploads\/2021\/02\/13_B_EL-SOLITARIO-225x300.jpg\" alt=\"\" data-no-lazy=\"1\" itemprop=\"thumbnail\" width=\"225\" height=\"300\" \/>\n\n\t\t\t<!-- Overlay Wrapper -->\n\t\t\t<div class=\"pp-gallery-overlay\">\n\t\t\t\t<div class=\"pp-overlay-inner\">\n\n\t\t\t\t\t\n\t\t\t\t\t\n\t\t\t\t<\/div>\n\t\t\t<\/div> <!-- Overlay Wrapper Closed -->\n\n\t\t\t\t<\/a>\n\t\t\t\t\t\t\t<meta itemprop=\"width\" content=\"225\" \/>\n\t\t\t<meta itemprop=\"height\" content=\"300\" \/>\n\t\t\t<\/div>\n\t<\/div><div class=\"pp-photo-gallery-item pp-gallery-masonry-item\" data-item-id=\"2091\" itemprop=\"associatedMedia\" itemscope=\"itemscope\" itemtype=\"http:\/\/schema.org\/ImageObject\">\n\t<div class=\"pp-photo-gallery-content\">\n\n\t\t\t\t<a\n\t\t\thref=\"https:\/\/santaeulariaculturaijoventut.com\/wp-content\/uploads\/2021\/02\/69_B_Cami\u0301-casa-pagesa.jpg\"\n\t\t\t \n\t\t\t\t\t\tdata-fancybox=\"images\" \n\t\t\t \n\t\t\ttitle=\"69_B_Cami\u0301 casa pagesa\" \n\t\t\t\t\t\tdata-caption=\"\"\n\t\t\t\t\t\tdata-description=\"\" \n\t\t\titemprop=\"contentUrl\"\n\t\t>\n\t\t\n\t\t\n\t\t\t<img loading=\"lazy\" decoding=\"async\" class=\"pp-gallery-img\" src=\"https:\/\/santaeulariaculturaijoventut.com\/wp-content\/uploads\/2021\/02\/69_B_Cami\u0301-casa-pagesa-300x200.jpg\" alt=\"\" data-no-lazy=\"1\" itemprop=\"thumbnail\" width=\"300\" height=\"200\" \/>\n\n\t\t\t<!-- Overlay Wrapper -->\n\t\t\t<div class=\"pp-gallery-overlay\">\n\t\t\t\t<div class=\"pp-overlay-inner\">\n\n\t\t\t\t\t\n\t\t\t\t\t\n\t\t\t\t<\/div>\n\t\t\t<\/div> <!-- Overlay Wrapper Closed -->\n\n\t\t\t\t<\/a>\n\t\t\t\t\t\t\t<meta itemprop=\"width\" content=\"300\" \/>\n\t\t\t<meta itemprop=\"height\" content=\"200\" \/>\n\t\t\t<\/div>\n\t<\/div><div class=\"pp-photo-gallery-item pp-gallery-masonry-item\" data-item-id=\"2093\" itemprop=\"associatedMedia\" itemscope=\"itemscope\" itemtype=\"http:\/\/schema.org\/ImageObject\">\n\t<div class=\"pp-photo-gallery-content\">\n\n\t\t\t\t<a\n\t\t\thref=\"https:\/\/santaeulariaculturaijoventut.com\/wp-content\/uploads\/2021\/02\/80_B_Sa-Punta-des-Moli\u0301.jpg\"\n\t\t\t \n\t\t\t\t\t\tdata-fancybox=\"images\" \n\t\t\t \n\t\t\ttitle=\"80_B_Sa Punta des Moli\u0301\" \n\t\t\t\t\t\tdata-caption=\"\"\n\t\t\t\t\t\tdata-description=\"\" \n\t\t\titemprop=\"contentUrl\"\n\t\t>\n\t\t\n\t\t\n\t\t\t<img loading=\"lazy\" decoding=\"async\" class=\"pp-gallery-img\" src=\"https:\/\/santaeulariaculturaijoventut.com\/wp-content\/uploads\/2021\/02\/80_B_Sa-Punta-des-Moli\u0301-300x199.jpg\" alt=\"\" data-no-lazy=\"1\" itemprop=\"thumbnail\" width=\"300\" height=\"199\" \/>\n\n\t\t\t<!-- Overlay Wrapper -->\n\t\t\t<div class=\"pp-gallery-overlay\">\n\t\t\t\t<div class=\"pp-overlay-inner\">\n\n\t\t\t\t\t\n\t\t\t\t\t\n\t\t\t\t<\/div>\n\t\t\t<\/div> <!-- Overlay Wrapper Closed -->\n\n\t\t\t\t<\/a>\n\t\t\t\t\t\t\t<meta itemprop=\"width\" content=\"300\" \/>\n\t\t\t<meta itemprop=\"height\" content=\"199\" \/>\n\t\t\t<\/div>\n\t<\/div><div class=\"pp-photo-gallery-item pp-gallery-masonry-item\" data-item-id=\"2095\" itemprop=\"associatedMedia\" itemscope=\"itemscope\" itemtype=\"http:\/\/schema.org\/ImageObject\">\n\t<div class=\"pp-photo-gallery-content\">\n\n\t\t\t\t<a\n\t\t\thref=\"https:\/\/santaeulariaculturaijoventut.com\/wp-content\/uploads\/2021\/02\/45_C_LUZ-Y-SOMBRA.jpg\"\n\t\t\t \n\t\t\t\t\t\tdata-fancybox=\"images\" \n\t\t\t \n\t\t\ttitle=\"45_C_LUZ Y SOMBRA\" \n\t\t\t\t\t\tdata-caption=\"\"\n\t\t\t\t\t\tdata-description=\"\" \n\t\t\titemprop=\"contentUrl\"\n\t\t>\n\t\t\n\t\t\n\t\t\t<img loading=\"lazy\" decoding=\"async\" class=\"pp-gallery-img\" src=\"https:\/\/santaeulariaculturaijoventut.com\/wp-content\/uploads\/2021\/02\/45_C_LUZ-Y-SOMBRA-300x225.jpg\" alt=\"\" data-no-lazy=\"1\" itemprop=\"thumbnail\" width=\"300\" height=\"225\" \/>\n\n\t\t\t<!-- Overlay Wrapper -->\n\t\t\t<div class=\"pp-gallery-overlay\">\n\t\t\t\t<div class=\"pp-overlay-inner\">\n\n\t\t\t\t\t\n\t\t\t\t\t\n\t\t\t\t<\/div>\n\t\t\t<\/div> <!-- Overlay Wrapper Closed -->\n\n\t\t\t\t<\/a>\n\t\t\t\t\t\t\t<meta itemprop=\"width\" content=\"300\" \/>\n\t\t\t<meta itemprop=\"height\" content=\"225\" \/>\n\t\t\t<\/div>\n\t<\/div><div class=\"pp-photo-gallery-item pp-gallery-masonry-item\" data-item-id=\"2097\" itemprop=\"associatedMedia\" itemscope=\"itemscope\" itemtype=\"http:\/\/schema.org\/ImageObject\">\n\t<div class=\"pp-photo-gallery-content\">\n\n\t\t\t\t<a\n\t\t\thref=\"https:\/\/santaeulariaculturaijoventut.com\/wp-content\/uploads\/2021\/02\/33_B_Puerta-del-cielo.jpg\"\n\t\t\t \n\t\t\t\t\t\tdata-fancybox=\"images\" \n\t\t\t \n\t\t\ttitle=\"33_B_Puerta del cielo\" \n\t\t\t\t\t\tdata-caption=\"\"\n\t\t\t\t\t\tdata-description=\"\" \n\t\t\titemprop=\"contentUrl\"\n\t\t>\n\t\t\n\t\t\n\t\t\t<img loading=\"lazy\" decoding=\"async\" class=\"pp-gallery-img\" src=\"https:\/\/santaeulariaculturaijoventut.com\/wp-content\/uploads\/2021\/02\/33_B_Puerta-del-cielo-300x298.jpg\" alt=\"\" data-no-lazy=\"1\" itemprop=\"thumbnail\" width=\"300\" height=\"298\" \/>\n\n\t\t\t<!-- Overlay Wrapper -->\n\t\t\t<div class=\"pp-gallery-overlay\">\n\t\t\t\t<div class=\"pp-overlay-inner\">\n\n\t\t\t\t\t\n\t\t\t\t\t\n\t\t\t\t<\/div>\n\t\t\t<\/div> <!-- Overlay Wrapper Closed -->\n\n\t\t\t\t<\/a>\n\t\t\t\t\t\t\t<meta itemprop=\"width\" content=\"300\" \/>\n\t\t\t<meta itemprop=\"height\" content=\"298\" \/>\n\t\t\t<\/div>\n\t<\/div><div class=\"pp-photo-gallery-item pp-gallery-masonry-item\" data-item-id=\"2099\" itemprop=\"associatedMedia\" itemscope=\"itemscope\" itemtype=\"http:\/\/schema.org\/ImageObject\">\n\t<div class=\"pp-photo-gallery-content\">\n\n\t\t\t\t<a\n\t\t\thref=\"https:\/\/santaeulariaculturaijoventut.com\/wp-content\/uploads\/2021\/02\/18_C_Posido\u0300nia.jpg\"\n\t\t\t \n\t\t\t\t\t\tdata-fancybox=\"images\" \n\t\t\t \n\t\t\ttitle=\"18_C_Posido\u0300nia\" \n\t\t\t\t\t\tdata-caption=\"\"\n\t\t\t\t\t\tdata-description=\"\" \n\t\t\titemprop=\"contentUrl\"\n\t\t>\n\t\t\n\t\t\n\t\t\t<img loading=\"lazy\" decoding=\"async\" class=\"pp-gallery-img\" src=\"https:\/\/santaeulariaculturaijoventut.com\/wp-content\/uploads\/2021\/02\/18_C_Posido\u0300nia-300x199.jpg\" alt=\"\" data-no-lazy=\"1\" itemprop=\"thumbnail\" width=\"300\" height=\"199\" \/>\n\n\t\t\t<!-- Overlay Wrapper -->\n\t\t\t<div class=\"pp-gallery-overlay\">\n\t\t\t\t<div class=\"pp-overlay-inner\">\n\n\t\t\t\t\t\n\t\t\t\t\t\n\t\t\t\t<\/div>\n\t\t\t<\/div> <!-- Overlay Wrapper Closed -->\n\n\t\t\t\t<\/a>\n\t\t\t\t\t\t\t<meta itemprop=\"width\" content=\"300\" \/>\n\t\t\t<meta itemprop=\"height\" content=\"199\" \/>\n\t\t\t<\/div>\n\t<\/div><div class=\"pp-photo-gallery-item pp-gallery-masonry-item\" data-item-id=\"2101\" itemprop=\"associatedMedia\" itemscope=\"itemscope\" itemtype=\"http:\/\/schema.org\/ImageObject\">\n\t<div class=\"pp-photo-gallery-content\">\n\n\t\t\t\t<a\n\t\t\thref=\"https:\/\/santaeulariaculturaijoventut.com\/wp-content\/uploads\/2021\/02\/124_C_ATARDECER-DE-INVIERNO.jpg\"\n\t\t\t \n\t\t\t\t\t\tdata-fancybox=\"images\" \n\t\t\t \n\t\t\ttitle=\"124_C_ATARDECER DE INVIERNO\" \n\t\t\t\t\t\tdata-caption=\"\"\n\t\t\t\t\t\tdata-description=\"\" \n\t\t\titemprop=\"contentUrl\"\n\t\t>\n\t\t\n\t\t\n\t\t\t<img loading=\"lazy\" decoding=\"async\" class=\"pp-gallery-img\" src=\"https:\/\/santaeulariaculturaijoventut.com\/wp-content\/uploads\/2021\/02\/124_C_ATARDECER-DE-INVIERNO-225x300.jpg\" alt=\"\" data-no-lazy=\"1\" itemprop=\"thumbnail\" width=\"225\" height=\"300\" \/>\n\n\t\t\t<!-- Overlay Wrapper -->\n\t\t\t<div class=\"pp-gallery-overlay\">\n\t\t\t\t<div class=\"pp-overlay-inner\">\n\n\t\t\t\t\t\n\t\t\t\t\t\n\t\t\t\t<\/div>\n\t\t\t<\/div> <!-- Overlay Wrapper Closed -->\n\n\t\t\t\t<\/a>\n\t\t\t\t\t\t\t<meta itemprop=\"width\" content=\"225\" \/>\n\t\t\t<meta itemprop=\"height\" content=\"300\" \/>\n\t\t\t<\/div>\n\t<\/div><div class=\"pp-photo-gallery-item pp-gallery-masonry-item\" data-item-id=\"2103\" itemprop=\"associatedMedia\" itemscope=\"itemscope\" itemtype=\"http:\/\/schema.org\/ImageObject\">\n\t<div class=\"pp-photo-gallery-content\">\n\n\t\t\t\t<a\n\t\t\thref=\"https:\/\/santaeulariaculturaijoventut.com\/wp-content\/uploads\/2021\/02\/91_B_Quin-dia-me\u0301s-flamenc.jpg\"\n\t\t\t \n\t\t\t\t\t\tdata-fancybox=\"images\" \n\t\t\t \n\t\t\ttitle=\"91_B_Quin dia me\u0301s flamenc!\" \n\t\t\t\t\t\tdata-caption=\"\"\n\t\t\t\t\t\tdata-description=\"\" \n\t\t\titemprop=\"contentUrl\"\n\t\t>\n\t\t\n\t\t\n\t\t\t<img loading=\"lazy\" decoding=\"async\" class=\"pp-gallery-img\" src=\"https:\/\/santaeulariaculturaijoventut.com\/wp-content\/uploads\/2021\/02\/91_B_Quin-dia-me\u0301s-flamenc-240x300.jpg\" alt=\"\" data-no-lazy=\"1\" itemprop=\"thumbnail\" width=\"240\" height=\"300\" \/>\n\n\t\t\t<!-- Overlay Wrapper -->\n\t\t\t<div class=\"pp-gallery-overlay\">\n\t\t\t\t<div class=\"pp-overlay-inner\">\n\n\t\t\t\t\t\n\t\t\t\t\t\n\t\t\t\t<\/div>\n\t\t\t<\/div> <!-- Overlay Wrapper Closed -->\n\n\t\t\t\t<\/a>\n\t\t\t\t\t\t\t<meta itemprop=\"width\" content=\"240\" \/>\n\t\t\t<meta itemprop=\"height\" content=\"300\" \/>\n\t\t\t<\/div>\n\t<\/div><div class=\"pp-photo-gallery-item pp-gallery-masonry-item\" data-item-id=\"2105\" itemprop=\"associatedMedia\" itemscope=\"itemscope\" itemtype=\"http:\/\/schema.org\/ImageObject\">\n\t<div class=\"pp-photo-gallery-content\">\n\n\t\t\t\t<a\n\t\t\thref=\"https:\/\/santaeulariaculturaijoventut.com\/wp-content\/uploads\/2021\/02\/112_A_TORRE-DE-SES-PORTES_SA-NOSTRA-DEFENSA.jpg\"\n\t\t\t \n\t\t\t\t\t\tdata-fancybox=\"images\" \n\t\t\t \n\t\t\ttitle=\"112_A_TORRE DE SES PORTES_SA NOSTRA DEFENSA\" \n\t\t\t\t\t\tdata-caption=\"\"\n\t\t\t\t\t\tdata-description=\"\" \n\t\t\titemprop=\"contentUrl\"\n\t\t>\n\t\t\n\t\t\n\t\t\t<img loading=\"lazy\" decoding=\"async\" class=\"pp-gallery-img\" src=\"https:\/\/santaeulariaculturaijoventut.com\/wp-content\/uploads\/2021\/02\/112_A_TORRE-DE-SES-PORTES_SA-NOSTRA-DEFENSA-225x300.jpg\" alt=\"\" data-no-lazy=\"1\" itemprop=\"thumbnail\" width=\"225\" height=\"300\" \/>\n\n\t\t\t<!-- Overlay Wrapper -->\n\t\t\t<div class=\"pp-gallery-overlay\">\n\t\t\t\t<div class=\"pp-overlay-inner\">\n\n\t\t\t\t\t\n\t\t\t\t\t\n\t\t\t\t<\/div>\n\t\t\t<\/div> <!-- Overlay Wrapper Closed -->\n\n\t\t\t\t<\/a>\n\t\t\t\t\t\t\t<meta itemprop=\"width\" content=\"225\" \/>\n\t\t\t<meta itemprop=\"height\" content=\"300\" \/>\n\t\t\t<\/div>\n\t<\/div><div class=\"pp-photo-gallery-item pp-gallery-masonry-item\" data-item-id=\"2107\" itemprop=\"associatedMedia\" itemscope=\"itemscope\" itemtype=\"http:\/\/schema.org\/ImageObject\">\n\t<div class=\"pp-photo-gallery-content\">\n\n\t\t\t\t<a\n\t\t\thref=\"https:\/\/santaeulariaculturaijoventut.com\/wp-content\/uploads\/2021\/02\/4_A_URANOLOGIA-ASTRAL.jpg\"\n\t\t\t \n\t\t\t\t\t\tdata-fancybox=\"images\" \n\t\t\t \n\t\t\ttitle=\"4_A_URANOLOGIA ASTRAL\" \n\t\t\t\t\t\tdata-caption=\"\"\n\t\t\t\t\t\tdata-description=\"\" \n\t\t\titemprop=\"contentUrl\"\n\t\t>\n\t\t\n\t\t\n\t\t\t<img loading=\"lazy\" decoding=\"async\" class=\"pp-gallery-img\" src=\"https:\/\/santaeulariaculturaijoventut.com\/wp-content\/uploads\/2021\/02\/4_A_URANOLOGIA-ASTRAL-300x168.jpg\" alt=\"\" data-no-lazy=\"1\" itemprop=\"thumbnail\" width=\"300\" height=\"168\" \/>\n\n\t\t\t<!-- Overlay Wrapper -->\n\t\t\t<div class=\"pp-gallery-overlay\">\n\t\t\t\t<div class=\"pp-overlay-inner\">\n\n\t\t\t\t\t\n\t\t\t\t\t\n\t\t\t\t<\/div>\n\t\t\t<\/div> <!-- Overlay Wrapper Closed -->\n\n\t\t\t\t<\/a>\n\t\t\t\t\t\t\t<meta itemprop=\"width\" content=\"300\" \/>\n\t\t\t<meta itemprop=\"height\" content=\"168\" \/>\n\t\t\t<\/div>\n\t<\/div><div class=\"pp-photo-gallery-item pp-gallery-masonry-item\" data-item-id=\"2109\" itemprop=\"associatedMedia\" itemscope=\"itemscope\" itemtype=\"http:\/\/schema.org\/ImageObject\">\n\t<div class=\"pp-photo-gallery-content\">\n\n\t\t\t\t<a\n\t\t\thref=\"https:\/\/santaeulariaculturaijoventut.com\/wp-content\/uploads\/2021\/02\/59_C_ROMANS.jpg\"\n\t\t\t \n\t\t\t\t\t\tdata-fancybox=\"images\" \n\t\t\t \n\t\t\ttitle=\"59_C_ROMANS\" \n\t\t\t\t\t\tdata-caption=\"\"\n\t\t\t\t\t\tdata-description=\"\" \n\t\t\titemprop=\"contentUrl\"\n\t\t>\n\t\t\n\t\t\n\t\t\t<img loading=\"lazy\" decoding=\"async\" class=\"pp-gallery-img\" src=\"https:\/\/santaeulariaculturaijoventut.com\/wp-content\/uploads\/2021\/02\/59_C_ROMANS-169x300.jpg\" alt=\"\" data-no-lazy=\"1\" itemprop=\"thumbnail\" width=\"169\" height=\"300\" \/>\n\n\t\t\t<!-- Overlay Wrapper -->\n\t\t\t<div class=\"pp-gallery-overlay\">\n\t\t\t\t<div class=\"pp-overlay-inner\">\n\n\t\t\t\t\t\n\t\t\t\t\t\n\t\t\t\t<\/div>\n\t\t\t<\/div> <!-- Overlay Wrapper Closed -->\n\n\t\t\t\t<\/a>\n\t\t\t\t\t\t\t<meta itemprop=\"width\" content=\"169\" \/>\n\t\t\t<meta itemprop=\"height\" content=\"300\" \/>\n\t\t\t<\/div>\n\t<\/div><div class=\"pp-photo-gallery-item pp-gallery-masonry-item\" data-item-id=\"2111\" itemprop=\"associatedMedia\" itemscope=\"itemscope\" itemtype=\"http:\/\/schema.org\/ImageObject\">\n\t<div class=\"pp-photo-gallery-content\">\n\n\t\t\t\t<a\n\t\t\thref=\"https:\/\/santaeulariaculturaijoventut.com\/wp-content\/uploads\/2021\/02\/58_A_ARRELS-DE-MAR.jpg\"\n\t\t\t \n\t\t\t\t\t\tdata-fancybox=\"images\" \n\t\t\t \n\t\t\ttitle=\"58_A_ARRELS DE MAR\" \n\t\t\t\t\t\tdata-caption=\"\"\n\t\t\t\t\t\tdata-description=\"\" \n\t\t\titemprop=\"contentUrl\"\n\t\t>\n\t\t\n\t\t\n\t\t\t<img loading=\"lazy\" decoding=\"async\" class=\"pp-gallery-img\" src=\"https:\/\/santaeulariaculturaijoventut.com\/wp-content\/uploads\/2021\/02\/58_A_ARRELS-DE-MAR-200x300.jpg\" alt=\"\" data-no-lazy=\"1\" itemprop=\"thumbnail\" width=\"200\" height=\"300\" \/>\n\n\t\t\t<!-- Overlay Wrapper -->\n\t\t\t<div class=\"pp-gallery-overlay\">\n\t\t\t\t<div class=\"pp-overlay-inner\">\n\n\t\t\t\t\t\n\t\t\t\t\t\n\t\t\t\t<\/div>\n\t\t\t<\/div> <!-- Overlay Wrapper Closed -->\n\n\t\t\t\t<\/a>\n\t\t\t\t\t\t\t<meta itemprop=\"width\" content=\"200\" \/>\n\t\t\t<meta itemprop=\"height\" content=\"300\" \/>\n\t\t\t<\/div>\n\t<\/div><div class=\"pp-photo-gallery-item pp-gallery-masonry-item\" data-item-id=\"2113\" itemprop=\"associatedMedia\" itemscope=\"itemscope\" itemtype=\"http:\/\/schema.org\/ImageObject\">\n\t<div class=\"pp-photo-gallery-content\">\n\n\t\t\t\t<a\n\t\t\thref=\"https:\/\/santaeulariaculturaijoventut.com\/wp-content\/uploads\/2021\/02\/72_B_CAMPANAS.jpg\"\n\t\t\t \n\t\t\t\t\t\tdata-fancybox=\"images\" \n\t\t\t \n\t\t\ttitle=\"72_B_CAMPANAS\" \n\t\t\t\t\t\tdata-caption=\"\"\n\t\t\t\t\t\tdata-description=\"\" \n\t\t\titemprop=\"contentUrl\"\n\t\t>\n\t\t\n\t\t\n\t\t\t<img loading=\"lazy\" decoding=\"async\" class=\"pp-gallery-img\" src=\"https:\/\/santaeulariaculturaijoventut.com\/wp-content\/uploads\/2021\/02\/72_B_CAMPANAS-200x300.jpg\" alt=\"\" data-no-lazy=\"1\" itemprop=\"thumbnail\" width=\"200\" height=\"300\" \/>\n\n\t\t\t<!-- Overlay Wrapper -->\n\t\t\t<div class=\"pp-gallery-overlay\">\n\t\t\t\t<div class=\"pp-overlay-inner\">\n\n\t\t\t\t\t\n\t\t\t\t\t\n\t\t\t\t<\/div>\n\t\t\t<\/div> <!-- Overlay Wrapper Closed -->\n\n\t\t\t\t<\/a>\n\t\t\t\t\t\t\t<meta itemprop=\"width\" content=\"200\" \/>\n\t\t\t<meta itemprop=\"height\" content=\"300\" \/>\n\t\t\t<\/div>\n\t<\/div><div class=\"pp-photo-gallery-item pp-gallery-masonry-item\" data-item-id=\"2115\" itemprop=\"associatedMedia\" itemscope=\"itemscope\" itemtype=\"http:\/\/schema.org\/ImageObject\">\n\t<div class=\"pp-photo-gallery-content\">\n\n\t\t\t\t<a\n\t\t\thref=\"https:\/\/santaeulariaculturaijoventut.com\/wp-content\/uploads\/2021\/02\/30_C_RACONS.jpg\"\n\t\t\t \n\t\t\t\t\t\tdata-fancybox=\"images\" \n\t\t\t \n\t\t\ttitle=\"30_C_RACONS\" \n\t\t\t\t\t\tdata-caption=\"\"\n\t\t\t\t\t\tdata-description=\"\" \n\t\t\titemprop=\"contentUrl\"\n\t\t>\n\t\t\n\t\t\n\t\t\t<img loading=\"lazy\" decoding=\"async\" class=\"pp-gallery-img\" src=\"https:\/\/santaeulariaculturaijoventut.com\/wp-content\/uploads\/2021\/02\/30_C_RACONS-225x300.jpg\" alt=\"\" data-no-lazy=\"1\" itemprop=\"thumbnail\" width=\"225\" height=\"300\" \/>\n\n\t\t\t<!-- Overlay Wrapper -->\n\t\t\t<div class=\"pp-gallery-overlay\">\n\t\t\t\t<div class=\"pp-overlay-inner\">\n\n\t\t\t\t\t\n\t\t\t\t\t\n\t\t\t\t<\/div>\n\t\t\t<\/div> <!-- Overlay Wrapper Closed -->\n\n\t\t\t\t<\/a>\n\t\t\t\t\t\t\t<meta itemprop=\"width\" content=\"225\" \/>\n\t\t\t<meta itemprop=\"height\" content=\"300\" \/>\n\t\t\t<\/div>\n\t<\/div><div class=\"pp-photo-gallery-item pp-gallery-masonry-item\" data-item-id=\"2117\" itemprop=\"associatedMedia\" itemscope=\"itemscope\" itemtype=\"http:\/\/schema.org\/ImageObject\">\n\t<div class=\"pp-photo-gallery-content\">\n\n\t\t\t\t<a\n\t\t\thref=\"https:\/\/santaeulariaculturaijoventut.com\/wp-content\/uploads\/2021\/02\/106_C_Flor-en-soledad.jpg\"\n\t\t\t \n\t\t\t\t\t\tdata-fancybox=\"images\" \n\t\t\t \n\t\t\ttitle=\"106_C_Flor en soledad\" \n\t\t\t\t\t\tdata-caption=\"\"\n\t\t\t\t\t\tdata-description=\"\" \n\t\t\titemprop=\"contentUrl\"\n\t\t>\n\t\t\n\t\t\n\t\t\t<img loading=\"lazy\" decoding=\"async\" class=\"pp-gallery-img\" src=\"https:\/\/santaeulariaculturaijoventut.com\/wp-content\/uploads\/2021\/02\/106_C_Flor-en-soledad-300x200.jpg\" alt=\"\" data-no-lazy=\"1\" itemprop=\"thumbnail\" width=\"300\" height=\"200\" \/>\n\n\t\t\t<!-- Overlay Wrapper -->\n\t\t\t<div class=\"pp-gallery-overlay\">\n\t\t\t\t<div class=\"pp-overlay-inner\">\n\n\t\t\t\t\t\n\t\t\t\t\t\n\t\t\t\t<\/div>\n\t\t\t<\/div> <!-- Overlay Wrapper Closed -->\n\n\t\t\t\t<\/a>\n\t\t\t\t\t\t\t<meta itemprop=\"width\" content=\"300\" \/>\n\t\t\t<meta itemprop=\"height\" content=\"200\" \/>\n\t\t\t<\/div>\n\t<\/div><div class=\"pp-photo-gallery-item pp-gallery-masonry-item\" data-item-id=\"2119\" itemprop=\"associatedMedia\" itemscope=\"itemscope\" itemtype=\"http:\/\/schema.org\/ImageObject\">\n\t<div class=\"pp-photo-gallery-content\">\n\n\t\t\t\t<a\n\t\t\thref=\"https:\/\/santaeulariaculturaijoventut.com\/wp-content\/uploads\/2021\/02\/64_B_LUZ-DE-UN-SUEN\u0303O.jpg\"\n\t\t\t \n\t\t\t\t\t\tdata-fancybox=\"images\" \n\t\t\t \n\t\t\ttitle=\"64_B_LUZ DE UN SUEN\u0303O\" \n\t\t\t\t\t\tdata-caption=\"\"\n\t\t\t\t\t\tdata-description=\"\" \n\t\t\titemprop=\"contentUrl\"\n\t\t>\n\t\t\n\t\t\n\t\t\t<img loading=\"lazy\" decoding=\"async\" class=\"pp-gallery-img\" src=\"https:\/\/santaeulariaculturaijoventut.com\/wp-content\/uploads\/2021\/02\/64_B_LUZ-DE-UN-SUEN\u0303O-300x200.jpg\" alt=\"\" data-no-lazy=\"1\" itemprop=\"thumbnail\" width=\"300\" height=\"200\" \/>\n\n\t\t\t<!-- Overlay Wrapper -->\n\t\t\t<div class=\"pp-gallery-overlay\">\n\t\t\t\t<div class=\"pp-overlay-inner\">\n\n\t\t\t\t\t\n\t\t\t\t\t\n\t\t\t\t<\/div>\n\t\t\t<\/div> <!-- Overlay Wrapper Closed -->\n\n\t\t\t\t<\/a>\n\t\t\t\t\t\t\t<meta itemprop=\"width\" content=\"300\" \/>\n\t\t\t<meta itemprop=\"height\" content=\"200\" \/>\n\t\t\t<\/div>\n\t<\/div><div class=\"pp-photo-gallery-item pp-gallery-masonry-item\" data-item-id=\"2121\" itemprop=\"associatedMedia\" itemscope=\"itemscope\" itemtype=\"http:\/\/schema.org\/ImageObject\">\n\t<div class=\"pp-photo-gallery-content\">\n\n\t\t\t\t<a\n\t\t\thref=\"https:\/\/santaeulariaculturaijoventut.com\/wp-content\/uploads\/2021\/02\/50_B_IBIZA-BALCONES.jpg\"\n\t\t\t \n\t\t\t\t\t\tdata-fancybox=\"images\" \n\t\t\t \n\t\t\ttitle=\"50_B_IBIZA BALCONES\" \n\t\t\t\t\t\tdata-caption=\"\"\n\t\t\t\t\t\tdata-description=\"\" \n\t\t\titemprop=\"contentUrl\"\n\t\t>\n\t\t\n\t\t\n\t\t\t<img loading=\"lazy\" decoding=\"async\" class=\"pp-gallery-img\" src=\"https:\/\/santaeulariaculturaijoventut.com\/wp-content\/uploads\/2021\/02\/50_B_IBIZA-BALCONES-300x297.jpg\" alt=\"\" data-no-lazy=\"1\" itemprop=\"thumbnail\" width=\"300\" height=\"297\" \/>\n\n\t\t\t<!-- Overlay Wrapper -->\n\t\t\t<div class=\"pp-gallery-overlay\">\n\t\t\t\t<div class=\"pp-overlay-inner\">\n\n\t\t\t\t\t\n\t\t\t\t\t\n\t\t\t\t<\/div>\n\t\t\t<\/div> <!-- Overlay Wrapper Closed -->\n\n\t\t\t\t<\/a>\n\t\t\t\t\t\t\t<meta itemprop=\"width\" content=\"300\" \/>\n\t\t\t<meta itemprop=\"height\" content=\"297\" \/>\n\t\t\t<\/div>\n\t<\/div><div class=\"pp-photo-gallery-item pp-gallery-masonry-item\" data-item-id=\"2123\" itemprop=\"associatedMedia\" itemscope=\"itemscope\" itemtype=\"http:\/\/schema.org\/ImageObject\">\n\t<div class=\"pp-photo-gallery-content\">\n\n\t\t\t\t<a\n\t\t\thref=\"https:\/\/santaeulariaculturaijoventut.com\/wp-content\/uploads\/2021\/02\/104_C.jpg\"\n\t\t\t \n\t\t\t\t\t\tdata-fancybox=\"images\" \n\t\t\t \n\t\t\ttitle=\"104_C\" \n\t\t\t\t\t\tdata-caption=\"\"\n\t\t\t\t\t\tdata-description=\"\" \n\t\t\titemprop=\"contentUrl\"\n\t\t>\n\t\t\n\t\t\n\t\t\t<img loading=\"lazy\" decoding=\"async\" class=\"pp-gallery-img\" src=\"https:\/\/santaeulariaculturaijoventut.com\/wp-content\/uploads\/2021\/02\/104_C-300x225.jpg\" alt=\"\" data-no-lazy=\"1\" itemprop=\"thumbnail\" width=\"300\" height=\"225\" \/>\n\n\t\t\t<!-- Overlay Wrapper -->\n\t\t\t<div class=\"pp-gallery-overlay\">\n\t\t\t\t<div class=\"pp-overlay-inner\">\n\n\t\t\t\t\t\n\t\t\t\t\t\n\t\t\t\t<\/div>\n\t\t\t<\/div> <!-- Overlay Wrapper Closed -->\n\n\t\t\t\t<\/a>\n\t\t\t\t\t\t\t<meta itemprop=\"width\" content=\"300\" \/>\n\t\t\t<meta itemprop=\"height\" content=\"225\" \/>\n\t\t\t<\/div>\n\t<\/div><div class=\"pp-photo-gallery-item pp-gallery-masonry-item\" data-item-id=\"2125\" itemprop=\"associatedMedia\" itemscope=\"itemscope\" itemtype=\"http:\/\/schema.org\/ImageObject\">\n\t<div class=\"pp-photo-gallery-content\">\n\n\t\t\t\t<a\n\t\t\thref=\"https:\/\/santaeulariaculturaijoventut.com\/wp-content\/uploads\/2021\/02\/114_A_Pe\u0300rdua.jpg\"\n\t\t\t \n\t\t\t\t\t\tdata-fancybox=\"images\" \n\t\t\t \n\t\t\ttitle=\"114_A_Pe\u0300rdua\" \n\t\t\t\t\t\tdata-caption=\"\"\n\t\t\t\t\t\tdata-description=\"\" \n\t\t\titemprop=\"contentUrl\"\n\t\t>\n\t\t\n\t\t\n\t\t\t<img loading=\"lazy\" decoding=\"async\" class=\"pp-gallery-img\" src=\"https:\/\/santaeulariaculturaijoventut.com\/wp-content\/uploads\/2021\/02\/114_A_Pe\u0300rdua-300x200.jpg\" alt=\"\" data-no-lazy=\"1\" itemprop=\"thumbnail\" width=\"300\" height=\"200\" \/>\n\n\t\t\t<!-- Overlay Wrapper -->\n\t\t\t<div class=\"pp-gallery-overlay\">\n\t\t\t\t<div class=\"pp-overlay-inner\">\n\n\t\t\t\t\t\n\t\t\t\t\t\n\t\t\t\t<\/div>\n\t\t\t<\/div> <!-- Overlay Wrapper Closed -->\n\n\t\t\t\t<\/a>\n\t\t\t\t\t\t\t<meta itemprop=\"width\" content=\"300\" \/>\n\t\t\t<meta itemprop=\"height\" content=\"200\" \/>\n\t\t\t<\/div>\n\t<\/div><div class=\"pp-photo-gallery-item pp-gallery-masonry-item\" data-item-id=\"2127\" itemprop=\"associatedMedia\" itemscope=\"itemscope\" itemtype=\"http:\/\/schema.org\/ImageObject\">\n\t<div class=\"pp-photo-gallery-content\">\n\n\t\t\t\t<a\n\t\t\thref=\"https:\/\/santaeulariaculturaijoventut.com\/wp-content\/uploads\/2021\/02\/59_A_TRESOR-RIU.jpg\"\n\t\t\t \n\t\t\t\t\t\tdata-fancybox=\"images\" \n\t\t\t \n\t\t\ttitle=\"59_A_TRESOR RIU\" \n\t\t\t\t\t\tdata-caption=\"\"\n\t\t\t\t\t\tdata-description=\"\" \n\t\t\titemprop=\"contentUrl\"\n\t\t>\n\t\t\n\t\t\n\t\t\t<img loading=\"lazy\" decoding=\"async\" class=\"pp-gallery-img\" src=\"https:\/\/santaeulariaculturaijoventut.com\/wp-content\/uploads\/2021\/02\/59_A_TRESOR-RIU-300x169.jpg\" alt=\"\" data-no-lazy=\"1\" itemprop=\"thumbnail\" width=\"300\" height=\"169\" \/>\n\n\t\t\t<!-- Overlay Wrapper -->\n\t\t\t<div class=\"pp-gallery-overlay\">\n\t\t\t\t<div class=\"pp-overlay-inner\">\n\n\t\t\t\t\t\n\t\t\t\t\t\n\t\t\t\t<\/div>\n\t\t\t<\/div> <!-- Overlay Wrapper Closed -->\n\n\t\t\t\t<\/a>\n\t\t\t\t\t\t\t<meta itemprop=\"width\" content=\"300\" \/>\n\t\t\t<meta itemprop=\"height\" content=\"169\" \/>\n\t\t\t<\/div>\n\t<\/div><div class=\"pp-photo-gallery-item pp-gallery-masonry-item\" data-item-id=\"2129\" itemprop=\"associatedMedia\" itemscope=\"itemscope\" itemtype=\"http:\/\/schema.org\/ImageObject\">\n\t<div class=\"pp-photo-gallery-content\">\n\n\t\t\t\t<a\n\t\t\thref=\"https:\/\/santaeulariaculturaijoventut.com\/wp-content\/uploads\/2021\/02\/13_A_LA-CALMA.jpg\"\n\t\t\t \n\t\t\t\t\t\tdata-fancybox=\"images\" \n\t\t\t \n\t\t\ttitle=\"13_A_LA CALMA\" \n\t\t\t\t\t\tdata-caption=\"\"\n\t\t\t\t\t\tdata-description=\"\" \n\t\t\titemprop=\"contentUrl\"\n\t\t>\n\t\t\n\t\t\n\t\t\t<img loading=\"lazy\" decoding=\"async\" class=\"pp-gallery-img\" src=\"https:\/\/santaeulariaculturaijoventut.com\/wp-content\/uploads\/2021\/02\/13_A_LA-CALMA-300x225.jpg\" alt=\"\" data-no-lazy=\"1\" itemprop=\"thumbnail\" width=\"300\" height=\"225\" \/>\n\n\t\t\t<!-- Overlay Wrapper -->\n\t\t\t<div class=\"pp-gallery-overlay\">\n\t\t\t\t<div class=\"pp-overlay-inner\">\n\n\t\t\t\t\t\n\t\t\t\t\t\n\t\t\t\t<\/div>\n\t\t\t<\/div> <!-- Overlay Wrapper Closed -->\n\n\t\t\t\t<\/a>\n\t\t\t\t\t\t\t<meta itemprop=\"width\" content=\"300\" \/>\n\t\t\t<meta itemprop=\"height\" content=\"225\" \/>\n\t\t\t<\/div>\n\t<\/div><div class=\"pp-photo-gallery-item pp-gallery-masonry-item\" data-item-id=\"2131\" itemprop=\"associatedMedia\" itemscope=\"itemscope\" itemtype=\"http:\/\/schema.org\/ImageObject\">\n\t<div class=\"pp-photo-gallery-content\">\n\n\t\t\t\t<a\n\t\t\thref=\"https:\/\/santaeulariaculturaijoventut.com\/wp-content\/uploads\/2021\/02\/14_C_COTO-DE-CAZA.jpg\"\n\t\t\t \n\t\t\t\t\t\tdata-fancybox=\"images\" \n\t\t\t \n\t\t\ttitle=\"14_C_COTO DE CAZA\" \n\t\t\t\t\t\tdata-caption=\"\"\n\t\t\t\t\t\tdata-description=\"\" \n\t\t\titemprop=\"contentUrl\"\n\t\t>\n\t\t\n\t\t\n\t\t\t<img loading=\"lazy\" decoding=\"async\" class=\"pp-gallery-img\" src=\"https:\/\/santaeulariaculturaijoventut.com\/wp-content\/uploads\/2021\/02\/14_C_COTO-DE-CAZA-220x300.jpg\" alt=\"\" data-no-lazy=\"1\" itemprop=\"thumbnail\" width=\"220\" height=\"300\" \/>\n\n\t\t\t<!-- Overlay Wrapper -->\n\t\t\t<div class=\"pp-gallery-overlay\">\n\t\t\t\t<div class=\"pp-overlay-inner\">\n\n\t\t\t\t\t\n\t\t\t\t\t\n\t\t\t\t<\/div>\n\t\t\t<\/div> <!-- Overlay Wrapper Closed -->\n\n\t\t\t\t<\/a>\n\t\t\t\t\t\t\t<meta itemprop=\"width\" content=\"220\" \/>\n\t\t\t<meta itemprop=\"height\" content=\"300\" \/>\n\t\t\t<\/div>\n\t<\/div><div class=\"pp-photo-gallery-item pp-gallery-masonry-item\" data-item-id=\"2133\" itemprop=\"associatedMedia\" itemscope=\"itemscope\" itemtype=\"http:\/\/schema.org\/ImageObject\">\n\t<div class=\"pp-photo-gallery-content\">\n\n\t\t\t\t<a\n\t\t\thref=\"https:\/\/santaeulariaculturaijoventut.com\/wp-content\/uploads\/2021\/02\/22_B_PAGESIA-PANDE\u0300MIA.jpg\"\n\t\t\t \n\t\t\t\t\t\tdata-fancybox=\"images\" \n\t\t\t \n\t\t\ttitle=\"22_B_PAGESIA PANDE\u0300MIA\" \n\t\t\t\t\t\tdata-caption=\"\"\n\t\t\t\t\t\tdata-description=\"\" \n\t\t\titemprop=\"contentUrl\"\n\t\t>\n\t\t\n\t\t\n\t\t\t<img loading=\"lazy\" decoding=\"async\" class=\"pp-gallery-img\" src=\"https:\/\/santaeulariaculturaijoventut.com\/wp-content\/uploads\/2021\/02\/22_B_PAGESIA-PANDE\u0300MIA-300x200.jpg\" alt=\"\" data-no-lazy=\"1\" itemprop=\"thumbnail\" width=\"300\" height=\"200\" \/>\n\n\t\t\t<!-- Overlay Wrapper -->\n\t\t\t<div class=\"pp-gallery-overlay\">\n\t\t\t\t<div class=\"pp-overlay-inner\">\n\n\t\t\t\t\t\n\t\t\t\t\t\n\t\t\t\t<\/div>\n\t\t\t<\/div> <!-- Overlay Wrapper Closed -->\n\n\t\t\t\t<\/a>\n\t\t\t\t\t\t\t<meta itemprop=\"width\" content=\"300\" \/>\n\t\t\t<meta itemprop=\"height\" content=\"200\" \/>\n\t\t\t<\/div>\n\t<\/div><div class=\"pp-photo-gallery-item pp-gallery-masonry-item\" data-item-id=\"2135\" itemprop=\"associatedMedia\" itemscope=\"itemscope\" itemtype=\"http:\/\/schema.org\/ImageObject\">\n\t<div class=\"pp-photo-gallery-content\">\n\n\t\t\t\t<a\n\t\t\thref=\"https:\/\/santaeulariaculturaijoventut.com\/wp-content\/uploads\/2021\/02\/28_C_Petit-Tast-de-Cultura-i-Bellesa.jpg\"\n\t\t\t \n\t\t\t\t\t\tdata-fancybox=\"images\" \n\t\t\t \n\t\t\ttitle=\"28_C_Petit Tast de Cultura i Bellesa\" \n\t\t\t\t\t\tdata-caption=\"\"\n\t\t\t\t\t\tdata-description=\"\" \n\t\t\titemprop=\"contentUrl\"\n\t\t>\n\t\t\n\t\t\n\t\t\t<img loading=\"lazy\" decoding=\"async\" class=\"pp-gallery-img\" src=\"https:\/\/santaeulariaculturaijoventut.com\/wp-content\/uploads\/2021\/02\/28_C_Petit-Tast-de-Cultura-i-Bellesa-225x300.jpg\" alt=\"\" data-no-lazy=\"1\" itemprop=\"thumbnail\" width=\"225\" height=\"300\" \/>\n\n\t\t\t<!-- Overlay Wrapper -->\n\t\t\t<div class=\"pp-gallery-overlay\">\n\t\t\t\t<div class=\"pp-overlay-inner\">\n\n\t\t\t\t\t\n\t\t\t\t\t\n\t\t\t\t<\/div>\n\t\t\t<\/div> <!-- Overlay Wrapper Closed -->\n\n\t\t\t\t<\/a>\n\t\t\t\t\t\t\t<meta itemprop=\"width\" content=\"225\" \/>\n\t\t\t<meta itemprop=\"height\" content=\"300\" \/>\n\t\t\t<\/div>\n\t<\/div><div class=\"pp-photo-gallery-item pp-gallery-masonry-item\" data-item-id=\"2137\" itemprop=\"associatedMedia\" itemscope=\"itemscope\" itemtype=\"http:\/\/schema.org\/ImageObject\">\n\t<div class=\"pp-photo-gallery-content\">\n\n\t\t\t\t<a\n\t\t\thref=\"https:\/\/santaeulariaculturaijoventut.com\/wp-content\/uploads\/2021\/02\/27_C_MIL-SOMBRAS.jpg\"\n\t\t\t \n\t\t\t\t\t\tdata-fancybox=\"images\" \n\t\t\t \n\t\t\ttitle=\"27_C_MIL SOMBRAS\" \n\t\t\t\t\t\tdata-caption=\"\"\n\t\t\t\t\t\tdata-description=\"\" \n\t\t\titemprop=\"contentUrl\"\n\t\t>\n\t\t\n\t\t\n\t\t\t<img loading=\"lazy\" decoding=\"async\" class=\"pp-gallery-img\" src=\"https:\/\/santaeulariaculturaijoventut.com\/wp-content\/uploads\/2021\/02\/27_C_MIL-SOMBRAS-135x300.jpg\" alt=\"\" data-no-lazy=\"1\" itemprop=\"thumbnail\" width=\"135\" height=\"300\" \/>\n\n\t\t\t<!-- Overlay Wrapper -->\n\t\t\t<div class=\"pp-gallery-overlay\">\n\t\t\t\t<div class=\"pp-overlay-inner\">\n\n\t\t\t\t\t\n\t\t\t\t\t\n\t\t\t\t<\/div>\n\t\t\t<\/div> <!-- Overlay Wrapper Closed -->\n\n\t\t\t\t<\/a>\n\t\t\t\t\t\t\t<meta itemprop=\"width\" content=\"135\" \/>\n\t\t\t<meta itemprop=\"height\" content=\"300\" \/>\n\t\t\t<\/div>\n\t<\/div><div class=\"pp-photo-gallery-item pp-gallery-masonry-item\" data-item-id=\"2139\" itemprop=\"associatedMedia\" itemscope=\"itemscope\" itemtype=\"http:\/\/schema.org\/ImageObject\">\n\t<div class=\"pp-photo-gallery-content\">\n\n\t\t\t\t<a\n\t\t\thref=\"https:\/\/santaeulariaculturaijoventut.com\/wp-content\/uploads\/2021\/02\/32_A_TORRE-DE-ROVIRA.jpg\"\n\t\t\t \n\t\t\t\t\t\tdata-fancybox=\"images\" \n\t\t\t \n\t\t\ttitle=\"32_A_TORRE DE ROVIRA\" \n\t\t\t\t\t\tdata-caption=\"\"\n\t\t\t\t\t\tdata-description=\"\" \n\t\t\titemprop=\"contentUrl\"\n\t\t>\n\t\t\n\t\t\n\t\t\t<img loading=\"lazy\" decoding=\"async\" class=\"pp-gallery-img\" src=\"https:\/\/santaeulariaculturaijoventut.com\/wp-content\/uploads\/2021\/02\/32_A_TORRE-DE-ROVIRA-300x200.jpg\" alt=\"\" data-no-lazy=\"1\" itemprop=\"thumbnail\" width=\"300\" height=\"200\" \/>\n\n\t\t\t<!-- Overlay Wrapper -->\n\t\t\t<div class=\"pp-gallery-overlay\">\n\t\t\t\t<div class=\"pp-overlay-inner\">\n\n\t\t\t\t\t\n\t\t\t\t\t\n\t\t\t\t<\/div>\n\t\t\t<\/div> <!-- Overlay Wrapper Closed -->\n\n\t\t\t\t<\/a>\n\t\t\t\t\t\t\t<meta itemprop=\"width\" content=\"300\" \/>\n\t\t\t<meta itemprop=\"height\" content=\"200\" \/>\n\t\t\t<\/div>\n\t<\/div><div class=\"pp-photo-gallery-item pp-gallery-masonry-item\" data-item-id=\"2141\" itemprop=\"associatedMedia\" itemscope=\"itemscope\" itemtype=\"http:\/\/schema.org\/ImageObject\">\n\t<div class=\"pp-photo-gallery-content\">\n\n\t\t\t\t<a\n\t\t\thref=\"https:\/\/santaeulariaculturaijoventut.com\/wp-content\/uploads\/2021\/02\/89_B_IBIZA-RURAL.jpg\"\n\t\t\t \n\t\t\t\t\t\tdata-fancybox=\"images\" \n\t\t\t \n\t\t\ttitle=\"89_B_IBIZA RURAL\" \n\t\t\t\t\t\tdata-caption=\"\"\n\t\t\t\t\t\tdata-description=\"\" \n\t\t\titemprop=\"contentUrl\"\n\t\t>\n\t\t\n\t\t\n\t\t\t<img loading=\"lazy\" decoding=\"async\" class=\"pp-gallery-img\" src=\"https:\/\/santaeulariaculturaijoventut.com\/wp-content\/uploads\/2021\/02\/89_B_IBIZA-RURAL-300x146.jpg\" alt=\"\" data-no-lazy=\"1\" itemprop=\"thumbnail\" width=\"300\" height=\"146\" \/>\n\n\t\t\t<!-- Overlay Wrapper -->\n\t\t\t<div class=\"pp-gallery-overlay\">\n\t\t\t\t<div class=\"pp-overlay-inner\">\n\n\t\t\t\t\t\n\t\t\t\t\t\n\t\t\t\t<\/div>\n\t\t\t<\/div> <!-- Overlay Wrapper Closed -->\n\n\t\t\t\t<\/a>\n\t\t\t\t\t\t\t<meta itemprop=\"width\" content=\"300\" \/>\n\t\t\t<meta itemprop=\"height\" content=\"146\" \/>\n\t\t\t<\/div>\n\t<\/div><div class=\"pp-photo-gallery-item pp-gallery-masonry-item\" data-item-id=\"2143\" itemprop=\"associatedMedia\" itemscope=\"itemscope\" itemtype=\"http:\/\/schema.org\/ImageObject\">\n\t<div class=\"pp-photo-gallery-content\">\n\n\t\t\t\t<a\n\t\t\thref=\"https:\/\/santaeulariaculturaijoventut.com\/wp-content\/uploads\/2021\/02\/98_C_Amaneceres-en-Santa-Eulalia-para-los-Runners-de-la-nueva-normalidad.jpg\"\n\t\t\t \n\t\t\t\t\t\tdata-fancybox=\"images\" \n\t\t\t \n\t\t\ttitle=\"98_C_Amaneceres en Santa Eulalia para los Runners de la nueva normalidad\" \n\t\t\t\t\t\tdata-caption=\"\"\n\t\t\t\t\t\tdata-description=\"\" \n\t\t\titemprop=\"contentUrl\"\n\t\t>\n\t\t\n\t\t\n\t\t\t<img loading=\"lazy\" decoding=\"async\" class=\"pp-gallery-img\" src=\"https:\/\/santaeulariaculturaijoventut.com\/wp-content\/uploads\/2021\/02\/98_C_Amaneceres-en-Santa-Eulalia-para-los-Runners-de-la-nueva-normalidad-300x225.jpg\" alt=\"\" data-no-lazy=\"1\" itemprop=\"thumbnail\" width=\"300\" height=\"225\" \/>\n\n\t\t\t<!-- Overlay Wrapper -->\n\t\t\t<div class=\"pp-gallery-overlay\">\n\t\t\t\t<div class=\"pp-overlay-inner\">\n\n\t\t\t\t\t\n\t\t\t\t\t\n\t\t\t\t<\/div>\n\t\t\t<\/div> <!-- Overlay Wrapper Closed -->\n\n\t\t\t\t<\/a>\n\t\t\t\t\t\t\t<meta itemprop=\"width\" content=\"300\" \/>\n\t\t\t<meta itemprop=\"height\" content=\"225\" \/>\n\t\t\t<\/div>\n\t<\/div><div class=\"pp-photo-gallery-item pp-gallery-masonry-item\" data-item-id=\"2145\" itemprop=\"associatedMedia\" itemscope=\"itemscope\" itemtype=\"http:\/\/schema.org\/ImageObject\">\n\t<div class=\"pp-photo-gallery-content\">\n\n\t\t\t\t<a\n\t\t\thref=\"https:\/\/santaeulariaculturaijoventut.com\/wp-content\/uploads\/2021\/02\/110_A_Esenciales.jpg\"\n\t\t\t \n\t\t\t\t\t\tdata-fancybox=\"images\" \n\t\t\t \n\t\t\ttitle=\"110_A_Esenciales\" \n\t\t\t\t\t\tdata-caption=\"\"\n\t\t\t\t\t\tdata-description=\"\" \n\t\t\titemprop=\"contentUrl\"\n\t\t>\n\t\t\n\t\t\n\t\t\t<img loading=\"lazy\" decoding=\"async\" class=\"pp-gallery-img\" src=\"https:\/\/santaeulariaculturaijoventut.com\/wp-content\/uploads\/2021\/02\/110_A_Esenciales-238x300.jpg\" alt=\"\" data-no-lazy=\"1\" itemprop=\"thumbnail\" width=\"238\" height=\"300\" \/>\n\n\t\t\t<!-- Overlay Wrapper -->\n\t\t\t<div class=\"pp-gallery-overlay\">\n\t\t\t\t<div class=\"pp-overlay-inner\">\n\n\t\t\t\t\t\n\t\t\t\t\t\n\t\t\t\t<\/div>\n\t\t\t<\/div> <!-- Overlay Wrapper Closed -->\n\n\t\t\t\t<\/a>\n\t\t\t\t\t\t\t<meta itemprop=\"width\" content=\"238\" \/>\n\t\t\t<meta itemprop=\"height\" content=\"300\" \/>\n\t\t\t<\/div>\n\t<\/div><div class=\"pp-photo-gallery-item pp-gallery-masonry-item\" data-item-id=\"2147\" itemprop=\"associatedMedia\" itemscope=\"itemscope\" itemtype=\"http:\/\/schema.org\/ImageObject\">\n\t<div class=\"pp-photo-gallery-content\">\n\n\t\t\t\t<a\n\t\t\thref=\"https:\/\/santaeulariaculturaijoventut.com\/wp-content\/uploads\/2021\/02\/112_B_VIATGE-A-DOS-RODES.jpg\"\n\t\t\t \n\t\t\t\t\t\tdata-fancybox=\"images\" \n\t\t\t \n\t\t\ttitle=\"112_B_VIATGE A DOS RODES\" \n\t\t\t\t\t\tdata-caption=\"\"\n\t\t\t\t\t\tdata-description=\"\" \n\t\t\titemprop=\"contentUrl\"\n\t\t>\n\t\t\n\t\t\n\t\t\t<img loading=\"lazy\" decoding=\"async\" class=\"pp-gallery-img\" src=\"https:\/\/santaeulariaculturaijoventut.com\/wp-content\/uploads\/2021\/02\/112_B_VIATGE-A-DOS-RODES-225x300.jpg\" alt=\"\" data-no-lazy=\"1\" itemprop=\"thumbnail\" width=\"225\" height=\"300\" \/>\n\n\t\t\t<!-- Overlay Wrapper -->\n\t\t\t<div class=\"pp-gallery-overlay\">\n\t\t\t\t<div class=\"pp-overlay-inner\">\n\n\t\t\t\t\t\n\t\t\t\t\t\n\t\t\t\t<\/div>\n\t\t\t<\/div> <!-- Overlay Wrapper Closed -->\n\n\t\t\t\t<\/a>\n\t\t\t\t\t\t\t<meta itemprop=\"width\" content=\"225\" \/>\n\t\t\t<meta itemprop=\"height\" content=\"300\" \/>\n\t\t\t<\/div>\n\t<\/div><div class=\"pp-photo-gallery-item pp-gallery-masonry-item\" data-item-id=\"2149\" itemprop=\"associatedMedia\" itemscope=\"itemscope\" itemtype=\"http:\/\/schema.org\/ImageObject\">\n\t<div class=\"pp-photo-gallery-content\">\n\n\t\t\t\t<a\n\t\t\thref=\"https:\/\/santaeulariaculturaijoventut.com\/wp-content\/uploads\/2021\/02\/76_C_Sempre-al-nostre-cap.jpg\"\n\t\t\t \n\t\t\t\t\t\tdata-fancybox=\"images\" \n\t\t\t \n\t\t\ttitle=\"76_C_Sempre al nostre cap\" \n\t\t\t\t\t\tdata-caption=\"\"\n\t\t\t\t\t\tdata-description=\"\" \n\t\t\titemprop=\"contentUrl\"\n\t\t>\n\t\t\n\t\t\n\t\t\t<img loading=\"lazy\" decoding=\"async\" class=\"pp-gallery-img\" src=\"https:\/\/santaeulariaculturaijoventut.com\/wp-content\/uploads\/2021\/02\/76_C_Sempre-al-nostre-cap-210x300.jpg\" alt=\"\" data-no-lazy=\"1\" itemprop=\"thumbnail\" width=\"210\" height=\"300\" \/>\n\n\t\t\t<!-- Overlay Wrapper -->\n\t\t\t<div class=\"pp-gallery-overlay\">\n\t\t\t\t<div class=\"pp-overlay-inner\">\n\n\t\t\t\t\t\n\t\t\t\t\t\n\t\t\t\t<\/div>\n\t\t\t<\/div> <!-- Overlay Wrapper Closed -->\n\n\t\t\t\t<\/a>\n\t\t\t\t\t\t\t<meta itemprop=\"width\" content=\"210\" \/>\n\t\t\t<meta itemprop=\"height\" content=\"300\" \/>\n\t\t\t<\/div>\n\t<\/div><div class=\"pp-photo-gallery-item pp-gallery-masonry-item\" data-item-id=\"2151\" itemprop=\"associatedMedia\" itemscope=\"itemscope\" itemtype=\"http:\/\/schema.org\/ImageObject\">\n\t<div class=\"pp-photo-gallery-content\">\n\n\t\t\t\t<a\n\t\t\thref=\"https:\/\/santaeulariaculturaijoventut.com\/wp-content\/uploads\/2021\/02\/6_C_PRIMAVERA-QUE-ACECHA.jpg\"\n\t\t\t \n\t\t\t\t\t\tdata-fancybox=\"images\" \n\t\t\t \n\t\t\ttitle=\"6_C_PRIMAVERA QUE ACECHA\" \n\t\t\t\t\t\tdata-caption=\"\"\n\t\t\t\t\t\tdata-description=\"\" \n\t\t\titemprop=\"contentUrl\"\n\t\t>\n\t\t\n\t\t\n\t\t\t<img loading=\"lazy\" decoding=\"async\" class=\"pp-gallery-img\" src=\"https:\/\/santaeulariaculturaijoventut.com\/wp-content\/uploads\/2021\/02\/6_C_PRIMAVERA-QUE-ACECHA-300x91.jpg\" alt=\"\" data-no-lazy=\"1\" itemprop=\"thumbnail\" width=\"300\" height=\"91\" \/>\n\n\t\t\t<!-- Overlay Wrapper -->\n\t\t\t<div class=\"pp-gallery-overlay\">\n\t\t\t\t<div class=\"pp-overlay-inner\">\n\n\t\t\t\t\t\n\t\t\t\t\t\n\t\t\t\t<\/div>\n\t\t\t<\/div> <!-- Overlay Wrapper Closed -->\n\n\t\t\t\t<\/a>\n\t\t\t\t\t\t\t<meta itemprop=\"width\" content=\"300\" \/>\n\t\t\t<meta itemprop=\"height\" content=\"91\" \/>\n\t\t\t<\/div>\n\t<\/div><div class=\"pp-photo-gallery-item pp-gallery-masonry-item\" data-item-id=\"2153\" itemprop=\"associatedMedia\" itemscope=\"itemscope\" itemtype=\"http:\/\/schema.org\/ImageObject\">\n\t<div class=\"pp-photo-gallery-content\">\n\n\t\t\t\t<a\n\t\t\thref=\"https:\/\/santaeulariaculturaijoventut.com\/wp-content\/uploads\/2021\/02\/65_B.jpg\"\n\t\t\t \n\t\t\t\t\t\tdata-fancybox=\"images\" \n\t\t\t \n\t\t\ttitle=\"65_B\" \n\t\t\t\t\t\tdata-caption=\"\"\n\t\t\t\t\t\tdata-description=\"\" \n\t\t\titemprop=\"contentUrl\"\n\t\t>\n\t\t\n\t\t\n\t\t\t<img loading=\"lazy\" decoding=\"async\" class=\"pp-gallery-img\" src=\"https:\/\/santaeulariaculturaijoventut.com\/wp-content\/uploads\/2021\/02\/65_B-300x300.jpg\" alt=\"\" data-no-lazy=\"1\" itemprop=\"thumbnail\" width=\"300\" height=\"300\" \/>\n\n\t\t\t<!-- Overlay Wrapper -->\n\t\t\t<div class=\"pp-gallery-overlay\">\n\t\t\t\t<div class=\"pp-overlay-inner\">\n\n\t\t\t\t\t\n\t\t\t\t\t\n\t\t\t\t<\/div>\n\t\t\t<\/div> <!-- Overlay Wrapper Closed -->\n\n\t\t\t\t<\/a>\n\t\t\t\t\t\t\t<meta itemprop=\"width\" content=\"300\" \/>\n\t\t\t<meta itemprop=\"height\" content=\"300\" \/>\n\t\t\t<\/div>\n\t<\/div><div class=\"pp-photo-gallery-item pp-gallery-masonry-item\" data-item-id=\"2155\" itemprop=\"associatedMedia\" itemscope=\"itemscope\" itemtype=\"http:\/\/schema.org\/ImageObject\">\n\t<div class=\"pp-photo-gallery-content\">\n\n\t\t\t\t<a\n\t\t\thref=\"https:\/\/santaeulariaculturaijoventut.com\/wp-content\/uploads\/2021\/02\/61_B_Torre-des-Molar.jpg\"\n\t\t\t \n\t\t\t\t\t\tdata-fancybox=\"images\" \n\t\t\t \n\t\t\ttitle=\"61_B_Torre des Molar\" \n\t\t\t\t\t\tdata-caption=\"\"\n\t\t\t\t\t\tdata-description=\"\" \n\t\t\titemprop=\"contentUrl\"\n\t\t>\n\t\t\n\t\t\n\t\t\t<img loading=\"lazy\" decoding=\"async\" class=\"pp-gallery-img\" src=\"https:\/\/santaeulariaculturaijoventut.com\/wp-content\/uploads\/2021\/02\/61_B_Torre-des-Molar-300x200.jpg\" alt=\"\" data-no-lazy=\"1\" itemprop=\"thumbnail\" width=\"300\" height=\"200\" \/>\n\n\t\t\t<!-- Overlay Wrapper -->\n\t\t\t<div class=\"pp-gallery-overlay\">\n\t\t\t\t<div class=\"pp-overlay-inner\">\n\n\t\t\t\t\t\n\t\t\t\t\t\n\t\t\t\t<\/div>\n\t\t\t<\/div> <!-- Overlay Wrapper Closed -->\n\n\t\t\t\t<\/a>\n\t\t\t\t\t\t\t<meta itemprop=\"width\" content=\"300\" \/>\n\t\t\t<meta itemprop=\"height\" content=\"200\" \/>\n\t\t\t<\/div>\n\t<\/div><div class=\"pp-photo-gallery-item pp-gallery-masonry-item\" data-item-id=\"2157\" itemprop=\"associatedMedia\" itemscope=\"itemscope\" itemtype=\"http:\/\/schema.org\/ImageObject\">\n\t<div class=\"pp-photo-gallery-content\">\n\n\t\t\t\t<a\n\t\t\thref=\"https:\/\/santaeulariaculturaijoventut.com\/wp-content\/uploads\/2021\/02\/53_A_AMANTES-DE-LA-BELLEZA.jpg\"\n\t\t\t \n\t\t\t\t\t\tdata-fancybox=\"images\" \n\t\t\t \n\t\t\ttitle=\"53_A_AMANTES DE LA BELLEZA\" \n\t\t\t\t\t\tdata-caption=\"\"\n\t\t\t\t\t\tdata-description=\"\" \n\t\t\titemprop=\"contentUrl\"\n\t\t>\n\t\t\n\t\t\n\t\t\t<img loading=\"lazy\" decoding=\"async\" class=\"pp-gallery-img\" src=\"https:\/\/santaeulariaculturaijoventut.com\/wp-content\/uploads\/2021\/02\/53_A_AMANTES-DE-LA-BELLEZA-300x200.jpg\" alt=\"\" data-no-lazy=\"1\" itemprop=\"thumbnail\" width=\"300\" height=\"200\" \/>\n\n\t\t\t<!-- Overlay Wrapper -->\n\t\t\t<div class=\"pp-gallery-overlay\">\n\t\t\t\t<div class=\"pp-overlay-inner\">\n\n\t\t\t\t\t\n\t\t\t\t\t\n\t\t\t\t<\/div>\n\t\t\t<\/div> <!-- Overlay Wrapper Closed -->\n\n\t\t\t\t<\/a>\n\t\t\t\t\t\t\t<meta itemprop=\"width\" content=\"300\" \/>\n\t\t\t<meta itemprop=\"height\" content=\"200\" \/>\n\t\t\t<\/div>\n\t<\/div><div class=\"pp-photo-gallery-item pp-gallery-masonry-item\" data-item-id=\"2159\" itemprop=\"associatedMedia\" itemscope=\"itemscope\" itemtype=\"http:\/\/schema.org\/ImageObject\">\n\t<div class=\"pp-photo-gallery-content\">\n\n\t\t\t\t<a\n\t\t\thref=\"https:\/\/santaeulariaculturaijoventut.com\/wp-content\/uploads\/2021\/02\/63_B_Rincones-de-tradicio\u0301n.jpg\"\n\t\t\t \n\t\t\t\t\t\tdata-fancybox=\"images\" \n\t\t\t \n\t\t\ttitle=\"63_B_Rincones de tradicio\u0301n\" \n\t\t\t\t\t\tdata-caption=\"\"\n\t\t\t\t\t\tdata-description=\"\" \n\t\t\titemprop=\"contentUrl\"\n\t\t>\n\t\t\n\t\t\n\t\t\t<img loading=\"lazy\" decoding=\"async\" class=\"pp-gallery-img\" src=\"https:\/\/santaeulariaculturaijoventut.com\/wp-content\/uploads\/2021\/02\/63_B_Rincones-de-tradicio\u0301n-300x200.jpg\" alt=\"\" data-no-lazy=\"1\" itemprop=\"thumbnail\" width=\"300\" height=\"200\" \/>\n\n\t\t\t<!-- Overlay Wrapper -->\n\t\t\t<div class=\"pp-gallery-overlay\">\n\t\t\t\t<div class=\"pp-overlay-inner\">\n\n\t\t\t\t\t\n\t\t\t\t\t\n\t\t\t\t<\/div>\n\t\t\t<\/div> <!-- Overlay Wrapper Closed -->\n\n\t\t\t\t<\/a>\n\t\t\t\t\t\t\t<meta itemprop=\"width\" content=\"300\" \/>\n\t\t\t<meta itemprop=\"height\" content=\"200\" \/>\n\t\t\t<\/div>\n\t<\/div><div class=\"pp-photo-gallery-item pp-gallery-masonry-item\" data-item-id=\"2161\" itemprop=\"associatedMedia\" itemscope=\"itemscope\" itemtype=\"http:\/\/schema.org\/ImageObject\">\n\t<div class=\"pp-photo-gallery-content\">\n\n\t\t\t\t<a\n\t\t\thref=\"https:\/\/santaeulariaculturaijoventut.com\/wp-content\/uploads\/2021\/02\/82_A_El-repicar-del-meu-cor.jpg\"\n\t\t\t \n\t\t\t\t\t\tdata-fancybox=\"images\" \n\t\t\t \n\t\t\ttitle=\"82_A_El repicar del meu cor\" \n\t\t\t\t\t\tdata-caption=\"\"\n\t\t\t\t\t\tdata-description=\"\" \n\t\t\titemprop=\"contentUrl\"\n\t\t>\n\t\t\n\t\t\n\t\t\t<img loading=\"lazy\" decoding=\"async\" class=\"pp-gallery-img\" src=\"https:\/\/santaeulariaculturaijoventut.com\/wp-content\/uploads\/2021\/02\/82_A_El-repicar-del-meu-cor-300x181.jpg\" alt=\"\" data-no-lazy=\"1\" itemprop=\"thumbnail\" width=\"300\" height=\"181\" \/>\n\n\t\t\t<!-- Overlay Wrapper -->\n\t\t\t<div class=\"pp-gallery-overlay\">\n\t\t\t\t<div class=\"pp-overlay-inner\">\n\n\t\t\t\t\t\n\t\t\t\t\t\n\t\t\t\t<\/div>\n\t\t\t<\/div> <!-- Overlay Wrapper Closed -->\n\n\t\t\t\t<\/a>\n\t\t\t\t\t\t\t<meta itemprop=\"width\" content=\"300\" \/>\n\t\t\t<meta itemprop=\"height\" content=\"181\" \/>\n\t\t\t<\/div>\n\t<\/div><div class=\"pp-photo-gallery-item pp-gallery-masonry-item\" data-item-id=\"2163\" itemprop=\"associatedMedia\" itemscope=\"itemscope\" itemtype=\"http:\/\/schema.org\/ImageObject\">\n\t<div class=\"pp-photo-gallery-content\">\n\n\t\t\t\t<a\n\t\t\thref=\"https:\/\/santaeulariaculturaijoventut.com\/wp-content\/uploads\/2021\/02\/117_C.jpg\"\n\t\t\t \n\t\t\t\t\t\tdata-fancybox=\"images\" \n\t\t\t \n\t\t\ttitle=\"117_C\" \n\t\t\t\t\t\tdata-caption=\"\"\n\t\t\t\t\t\tdata-description=\"\" \n\t\t\titemprop=\"contentUrl\"\n\t\t>\n\t\t\n\t\t\n\t\t\t<img loading=\"lazy\" decoding=\"async\" class=\"pp-gallery-img\" src=\"https:\/\/santaeulariaculturaijoventut.com\/wp-content\/uploads\/2021\/02\/117_C-300x225.jpg\" alt=\"\" data-no-lazy=\"1\" itemprop=\"thumbnail\" width=\"300\" height=\"225\" \/>\n\n\t\t\t<!-- Overlay Wrapper -->\n\t\t\t<div class=\"pp-gallery-overlay\">\n\t\t\t\t<div class=\"pp-overlay-inner\">\n\n\t\t\t\t\t\n\t\t\t\t\t\n\t\t\t\t<\/div>\n\t\t\t<\/div> <!-- Overlay Wrapper Closed -->\n\n\t\t\t\t<\/a>\n\t\t\t\t\t\t\t<meta itemprop=\"width\" content=\"300\" \/>\n\t\t\t<meta itemprop=\"height\" content=\"225\" \/>\n\t\t\t<\/div>\n\t<\/div><div class=\"pp-photo-gallery-item pp-gallery-masonry-item\" data-item-id=\"2165\" itemprop=\"associatedMedia\" itemscope=\"itemscope\" itemtype=\"http:\/\/schema.org\/ImageObject\">\n\t<div class=\"pp-photo-gallery-content\">\n\n\t\t\t\t<a\n\t\t\thref=\"https:\/\/santaeulariaculturaijoventut.com\/wp-content\/uploads\/2021\/02\/28_A_Petit-Tast-de-Cultura-i-Bellesa.jpg\"\n\t\t\t \n\t\t\t\t\t\tdata-fancybox=\"images\" \n\t\t\t \n\t\t\ttitle=\"28_A_Petit Tast de Cultura i Bellesa\" \n\t\t\t\t\t\tdata-caption=\"\"\n\t\t\t\t\t\tdata-description=\"\" \n\t\t\titemprop=\"contentUrl\"\n\t\t>\n\t\t\n\t\t\n\t\t\t<img loading=\"lazy\" decoding=\"async\" class=\"pp-gallery-img\" src=\"https:\/\/santaeulariaculturaijoventut.com\/wp-content\/uploads\/2021\/02\/28_A_Petit-Tast-de-Cultura-i-Bellesa-225x300.jpg\" alt=\"\" data-no-lazy=\"1\" itemprop=\"thumbnail\" width=\"225\" height=\"300\" \/>\n\n\t\t\t<!-- Overlay Wrapper -->\n\t\t\t<div class=\"pp-gallery-overlay\">\n\t\t\t\t<div class=\"pp-overlay-inner\">\n\n\t\t\t\t\t\n\t\t\t\t\t\n\t\t\t\t<\/div>\n\t\t\t<\/div> <!-- Overlay Wrapper Closed -->\n\n\t\t\t\t<\/a>\n\t\t\t\t\t\t\t<meta itemprop=\"width\" content=\"225\" \/>\n\t\t\t<meta itemprop=\"height\" content=\"300\" \/>\n\t\t\t<\/div>\n\t<\/div><div class=\"pp-photo-gallery-item pp-gallery-masonry-item\" data-item-id=\"2167\" itemprop=\"associatedMedia\" itemscope=\"itemscope\" itemtype=\"http:\/\/schema.org\/ImageObject\">\n\t<div class=\"pp-photo-gallery-content\">\n\n\t\t\t\t<a\n\t\t\thref=\"https:\/\/santaeulariaculturaijoventut.com\/wp-content\/uploads\/2021\/02\/123_A.jpg\"\n\t\t\t \n\t\t\t\t\t\tdata-fancybox=\"images\" \n\t\t\t \n\t\t\ttitle=\"123_A\" \n\t\t\t\t\t\tdata-caption=\"\"\n\t\t\t\t\t\tdata-description=\"\" \n\t\t\titemprop=\"contentUrl\"\n\t\t>\n\t\t\n\t\t\n\t\t\t<img loading=\"lazy\" decoding=\"async\" class=\"pp-gallery-img\" src=\"https:\/\/santaeulariaculturaijoventut.com\/wp-content\/uploads\/2021\/02\/123_A-200x300.jpg\" alt=\"\" data-no-lazy=\"1\" itemprop=\"thumbnail\" width=\"200\" height=\"300\" \/>\n\n\t\t\t<!-- Overlay Wrapper -->\n\t\t\t<div class=\"pp-gallery-overlay\">\n\t\t\t\t<div class=\"pp-overlay-inner\">\n\n\t\t\t\t\t\n\t\t\t\t\t\n\t\t\t\t<\/div>\n\t\t\t<\/div> <!-- Overlay Wrapper Closed -->\n\n\t\t\t\t<\/a>\n\t\t\t\t\t\t\t<meta itemprop=\"width\" content=\"200\" \/>\n\t\t\t<meta itemprop=\"height\" content=\"300\" \/>\n\t\t\t<\/div>\n\t<\/div><div class=\"pp-photo-gallery-item pp-gallery-masonry-item\" data-item-id=\"2169\" itemprop=\"associatedMedia\" itemscope=\"itemscope\" itemtype=\"http:\/\/schema.org\/ImageObject\">\n\t<div class=\"pp-photo-gallery-content\">\n\n\t\t\t\t<a\n\t\t\thref=\"https:\/\/santaeulariaculturaijoventut.com\/wp-content\/uploads\/2021\/02\/89_A_IBIZA-RURAL.jpg\"\n\t\t\t \n\t\t\t\t\t\tdata-fancybox=\"images\" \n\t\t\t \n\t\t\ttitle=\"89_A_IBIZA RURAL\" \n\t\t\t\t\t\tdata-caption=\"\"\n\t\t\t\t\t\tdata-description=\"\" \n\t\t\titemprop=\"contentUrl\"\n\t\t>\n\t\t\n\t\t\n\t\t\t<img loading=\"lazy\" decoding=\"async\" class=\"pp-gallery-img\" src=\"https:\/\/santaeulariaculturaijoventut.com\/wp-content\/uploads\/2021\/02\/89_A_IBIZA-RURAL-300x146.jpg\" alt=\"\" data-no-lazy=\"1\" itemprop=\"thumbnail\" width=\"300\" height=\"146\" \/>\n\n\t\t\t<!-- Overlay Wrapper -->\n\t\t\t<div class=\"pp-gallery-overlay\">\n\t\t\t\t<div class=\"pp-overlay-inner\">\n\n\t\t\t\t\t\n\t\t\t\t\t\n\t\t\t\t<\/div>\n\t\t\t<\/div> <!-- Overlay Wrapper Closed -->\n\n\t\t\t\t<\/a>\n\t\t\t\t\t\t\t<meta itemprop=\"width\" content=\"300\" \/>\n\t\t\t<meta itemprop=\"height\" content=\"146\" \/>\n\t\t\t<\/div>\n\t<\/div><div class=\"pp-photo-gallery-item pp-gallery-masonry-item\" data-item-id=\"2171\" itemprop=\"associatedMedia\" itemscope=\"itemscope\" itemtype=\"http:\/\/schema.org\/ImageObject\">\n\t<div class=\"pp-photo-gallery-content\">\n\n\t\t\t\t<a\n\t\t\thref=\"https:\/\/santaeulariaculturaijoventut.com\/wp-content\/uploads\/2021\/02\/61_A_Torre-D\u00b4en-Valls.jpg\"\n\t\t\t \n\t\t\t\t\t\tdata-fancybox=\"images\" \n\t\t\t \n\t\t\ttitle=\"61_A_Torre D\u00b4en Valls\" \n\t\t\t\t\t\tdata-caption=\"\"\n\t\t\t\t\t\tdata-description=\"\" \n\t\t\titemprop=\"contentUrl\"\n\t\t>\n\t\t\n\t\t\n\t\t\t<img loading=\"lazy\" decoding=\"async\" class=\"pp-gallery-img\" src=\"https:\/\/santaeulariaculturaijoventut.com\/wp-content\/uploads\/2021\/02\/61_A_Torre-D\u00b4en-Valls-300x200.jpg\" alt=\"\" data-no-lazy=\"1\" itemprop=\"thumbnail\" width=\"300\" height=\"200\" \/>\n\n\t\t\t<!-- Overlay Wrapper -->\n\t\t\t<div class=\"pp-gallery-overlay\">\n\t\t\t\t<div class=\"pp-overlay-inner\">\n\n\t\t\t\t\t\n\t\t\t\t\t\n\t\t\t\t<\/div>\n\t\t\t<\/div> <!-- Overlay Wrapper Closed -->\n\n\t\t\t\t<\/a>\n\t\t\t\t\t\t\t<meta itemprop=\"width\" content=\"300\" \/>\n\t\t\t<meta itemprop=\"height\" content=\"200\" \/>\n\t\t\t<\/div>\n\t<\/div><div class=\"pp-photo-gallery-item pp-gallery-masonry-item\" data-item-id=\"2173\" itemprop=\"associatedMedia\" itemscope=\"itemscope\" itemtype=\"http:\/\/schema.org\/ImageObject\">\n\t<div class=\"pp-photo-gallery-content\">\n\n\t\t\t\t<a\n\t\t\thref=\"https:\/\/santaeulariaculturaijoventut.com\/wp-content\/uploads\/2021\/02\/93_B_Tarde-en-Es-Freus.jpg\"\n\t\t\t \n\t\t\t\t\t\tdata-fancybox=\"images\" \n\t\t\t \n\t\t\ttitle=\"93_B_Tarde en Es Freus\" \n\t\t\t\t\t\tdata-caption=\"\"\n\t\t\t\t\t\tdata-description=\"\" \n\t\t\titemprop=\"contentUrl\"\n\t\t>\n\t\t\n\t\t\n\t\t\t<img loading=\"lazy\" decoding=\"async\" class=\"pp-gallery-img\" src=\"https:\/\/santaeulariaculturaijoventut.com\/wp-content\/uploads\/2021\/02\/93_B_Tarde-en-Es-Freus-300x200.jpg\" alt=\"\" data-no-lazy=\"1\" itemprop=\"thumbnail\" width=\"300\" height=\"200\" \/>\n\n\t\t\t<!-- Overlay Wrapper -->\n\t\t\t<div class=\"pp-gallery-overlay\">\n\t\t\t\t<div class=\"pp-overlay-inner\">\n\n\t\t\t\t\t\n\t\t\t\t\t\n\t\t\t\t<\/div>\n\t\t\t<\/div> <!-- Overlay Wrapper Closed -->\n\n\t\t\t\t<\/a>\n\t\t\t\t\t\t\t<meta itemprop=\"width\" content=\"300\" \/>\n\t\t\t<meta itemprop=\"height\" content=\"200\" \/>\n\t\t\t<\/div>\n\t<\/div><div class=\"pp-photo-gallery-item pp-gallery-masonry-item\" data-item-id=\"2175\" itemprop=\"associatedMedia\" itemscope=\"itemscope\" itemtype=\"http:\/\/schema.org\/ImageObject\">\n\t<div class=\"pp-photo-gallery-content\">\n\n\t\t\t\t<a\n\t\t\thref=\"https:\/\/santaeulariaculturaijoventut.com\/wp-content\/uploads\/2021\/02\/40_C_un-lugar-tranquilo.jpg\"\n\t\t\t \n\t\t\t\t\t\tdata-fancybox=\"images\" \n\t\t\t \n\t\t\ttitle=\"40_C_un lugar tranquilo\" \n\t\t\t\t\t\tdata-caption=\"\"\n\t\t\t\t\t\tdata-description=\"\" \n\t\t\titemprop=\"contentUrl\"\n\t\t>\n\t\t\n\t\t\n\t\t\t<img loading=\"lazy\" decoding=\"async\" class=\"pp-gallery-img\" src=\"https:\/\/santaeulariaculturaijoventut.com\/wp-content\/uploads\/2021\/02\/40_C_un-lugar-tranquilo-225x300.jpg\" alt=\"\" data-no-lazy=\"1\" itemprop=\"thumbnail\" width=\"225\" height=\"300\" \/>\n\n\t\t\t<!-- Overlay Wrapper -->\n\t\t\t<div class=\"pp-gallery-overlay\">\n\t\t\t\t<div class=\"pp-overlay-inner\">\n\n\t\t\t\t\t\n\t\t\t\t\t\n\t\t\t\t<\/div>\n\t\t\t<\/div> <!-- Overlay Wrapper Closed -->\n\n\t\t\t\t<\/a>\n\t\t\t\t\t\t\t<meta itemprop=\"width\" content=\"225\" \/>\n\t\t\t<meta itemprop=\"height\" content=\"300\" \/>\n\t\t\t<\/div>\n\t<\/div><div class=\"pp-photo-gallery-item pp-gallery-masonry-item\" data-item-id=\"2177\" itemprop=\"associatedMedia\" itemscope=\"itemscope\" itemtype=\"http:\/\/schema.org\/ImageObject\">\n\t<div class=\"pp-photo-gallery-content\">\n\n\t\t\t\t<a\n\t\t\thref=\"https:\/\/santaeulariaculturaijoventut.com\/wp-content\/uploads\/2021\/02\/2_A.jpg\"\n\t\t\t \n\t\t\t\t\t\tdata-fancybox=\"images\" \n\t\t\t \n\t\t\ttitle=\"2_A\" \n\t\t\t\t\t\tdata-caption=\"\"\n\t\t\t\t\t\tdata-description=\"\" \n\t\t\titemprop=\"contentUrl\"\n\t\t>\n\t\t\n\t\t\n\t\t\t<img loading=\"lazy\" decoding=\"async\" class=\"pp-gallery-img\" src=\"https:\/\/santaeulariaculturaijoventut.com\/wp-content\/uploads\/2021\/02\/2_A-300x294.jpg\" alt=\"\" data-no-lazy=\"1\" itemprop=\"thumbnail\" width=\"300\" height=\"294\" \/>\n\n\t\t\t<!-- Overlay Wrapper -->\n\t\t\t<div class=\"pp-gallery-overlay\">\n\t\t\t\t<div class=\"pp-overlay-inner\">\n\n\t\t\t\t\t\n\t\t\t\t\t\n\t\t\t\t<\/div>\n\t\t\t<\/div> <!-- Overlay Wrapper Closed -->\n\n\t\t\t\t<\/a>\n\t\t\t\t\t\t\t<meta itemprop=\"width\" content=\"300\" \/>\n\t\t\t<meta itemprop=\"height\" content=\"294\" \/>\n\t\t\t<\/div>\n\t<\/div><div class=\"pp-photo-gallery-item pp-gallery-masonry-item\" data-item-id=\"2179\" itemprop=\"associatedMedia\" itemscope=\"itemscope\" itemtype=\"http:\/\/schema.org\/ImageObject\">\n\t<div class=\"pp-photo-gallery-content\">\n\n\t\t\t\t<a\n\t\t\thref=\"https:\/\/santaeulariaculturaijoventut.com\/wp-content\/uploads\/2021\/02\/72_C_DEL-POZO-AL-CANTARO.jpg\"\n\t\t\t \n\t\t\t\t\t\tdata-fancybox=\"images\" \n\t\t\t \n\t\t\ttitle=\"72_C_DEL POZO AL CANTARO\" \n\t\t\t\t\t\tdata-caption=\"\"\n\t\t\t\t\t\tdata-description=\"\" \n\t\t\titemprop=\"contentUrl\"\n\t\t>\n\t\t\n\t\t\n\t\t\t<img loading=\"lazy\" decoding=\"async\" class=\"pp-gallery-img\" src=\"https:\/\/santaeulariaculturaijoventut.com\/wp-content\/uploads\/2021\/02\/72_C_DEL-POZO-AL-CANTARO-200x300.jpg\" alt=\"\" data-no-lazy=\"1\" itemprop=\"thumbnail\" width=\"200\" height=\"300\" \/>\n\n\t\t\t<!-- Overlay Wrapper -->\n\t\t\t<div class=\"pp-gallery-overlay\">\n\t\t\t\t<div class=\"pp-overlay-inner\">\n\n\t\t\t\t\t\n\t\t\t\t\t\n\t\t\t\t<\/div>\n\t\t\t<\/div> <!-- Overlay Wrapper Closed -->\n\n\t\t\t\t<\/a>\n\t\t\t\t\t\t\t<meta itemprop=\"width\" content=\"200\" \/>\n\t\t\t<meta itemprop=\"height\" content=\"300\" \/>\n\t\t\t<\/div>\n\t<\/div><div class=\"pp-photo-gallery-item pp-gallery-masonry-item\" data-item-id=\"2181\" itemprop=\"associatedMedia\" itemscope=\"itemscope\" itemtype=\"http:\/\/schema.org\/ImageObject\">\n\t<div class=\"pp-photo-gallery-content\">\n\n\t\t\t\t<a\n\t\t\thref=\"https:\/\/santaeulariaculturaijoventut.com\/wp-content\/uploads\/2021\/02\/70_B.jpg\"\n\t\t\t \n\t\t\t\t\t\tdata-fancybox=\"images\" \n\t\t\t \n\t\t\ttitle=\"70_B\" \n\t\t\t\t\t\tdata-caption=\"\"\n\t\t\t\t\t\tdata-description=\"\" \n\t\t\titemprop=\"contentUrl\"\n\t\t>\n\t\t\n\t\t\n\t\t\t<img loading=\"lazy\" decoding=\"async\" class=\"pp-gallery-img\" src=\"https:\/\/santaeulariaculturaijoventut.com\/wp-content\/uploads\/2021\/02\/70_B-300x200.jpg\" alt=\"\" data-no-lazy=\"1\" itemprop=\"thumbnail\" width=\"300\" height=\"200\" \/>\n\n\t\t\t<!-- Overlay Wrapper -->\n\t\t\t<div class=\"pp-gallery-overlay\">\n\t\t\t\t<div class=\"pp-overlay-inner\">\n\n\t\t\t\t\t\n\t\t\t\t\t\n\t\t\t\t<\/div>\n\t\t\t<\/div> <!-- Overlay Wrapper Closed -->\n\n\t\t\t\t<\/a>\n\t\t\t\t\t\t\t<meta itemprop=\"width\" content=\"300\" \/>\n\t\t\t<meta itemprop=\"height\" content=\"200\" \/>\n\t\t\t<\/div>\n\t<\/div><div class=\"pp-photo-gallery-item pp-gallery-masonry-item\" data-item-id=\"2183\" itemprop=\"associatedMedia\" itemscope=\"itemscope\" itemtype=\"http:\/\/schema.org\/ImageObject\">\n\t<div class=\"pp-photo-gallery-content\">\n\n\t\t\t\t<a\n\t\t\thref=\"https:\/\/santaeulariaculturaijoventut.com\/wp-content\/uploads\/2021\/02\/15_B_ma\u0300quina-per-fer-or-li\u0301quid.jpg\"\n\t\t\t \n\t\t\t\t\t\tdata-fancybox=\"images\" \n\t\t\t \n\t\t\ttitle=\"15_B_ma\u0300quina per fer or li\u0301quid\" \n\t\t\t\t\t\tdata-caption=\"\"\n\t\t\t\t\t\tdata-description=\"\" \n\t\t\titemprop=\"contentUrl\"\n\t\t>\n\t\t\n\t\t\n\t\t\t<img loading=\"lazy\" decoding=\"async\" class=\"pp-gallery-img\" src=\"https:\/\/santaeulariaculturaijoventut.com\/wp-content\/uploads\/2021\/02\/15_B_ma\u0300quina-per-fer-or-li\u0301quid-300x224.jpg\" alt=\"\" data-no-lazy=\"1\" itemprop=\"thumbnail\" width=\"300\" height=\"224\" \/>\n\n\t\t\t<!-- Overlay Wrapper -->\n\t\t\t<div class=\"pp-gallery-overlay\">\n\t\t\t\t<div class=\"pp-overlay-inner\">\n\n\t\t\t\t\t\n\t\t\t\t\t\n\t\t\t\t<\/div>\n\t\t\t<\/div> <!-- Overlay Wrapper Closed -->\n\n\t\t\t\t<\/a>\n\t\t\t\t\t\t\t<meta itemprop=\"width\" content=\"300\" \/>\n\t\t\t<meta itemprop=\"height\" content=\"224\" \/>\n\t\t\t<\/div>\n\t<\/div><div class=\"pp-photo-gallery-item pp-gallery-masonry-item\" data-item-id=\"2185\" itemprop=\"associatedMedia\" itemscope=\"itemscope\" itemtype=\"http:\/\/schema.org\/ImageObject\">\n\t<div class=\"pp-photo-gallery-content\">\n\n\t\t\t\t<a\n\t\t\thref=\"https:\/\/santaeulariaculturaijoventut.com\/wp-content\/uploads\/2021\/02\/48_C_Carrero\u0301.jpg\"\n\t\t\t \n\t\t\t\t\t\tdata-fancybox=\"images\" \n\t\t\t \n\t\t\ttitle=\"48_C_Carrero\u0301\" \n\t\t\t\t\t\tdata-caption=\"\"\n\t\t\t\t\t\tdata-description=\"\" \n\t\t\titemprop=\"contentUrl\"\n\t\t>\n\t\t\n\t\t\n\t\t\t<img loading=\"lazy\" decoding=\"async\" class=\"pp-gallery-img\" src=\"https:\/\/santaeulariaculturaijoventut.com\/wp-content\/uploads\/2021\/02\/48_C_Carrero\u0301-300x200.jpg\" alt=\"\" data-no-lazy=\"1\" itemprop=\"thumbnail\" width=\"300\" height=\"200\" \/>\n\n\t\t\t<!-- Overlay Wrapper -->\n\t\t\t<div class=\"pp-gallery-overlay\">\n\t\t\t\t<div class=\"pp-overlay-inner\">\n\n\t\t\t\t\t\n\t\t\t\t\t\n\t\t\t\t<\/div>\n\t\t\t<\/div> <!-- Overlay Wrapper Closed -->\n\n\t\t\t\t<\/a>\n\t\t\t\t\t\t\t<meta itemprop=\"width\" content=\"300\" \/>\n\t\t\t<meta itemprop=\"height\" content=\"200\" \/>\n\t\t\t<\/div>\n\t<\/div><div class=\"pp-photo-gallery-item pp-gallery-masonry-item\" data-item-id=\"2187\" itemprop=\"associatedMedia\" itemscope=\"itemscope\" itemtype=\"http:\/\/schema.org\/ImageObject\">\n\t<div class=\"pp-photo-gallery-content\">\n\n\t\t\t\t<a\n\t\t\thref=\"https:\/\/santaeulariaculturaijoventut.com\/wp-content\/uploads\/2021\/02\/94_B_Cabritas.jpg\"\n\t\t\t \n\t\t\t\t\t\tdata-fancybox=\"images\" \n\t\t\t \n\t\t\ttitle=\"94_B_Cabritas\" \n\t\t\t\t\t\tdata-caption=\"\"\n\t\t\t\t\t\tdata-description=\"\" \n\t\t\titemprop=\"contentUrl\"\n\t\t>\n\t\t\n\t\t\n\t\t\t<img loading=\"lazy\" decoding=\"async\" class=\"pp-gallery-img\" src=\"https:\/\/santaeulariaculturaijoventut.com\/wp-content\/uploads\/2021\/02\/94_B_Cabritas-300x200.jpg\" alt=\"\" data-no-lazy=\"1\" itemprop=\"thumbnail\" width=\"300\" height=\"200\" \/>\n\n\t\t\t<!-- Overlay Wrapper -->\n\t\t\t<div class=\"pp-gallery-overlay\">\n\t\t\t\t<div class=\"pp-overlay-inner\">\n\n\t\t\t\t\t\n\t\t\t\t\t\n\t\t\t\t<\/div>\n\t\t\t<\/div> <!-- Overlay Wrapper Closed -->\n\n\t\t\t\t<\/a>\n\t\t\t\t\t\t\t<meta itemprop=\"width\" content=\"300\" \/>\n\t\t\t<meta itemprop=\"height\" content=\"200\" \/>\n\t\t\t<\/div>\n\t<\/div><div class=\"pp-photo-gallery-item pp-gallery-masonry-item\" data-item-id=\"2189\" itemprop=\"associatedMedia\" itemscope=\"itemscope\" itemtype=\"http:\/\/schema.org\/ImageObject\">\n\t<div class=\"pp-photo-gallery-content\">\n\n\t\t\t\t<a\n\t\t\thref=\"https:\/\/santaeulariaculturaijoventut.com\/wp-content\/uploads\/2021\/02\/49_B_FLOR-CALA-LLONGA.jpg\"\n\t\t\t \n\t\t\t\t\t\tdata-fancybox=\"images\" \n\t\t\t \n\t\t\ttitle=\"49_B_FLOR CALA LLONGA\" \n\t\t\t\t\t\tdata-caption=\"\"\n\t\t\t\t\t\tdata-description=\"\" \n\t\t\titemprop=\"contentUrl\"\n\t\t>\n\t\t\n\t\t\n\t\t\t<img loading=\"lazy\" decoding=\"async\" class=\"pp-gallery-img\" src=\"https:\/\/santaeulariaculturaijoventut.com\/wp-content\/uploads\/2021\/02\/49_B_FLOR-CALA-LLONGA-300x300.jpg\" alt=\"\" data-no-lazy=\"1\" itemprop=\"thumbnail\" width=\"300\" height=\"300\" \/>\n\n\t\t\t<!-- Overlay Wrapper -->\n\t\t\t<div class=\"pp-gallery-overlay\">\n\t\t\t\t<div class=\"pp-overlay-inner\">\n\n\t\t\t\t\t\n\t\t\t\t\t\n\t\t\t\t<\/div>\n\t\t\t<\/div> <!-- Overlay Wrapper Closed -->\n\n\t\t\t\t<\/a>\n\t\t\t\t\t\t\t<meta itemprop=\"width\" content=\"300\" \/>\n\t\t\t<meta itemprop=\"height\" content=\"300\" \/>\n\t\t\t<\/div>\n\t<\/div><div class=\"pp-photo-gallery-item pp-gallery-masonry-item\" data-item-id=\"2191\" itemprop=\"associatedMedia\" itemscope=\"itemscope\" itemtype=\"http:\/\/schema.org\/ImageObject\">\n\t<div class=\"pp-photo-gallery-content\">\n\n\t\t\t\t<a\n\t\t\thref=\"https:\/\/santaeulariaculturaijoventut.com\/wp-content\/uploads\/2021\/02\/118_C_illa-des-penjats.jpg\"\n\t\t\t \n\t\t\t\t\t\tdata-fancybox=\"images\" \n\t\t\t \n\t\t\ttitle=\"118_C_illa des penjats\" \n\t\t\t\t\t\tdata-caption=\"\"\n\t\t\t\t\t\tdata-description=\"\" \n\t\t\titemprop=\"contentUrl\"\n\t\t>\n\t\t\n\t\t\n\t\t\t<img loading=\"lazy\" decoding=\"async\" class=\"pp-gallery-img\" src=\"https:\/\/santaeulariaculturaijoventut.com\/wp-content\/uploads\/2021\/02\/118_C_illa-des-penjats-300x225.jpg\" alt=\"\" data-no-lazy=\"1\" itemprop=\"thumbnail\" width=\"300\" height=\"225\" \/>\n\n\t\t\t<!-- Overlay Wrapper -->\n\t\t\t<div class=\"pp-gallery-overlay\">\n\t\t\t\t<div class=\"pp-overlay-inner\">\n\n\t\t\t\t\t\n\t\t\t\t\t\n\t\t\t\t<\/div>\n\t\t\t<\/div> <!-- Overlay Wrapper Closed -->\n\n\t\t\t\t<\/a>\n\t\t\t\t\t\t\t<meta itemprop=\"width\" content=\"300\" \/>\n\t\t\t<meta itemprop=\"height\" content=\"225\" \/>\n\t\t\t<\/div>\n\t<\/div><div class=\"pp-photo-gallery-item pp-gallery-masonry-item\" data-item-id=\"2193\" itemprop=\"associatedMedia\" itemscope=\"itemscope\" itemtype=\"http:\/\/schema.org\/ImageObject\">\n\t<div class=\"pp-photo-gallery-content\">\n\n\t\t\t\t<a\n\t\t\thref=\"https:\/\/santaeulariaculturaijoventut.com\/wp-content\/uploads\/2021\/02\/118_A_flao-de-santa-gertrudis.jpg\"\n\t\t\t \n\t\t\t\t\t\tdata-fancybox=\"images\" \n\t\t\t \n\t\t\ttitle=\"118_A_flao de santa gertrudis\" \n\t\t\t\t\t\tdata-caption=\"\"\n\t\t\t\t\t\tdata-description=\"\" \n\t\t\titemprop=\"contentUrl\"\n\t\t>\n\t\t\n\t\t\n\t\t\t<img loading=\"lazy\" decoding=\"async\" class=\"pp-gallery-img\" src=\"https:\/\/santaeulariaculturaijoventut.com\/wp-content\/uploads\/2021\/02\/118_A_flao-de-santa-gertrudis-300x300.jpg\" alt=\"\" data-no-lazy=\"1\" itemprop=\"thumbnail\" width=\"300\" height=\"300\" \/>\n\n\t\t\t<!-- Overlay Wrapper -->\n\t\t\t<div class=\"pp-gallery-overlay\">\n\t\t\t\t<div class=\"pp-overlay-inner\">\n\n\t\t\t\t\t\n\t\t\t\t\t\n\t\t\t\t<\/div>\n\t\t\t<\/div> <!-- Overlay Wrapper Closed -->\n\n\t\t\t\t<\/a>\n\t\t\t\t\t\t\t<meta itemprop=\"width\" content=\"300\" \/>\n\t\t\t<meta itemprop=\"height\" content=\"300\" \/>\n\t\t\t<\/div>\n\t<\/div><div class=\"pp-photo-gallery-item pp-gallery-masonry-item\" data-item-id=\"2195\" itemprop=\"associatedMedia\" itemscope=\"itemscope\" itemtype=\"http:\/\/schema.org\/ImageObject\">\n\t<div class=\"pp-photo-gallery-content\">\n\n\t\t\t\t<a\n\t\t\thref=\"https:\/\/santaeulariaculturaijoventut.com\/wp-content\/uploads\/2021\/02\/45_A_VIDA.jpg\"\n\t\t\t \n\t\t\t\t\t\tdata-fancybox=\"images\" \n\t\t\t \n\t\t\ttitle=\"45_A_VIDA\" \n\t\t\t\t\t\tdata-caption=\"\"\n\t\t\t\t\t\tdata-description=\"\" \n\t\t\titemprop=\"contentUrl\"\n\t\t>\n\t\t\n\t\t\n\t\t\t<img loading=\"lazy\" decoding=\"async\" class=\"pp-gallery-img\" src=\"https:\/\/santaeulariaculturaijoventut.com\/wp-content\/uploads\/2021\/02\/45_A_VIDA-300x225.jpg\" alt=\"\" data-no-lazy=\"1\" itemprop=\"thumbnail\" width=\"300\" height=\"225\" \/>\n\n\t\t\t<!-- Overlay Wrapper -->\n\t\t\t<div class=\"pp-gallery-overlay\">\n\t\t\t\t<div class=\"pp-overlay-inner\">\n\n\t\t\t\t\t\n\t\t\t\t\t\n\t\t\t\t<\/div>\n\t\t\t<\/div> <!-- Overlay Wrapper Closed -->\n\n\t\t\t\t<\/a>\n\t\t\t\t\t\t\t<meta itemprop=\"width\" content=\"300\" \/>\n\t\t\t<meta itemprop=\"height\" content=\"225\" \/>\n\t\t\t<\/div>\n\t<\/div><div class=\"pp-photo-gallery-item pp-gallery-masonry-item\" data-item-id=\"2197\" itemprop=\"associatedMedia\" itemscope=\"itemscope\" itemtype=\"http:\/\/schema.org\/ImageObject\">\n\t<div class=\"pp-photo-gallery-content\">\n\n\t\t\t\t<a\n\t\t\thref=\"https:\/\/santaeulariaculturaijoventut.com\/wp-content\/uploads\/2021\/02\/18_A_El-cami\u0301-de-les-a\u0300nimes.jpg\"\n\t\t\t \n\t\t\t\t\t\tdata-fancybox=\"images\" \n\t\t\t \n\t\t\ttitle=\"18_A_El cami\u0301 de les a\u0300nimes\" \n\t\t\t\t\t\tdata-caption=\"\"\n\t\t\t\t\t\tdata-description=\"\" \n\t\t\titemprop=\"contentUrl\"\n\t\t>\n\t\t\n\t\t\n\t\t\t<img loading=\"lazy\" decoding=\"async\" class=\"pp-gallery-img\" src=\"https:\/\/santaeulariaculturaijoventut.com\/wp-content\/uploads\/2021\/02\/18_A_El-cami\u0301-de-les-a\u0300nimes-300x200.jpg\" alt=\"\" data-no-lazy=\"1\" itemprop=\"thumbnail\" width=\"300\" height=\"200\" \/>\n\n\t\t\t<!-- Overlay Wrapper -->\n\t\t\t<div class=\"pp-gallery-overlay\">\n\t\t\t\t<div class=\"pp-overlay-inner\">\n\n\t\t\t\t\t\n\t\t\t\t\t\n\t\t\t\t<\/div>\n\t\t\t<\/div> <!-- Overlay Wrapper Closed -->\n\n\t\t\t\t<\/a>\n\t\t\t\t\t\t\t<meta itemprop=\"width\" content=\"300\" \/>\n\t\t\t<meta itemprop=\"height\" content=\"200\" \/>\n\t\t\t<\/div>\n\t<\/div><div class=\"pp-photo-gallery-item pp-gallery-masonry-item\" data-item-id=\"2199\" itemprop=\"associatedMedia\" itemscope=\"itemscope\" itemtype=\"http:\/\/schema.org\/ImageObject\">\n\t<div class=\"pp-photo-gallery-content\">\n\n\t\t\t\t<a\n\t\t\thref=\"https:\/\/santaeulariaculturaijoventut.com\/wp-content\/uploads\/2021\/02\/60_A_ENTRE-ENAGUAS.jpg\"\n\t\t\t \n\t\t\t\t\t\tdata-fancybox=\"images\" \n\t\t\t \n\t\t\ttitle=\"60_A_ENTRE ENAGUAS\" \n\t\t\t\t\t\tdata-caption=\"\"\n\t\t\t\t\t\tdata-description=\"\" \n\t\t\titemprop=\"contentUrl\"\n\t\t>\n\t\t\n\t\t\n\t\t\t<img loading=\"lazy\" decoding=\"async\" class=\"pp-gallery-img\" src=\"https:\/\/santaeulariaculturaijoventut.com\/wp-content\/uploads\/2021\/02\/60_A_ENTRE-ENAGUAS-203x300.jpg\" alt=\"\" data-no-lazy=\"1\" itemprop=\"thumbnail\" width=\"203\" height=\"300\" \/>\n\n\t\t\t<!-- Overlay Wrapper -->\n\t\t\t<div class=\"pp-gallery-overlay\">\n\t\t\t\t<div class=\"pp-overlay-inner\">\n\n\t\t\t\t\t\n\t\t\t\t\t\n\t\t\t\t<\/div>\n\t\t\t<\/div> <!-- Overlay Wrapper Closed -->\n\n\t\t\t\t<\/a>\n\t\t\t\t\t\t\t<meta itemprop=\"width\" content=\"203\" \/>\n\t\t\t<meta itemprop=\"height\" content=\"300\" \/>\n\t\t\t<\/div>\n\t<\/div><div class=\"pp-photo-gallery-item pp-gallery-masonry-item\" data-item-id=\"2201\" itemprop=\"associatedMedia\" itemscope=\"itemscope\" itemtype=\"http:\/\/schema.org\/ImageObject\">\n\t<div class=\"pp-photo-gallery-content\">\n\n\t\t\t\t<a\n\t\t\thref=\"https:\/\/santaeulariaculturaijoventut.com\/wp-content\/uploads\/2021\/02\/16_B_Dona-asseguda-a-Sa-Penya.jpg\"\n\t\t\t \n\t\t\t\t\t\tdata-fancybox=\"images\" \n\t\t\t \n\t\t\ttitle=\"16_B_Dona asseguda a Sa Penya\" \n\t\t\t\t\t\tdata-caption=\"\"\n\t\t\t\t\t\tdata-description=\"\" \n\t\t\titemprop=\"contentUrl\"\n\t\t>\n\t\t\n\t\t\n\t\t\t<img loading=\"lazy\" decoding=\"async\" class=\"pp-gallery-img\" src=\"https:\/\/santaeulariaculturaijoventut.com\/wp-content\/uploads\/2021\/02\/16_B_Dona-asseguda-a-Sa-Penya-200x300.jpg\" alt=\"\" data-no-lazy=\"1\" itemprop=\"thumbnail\" width=\"200\" height=\"300\" \/>\n\n\t\t\t<!-- Overlay Wrapper -->\n\t\t\t<div class=\"pp-gallery-overlay\">\n\t\t\t\t<div class=\"pp-overlay-inner\">\n\n\t\t\t\t\t\n\t\t\t\t\t\n\t\t\t\t<\/div>\n\t\t\t<\/div> <!-- Overlay Wrapper Closed -->\n\n\t\t\t\t<\/a>\n\t\t\t\t\t\t\t<meta itemprop=\"width\" content=\"200\" \/>\n\t\t\t<meta itemprop=\"height\" content=\"300\" \/>\n\t\t\t<\/div>\n\t<\/div><div class=\"pp-photo-gallery-item pp-gallery-masonry-item\" data-item-id=\"2203\" itemprop=\"associatedMedia\" itemscope=\"itemscope\" itemtype=\"http:\/\/schema.org\/ImageObject\">\n\t<div class=\"pp-photo-gallery-content\">\n\n\t\t\t\t<a\n\t\t\thref=\"https:\/\/santaeulariaculturaijoventut.com\/wp-content\/uploads\/2021\/02\/1_B_-CEL-I-PAU.jpg\"\n\t\t\t \n\t\t\t\t\t\tdata-fancybox=\"images\" \n\t\t\t \n\t\t\ttitle=\"1_B_ CEL I PAU\" \n\t\t\t\t\t\tdata-caption=\"\"\n\t\t\t\t\t\tdata-description=\"\" \n\t\t\titemprop=\"contentUrl\"\n\t\t>\n\t\t\n\t\t\n\t\t\t<img loading=\"lazy\" decoding=\"async\" class=\"pp-gallery-img\" src=\"https:\/\/santaeulariaculturaijoventut.com\/wp-content\/uploads\/2021\/02\/1_B_-CEL-I-PAU-241x300.jpg\" alt=\"\" data-no-lazy=\"1\" itemprop=\"thumbnail\" width=\"241\" height=\"300\" \/>\n\n\t\t\t<!-- Overlay Wrapper -->\n\t\t\t<div class=\"pp-gallery-overlay\">\n\t\t\t\t<div class=\"pp-overlay-inner\">\n\n\t\t\t\t\t\n\t\t\t\t\t\n\t\t\t\t<\/div>\n\t\t\t<\/div> <!-- Overlay Wrapper Closed -->\n\n\t\t\t\t<\/a>\n\t\t\t\t\t\t\t<meta itemprop=\"width\" content=\"241\" \/>\n\t\t\t<meta itemprop=\"height\" content=\"300\" \/>\n\t\t\t<\/div>\n\t<\/div><div class=\"pp-photo-gallery-item pp-gallery-masonry-item\" data-item-id=\"2205\" itemprop=\"associatedMedia\" itemscope=\"itemscope\" itemtype=\"http:\/\/schema.org\/ImageObject\">\n\t<div class=\"pp-photo-gallery-content\">\n\n\t\t\t\t<a\n\t\t\thref=\"https:\/\/santaeulariaculturaijoventut.com\/wp-content\/uploads\/2021\/02\/105_B_Els-colors-dEivissa-Dalt-Villa.jpg\"\n\t\t\t \n\t\t\t\t\t\tdata-fancybox=\"images\" \n\t\t\t \n\t\t\ttitle=\"105_B_Els colors d&#039;Eivissa - Dalt Villa\" \n\t\t\t\t\t\tdata-caption=\"\"\n\t\t\t\t\t\tdata-description=\"\" \n\t\t\titemprop=\"contentUrl\"\n\t\t>\n\t\t\n\t\t\n\t\t\t<img loading=\"lazy\" decoding=\"async\" class=\"pp-gallery-img\" src=\"https:\/\/santaeulariaculturaijoventut.com\/wp-content\/uploads\/2021\/02\/105_B_Els-colors-dEivissa-Dalt-Villa-199x300.jpg\" alt=\"\" data-no-lazy=\"1\" itemprop=\"thumbnail\" width=\"199\" height=\"300\" \/>\n\n\t\t\t<!-- Overlay Wrapper -->\n\t\t\t<div class=\"pp-gallery-overlay\">\n\t\t\t\t<div class=\"pp-overlay-inner\">\n\n\t\t\t\t\t\n\t\t\t\t\t\n\t\t\t\t<\/div>\n\t\t\t<\/div> <!-- Overlay Wrapper Closed -->\n\n\t\t\t\t<\/a>\n\t\t\t\t\t\t\t<meta itemprop=\"width\" content=\"199\" \/>\n\t\t\t<meta itemprop=\"height\" content=\"300\" \/>\n\t\t\t<\/div>\n\t<\/div><div class=\"pp-photo-gallery-item pp-gallery-masonry-item\" data-item-id=\"2207\" itemprop=\"associatedMedia\" itemscope=\"itemscope\" itemtype=\"http:\/\/schema.org\/ImageObject\">\n\t<div class=\"pp-photo-gallery-content\">\n\n\t\t\t\t<a\n\t\t\thref=\"https:\/\/santaeulariaculturaijoventut.com\/wp-content\/uploads\/2021\/02\/76_B_Postal.jpg\"\n\t\t\t \n\t\t\t\t\t\tdata-fancybox=\"images\" \n\t\t\t \n\t\t\ttitle=\"76_B_Postal\" \n\t\t\t\t\t\tdata-caption=\"\"\n\t\t\t\t\t\tdata-description=\"\" \n\t\t\titemprop=\"contentUrl\"\n\t\t>\n\t\t\n\t\t\n\t\t\t<img loading=\"lazy\" decoding=\"async\" class=\"pp-gallery-img\" src=\"https:\/\/santaeulariaculturaijoventut.com\/wp-content\/uploads\/2021\/02\/76_B_Postal-300x215.jpg\" alt=\"\" data-no-lazy=\"1\" itemprop=\"thumbnail\" width=\"300\" height=\"215\" \/>\n\n\t\t\t<!-- Overlay Wrapper -->\n\t\t\t<div class=\"pp-gallery-overlay\">\n\t\t\t\t<div class=\"pp-overlay-inner\">\n\n\t\t\t\t\t\n\t\t\t\t\t\n\t\t\t\t<\/div>\n\t\t\t<\/div> <!-- Overlay Wrapper Closed -->\n\n\t\t\t\t<\/a>\n\t\t\t\t\t\t\t<meta itemprop=\"width\" content=\"300\" \/>\n\t\t\t<meta itemprop=\"height\" content=\"215\" \/>\n\t\t\t<\/div>\n\t<\/div><div class=\"pp-photo-gallery-item pp-gallery-masonry-item\" data-item-id=\"2209\" itemprop=\"associatedMedia\" itemscope=\"itemscope\" itemtype=\"http:\/\/schema.org\/ImageObject\">\n\t<div class=\"pp-photo-gallery-content\">\n\n\t\t\t\t<a\n\t\t\thref=\"https:\/\/santaeulariaculturaijoventut.com\/wp-content\/uploads\/2021\/02\/18_B_Neowise-visitant-la-torre.jpg\"\n\t\t\t \n\t\t\t\t\t\tdata-fancybox=\"images\" \n\t\t\t \n\t\t\ttitle=\"18_B_Neowise visitant la torre\" \n\t\t\t\t\t\tdata-caption=\"\"\n\t\t\t\t\t\tdata-description=\"\" \n\t\t\titemprop=\"contentUrl\"\n\t\t>\n\t\t\n\t\t\n\t\t\t<img loading=\"lazy\" decoding=\"async\" class=\"pp-gallery-img\" src=\"https:\/\/santaeulariaculturaijoventut.com\/wp-content\/uploads\/2021\/02\/18_B_Neowise-visitant-la-torre-300x200.jpg\" alt=\"\" data-no-lazy=\"1\" itemprop=\"thumbnail\" width=\"300\" height=\"200\" \/>\n\n\t\t\t<!-- Overlay Wrapper -->\n\t\t\t<div class=\"pp-gallery-overlay\">\n\t\t\t\t<div class=\"pp-overlay-inner\">\n\n\t\t\t\t\t\n\t\t\t\t\t\n\t\t\t\t<\/div>\n\t\t\t<\/div> <!-- Overlay Wrapper Closed -->\n\n\t\t\t\t<\/a>\n\t\t\t\t\t\t\t<meta itemprop=\"width\" content=\"300\" \/>\n\t\t\t<meta itemprop=\"height\" content=\"200\" \/>\n\t\t\t<\/div>\n\t<\/div><div class=\"pp-photo-gallery-item pp-gallery-masonry-item\" data-item-id=\"2211\" itemprop=\"associatedMedia\" itemscope=\"itemscope\" itemtype=\"http:\/\/schema.org\/ImageObject\">\n\t<div class=\"pp-photo-gallery-content\">\n\n\t\t\t\t<a\n\t\t\thref=\"https:\/\/santaeulariaculturaijoventut.com\/wp-content\/uploads\/2021\/02\/27_B_VICTORIA-AMANECER.jpg\"\n\t\t\t \n\t\t\t\t\t\tdata-fancybox=\"images\" \n\t\t\t \n\t\t\ttitle=\"27_B_VICTORIA AMANECER\" \n\t\t\t\t\t\tdata-caption=\"\"\n\t\t\t\t\t\tdata-description=\"\" \n\t\t\titemprop=\"contentUrl\"\n\t\t>\n\t\t\n\t\t\n\t\t\t<img loading=\"lazy\" decoding=\"async\" class=\"pp-gallery-img\" src=\"https:\/\/santaeulariaculturaijoventut.com\/wp-content\/uploads\/2021\/02\/27_B_VICTORIA-AMANECER-300x135.jpg\" alt=\"\" data-no-lazy=\"1\" itemprop=\"thumbnail\" width=\"300\" height=\"135\" \/>\n\n\t\t\t<!-- Overlay Wrapper -->\n\t\t\t<div class=\"pp-gallery-overlay\">\n\t\t\t\t<div class=\"pp-overlay-inner\">\n\n\t\t\t\t\t\n\t\t\t\t\t\n\t\t\t\t<\/div>\n\t\t\t<\/div> <!-- Overlay Wrapper Closed -->\n\n\t\t\t\t<\/a>\n\t\t\t\t\t\t\t<meta itemprop=\"width\" content=\"300\" \/>\n\t\t\t<meta itemprop=\"height\" content=\"135\" \/>\n\t\t\t<\/div>\n\t<\/div><div class=\"pp-photo-gallery-item pp-gallery-masonry-item\" data-item-id=\"2213\" itemprop=\"associatedMedia\" itemscope=\"itemscope\" itemtype=\"http:\/\/schema.org\/ImageObject\">\n\t<div class=\"pp-photo-gallery-content\">\n\n\t\t\t\t<a\n\t\t\thref=\"https:\/\/santaeulariaculturaijoventut.com\/wp-content\/uploads\/2021\/02\/75_A_Atardecer-en-Santa-Gertrudis.jpg\"\n\t\t\t \n\t\t\t\t\t\tdata-fancybox=\"images\" \n\t\t\t \n\t\t\ttitle=\"75_A_Atardecer en Santa Gertrudis\" \n\t\t\t\t\t\tdata-caption=\"\"\n\t\t\t\t\t\tdata-description=\"\" \n\t\t\titemprop=\"contentUrl\"\n\t\t>\n\t\t\n\t\t\n\t\t\t<img loading=\"lazy\" decoding=\"async\" class=\"pp-gallery-img\" src=\"https:\/\/santaeulariaculturaijoventut.com\/wp-content\/uploads\/2021\/02\/75_A_Atardecer-en-Santa-Gertrudis-300x150.jpg\" alt=\"\" data-no-lazy=\"1\" itemprop=\"thumbnail\" width=\"300\" height=\"150\" \/>\n\n\t\t\t<!-- Overlay Wrapper -->\n\t\t\t<div class=\"pp-gallery-overlay\">\n\t\t\t\t<div class=\"pp-overlay-inner\">\n\n\t\t\t\t\t\n\t\t\t\t\t\n\t\t\t\t<\/div>\n\t\t\t<\/div> <!-- Overlay Wrapper Closed -->\n\n\t\t\t\t<\/a>\n\t\t\t\t\t\t\t<meta itemprop=\"width\" content=\"300\" \/>\n\t\t\t<meta itemprop=\"height\" content=\"150\" \/>\n\t\t\t<\/div>\n\t<\/div><div class=\"pp-photo-gallery-item pp-gallery-masonry-item\" data-item-id=\"2215\" itemprop=\"associatedMedia\" itemscope=\"itemscope\" itemtype=\"http:\/\/schema.org\/ImageObject\">\n\t<div class=\"pp-photo-gallery-content\">\n\n\t\t\t\t<a\n\t\t\thref=\"https:\/\/santaeulariaculturaijoventut.com\/wp-content\/uploads\/2021\/02\/57_C_Torre-des-Savinar.jpg\"\n\t\t\t \n\t\t\t\t\t\tdata-fancybox=\"images\" \n\t\t\t \n\t\t\ttitle=\"57_C_Torre des Savinar\" \n\t\t\t\t\t\tdata-caption=\"\"\n\t\t\t\t\t\tdata-description=\"\" \n\t\t\titemprop=\"contentUrl\"\n\t\t>\n\t\t\n\t\t\n\t\t\t<img loading=\"lazy\" decoding=\"async\" class=\"pp-gallery-img\" src=\"https:\/\/santaeulariaculturaijoventut.com\/wp-content\/uploads\/2021\/02\/57_C_Torre-des-Savinar-300x199.jpg\" alt=\"\" data-no-lazy=\"1\" itemprop=\"thumbnail\" width=\"300\" height=\"199\" \/>\n\n\t\t\t<!-- Overlay Wrapper -->\n\t\t\t<div class=\"pp-gallery-overlay\">\n\t\t\t\t<div class=\"pp-overlay-inner\">\n\n\t\t\t\t\t\n\t\t\t\t\t\n\t\t\t\t<\/div>\n\t\t\t<\/div> <!-- Overlay Wrapper Closed -->\n\n\t\t\t\t<\/a>\n\t\t\t\t\t\t\t<meta itemprop=\"width\" content=\"300\" \/>\n\t\t\t<meta itemprop=\"height\" content=\"199\" \/>\n\t\t\t<\/div>\n\t<\/div><div class=\"pp-photo-gallery-item pp-gallery-masonry-item\" data-item-id=\"2217\" itemprop=\"associatedMedia\" itemscope=\"itemscope\" itemtype=\"http:\/\/schema.org\/ImageObject\">\n\t<div class=\"pp-photo-gallery-content\">\n\n\t\t\t\t<a\n\t\t\thref=\"https:\/\/santaeulariaculturaijoventut.com\/wp-content\/uploads\/2021\/02\/98_A_Amaneceres-en-Santa-Eulalia-para-los-Runners-de-la-nueva-normalidad.jpg\"\n\t\t\t \n\t\t\t\t\t\tdata-fancybox=\"images\" \n\t\t\t \n\t\t\ttitle=\"98_A_Amaneceres en Santa Eulalia para los Runners de la nueva normalidad\" \n\t\t\t\t\t\tdata-caption=\"\"\n\t\t\t\t\t\tdata-description=\"\" \n\t\t\titemprop=\"contentUrl\"\n\t\t>\n\t\t\n\t\t\n\t\t\t<img loading=\"lazy\" decoding=\"async\" class=\"pp-gallery-img\" src=\"https:\/\/santaeulariaculturaijoventut.com\/wp-content\/uploads\/2021\/02\/98_A_Amaneceres-en-Santa-Eulalia-para-los-Runners-de-la-nueva-normalidad-300x225.jpg\" alt=\"\" data-no-lazy=\"1\" itemprop=\"thumbnail\" width=\"300\" height=\"225\" \/>\n\n\t\t\t<!-- Overlay Wrapper -->\n\t\t\t<div class=\"pp-gallery-overlay\">\n\t\t\t\t<div class=\"pp-overlay-inner\">\n\n\t\t\t\t\t\n\t\t\t\t\t\n\t\t\t\t<\/div>\n\t\t\t<\/div> <!-- Overlay Wrapper Closed -->\n\n\t\t\t\t<\/a>\n\t\t\t\t\t\t\t<meta itemprop=\"width\" content=\"300\" \/>\n\t\t\t<meta itemprop=\"height\" content=\"225\" \/>\n\t\t\t<\/div>\n\t<\/div><div class=\"pp-photo-gallery-item pp-gallery-masonry-item\" data-item-id=\"2219\" itemprop=\"associatedMedia\" itemscope=\"itemscope\" itemtype=\"http:\/\/schema.org\/ImageObject\">\n\t<div class=\"pp-photo-gallery-content\">\n\n\t\t\t\t<a\n\t\t\thref=\"https:\/\/santaeulariaculturaijoventut.com\/wp-content\/uploads\/2021\/02\/119_A.jpg\"\n\t\t\t \n\t\t\t\t\t\tdata-fancybox=\"images\" \n\t\t\t \n\t\t\ttitle=\"119_A\" \n\t\t\t\t\t\tdata-caption=\"\"\n\t\t\t\t\t\tdata-description=\"\" \n\t\t\titemprop=\"contentUrl\"\n\t\t>\n\t\t\n\t\t\n\t\t\t<img loading=\"lazy\" decoding=\"async\" class=\"pp-gallery-img\" src=\"https:\/\/santaeulariaculturaijoventut.com\/wp-content\/uploads\/2021\/02\/119_A-224x300.jpg\" alt=\"\" data-no-lazy=\"1\" itemprop=\"thumbnail\" width=\"224\" height=\"300\" \/>\n\n\t\t\t<!-- Overlay Wrapper -->\n\t\t\t<div class=\"pp-gallery-overlay\">\n\t\t\t\t<div class=\"pp-overlay-inner\">\n\n\t\t\t\t\t\n\t\t\t\t\t\n\t\t\t\t<\/div>\n\t\t\t<\/div> <!-- Overlay Wrapper Closed -->\n\n\t\t\t\t<\/a>\n\t\t\t\t\t\t\t<meta itemprop=\"width\" content=\"224\" \/>\n\t\t\t<meta itemprop=\"height\" content=\"300\" \/>\n\t\t\t<\/div>\n\t<\/div><div class=\"pp-photo-gallery-item pp-gallery-masonry-item\" data-item-id=\"2221\" itemprop=\"associatedMedia\" itemscope=\"itemscope\" itemtype=\"http:\/\/schema.org\/ImageObject\">\n\t<div class=\"pp-photo-gallery-content\">\n\n\t\t\t\t<a\n\t\t\thref=\"https:\/\/santaeulariaculturaijoventut.com\/wp-content\/uploads\/2021\/02\/124_A_UN-PASEO-POR-LA-HISTORIA.jpg\"\n\t\t\t \n\t\t\t\t\t\tdata-fancybox=\"images\" \n\t\t\t \n\t\t\ttitle=\"124_A_UN PASEO POR LA HISTORIA\" \n\t\t\t\t\t\tdata-caption=\"\"\n\t\t\t\t\t\tdata-description=\"\" \n\t\t\titemprop=\"contentUrl\"\n\t\t>\n\t\t\n\t\t\n\t\t\t<img loading=\"lazy\" decoding=\"async\" class=\"pp-gallery-img\" src=\"https:\/\/santaeulariaculturaijoventut.com\/wp-content\/uploads\/2021\/02\/124_A_UN-PASEO-POR-LA-HISTORIA-300x225.jpg\" alt=\"\" data-no-lazy=\"1\" itemprop=\"thumbnail\" width=\"300\" height=\"225\" \/>\n\n\t\t\t<!-- Overlay Wrapper -->\n\t\t\t<div class=\"pp-gallery-overlay\">\n\t\t\t\t<div class=\"pp-overlay-inner\">\n\n\t\t\t\t\t\n\t\t\t\t\t\n\t\t\t\t<\/div>\n\t\t\t<\/div> <!-- Overlay Wrapper Closed -->\n\n\t\t\t\t<\/a>\n\t\t\t\t\t\t\t<meta itemprop=\"width\" content=\"300\" \/>\n\t\t\t<meta itemprop=\"height\" content=\"225\" \/>\n\t\t\t<\/div>\n\t<\/div><div class=\"pp-photo-gallery-item pp-gallery-masonry-item\" data-item-id=\"2223\" itemprop=\"associatedMedia\" itemscope=\"itemscope\" itemtype=\"http:\/\/schema.org\/ImageObject\">\n\t<div class=\"pp-photo-gallery-content\">\n\n\t\t\t\t<a\n\t\t\thref=\"https:\/\/santaeulariaculturaijoventut.com\/wp-content\/uploads\/2021\/02\/46_C_ESPERANDO-EL-MOMENTO.jpg\"\n\t\t\t \n\t\t\t\t\t\tdata-fancybox=\"images\" \n\t\t\t \n\t\t\ttitle=\"46_C_ESPERANDO EL MOMENTO\" \n\t\t\t\t\t\tdata-caption=\"\"\n\t\t\t\t\t\tdata-description=\"\" \n\t\t\titemprop=\"contentUrl\"\n\t\t>\n\t\t\n\t\t\n\t\t\t<img loading=\"lazy\" decoding=\"async\" class=\"pp-gallery-img\" src=\"https:\/\/santaeulariaculturaijoventut.com\/wp-content\/uploads\/2021\/02\/46_C_ESPERANDO-EL-MOMENTO-169x300.jpg\" alt=\"\" data-no-lazy=\"1\" itemprop=\"thumbnail\" width=\"169\" height=\"300\" \/>\n\n\t\t\t<!-- Overlay Wrapper -->\n\t\t\t<div class=\"pp-gallery-overlay\">\n\t\t\t\t<div class=\"pp-overlay-inner\">\n\n\t\t\t\t\t\n\t\t\t\t\t\n\t\t\t\t<\/div>\n\t\t\t<\/div> <!-- Overlay Wrapper Closed -->\n\n\t\t\t\t<\/a>\n\t\t\t\t\t\t\t<meta itemprop=\"width\" content=\"169\" \/>\n\t\t\t<meta itemprop=\"height\" content=\"300\" \/>\n\t\t\t<\/div>\n\t<\/div><div class=\"pp-photo-gallery-item pp-gallery-masonry-item\" data-item-id=\"2225\" itemprop=\"associatedMedia\" itemscope=\"itemscope\" itemtype=\"http:\/\/schema.org\/ImageObject\">\n\t<div class=\"pp-photo-gallery-content\">\n\n\t\t\t\t<a\n\t\t\thref=\"https:\/\/santaeulariaculturaijoventut.com\/wp-content\/uploads\/2021\/02\/29_A_Olivera.jpg\"\n\t\t\t \n\t\t\t\t\t\tdata-fancybox=\"images\" \n\t\t\t \n\t\t\ttitle=\"29_A_Olivera\" \n\t\t\t\t\t\tdata-caption=\"\"\n\t\t\t\t\t\tdata-description=\"\" \n\t\t\titemprop=\"contentUrl\"\n\t\t>\n\t\t\n\t\t\n\t\t\t<img loading=\"lazy\" decoding=\"async\" class=\"pp-gallery-img\" src=\"https:\/\/santaeulariaculturaijoventut.com\/wp-content\/uploads\/2021\/02\/29_A_Olivera-225x300.jpg\" alt=\"\" data-no-lazy=\"1\" itemprop=\"thumbnail\" width=\"225\" height=\"300\" \/>\n\n\t\t\t<!-- Overlay Wrapper -->\n\t\t\t<div class=\"pp-gallery-overlay\">\n\t\t\t\t<div class=\"pp-overlay-inner\">\n\n\t\t\t\t\t\n\t\t\t\t\t\n\t\t\t\t<\/div>\n\t\t\t<\/div> <!-- Overlay Wrapper Closed -->\n\n\t\t\t\t<\/a>\n\t\t\t\t\t\t\t<meta itemprop=\"width\" content=\"225\" \/>\n\t\t\t<meta itemprop=\"height\" content=\"300\" \/>\n\t\t\t<\/div>\n\t<\/div><div class=\"pp-photo-gallery-item pp-gallery-masonry-item\" data-item-id=\"2227\" itemprop=\"associatedMedia\" itemscope=\"itemscope\" itemtype=\"http:\/\/schema.org\/ImageObject\">\n\t<div class=\"pp-photo-gallery-content\">\n\n\t\t\t\t<a\n\t\t\thref=\"https:\/\/santaeulariaculturaijoventut.com\/wp-content\/uploads\/2021\/02\/103_B_Santa-E..jpg\"\n\t\t\t \n\t\t\t\t\t\tdata-fancybox=\"images\" \n\t\t\t \n\t\t\ttitle=\"103_B_Santa E.\" \n\t\t\t\t\t\tdata-caption=\"\"\n\t\t\t\t\t\tdata-description=\"\" \n\t\t\titemprop=\"contentUrl\"\n\t\t>\n\t\t\n\t\t\n\t\t\t<img loading=\"lazy\" decoding=\"async\" class=\"pp-gallery-img\" src=\"https:\/\/santaeulariaculturaijoventut.com\/wp-content\/uploads\/2021\/02\/103_B_Santa-E.-225x300.jpg\" alt=\"\" data-no-lazy=\"1\" itemprop=\"thumbnail\" width=\"225\" height=\"300\" \/>\n\n\t\t\t<!-- Overlay Wrapper -->\n\t\t\t<div class=\"pp-gallery-overlay\">\n\t\t\t\t<div class=\"pp-overlay-inner\">\n\n\t\t\t\t\t\n\t\t\t\t\t\n\t\t\t\t<\/div>\n\t\t\t<\/div> <!-- Overlay Wrapper Closed -->\n\n\t\t\t\t<\/a>\n\t\t\t\t\t\t\t<meta itemprop=\"width\" content=\"225\" \/>\n\t\t\t<meta itemprop=\"height\" content=\"300\" \/>\n\t\t\t<\/div>\n\t<\/div><div class=\"pp-photo-gallery-item pp-gallery-masonry-item\" data-item-id=\"2229\" itemprop=\"associatedMedia\" itemscope=\"itemscope\" itemtype=\"http:\/\/schema.org\/ImageObject\">\n\t<div class=\"pp-photo-gallery-content\">\n\n\t\t\t\t<a\n\t\t\thref=\"https:\/\/santaeulariaculturaijoventut.com\/wp-content\/uploads\/2021\/02\/79_B_HACIA-LOS-CAMINOS.jpg\"\n\t\t\t \n\t\t\t\t\t\tdata-fancybox=\"images\" \n\t\t\t \n\t\t\ttitle=\"79_B_HACIA LOS CAMINOS\" \n\t\t\t\t\t\tdata-caption=\"\"\n\t\t\t\t\t\tdata-description=\"\" \n\t\t\titemprop=\"contentUrl\"\n\t\t>\n\t\t\n\t\t\n\t\t\t<img loading=\"lazy\" decoding=\"async\" class=\"pp-gallery-img\" src=\"https:\/\/santaeulariaculturaijoventut.com\/wp-content\/uploads\/2021\/02\/79_B_HACIA-LOS-CAMINOS-276x300.jpg\" alt=\"\" data-no-lazy=\"1\" itemprop=\"thumbnail\" width=\"276\" height=\"300\" \/>\n\n\t\t\t<!-- Overlay Wrapper -->\n\t\t\t<div class=\"pp-gallery-overlay\">\n\t\t\t\t<div class=\"pp-overlay-inner\">\n\n\t\t\t\t\t\n\t\t\t\t\t\n\t\t\t\t<\/div>\n\t\t\t<\/div> <!-- Overlay Wrapper Closed -->\n\n\t\t\t\t<\/a>\n\t\t\t\t\t\t\t<meta itemprop=\"width\" content=\"276\" \/>\n\t\t\t<meta itemprop=\"height\" content=\"300\" \/>\n\t\t\t<\/div>\n\t<\/div><div class=\"pp-photo-gallery-item pp-gallery-masonry-item\" data-item-id=\"2231\" itemprop=\"associatedMedia\" itemscope=\"itemscope\" itemtype=\"http:\/\/schema.org\/ImageObject\">\n\t<div class=\"pp-photo-gallery-content\">\n\n\t\t\t\t<a\n\t\t\thref=\"https:\/\/santaeulariaculturaijoventut.com\/wp-content\/uploads\/2021\/02\/19_C_PONT-VELL.jpg\"\n\t\t\t \n\t\t\t\t\t\tdata-fancybox=\"images\" \n\t\t\t \n\t\t\ttitle=\"19_C_PONT VELL\" \n\t\t\t\t\t\tdata-caption=\"\"\n\t\t\t\t\t\tdata-description=\"\" \n\t\t\titemprop=\"contentUrl\"\n\t\t>\n\t\t\n\t\t\n\t\t\t<img loading=\"lazy\" decoding=\"async\" class=\"pp-gallery-img\" src=\"https:\/\/santaeulariaculturaijoventut.com\/wp-content\/uploads\/2021\/02\/19_C_PONT-VELL-300x209.jpg\" alt=\"\" data-no-lazy=\"1\" itemprop=\"thumbnail\" width=\"300\" height=\"209\" \/>\n\n\t\t\t<!-- Overlay Wrapper -->\n\t\t\t<div class=\"pp-gallery-overlay\">\n\t\t\t\t<div class=\"pp-overlay-inner\">\n\n\t\t\t\t\t\n\t\t\t\t\t\n\t\t\t\t<\/div>\n\t\t\t<\/div> <!-- Overlay Wrapper Closed -->\n\n\t\t\t\t<\/a>\n\t\t\t\t\t\t\t<meta itemprop=\"width\" content=\"300\" \/>\n\t\t\t<meta itemprop=\"height\" content=\"209\" \/>\n\t\t\t<\/div>\n\t<\/div><div class=\"pp-photo-gallery-item pp-gallery-masonry-item\" data-item-id=\"2233\" itemprop=\"associatedMedia\" itemscope=\"itemscope\" itemtype=\"http:\/\/schema.org\/ImageObject\">\n\t<div class=\"pp-photo-gallery-content\">\n\n\t\t\t\t<a\n\t\t\thref=\"https:\/\/santaeulariaculturaijoventut.com\/wp-content\/uploads\/2021\/02\/17_B_entre-dos-mares.jpg\"\n\t\t\t \n\t\t\t\t\t\tdata-fancybox=\"images\" \n\t\t\t \n\t\t\ttitle=\"17_B_entre dos mares\" \n\t\t\t\t\t\tdata-caption=\"\"\n\t\t\t\t\t\tdata-description=\"\" \n\t\t\titemprop=\"contentUrl\"\n\t\t>\n\t\t\n\t\t\n\t\t\t<img loading=\"lazy\" decoding=\"async\" class=\"pp-gallery-img\" src=\"https:\/\/santaeulariaculturaijoventut.com\/wp-content\/uploads\/2021\/02\/17_B_entre-dos-mares-300x169.jpg\" alt=\"\" data-no-lazy=\"1\" itemprop=\"thumbnail\" width=\"300\" height=\"169\" \/>\n\n\t\t\t<!-- Overlay Wrapper -->\n\t\t\t<div class=\"pp-gallery-overlay\">\n\t\t\t\t<div class=\"pp-overlay-inner\">\n\n\t\t\t\t\t\n\t\t\t\t\t\n\t\t\t\t<\/div>\n\t\t\t<\/div> <!-- Overlay Wrapper Closed -->\n\n\t\t\t\t<\/a>\n\t\t\t\t\t\t\t<meta itemprop=\"width\" content=\"300\" \/>\n\t\t\t<meta itemprop=\"height\" content=\"169\" \/>\n\t\t\t<\/div>\n\t<\/div><div class=\"pp-photo-gallery-item pp-gallery-masonry-item\" data-item-id=\"2235\" itemprop=\"associatedMedia\" itemscope=\"itemscope\" itemtype=\"http:\/\/schema.org\/ImageObject\">\n\t<div class=\"pp-photo-gallery-content\">\n\n\t\t\t\t<a\n\t\t\thref=\"https:\/\/santaeulariaculturaijoventut.com\/wp-content\/uploads\/2021\/02\/65_A.jpg\"\n\t\t\t \n\t\t\t\t\t\tdata-fancybox=\"images\" \n\t\t\t \n\t\t\ttitle=\"65_A\" \n\t\t\t\t\t\tdata-caption=\"\"\n\t\t\t\t\t\tdata-description=\"\" \n\t\t\titemprop=\"contentUrl\"\n\t\t>\n\t\t\n\t\t\n\t\t\t<img loading=\"lazy\" decoding=\"async\" class=\"pp-gallery-img\" src=\"https:\/\/santaeulariaculturaijoventut.com\/wp-content\/uploads\/2021\/02\/65_A-300x169.jpg\" alt=\"\" data-no-lazy=\"1\" itemprop=\"thumbnail\" width=\"300\" height=\"169\" \/>\n\n\t\t\t<!-- Overlay Wrapper -->\n\t\t\t<div class=\"pp-gallery-overlay\">\n\t\t\t\t<div class=\"pp-overlay-inner\">\n\n\t\t\t\t\t\n\t\t\t\t\t\n\t\t\t\t<\/div>\n\t\t\t<\/div> <!-- Overlay Wrapper Closed -->\n\n\t\t\t\t<\/a>\n\t\t\t\t\t\t\t<meta itemprop=\"width\" content=\"300\" \/>\n\t\t\t<meta itemprop=\"height\" content=\"169\" \/>\n\t\t\t<\/div>\n\t<\/div><div class=\"pp-photo-gallery-item pp-gallery-masonry-item\" data-item-id=\"2237\" itemprop=\"associatedMedia\" itemscope=\"itemscope\" itemtype=\"http:\/\/schema.org\/ImageObject\">\n\t<div class=\"pp-photo-gallery-content\">\n\n\t\t\t\t<a\n\t\t\thref=\"https:\/\/santaeulariaculturaijoventut.com\/wp-content\/uploads\/2021\/02\/102_B_boira.jpg\"\n\t\t\t \n\t\t\t\t\t\tdata-fancybox=\"images\" \n\t\t\t \n\t\t\ttitle=\"102_B_boira\" \n\t\t\t\t\t\tdata-caption=\"\"\n\t\t\t\t\t\tdata-description=\"\" \n\t\t\titemprop=\"contentUrl\"\n\t\t>\n\t\t\n\t\t\n\t\t\t<img loading=\"lazy\" decoding=\"async\" class=\"pp-gallery-img\" src=\"https:\/\/santaeulariaculturaijoventut.com\/wp-content\/uploads\/2021\/02\/102_B_boira-300x225.jpg\" alt=\"\" data-no-lazy=\"1\" itemprop=\"thumbnail\" width=\"300\" height=\"225\" \/>\n\n\t\t\t<!-- Overlay Wrapper -->\n\t\t\t<div class=\"pp-gallery-overlay\">\n\t\t\t\t<div class=\"pp-overlay-inner\">\n\n\t\t\t\t\t\n\t\t\t\t\t\n\t\t\t\t<\/div>\n\t\t\t<\/div> <!-- Overlay Wrapper Closed -->\n\n\t\t\t\t<\/a>\n\t\t\t\t\t\t\t<meta itemprop=\"width\" content=\"300\" \/>\n\t\t\t<meta itemprop=\"height\" content=\"225\" \/>\n\t\t\t<\/div>\n\t<\/div><div class=\"pp-photo-gallery-item pp-gallery-masonry-item\" data-item-id=\"2239\" itemprop=\"associatedMedia\" itemscope=\"itemscope\" itemtype=\"http:\/\/schema.org\/ImageObject\">\n\t<div class=\"pp-photo-gallery-content\">\n\n\t\t\t\t<a\n\t\t\thref=\"https:\/\/santaeulariaculturaijoventut.com\/wp-content\/uploads\/2021\/02\/107_A_Artes-esce\u0301nicas-en-Can-Ventosa.jpg\"\n\t\t\t \n\t\t\t\t\t\tdata-fancybox=\"images\" \n\t\t\t \n\t\t\ttitle=\"107_A_Artes esce\u0301nicas en Can Ventosa\" \n\t\t\t\t\t\tdata-caption=\"\"\n\t\t\t\t\t\tdata-description=\"\" \n\t\t\titemprop=\"contentUrl\"\n\t\t>\n\t\t\n\t\t\n\t\t\t<img loading=\"lazy\" decoding=\"async\" class=\"pp-gallery-img\" src=\"https:\/\/santaeulariaculturaijoventut.com\/wp-content\/uploads\/2021\/02\/107_A_Artes-esce\u0301nicas-en-Can-Ventosa-200x300.jpg\" alt=\"\" data-no-lazy=\"1\" itemprop=\"thumbnail\" width=\"200\" height=\"300\" \/>\n\n\t\t\t<!-- Overlay Wrapper -->\n\t\t\t<div class=\"pp-gallery-overlay\">\n\t\t\t\t<div class=\"pp-overlay-inner\">\n\n\t\t\t\t\t\n\t\t\t\t\t\n\t\t\t\t<\/div>\n\t\t\t<\/div> <!-- Overlay Wrapper Closed -->\n\n\t\t\t\t<\/a>\n\t\t\t\t\t\t\t<meta itemprop=\"width\" content=\"200\" \/>\n\t\t\t<meta itemprop=\"height\" content=\"300\" \/>\n\t\t\t<\/div>\n\t<\/div><div class=\"pp-photo-gallery-item pp-gallery-masonry-item\" data-item-id=\"2241\" itemprop=\"associatedMedia\" itemscope=\"itemscope\" itemtype=\"http:\/\/schema.org\/ImageObject\">\n\t<div class=\"pp-photo-gallery-content\">\n\n\t\t\t\t<a\n\t\t\thref=\"https:\/\/santaeulariaculturaijoventut.com\/wp-content\/uploads\/2021\/02\/122_C_-SES-CREUS-DE-SANT-MIQUEL.jpg\"\n\t\t\t \n\t\t\t\t\t\tdata-fancybox=\"images\" \n\t\t\t \n\t\t\ttitle=\"122_C_ SES CREUS DE SANT MIQUEL\" \n\t\t\t\t\t\tdata-caption=\"\"\n\t\t\t\t\t\tdata-description=\"\" \n\t\t\titemprop=\"contentUrl\"\n\t\t>\n\t\t\n\t\t\n\t\t\t<img loading=\"lazy\" decoding=\"async\" class=\"pp-gallery-img\" src=\"https:\/\/santaeulariaculturaijoventut.com\/wp-content\/uploads\/2021\/02\/122_C_-SES-CREUS-DE-SANT-MIQUEL-238x300.jpg\" alt=\"\" data-no-lazy=\"1\" itemprop=\"thumbnail\" width=\"238\" height=\"300\" \/>\n\n\t\t\t<!-- Overlay Wrapper -->\n\t\t\t<div class=\"pp-gallery-overlay\">\n\t\t\t\t<div class=\"pp-overlay-inner\">\n\n\t\t\t\t\t\n\t\t\t\t\t\n\t\t\t\t<\/div>\n\t\t\t<\/div> <!-- Overlay Wrapper Closed -->\n\n\t\t\t\t<\/a>\n\t\t\t\t\t\t\t<meta itemprop=\"width\" content=\"238\" \/>\n\t\t\t<meta itemprop=\"height\" content=\"300\" \/>\n\t\t\t<\/div>\n\t<\/div><div class=\"pp-photo-gallery-item pp-gallery-masonry-item\" data-item-id=\"2243\" itemprop=\"associatedMedia\" itemscope=\"itemscope\" itemtype=\"http:\/\/schema.org\/ImageObject\">\n\t<div class=\"pp-photo-gallery-content\">\n\n\t\t\t\t<a\n\t\t\thref=\"https:\/\/santaeulariaculturaijoventut.com\/wp-content\/uploads\/2021\/02\/79_A_HACIA-CREPUSCULO.jpg\"\n\t\t\t \n\t\t\t\t\t\tdata-fancybox=\"images\" \n\t\t\t \n\t\t\ttitle=\"79_A_HACIA CREPUSCULO\" \n\t\t\t\t\t\tdata-caption=\"\"\n\t\t\t\t\t\tdata-description=\"\" \n\t\t\titemprop=\"contentUrl\"\n\t\t>\n\t\t\n\t\t\n\t\t\t<img loading=\"lazy\" decoding=\"async\" class=\"pp-gallery-img\" src=\"https:\/\/santaeulariaculturaijoventut.com\/wp-content\/uploads\/2021\/02\/79_A_HACIA-CREPUSCULO-217x300.jpg\" alt=\"\" data-no-lazy=\"1\" itemprop=\"thumbnail\" width=\"217\" height=\"300\" \/>\n\n\t\t\t<!-- Overlay Wrapper -->\n\t\t\t<div class=\"pp-gallery-overlay\">\n\t\t\t\t<div class=\"pp-overlay-inner\">\n\n\t\t\t\t\t\n\t\t\t\t\t\n\t\t\t\t<\/div>\n\t\t\t<\/div> <!-- Overlay Wrapper Closed -->\n\n\t\t\t\t<\/a>\n\t\t\t\t\t\t\t<meta itemprop=\"width\" content=\"217\" \/>\n\t\t\t<meta itemprop=\"height\" content=\"300\" \/>\n\t\t\t<\/div>\n\t<\/div><div class=\"pp-photo-gallery-item pp-gallery-masonry-item\" data-item-id=\"2245\" itemprop=\"associatedMedia\" itemscope=\"itemscope\" itemtype=\"http:\/\/schema.org\/ImageObject\">\n\t<div class=\"pp-photo-gallery-content\">\n\n\t\t\t\t<a\n\t\t\thref=\"https:\/\/santaeulariaculturaijoventut.com\/wp-content\/uploads\/2021\/02\/20_A_DIA-DE-VERANO.jpg\"\n\t\t\t \n\t\t\t\t\t\tdata-fancybox=\"images\" \n\t\t\t \n\t\t\ttitle=\"20_A_DIA DE VERANO\" \n\t\t\t\t\t\tdata-caption=\"\"\n\t\t\t\t\t\tdata-description=\"\" \n\t\t\titemprop=\"contentUrl\"\n\t\t>\n\t\t\n\t\t\n\t\t\t<img loading=\"lazy\" decoding=\"async\" class=\"pp-gallery-img\" src=\"https:\/\/santaeulariaculturaijoventut.com\/wp-content\/uploads\/2021\/02\/20_A_DIA-DE-VERANO-225x300.jpg\" alt=\"\" data-no-lazy=\"1\" itemprop=\"thumbnail\" width=\"225\" height=\"300\" \/>\n\n\t\t\t<!-- Overlay Wrapper -->\n\t\t\t<div class=\"pp-gallery-overlay\">\n\t\t\t\t<div class=\"pp-overlay-inner\">\n\n\t\t\t\t\t\n\t\t\t\t\t\n\t\t\t\t<\/div>\n\t\t\t<\/div> <!-- Overlay Wrapper Closed -->\n\n\t\t\t\t<\/a>\n\t\t\t\t\t\t\t<meta itemprop=\"width\" content=\"225\" \/>\n\t\t\t<meta itemprop=\"height\" content=\"300\" \/>\n\t\t\t<\/div>\n\t<\/div><div class=\"pp-photo-gallery-item pp-gallery-masonry-item\" data-item-id=\"2247\" itemprop=\"associatedMedia\" itemscope=\"itemscope\" itemtype=\"http:\/\/schema.org\/ImageObject\">\n\t<div class=\"pp-photo-gallery-content\">\n\n\t\t\t\t<a\n\t\t\thref=\"https:\/\/santaeulariaculturaijoventut.com\/wp-content\/uploads\/2021\/02\/78_A_Plac\u0327a.jpg\"\n\t\t\t \n\t\t\t\t\t\tdata-fancybox=\"images\" \n\t\t\t \n\t\t\ttitle=\"78_A_Plac\u0327a\" \n\t\t\t\t\t\tdata-caption=\"\"\n\t\t\t\t\t\tdata-description=\"\" \n\t\t\titemprop=\"contentUrl\"\n\t\t>\n\t\t\n\t\t\n\t\t\t<img loading=\"lazy\" decoding=\"async\" class=\"pp-gallery-img\" src=\"https:\/\/santaeulariaculturaijoventut.com\/wp-content\/uploads\/2021\/02\/78_A_Plac\u0327a-225x300.jpg\" alt=\"\" data-no-lazy=\"1\" itemprop=\"thumbnail\" width=\"225\" height=\"300\" \/>\n\n\t\t\t<!-- Overlay Wrapper -->\n\t\t\t<div class=\"pp-gallery-overlay\">\n\t\t\t\t<div class=\"pp-overlay-inner\">\n\n\t\t\t\t\t\n\t\t\t\t\t\n\t\t\t\t<\/div>\n\t\t\t<\/div> <!-- Overlay Wrapper Closed -->\n\n\t\t\t\t<\/a>\n\t\t\t\t\t\t\t<meta itemprop=\"width\" content=\"225\" \/>\n\t\t\t<meta itemprop=\"height\" content=\"300\" \/>\n\t\t\t<\/div>\n\t<\/div><div class=\"pp-photo-gallery-item pp-gallery-masonry-item\" data-item-id=\"2249\" itemprop=\"associatedMedia\" itemscope=\"itemscope\" itemtype=\"http:\/\/schema.org\/ImageObject\">\n\t<div class=\"pp-photo-gallery-content\">\n\n\t\t\t\t<a\n\t\t\thref=\"https:\/\/santaeulariaculturaijoventut.com\/wp-content\/uploads\/2021\/02\/69_A_Cuina-a-llenya.jpg\"\n\t\t\t \n\t\t\t\t\t\tdata-fancybox=\"images\" \n\t\t\t \n\t\t\ttitle=\"69_A_Cuina a llenya\" \n\t\t\t\t\t\tdata-caption=\"\"\n\t\t\t\t\t\tdata-description=\"\" \n\t\t\titemprop=\"contentUrl\"\n\t\t>\n\t\t\n\t\t\n\t\t\t<img loading=\"lazy\" decoding=\"async\" class=\"pp-gallery-img\" src=\"https:\/\/santaeulariaculturaijoventut.com\/wp-content\/uploads\/2021\/02\/69_A_Cuina-a-llenya-300x178.jpg\" alt=\"\" data-no-lazy=\"1\" itemprop=\"thumbnail\" width=\"300\" height=\"178\" \/>\n\n\t\t\t<!-- Overlay Wrapper -->\n\t\t\t<div class=\"pp-gallery-overlay\">\n\t\t\t\t<div class=\"pp-overlay-inner\">\n\n\t\t\t\t\t\n\t\t\t\t\t\n\t\t\t\t<\/div>\n\t\t\t<\/div> <!-- Overlay Wrapper Closed -->\n\n\t\t\t\t<\/a>\n\t\t\t\t\t\t\t<meta itemprop=\"width\" content=\"300\" \/>\n\t\t\t<meta itemprop=\"height\" content=\"178\" \/>\n\t\t\t<\/div>\n\t<\/div><div class=\"pp-photo-gallery-item pp-gallery-masonry-item\" data-item-id=\"2251\" itemprop=\"associatedMedia\" itemscope=\"itemscope\" itemtype=\"http:\/\/schema.org\/ImageObject\">\n\t<div class=\"pp-photo-gallery-content\">\n\n\t\t\t\t<a\n\t\t\thref=\"https:\/\/santaeulariaculturaijoventut.com\/wp-content\/uploads\/2021\/02\/55_A_Mirando-al-futuro.jpg\"\n\t\t\t \n\t\t\t\t\t\tdata-fancybox=\"images\" \n\t\t\t \n\t\t\ttitle=\"55_A_Mirando al futuro\" \n\t\t\t\t\t\tdata-caption=\"\"\n\t\t\t\t\t\tdata-description=\"\" \n\t\t\titemprop=\"contentUrl\"\n\t\t>\n\t\t\n\t\t\n\t\t\t<img loading=\"lazy\" decoding=\"async\" class=\"pp-gallery-img\" src=\"https:\/\/santaeulariaculturaijoventut.com\/wp-content\/uploads\/2021\/02\/55_A_Mirando-al-futuro-225x300.jpg\" alt=\"\" data-no-lazy=\"1\" itemprop=\"thumbnail\" width=\"225\" height=\"300\" \/>\n\n\t\t\t<!-- Overlay Wrapper -->\n\t\t\t<div class=\"pp-gallery-overlay\">\n\t\t\t\t<div class=\"pp-overlay-inner\">\n\n\t\t\t\t\t\n\t\t\t\t\t\n\t\t\t\t<\/div>\n\t\t\t<\/div> <!-- Overlay Wrapper Closed -->\n\n\t\t\t\t<\/a>\n\t\t\t\t\t\t\t<meta itemprop=\"width\" content=\"225\" \/>\n\t\t\t<meta itemprop=\"height\" content=\"300\" \/>\n\t\t\t<\/div>\n\t<\/div><div class=\"pp-photo-gallery-item pp-gallery-masonry-item\" data-item-id=\"2253\" itemprop=\"associatedMedia\" itemscope=\"itemscope\" itemtype=\"http:\/\/schema.org\/ImageObject\">\n\t<div class=\"pp-photo-gallery-content\">\n\n\t\t\t\t<a\n\t\t\thref=\"https:\/\/santaeulariaculturaijoventut.com\/wp-content\/uploads\/2021\/02\/33_A_Dalt-Vila.jpg\"\n\t\t\t \n\t\t\t\t\t\tdata-fancybox=\"images\" \n\t\t\t \n\t\t\ttitle=\"33_A_Dalt Vila\" \n\t\t\t\t\t\tdata-caption=\"\"\n\t\t\t\t\t\tdata-description=\"\" \n\t\t\titemprop=\"contentUrl\"\n\t\t>\n\t\t\n\t\t\n\t\t\t<img loading=\"lazy\" decoding=\"async\" class=\"pp-gallery-img\" src=\"https:\/\/santaeulariaculturaijoventut.com\/wp-content\/uploads\/2021\/02\/33_A_Dalt-Vila-242x300.jpg\" alt=\"\" data-no-lazy=\"1\" itemprop=\"thumbnail\" width=\"242\" height=\"300\" \/>\n\n\t\t\t<!-- Overlay Wrapper -->\n\t\t\t<div class=\"pp-gallery-overlay\">\n\t\t\t\t<div class=\"pp-overlay-inner\">\n\n\t\t\t\t\t\n\t\t\t\t\t\n\t\t\t\t<\/div>\n\t\t\t<\/div> <!-- Overlay Wrapper Closed -->\n\n\t\t\t\t<\/a>\n\t\t\t\t\t\t\t<meta itemprop=\"width\" content=\"242\" \/>\n\t\t\t<meta itemprop=\"height\" content=\"300\" \/>\n\t\t\t<\/div>\n\t<\/div><div class=\"pp-photo-gallery-item pp-gallery-masonry-item\" data-item-id=\"2255\" itemprop=\"associatedMedia\" itemscope=\"itemscope\" itemtype=\"http:\/\/schema.org\/ImageObject\">\n\t<div class=\"pp-photo-gallery-content\">\n\n\t\t\t\t<a\n\t\t\thref=\"https:\/\/santaeulariaculturaijoventut.com\/wp-content\/uploads\/2021\/02\/32_C_EIVISSA.jpg\"\n\t\t\t \n\t\t\t\t\t\tdata-fancybox=\"images\" \n\t\t\t \n\t\t\ttitle=\"32_C_EIVISSA\" \n\t\t\t\t\t\tdata-caption=\"\"\n\t\t\t\t\t\tdata-description=\"\" \n\t\t\titemprop=\"contentUrl\"\n\t\t>\n\t\t\n\t\t\n\t\t\t<img loading=\"lazy\" decoding=\"async\" class=\"pp-gallery-img\" src=\"https:\/\/santaeulariaculturaijoventut.com\/wp-content\/uploads\/2021\/02\/32_C_EIVISSA-225x300.jpg\" alt=\"\" data-no-lazy=\"1\" itemprop=\"thumbnail\" width=\"225\" height=\"300\" \/>\n\n\t\t\t<!-- Overlay Wrapper -->\n\t\t\t<div class=\"pp-gallery-overlay\">\n\t\t\t\t<div class=\"pp-overlay-inner\">\n\n\t\t\t\t\t\n\t\t\t\t\t\n\t\t\t\t<\/div>\n\t\t\t<\/div> <!-- Overlay Wrapper Closed -->\n\n\t\t\t\t<\/a>\n\t\t\t\t\t\t\t<meta itemprop=\"width\" content=\"225\" \/>\n\t\t\t<meta itemprop=\"height\" content=\"300\" \/>\n\t\t\t<\/div>\n\t<\/div><div class=\"pp-photo-gallery-item pp-gallery-masonry-item\" data-item-id=\"2257\" itemprop=\"associatedMedia\" itemscope=\"itemscope\" itemtype=\"http:\/\/schema.org\/ImageObject\">\n\t<div class=\"pp-photo-gallery-content\">\n\n\t\t\t\t<a\n\t\t\thref=\"https:\/\/santaeulariaculturaijoventut.com\/wp-content\/uploads\/2021\/02\/6_A_NUEVO-DI\u0301A.jpg\"\n\t\t\t \n\t\t\t\t\t\tdata-fancybox=\"images\" \n\t\t\t \n\t\t\ttitle=\"6_A_NUEVO DI\u0301A\" \n\t\t\t\t\t\tdata-caption=\"\"\n\t\t\t\t\t\tdata-description=\"\" \n\t\t\titemprop=\"contentUrl\"\n\t\t>\n\t\t\n\t\t\n\t\t\t<img loading=\"lazy\" decoding=\"async\" class=\"pp-gallery-img\" src=\"https:\/\/santaeulariaculturaijoventut.com\/wp-content\/uploads\/2021\/02\/6_A_NUEVO-DI\u0301A-300x174.jpg\" alt=\"\" data-no-lazy=\"1\" itemprop=\"thumbnail\" width=\"300\" height=\"174\" \/>\n\n\t\t\t<!-- Overlay Wrapper -->\n\t\t\t<div class=\"pp-gallery-overlay\">\n\t\t\t\t<div class=\"pp-overlay-inner\">\n\n\t\t\t\t\t\n\t\t\t\t\t\n\t\t\t\t<\/div>\n\t\t\t<\/div> <!-- Overlay Wrapper Closed -->\n\n\t\t\t\t<\/a>\n\t\t\t\t\t\t\t<meta itemprop=\"width\" content=\"300\" \/>\n\t\t\t<meta itemprop=\"height\" content=\"174\" \/>\n\t\t\t<\/div>\n\t<\/div><div class=\"pp-photo-gallery-item pp-gallery-masonry-item\" data-item-id=\"2259\" itemprop=\"associatedMedia\" itemscope=\"itemscope\" itemtype=\"http:\/\/schema.org\/ImageObject\">\n\t<div class=\"pp-photo-gallery-content\">\n\n\t\t\t\t<a\n\t\t\thref=\"https:\/\/santaeulariaculturaijoventut.com\/wp-content\/uploads\/2021\/02\/17_C_ovni-en-SAlamera.jpg\"\n\t\t\t \n\t\t\t\t\t\tdata-fancybox=\"images\" \n\t\t\t \n\t\t\ttitle=\"17_C_ovni en S&#039;Alamera\" \n\t\t\t\t\t\tdata-caption=\"\"\n\t\t\t\t\t\tdata-description=\"\" \n\t\t\titemprop=\"contentUrl\"\n\t\t>\n\t\t\n\t\t\n\t\t\t<img loading=\"lazy\" decoding=\"async\" class=\"pp-gallery-img\" src=\"https:\/\/santaeulariaculturaijoventut.com\/wp-content\/uploads\/2021\/02\/17_C_ovni-en-SAlamera-300x169.jpg\" alt=\"\" data-no-lazy=\"1\" itemprop=\"thumbnail\" width=\"300\" height=\"169\" \/>\n\n\t\t\t<!-- Overlay Wrapper -->\n\t\t\t<div class=\"pp-gallery-overlay\">\n\t\t\t\t<div class=\"pp-overlay-inner\">\n\n\t\t\t\t\t\n\t\t\t\t\t\n\t\t\t\t<\/div>\n\t\t\t<\/div> <!-- Overlay Wrapper Closed -->\n\n\t\t\t\t<\/a>\n\t\t\t\t\t\t\t<meta itemprop=\"width\" content=\"300\" \/>\n\t\t\t<meta itemprop=\"height\" content=\"169\" \/>\n\t\t\t<\/div>\n\t<\/div><div class=\"pp-photo-gallery-item pp-gallery-masonry-item\" data-item-id=\"2261\" itemprop=\"associatedMedia\" itemscope=\"itemscope\" itemtype=\"http:\/\/schema.org\/ImageObject\">\n\t<div class=\"pp-photo-gallery-content\">\n\n\t\t\t\t<a\n\t\t\thref=\"https:\/\/santaeulariaculturaijoventut.com\/wp-content\/uploads\/2021\/02\/10_C_BALL-I-TRADICIO\u0301.jpg\"\n\t\t\t \n\t\t\t\t\t\tdata-fancybox=\"images\" \n\t\t\t \n\t\t\ttitle=\"10_C_BALL I TRADICIO\u0301\" \n\t\t\t\t\t\tdata-caption=\"\"\n\t\t\t\t\t\tdata-description=\"\" \n\t\t\titemprop=\"contentUrl\"\n\t\t>\n\t\t\n\t\t\n\t\t\t<img loading=\"lazy\" decoding=\"async\" class=\"pp-gallery-img\" src=\"https:\/\/santaeulariaculturaijoventut.com\/wp-content\/uploads\/2021\/02\/10_C_BALL-I-TRADICIO\u0301-199x300.jpg\" alt=\"\" data-no-lazy=\"1\" itemprop=\"thumbnail\" width=\"199\" height=\"300\" \/>\n\n\t\t\t<!-- Overlay Wrapper -->\n\t\t\t<div class=\"pp-gallery-overlay\">\n\t\t\t\t<div class=\"pp-overlay-inner\">\n\n\t\t\t\t\t\n\t\t\t\t\t\n\t\t\t\t<\/div>\n\t\t\t<\/div> <!-- Overlay Wrapper Closed -->\n\n\t\t\t\t<\/a>\n\t\t\t\t\t\t\t<meta itemprop=\"width\" content=\"199\" \/>\n\t\t\t<meta itemprop=\"height\" content=\"300\" \/>\n\t\t\t<\/div>\n\t<\/div><div class=\"pp-photo-gallery-item pp-gallery-masonry-item\" data-item-id=\"2263\" itemprop=\"associatedMedia\" itemscope=\"itemscope\" itemtype=\"http:\/\/schema.org\/ImageObject\">\n\t<div class=\"pp-photo-gallery-content\">\n\n\t\t\t\t<a\n\t\t\thref=\"https:\/\/santaeulariaculturaijoventut.com\/wp-content\/uploads\/2021\/02\/110_C_Puertas-que-se-cierran-ventanas-que-se-abren.jpg\"\n\t\t\t \n\t\t\t\t\t\tdata-fancybox=\"images\" \n\t\t\t \n\t\t\ttitle=\"110_C_Puertas que se cierran, ventanas que se abren\" \n\t\t\t\t\t\tdata-caption=\"\"\n\t\t\t\t\t\tdata-description=\"\" \n\t\t\titemprop=\"contentUrl\"\n\t\t>\n\t\t\n\t\t\n\t\t\t<img loading=\"lazy\" decoding=\"async\" class=\"pp-gallery-img\" src=\"https:\/\/santaeulariaculturaijoventut.com\/wp-content\/uploads\/2021\/02\/110_C_Puertas-que-se-cierran-ventanas-que-se-abren-240x300.jpg\" alt=\"\" data-no-lazy=\"1\" itemprop=\"thumbnail\" width=\"240\" height=\"300\" \/>\n\n\t\t\t<!-- Overlay Wrapper -->\n\t\t\t<div class=\"pp-gallery-overlay\">\n\t\t\t\t<div class=\"pp-overlay-inner\">\n\n\t\t\t\t\t\n\t\t\t\t\t\n\t\t\t\t<\/div>\n\t\t\t<\/div> <!-- Overlay Wrapper Closed -->\n\n\t\t\t\t<\/a>\n\t\t\t\t\t\t\t<meta itemprop=\"width\" content=\"240\" \/>\n\t\t\t<meta itemprop=\"height\" content=\"300\" \/>\n\t\t\t<\/div>\n\t<\/div><div class=\"pp-photo-gallery-item pp-gallery-masonry-item\" data-item-id=\"2265\" itemprop=\"associatedMedia\" itemscope=\"itemscope\" itemtype=\"http:\/\/schema.org\/ImageObject\">\n\t<div class=\"pp-photo-gallery-content\">\n\n\t\t\t\t<a\n\t\t\thref=\"https:\/\/santaeulariaculturaijoventut.com\/wp-content\/uploads\/2021\/02\/56_A_NOCHE-Y-DIA.jpg\"\n\t\t\t \n\t\t\t\t\t\tdata-fancybox=\"images\" \n\t\t\t \n\t\t\ttitle=\"56_A_NOCHE Y DIA\" \n\t\t\t\t\t\tdata-caption=\"\"\n\t\t\t\t\t\tdata-description=\"\" \n\t\t\titemprop=\"contentUrl\"\n\t\t>\n\t\t\n\t\t\n\t\t\t<img loading=\"lazy\" decoding=\"async\" class=\"pp-gallery-img\" src=\"https:\/\/santaeulariaculturaijoventut.com\/wp-content\/uploads\/2021\/02\/56_A_NOCHE-Y-DIA-300x200.jpg\" alt=\"\" data-no-lazy=\"1\" itemprop=\"thumbnail\" width=\"300\" height=\"200\" \/>\n\n\t\t\t<!-- Overlay Wrapper -->\n\t\t\t<div class=\"pp-gallery-overlay\">\n\t\t\t\t<div class=\"pp-overlay-inner\">\n\n\t\t\t\t\t\n\t\t\t\t\t\n\t\t\t\t<\/div>\n\t\t\t<\/div> <!-- Overlay Wrapper Closed -->\n\n\t\t\t\t<\/a>\n\t\t\t\t\t\t\t<meta itemprop=\"width\" content=\"300\" \/>\n\t\t\t<meta itemprop=\"height\" content=\"200\" \/>\n\t\t\t<\/div>\n\t<\/div><div class=\"pp-photo-gallery-item pp-gallery-masonry-item\" data-item-id=\"2267\" itemprop=\"associatedMedia\" itemscope=\"itemscope\" itemtype=\"http:\/\/schema.org\/ImageObject\">\n\t<div class=\"pp-photo-gallery-content\">\n\n\t\t\t\t<a\n\t\t\thref=\"https:\/\/santaeulariaculturaijoventut.com\/wp-content\/uploads\/2021\/02\/117_A.jpg\"\n\t\t\t \n\t\t\t\t\t\tdata-fancybox=\"images\" \n\t\t\t \n\t\t\ttitle=\"117_A\" \n\t\t\t\t\t\tdata-caption=\"\"\n\t\t\t\t\t\tdata-description=\"\" \n\t\t\titemprop=\"contentUrl\"\n\t\t>\n\t\t\n\t\t\n\t\t\t<img loading=\"lazy\" decoding=\"async\" class=\"pp-gallery-img\" src=\"https:\/\/santaeulariaculturaijoventut.com\/wp-content\/uploads\/2021\/02\/117_A-224x300.jpg\" alt=\"\" data-no-lazy=\"1\" itemprop=\"thumbnail\" width=\"224\" height=\"300\" \/>\n\n\t\t\t<!-- Overlay Wrapper -->\n\t\t\t<div class=\"pp-gallery-overlay\">\n\t\t\t\t<div class=\"pp-overlay-inner\">\n\n\t\t\t\t\t\n\t\t\t\t\t\n\t\t\t\t<\/div>\n\t\t\t<\/div> <!-- Overlay Wrapper Closed -->\n\n\t\t\t\t<\/a>\n\t\t\t\t\t\t\t<meta itemprop=\"width\" content=\"224\" \/>\n\t\t\t<meta itemprop=\"height\" content=\"300\" \/>\n\t\t\t<\/div>\n\t<\/div><div class=\"pp-photo-gallery-item pp-gallery-masonry-item\" data-item-id=\"2269\" itemprop=\"associatedMedia\" itemscope=\"itemscope\" itemtype=\"http:\/\/schema.org\/ImageObject\">\n\t<div class=\"pp-photo-gallery-content\">\n\n\t\t\t\t<a\n\t\t\thref=\"https:\/\/santaeulariaculturaijoventut.com\/wp-content\/uploads\/2021\/02\/122_B_BENIRRA\u0300S-A-LA-MAR.jpg\"\n\t\t\t \n\t\t\t\t\t\tdata-fancybox=\"images\" \n\t\t\t \n\t\t\ttitle=\"122_B_BENIRRA\u0300S A LA MAR\" \n\t\t\t\t\t\tdata-caption=\"\"\n\t\t\t\t\t\tdata-description=\"\" \n\t\t\titemprop=\"contentUrl\"\n\t\t>\n\t\t\n\t\t\n\t\t\t<img loading=\"lazy\" decoding=\"async\" class=\"pp-gallery-img\" src=\"https:\/\/santaeulariaculturaijoventut.com\/wp-content\/uploads\/2021\/02\/122_B_BENIRRA\u0300S-A-LA-MAR-300x225.jpg\" alt=\"\" data-no-lazy=\"1\" itemprop=\"thumbnail\" width=\"300\" height=\"225\" \/>\n\n\t\t\t<!-- Overlay Wrapper -->\n\t\t\t<div class=\"pp-gallery-overlay\">\n\t\t\t\t<div class=\"pp-overlay-inner\">\n\n\t\t\t\t\t\n\t\t\t\t\t\n\t\t\t\t<\/div>\n\t\t\t<\/div> <!-- Overlay Wrapper Closed -->\n\n\t\t\t\t<\/a>\n\t\t\t\t\t\t\t<meta itemprop=\"width\" content=\"300\" \/>\n\t\t\t<meta itemprop=\"height\" content=\"225\" \/>\n\t\t\t<\/div>\n\t<\/div><div class=\"pp-photo-gallery-item pp-gallery-masonry-item\" data-item-id=\"2271\" itemprop=\"associatedMedia\" itemscope=\"itemscope\" itemtype=\"http:\/\/schema.org\/ImageObject\">\n\t<div class=\"pp-photo-gallery-content\">\n\n\t\t\t\t<a\n\t\t\thref=\"https:\/\/santaeulariaculturaijoventut.com\/wp-content\/uploads\/2021\/02\/85_B_PALMERES.jpg\"\n\t\t\t \n\t\t\t\t\t\tdata-fancybox=\"images\" \n\t\t\t \n\t\t\ttitle=\"85_B_PALMERES\" \n\t\t\t\t\t\tdata-caption=\"\"\n\t\t\t\t\t\tdata-description=\"\" \n\t\t\titemprop=\"contentUrl\"\n\t\t>\n\t\t\n\t\t\n\t\t\t<img loading=\"lazy\" decoding=\"async\" class=\"pp-gallery-img\" src=\"https:\/\/santaeulariaculturaijoventut.com\/wp-content\/uploads\/2021\/02\/85_B_PALMERES-300x300.jpg\" alt=\"\" data-no-lazy=\"1\" itemprop=\"thumbnail\" width=\"300\" height=\"300\" \/>\n\n\t\t\t<!-- Overlay Wrapper -->\n\t\t\t<div class=\"pp-gallery-overlay\">\n\t\t\t\t<div class=\"pp-overlay-inner\">\n\n\t\t\t\t\t\n\t\t\t\t\t\n\t\t\t\t<\/div>\n\t\t\t<\/div> <!-- Overlay Wrapper Closed -->\n\n\t\t\t\t<\/a>\n\t\t\t\t\t\t\t<meta itemprop=\"width\" content=\"300\" \/>\n\t\t\t<meta itemprop=\"height\" content=\"300\" \/>\n\t\t\t<\/div>\n\t<\/div><div class=\"pp-photo-gallery-item pp-gallery-masonry-item\" data-item-id=\"2273\" itemprop=\"associatedMedia\" itemscope=\"itemscope\" itemtype=\"http:\/\/schema.org\/ImageObject\">\n\t<div class=\"pp-photo-gallery-content\">\n\n\t\t\t\t<a\n\t\t\thref=\"https:\/\/santaeulariaculturaijoventut.com\/wp-content\/uploads\/2021\/02\/48_B_casa-Can-Prats.jpg\"\n\t\t\t \n\t\t\t\t\t\tdata-fancybox=\"images\" \n\t\t\t \n\t\t\ttitle=\"48_B_casa Can Prats\" \n\t\t\t\t\t\tdata-caption=\"\"\n\t\t\t\t\t\tdata-description=\"\" \n\t\t\titemprop=\"contentUrl\"\n\t\t>\n\t\t\n\t\t\n\t\t\t<img loading=\"lazy\" decoding=\"async\" class=\"pp-gallery-img\" src=\"https:\/\/santaeulariaculturaijoventut.com\/wp-content\/uploads\/2021\/02\/48_B_casa-Can-Prats-300x200.jpg\" alt=\"\" data-no-lazy=\"1\" itemprop=\"thumbnail\" width=\"300\" height=\"200\" \/>\n\n\t\t\t<!-- Overlay Wrapper -->\n\t\t\t<div class=\"pp-gallery-overlay\">\n\t\t\t\t<div class=\"pp-overlay-inner\">\n\n\t\t\t\t\t\n\t\t\t\t\t\n\t\t\t\t<\/div>\n\t\t\t<\/div> <!-- Overlay Wrapper Closed -->\n\n\t\t\t\t<\/a>\n\t\t\t\t\t\t\t<meta itemprop=\"width\" content=\"300\" \/>\n\t\t\t<meta itemprop=\"height\" content=\"200\" \/>\n\t\t\t<\/div>\n\t<\/div><div class=\"pp-photo-gallery-item pp-gallery-masonry-item\" data-item-id=\"2275\" itemprop=\"associatedMedia\" itemscope=\"itemscope\" itemtype=\"http:\/\/schema.org\/ImageObject\">\n\t<div class=\"pp-photo-gallery-content\">\n\n\t\t\t\t<a\n\t\t\thref=\"https:\/\/santaeulariaculturaijoventut.com\/wp-content\/uploads\/2021\/02\/119_B.jpg\"\n\t\t\t \n\t\t\t\t\t\tdata-fancybox=\"images\" \n\t\t\t \n\t\t\ttitle=\"119_B\" \n\t\t\t\t\t\tdata-caption=\"\"\n\t\t\t\t\t\tdata-description=\"\" \n\t\t\titemprop=\"contentUrl\"\n\t\t>\n\t\t\n\t\t\n\t\t\t<img loading=\"lazy\" decoding=\"async\" class=\"pp-gallery-img\" src=\"https:\/\/santaeulariaculturaijoventut.com\/wp-content\/uploads\/2021\/02\/119_B-224x300.jpg\" alt=\"\" data-no-lazy=\"1\" itemprop=\"thumbnail\" width=\"224\" height=\"300\" \/>\n\n\t\t\t<!-- Overlay Wrapper -->\n\t\t\t<div class=\"pp-gallery-overlay\">\n\t\t\t\t<div class=\"pp-overlay-inner\">\n\n\t\t\t\t\t\n\t\t\t\t\t\n\t\t\t\t<\/div>\n\t\t\t<\/div> <!-- Overlay Wrapper Closed -->\n\n\t\t\t\t<\/a>\n\t\t\t\t\t\t\t<meta itemprop=\"width\" content=\"224\" \/>\n\t\t\t<meta itemprop=\"height\" content=\"300\" \/>\n\t\t\t<\/div>\n\t<\/div><div class=\"pp-photo-gallery-item pp-gallery-masonry-item\" data-item-id=\"2277\" itemprop=\"associatedMedia\" itemscope=\"itemscope\" itemtype=\"http:\/\/schema.org\/ImageObject\">\n\t<div class=\"pp-photo-gallery-content\">\n\n\t\t\t\t<a\n\t\t\thref=\"https:\/\/santaeulariaculturaijoventut.com\/wp-content\/uploads\/2021\/02\/10_B_BALL_I_-TRADICIO\u0301.jpg\"\n\t\t\t \n\t\t\t\t\t\tdata-fancybox=\"images\" \n\t\t\t \n\t\t\ttitle=\"10_B_BALL_I_ TRADICIO\u0301\" \n\t\t\t\t\t\tdata-caption=\"\"\n\t\t\t\t\t\tdata-description=\"\" \n\t\t\titemprop=\"contentUrl\"\n\t\t>\n\t\t\n\t\t\n\t\t\t<img loading=\"lazy\" decoding=\"async\" class=\"pp-gallery-img\" src=\"https:\/\/santaeulariaculturaijoventut.com\/wp-content\/uploads\/2021\/02\/10_B_BALL_I_-TRADICIO\u0301-300x200.jpg\" alt=\"\" data-no-lazy=\"1\" itemprop=\"thumbnail\" width=\"300\" height=\"200\" \/>\n\n\t\t\t<!-- Overlay Wrapper -->\n\t\t\t<div class=\"pp-gallery-overlay\">\n\t\t\t\t<div class=\"pp-overlay-inner\">\n\n\t\t\t\t\t\n\t\t\t\t\t\n\t\t\t\t<\/div>\n\t\t\t<\/div> <!-- Overlay Wrapper Closed -->\n\n\t\t\t\t<\/a>\n\t\t\t\t\t\t\t<meta itemprop=\"width\" content=\"300\" \/>\n\t\t\t<meta itemprop=\"height\" content=\"200\" \/>\n\t\t\t<\/div>\n\t<\/div><div class=\"pp-photo-gallery-item pp-gallery-masonry-item\" data-item-id=\"2279\" itemprop=\"associatedMedia\" itemscope=\"itemscope\" itemtype=\"http:\/\/schema.org\/ImageObject\">\n\t<div class=\"pp-photo-gallery-content\">\n\n\t\t\t\t<a\n\t\t\thref=\"https:\/\/santaeulariaculturaijoventut.com\/wp-content\/uploads\/2021\/02\/100_B_Atardece-en-Vila.jpg\"\n\t\t\t \n\t\t\t\t\t\tdata-fancybox=\"images\" \n\t\t\t \n\t\t\ttitle=\"100_B_Atardece en Vila\" \n\t\t\t\t\t\tdata-caption=\"\"\n\t\t\t\t\t\tdata-description=\"\" \n\t\t\titemprop=\"contentUrl\"\n\t\t>\n\t\t\n\t\t\n\t\t\t<img loading=\"lazy\" decoding=\"async\" class=\"pp-gallery-img\" src=\"https:\/\/santaeulariaculturaijoventut.com\/wp-content\/uploads\/2021\/02\/100_B_Atardece-en-Vila-300x200.jpg\" alt=\"\" data-no-lazy=\"1\" itemprop=\"thumbnail\" width=\"300\" height=\"200\" \/>\n\n\t\t\t<!-- Overlay Wrapper -->\n\t\t\t<div class=\"pp-gallery-overlay\">\n\t\t\t\t<div class=\"pp-overlay-inner\">\n\n\t\t\t\t\t\n\t\t\t\t\t\n\t\t\t\t<\/div>\n\t\t\t<\/div> <!-- Overlay Wrapper Closed -->\n\n\t\t\t\t<\/a>\n\t\t\t\t\t\t\t<meta itemprop=\"width\" content=\"300\" \/>\n\t\t\t<meta itemprop=\"height\" content=\"200\" \/>\n\t\t\t<\/div>\n\t<\/div><div class=\"pp-photo-gallery-item pp-gallery-masonry-item\" data-item-id=\"2281\" itemprop=\"associatedMedia\" itemscope=\"itemscope\" itemtype=\"http:\/\/schema.org\/ImageObject\">\n\t<div class=\"pp-photo-gallery-content\">\n\n\t\t\t\t<a\n\t\t\thref=\"https:\/\/santaeulariaculturaijoventut.com\/wp-content\/uploads\/2021\/02\/9_A_Castell.jpg\"\n\t\t\t \n\t\t\t\t\t\tdata-fancybox=\"images\" \n\t\t\t \n\t\t\ttitle=\"9_A_Castell\" \n\t\t\t\t\t\tdata-caption=\"\"\n\t\t\t\t\t\tdata-description=\"\" \n\t\t\titemprop=\"contentUrl\"\n\t\t>\n\t\t\n\t\t\n\t\t\t<img loading=\"lazy\" decoding=\"async\" class=\"pp-gallery-img\" src=\"https:\/\/santaeulariaculturaijoventut.com\/wp-content\/uploads\/2021\/02\/9_A_Castell-242x300.jpg\" alt=\"\" data-no-lazy=\"1\" itemprop=\"thumbnail\" width=\"242\" height=\"300\" \/>\n\n\t\t\t<!-- Overlay Wrapper -->\n\t\t\t<div class=\"pp-gallery-overlay\">\n\t\t\t\t<div class=\"pp-overlay-inner\">\n\n\t\t\t\t\t\n\t\t\t\t\t\n\t\t\t\t<\/div>\n\t\t\t<\/div> <!-- Overlay Wrapper Closed -->\n\n\t\t\t\t<\/a>\n\t\t\t\t\t\t\t<meta itemprop=\"width\" content=\"242\" \/>\n\t\t\t<meta itemprop=\"height\" content=\"300\" \/>\n\t\t\t<\/div>\n\t<\/div><div class=\"pp-photo-gallery-item pp-gallery-masonry-item\" data-item-id=\"2283\" itemprop=\"associatedMedia\" itemscope=\"itemscope\" itemtype=\"http:\/\/schema.org\/ImageObject\">\n\t<div class=\"pp-photo-gallery-content\">\n\n\t\t\t\t<a\n\t\t\thref=\"https:\/\/santaeulariaculturaijoventut.com\/wp-content\/uploads\/2021\/02\/35_B_TARDES-DESTIU.jpg\"\n\t\t\t \n\t\t\t\t\t\tdata-fancybox=\"images\" \n\t\t\t \n\t\t\ttitle=\"35_B_TARDES D&#039;ESTIU\" \n\t\t\t\t\t\tdata-caption=\"\"\n\t\t\t\t\t\tdata-description=\"\" \n\t\t\titemprop=\"contentUrl\"\n\t\t>\n\t\t\n\t\t\n\t\t\t<img loading=\"lazy\" decoding=\"async\" class=\"pp-gallery-img\" src=\"https:\/\/santaeulariaculturaijoventut.com\/wp-content\/uploads\/2021\/02\/35_B_TARDES-DESTIU-224x300.jpg\" alt=\"\" data-no-lazy=\"1\" itemprop=\"thumbnail\" width=\"224\" height=\"300\" \/>\n\n\t\t\t<!-- Overlay Wrapper -->\n\t\t\t<div class=\"pp-gallery-overlay\">\n\t\t\t\t<div class=\"pp-overlay-inner\">\n\n\t\t\t\t\t\n\t\t\t\t\t\n\t\t\t\t<\/div>\n\t\t\t<\/div> <!-- Overlay Wrapper Closed -->\n\n\t\t\t\t<\/a>\n\t\t\t\t\t\t\t<meta itemprop=\"width\" content=\"224\" \/>\n\t\t\t<meta itemprop=\"height\" content=\"300\" \/>\n\t\t\t<\/div>\n\t<\/div><div class=\"pp-photo-gallery-item pp-gallery-masonry-item\" data-item-id=\"2285\" itemprop=\"associatedMedia\" itemscope=\"itemscope\" itemtype=\"http:\/\/schema.org\/ImageObject\">\n\t<div class=\"pp-photo-gallery-content\">\n\n\t\t\t\t<a\n\t\t\thref=\"https:\/\/santaeulariaculturaijoventut.com\/wp-content\/uploads\/2021\/02\/83_B_Pasado-y-presente.jpg\"\n\t\t\t \n\t\t\t\t\t\tdata-fancybox=\"images\" \n\t\t\t \n\t\t\ttitle=\"83_B_Pasado y presente\" \n\t\t\t\t\t\tdata-caption=\"\"\n\t\t\t\t\t\tdata-description=\"\" \n\t\t\titemprop=\"contentUrl\"\n\t\t>\n\t\t\n\t\t\n\t\t\t<img loading=\"lazy\" decoding=\"async\" class=\"pp-gallery-img\" src=\"https:\/\/santaeulariaculturaijoventut.com\/wp-content\/uploads\/2021\/02\/83_B_Pasado-y-presente-300x200.jpg\" alt=\"\" data-no-lazy=\"1\" itemprop=\"thumbnail\" width=\"300\" height=\"200\" \/>\n\n\t\t\t<!-- Overlay Wrapper -->\n\t\t\t<div class=\"pp-gallery-overlay\">\n\t\t\t\t<div class=\"pp-overlay-inner\">\n\n\t\t\t\t\t\n\t\t\t\t\t\n\t\t\t\t<\/div>\n\t\t\t<\/div> <!-- Overlay Wrapper Closed -->\n\n\t\t\t\t<\/a>\n\t\t\t\t\t\t\t<meta itemprop=\"width\" content=\"300\" \/>\n\t\t\t<meta itemprop=\"height\" content=\"200\" \/>\n\t\t\t<\/div>\n\t<\/div><div class=\"pp-photo-gallery-item pp-gallery-masonry-item\" data-item-id=\"2287\" itemprop=\"associatedMedia\" itemscope=\"itemscope\" itemtype=\"http:\/\/schema.org\/ImageObject\">\n\t<div class=\"pp-photo-gallery-content\">\n\n\t\t\t\t<a\n\t\t\thref=\"https:\/\/santaeulariaculturaijoventut.com\/wp-content\/uploads\/2021\/02\/46_A_AJUSTES.jpg\"\n\t\t\t \n\t\t\t\t\t\tdata-fancybox=\"images\" \n\t\t\t \n\t\t\ttitle=\"46_A_AJUSTES\" \n\t\t\t\t\t\tdata-caption=\"\"\n\t\t\t\t\t\tdata-description=\"\" \n\t\t\titemprop=\"contentUrl\"\n\t\t>\n\t\t\n\t\t\n\t\t\t<img loading=\"lazy\" decoding=\"async\" class=\"pp-gallery-img\" src=\"https:\/\/santaeulariaculturaijoventut.com\/wp-content\/uploads\/2021\/02\/46_A_AJUSTES-300x169.jpg\" alt=\"\" data-no-lazy=\"1\" itemprop=\"thumbnail\" width=\"300\" height=\"169\" \/>\n\n\t\t\t<!-- Overlay Wrapper -->\n\t\t\t<div class=\"pp-gallery-overlay\">\n\t\t\t\t<div class=\"pp-overlay-inner\">\n\n\t\t\t\t\t\n\t\t\t\t\t\n\t\t\t\t<\/div>\n\t\t\t<\/div> <!-- Overlay Wrapper Closed -->\n\n\t\t\t\t<\/a>\n\t\t\t\t\t\t\t<meta itemprop=\"width\" content=\"300\" \/>\n\t\t\t<meta itemprop=\"height\" content=\"169\" \/>\n\t\t\t<\/div>\n\t<\/div><div class=\"pp-photo-gallery-item pp-gallery-masonry-item\" data-item-id=\"2289\" itemprop=\"associatedMedia\" itemscope=\"itemscope\" itemtype=\"http:\/\/schema.org\/ImageObject\">\n\t<div class=\"pp-photo-gallery-content\">\n\n\t\t\t\t<a\n\t\t\thref=\"https:\/\/santaeulariaculturaijoventut.com\/wp-content\/uploads\/2021\/02\/57_A_Faro-de-Botafoch.jpg\"\n\t\t\t \n\t\t\t\t\t\tdata-fancybox=\"images\" \n\t\t\t \n\t\t\ttitle=\"57_A_Faro de Botafoch\" \n\t\t\t\t\t\tdata-caption=\"\"\n\t\t\t\t\t\tdata-description=\"\" \n\t\t\titemprop=\"contentUrl\"\n\t\t>\n\t\t\n\t\t\n\t\t\t<img loading=\"lazy\" decoding=\"async\" class=\"pp-gallery-img\" src=\"https:\/\/santaeulariaculturaijoventut.com\/wp-content\/uploads\/2021\/02\/57_A_Faro-de-Botafoch-300x194.jpg\" alt=\"\" data-no-lazy=\"1\" itemprop=\"thumbnail\" width=\"300\" height=\"194\" \/>\n\n\t\t\t<!-- Overlay Wrapper -->\n\t\t\t<div class=\"pp-gallery-overlay\">\n\t\t\t\t<div class=\"pp-overlay-inner\">\n\n\t\t\t\t\t\n\t\t\t\t\t\n\t\t\t\t<\/div>\n\t\t\t<\/div> <!-- Overlay Wrapper Closed -->\n\n\t\t\t\t<\/a>\n\t\t\t\t\t\t\t<meta itemprop=\"width\" content=\"300\" \/>\n\t\t\t<meta itemprop=\"height\" content=\"194\" \/>\n\t\t\t<\/div>\n\t<\/div><div class=\"pp-photo-gallery-item pp-gallery-masonry-item\" data-item-id=\"2291\" itemprop=\"associatedMedia\" itemscope=\"itemscope\" itemtype=\"http:\/\/schema.org\/ImageObject\">\n\t<div class=\"pp-photo-gallery-content\">\n\n\t\t\t\t<a\n\t\t\thref=\"https:\/\/santaeulariaculturaijoventut.com\/wp-content\/uploads\/2021\/02\/23_B_nautilus.jpg\"\n\t\t\t \n\t\t\t\t\t\tdata-fancybox=\"images\" \n\t\t\t \n\t\t\ttitle=\"23_B_nautilus\" \n\t\t\t\t\t\tdata-caption=\"\"\n\t\t\t\t\t\tdata-description=\"\" \n\t\t\titemprop=\"contentUrl\"\n\t\t>\n\t\t\n\t\t\n\t\t\t<img loading=\"lazy\" decoding=\"async\" class=\"pp-gallery-img\" src=\"https:\/\/santaeulariaculturaijoventut.com\/wp-content\/uploads\/2021\/02\/23_B_nautilus-300x225.jpg\" alt=\"\" data-no-lazy=\"1\" itemprop=\"thumbnail\" width=\"300\" height=\"225\" \/>\n\n\t\t\t<!-- Overlay Wrapper -->\n\t\t\t<div class=\"pp-gallery-overlay\">\n\t\t\t\t<div class=\"pp-overlay-inner\">\n\n\t\t\t\t\t\n\t\t\t\t\t\n\t\t\t\t<\/div>\n\t\t\t<\/div> <!-- Overlay Wrapper Closed -->\n\n\t\t\t\t<\/a>\n\t\t\t\t\t\t\t<meta itemprop=\"width\" content=\"300\" \/>\n\t\t\t<meta itemprop=\"height\" content=\"225\" \/>\n\t\t\t<\/div>\n\t<\/div><div class=\"pp-photo-gallery-item pp-gallery-masonry-item\" data-item-id=\"2293\" itemprop=\"associatedMedia\" itemscope=\"itemscope\" itemtype=\"http:\/\/schema.org\/ImageObject\">\n\t<div class=\"pp-photo-gallery-content\">\n\n\t\t\t\t<a\n\t\t\thref=\"https:\/\/santaeulariaculturaijoventut.com\/wp-content\/uploads\/2021\/02\/57_B_Dalt-Vila.jpg\"\n\t\t\t \n\t\t\t\t\t\tdata-fancybox=\"images\" \n\t\t\t \n\t\t\ttitle=\"57_B_Dalt Vila\" \n\t\t\t\t\t\tdata-caption=\"\"\n\t\t\t\t\t\tdata-description=\"\" \n\t\t\titemprop=\"contentUrl\"\n\t\t>\n\t\t\n\t\t\n\t\t\t<img loading=\"lazy\" decoding=\"async\" class=\"pp-gallery-img\" src=\"https:\/\/santaeulariaculturaijoventut.com\/wp-content\/uploads\/2021\/02\/57_B_Dalt-Vila-300x199.jpg\" alt=\"\" data-no-lazy=\"1\" itemprop=\"thumbnail\" width=\"300\" height=\"199\" \/>\n\n\t\t\t<!-- Overlay Wrapper -->\n\t\t\t<div class=\"pp-gallery-overlay\">\n\t\t\t\t<div class=\"pp-overlay-inner\">\n\n\t\t\t\t\t\n\t\t\t\t\t\n\t\t\t\t<\/div>\n\t\t\t<\/div> <!-- Overlay Wrapper Closed -->\n\n\t\t\t\t<\/a>\n\t\t\t\t\t\t\t<meta itemprop=\"width\" content=\"300\" \/>\n\t\t\t<meta itemprop=\"height\" content=\"199\" \/>\n\t\t\t<\/div>\n\t<\/div><div class=\"pp-photo-gallery-item pp-gallery-masonry-item\" data-item-id=\"2295\" itemprop=\"associatedMedia\" itemscope=\"itemscope\" itemtype=\"http:\/\/schema.org\/ImageObject\">\n\t<div class=\"pp-photo-gallery-content\">\n\n\t\t\t\t<a\n\t\t\thref=\"https:\/\/santaeulariaculturaijoventut.com\/wp-content\/uploads\/2021\/02\/85_A_NUVOLS.jpg\"\n\t\t\t \n\t\t\t\t\t\tdata-fancybox=\"images\" \n\t\t\t \n\t\t\ttitle=\"85_A_NUVOLS\" \n\t\t\t\t\t\tdata-caption=\"\"\n\t\t\t\t\t\tdata-description=\"\" \n\t\t\titemprop=\"contentUrl\"\n\t\t>\n\t\t\n\t\t\n\t\t\t<img loading=\"lazy\" decoding=\"async\" class=\"pp-gallery-img\" src=\"https:\/\/santaeulariaculturaijoventut.com\/wp-content\/uploads\/2021\/02\/85_A_NUVOLS-225x300.jpg\" alt=\"\" data-no-lazy=\"1\" itemprop=\"thumbnail\" width=\"225\" height=\"300\" \/>\n\n\t\t\t<!-- Overlay Wrapper -->\n\t\t\t<div class=\"pp-gallery-overlay\">\n\t\t\t\t<div class=\"pp-overlay-inner\">\n\n\t\t\t\t\t\n\t\t\t\t\t\n\t\t\t\t<\/div>\n\t\t\t<\/div> <!-- Overlay Wrapper Closed -->\n\n\t\t\t\t<\/a>\n\t\t\t\t\t\t\t<meta itemprop=\"width\" content=\"225\" \/>\n\t\t\t<meta itemprop=\"height\" content=\"300\" \/>\n\t\t\t<\/div>\n\t<\/div><div class=\"pp-photo-gallery-item pp-gallery-masonry-item\" data-item-id=\"2297\" itemprop=\"associatedMedia\" itemscope=\"itemscope\" itemtype=\"http:\/\/schema.org\/ImageObject\">\n\t<div class=\"pp-photo-gallery-content\">\n\n\t\t\t\t<a\n\t\t\thref=\"https:\/\/santaeulariaculturaijoventut.com\/wp-content\/uploads\/2021\/02\/109_B_Meditacio\u0301n-a-la-ibicenca.jpg\"\n\t\t\t \n\t\t\t\t\t\tdata-fancybox=\"images\" \n\t\t\t \n\t\t\ttitle=\"109_B_Meditacio\u0301n a la ibicenca\" \n\t\t\t\t\t\tdata-caption=\"\"\n\t\t\t\t\t\tdata-description=\"\" \n\t\t\titemprop=\"contentUrl\"\n\t\t>\n\t\t\n\t\t\n\t\t\t<img loading=\"lazy\" decoding=\"async\" class=\"pp-gallery-img\" src=\"https:\/\/santaeulariaculturaijoventut.com\/wp-content\/uploads\/2021\/02\/109_B_Meditacio\u0301n-a-la-ibicenca-300x200.jpg\" alt=\"\" data-no-lazy=\"1\" itemprop=\"thumbnail\" width=\"300\" height=\"200\" \/>\n\n\t\t\t<!-- Overlay Wrapper -->\n\t\t\t<div class=\"pp-gallery-overlay\">\n\t\t\t\t<div class=\"pp-overlay-inner\">\n\n\t\t\t\t\t\n\t\t\t\t\t\n\t\t\t\t<\/div>\n\t\t\t<\/div> <!-- Overlay Wrapper Closed -->\n\n\t\t\t\t<\/a>\n\t\t\t\t\t\t\t<meta itemprop=\"width\" content=\"300\" \/>\n\t\t\t<meta itemprop=\"height\" content=\"200\" \/>\n\t\t\t<\/div>\n\t<\/div><div class=\"pp-photo-gallery-item pp-gallery-masonry-item\" data-item-id=\"2299\" itemprop=\"associatedMedia\" itemscope=\"itemscope\" itemtype=\"http:\/\/schema.org\/ImageObject\">\n\t<div class=\"pp-photo-gallery-content\">\n\n\t\t\t\t<a\n\t\t\thref=\"https:\/\/santaeulariaculturaijoventut.com\/wp-content\/uploads\/2021\/02\/49_A_AtardecerSTAEULARIA.jpg\"\n\t\t\t \n\t\t\t\t\t\tdata-fancybox=\"images\" \n\t\t\t \n\t\t\ttitle=\"49_A_AtardecerSTAEULARIA\" \n\t\t\t\t\t\tdata-caption=\"\"\n\t\t\t\t\t\tdata-description=\"\" \n\t\t\titemprop=\"contentUrl\"\n\t\t>\n\t\t\n\t\t\n\t\t\t<img loading=\"lazy\" decoding=\"async\" class=\"pp-gallery-img\" src=\"https:\/\/santaeulariaculturaijoventut.com\/wp-content\/uploads\/2021\/02\/49_A_AtardecerSTAEULARIA-300x225.jpg\" alt=\"\" data-no-lazy=\"1\" itemprop=\"thumbnail\" width=\"300\" height=\"225\" \/>\n\n\t\t\t<!-- Overlay Wrapper -->\n\t\t\t<div class=\"pp-gallery-overlay\">\n\t\t\t\t<div class=\"pp-overlay-inner\">\n\n\t\t\t\t\t\n\t\t\t\t\t\n\t\t\t\t<\/div>\n\t\t\t<\/div> <!-- Overlay Wrapper Closed -->\n\n\t\t\t\t<\/a>\n\t\t\t\t\t\t\t<meta itemprop=\"width\" content=\"300\" \/>\n\t\t\t<meta itemprop=\"height\" content=\"225\" \/>\n\t\t\t<\/div>\n\t<\/div><div class=\"pp-photo-gallery-item pp-gallery-masonry-item\" data-item-id=\"2301\" itemprop=\"associatedMedia\" itemscope=\"itemscope\" itemtype=\"http:\/\/schema.org\/ImageObject\">\n\t<div class=\"pp-photo-gallery-content\">\n\n\t\t\t\t<a\n\t\t\thref=\"https:\/\/santaeulariaculturaijoventut.com\/wp-content\/uploads\/2021\/02\/23_A_Acueducto-romano.jpg\"\n\t\t\t \n\t\t\t\t\t\tdata-fancybox=\"images\" \n\t\t\t \n\t\t\ttitle=\"23_A_Acueducto romano\" \n\t\t\t\t\t\tdata-caption=\"\"\n\t\t\t\t\t\tdata-description=\"\" \n\t\t\titemprop=\"contentUrl\"\n\t\t>\n\t\t\n\t\t\n\t\t\t<img loading=\"lazy\" decoding=\"async\" class=\"pp-gallery-img\" src=\"https:\/\/santaeulariaculturaijoventut.com\/wp-content\/uploads\/2021\/02\/23_A_Acueducto-romano-225x300.jpg\" alt=\"\" data-no-lazy=\"1\" itemprop=\"thumbnail\" width=\"225\" height=\"300\" \/>\n\n\t\t\t<!-- Overlay Wrapper -->\n\t\t\t<div class=\"pp-gallery-overlay\">\n\t\t\t\t<div class=\"pp-overlay-inner\">\n\n\t\t\t\t\t\n\t\t\t\t\t\n\t\t\t\t<\/div>\n\t\t\t<\/div> <!-- Overlay Wrapper Closed -->\n\n\t\t\t\t<\/a>\n\t\t\t\t\t\t\t<meta itemprop=\"width\" content=\"225\" \/>\n\t\t\t<meta itemprop=\"height\" content=\"300\" \/>\n\t\t\t<\/div>\n\t<\/div><div class=\"pp-photo-gallery-item pp-gallery-masonry-item\" data-item-id=\"2303\" itemprop=\"associatedMedia\" itemscope=\"itemscope\" itemtype=\"http:\/\/schema.org\/ImageObject\">\n\t<div class=\"pp-photo-gallery-content\">\n\n\t\t\t\t<a\n\t\t\thref=\"https:\/\/santaeulariaculturaijoventut.com\/wp-content\/uploads\/2021\/02\/23_C_Ojo-del-mar.jpg\"\n\t\t\t \n\t\t\t\t\t\tdata-fancybox=\"images\" \n\t\t\t \n\t\t\ttitle=\"23_C_Ojo del mar\" \n\t\t\t\t\t\tdata-caption=\"\"\n\t\t\t\t\t\tdata-description=\"\" \n\t\t\titemprop=\"contentUrl\"\n\t\t>\n\t\t\n\t\t\n\t\t\t<img loading=\"lazy\" decoding=\"async\" class=\"pp-gallery-img\" src=\"https:\/\/santaeulariaculturaijoventut.com\/wp-content\/uploads\/2021\/02\/23_C_Ojo-del-mar-180x300.jpg\" alt=\"\" data-no-lazy=\"1\" itemprop=\"thumbnail\" width=\"180\" height=\"300\" \/>\n\n\t\t\t<!-- Overlay Wrapper -->\n\t\t\t<div class=\"pp-gallery-overlay\">\n\t\t\t\t<div class=\"pp-overlay-inner\">\n\n\t\t\t\t\t\n\t\t\t\t\t\n\t\t\t\t<\/div>\n\t\t\t<\/div> <!-- Overlay Wrapper Closed -->\n\n\t\t\t\t<\/a>\n\t\t\t\t\t\t\t<meta itemprop=\"width\" content=\"180\" \/>\n\t\t\t<meta itemprop=\"height\" content=\"300\" \/>\n\t\t\t<\/div>\n\t<\/div><div class=\"pp-photo-gallery-item pp-gallery-masonry-item\" data-item-id=\"2305\" itemprop=\"associatedMedia\" itemscope=\"itemscope\" itemtype=\"http:\/\/schema.org\/ImageObject\">\n\t<div class=\"pp-photo-gallery-content\">\n\n\t\t\t\t<a\n\t\t\thref=\"https:\/\/santaeulariaculturaijoventut.com\/wp-content\/uploads\/2021\/02\/100_C_Luna-y-Catedral-de-Santa-Mari\u0301a.jpg\"\n\t\t\t \n\t\t\t\t\t\tdata-fancybox=\"images\" \n\t\t\t \n\t\t\ttitle=\"100_C_Luna y Catedral de Santa Mari\u0301a\" \n\t\t\t\t\t\tdata-caption=\"\"\n\t\t\t\t\t\tdata-description=\"\" \n\t\t\titemprop=\"contentUrl\"\n\t\t>\n\t\t\n\t\t\n\t\t\t<img loading=\"lazy\" decoding=\"async\" class=\"pp-gallery-img\" src=\"https:\/\/santaeulariaculturaijoventut.com\/wp-content\/uploads\/2021\/02\/100_C_Luna-y-Catedral-de-Santa-Mari\u0301a-300x200.jpg\" alt=\"\" data-no-lazy=\"1\" itemprop=\"thumbnail\" width=\"300\" height=\"200\" \/>\n\n\t\t\t<!-- Overlay Wrapper -->\n\t\t\t<div class=\"pp-gallery-overlay\">\n\t\t\t\t<div class=\"pp-overlay-inner\">\n\n\t\t\t\t\t\n\t\t\t\t\t\n\t\t\t\t<\/div>\n\t\t\t<\/div> <!-- Overlay Wrapper Closed -->\n\n\t\t\t\t<\/a>\n\t\t\t\t\t\t\t<meta itemprop=\"width\" content=\"300\" \/>\n\t\t\t<meta itemprop=\"height\" content=\"200\" \/>\n\t\t\t<\/div>\n\t<\/div><div class=\"pp-photo-gallery-item pp-gallery-masonry-item\" data-item-id=\"2307\" itemprop=\"associatedMedia\" itemscope=\"itemscope\" itemtype=\"http:\/\/schema.org\/ImageObject\">\n\t<div class=\"pp-photo-gallery-content\">\n\n\t\t\t\t<a\n\t\t\thref=\"https:\/\/santaeulariaculturaijoventut.com\/wp-content\/uploads\/2021\/02\/62_B_ES-MEU-ALJUB-rotated.jpg\"\n\t\t\t \n\t\t\t\t\t\tdata-fancybox=\"images\" \n\t\t\t \n\t\t\ttitle=\"62_B_ES MEU ALJUB\" \n\t\t\t\t\t\tdata-caption=\"\"\n\t\t\t\t\t\tdata-description=\"\" \n\t\t\titemprop=\"contentUrl\"\n\t\t>\n\t\t\n\t\t\n\t\t\t<img loading=\"lazy\" decoding=\"async\" class=\"pp-gallery-img\" src=\"https:\/\/santaeulariaculturaijoventut.com\/wp-content\/uploads\/2021\/02\/62_B_ES-MEU-ALJUB-225x300.jpg\" alt=\"\" data-no-lazy=\"1\" itemprop=\"thumbnail\" width=\"225\" height=\"300\" \/>\n\n\t\t\t<!-- Overlay Wrapper -->\n\t\t\t<div class=\"pp-gallery-overlay\">\n\t\t\t\t<div class=\"pp-overlay-inner\">\n\n\t\t\t\t\t\n\t\t\t\t\t\n\t\t\t\t<\/div>\n\t\t\t<\/div> <!-- Overlay Wrapper Closed -->\n\n\t\t\t\t<\/a>\n\t\t\t\t\t\t\t<meta itemprop=\"width\" content=\"225\" \/>\n\t\t\t<meta itemprop=\"height\" content=\"300\" \/>\n\t\t\t<\/div>\n\t<\/div><div class=\"pp-photo-gallery-item pp-gallery-masonry-item\" data-item-id=\"2309\" itemprop=\"associatedMedia\" itemscope=\"itemscope\" itemtype=\"http:\/\/schema.org\/ImageObject\">\n\t<div class=\"pp-photo-gallery-content\">\n\n\t\t\t\t<a\n\t\t\thref=\"https:\/\/santaeulariaculturaijoventut.com\/wp-content\/uploads\/2021\/02\/100_A_Puig-de-Missa-y-Luna-Llena.jpg\"\n\t\t\t \n\t\t\t\t\t\tdata-fancybox=\"images\" \n\t\t\t \n\t\t\ttitle=\"100_A_Puig de Missa y Luna Llena\" \n\t\t\t\t\t\tdata-caption=\"\"\n\t\t\t\t\t\tdata-description=\"\" \n\t\t\titemprop=\"contentUrl\"\n\t\t>\n\t\t\n\t\t\n\t\t\t<img loading=\"lazy\" decoding=\"async\" class=\"pp-gallery-img\" src=\"https:\/\/santaeulariaculturaijoventut.com\/wp-content\/uploads\/2021\/02\/100_A_Puig-de-Missa-y-Luna-Llena-300x200.jpg\" alt=\"\" data-no-lazy=\"1\" itemprop=\"thumbnail\" width=\"300\" height=\"200\" \/>\n\n\t\t\t<!-- Overlay Wrapper -->\n\t\t\t<div class=\"pp-gallery-overlay\">\n\t\t\t\t<div class=\"pp-overlay-inner\">\n\n\t\t\t\t\t\n\t\t\t\t\t\n\t\t\t\t<\/div>\n\t\t\t<\/div> <!-- Overlay Wrapper Closed -->\n\n\t\t\t\t<\/a>\n\t\t\t\t\t\t\t<meta itemprop=\"width\" content=\"300\" \/>\n\t\t\t<meta itemprop=\"height\" content=\"200\" \/>\n\t\t\t<\/div>\n\t<\/div><div class=\"pp-photo-gallery-item pp-gallery-masonry-item\" data-item-id=\"2311\" itemprop=\"associatedMedia\" itemscope=\"itemscope\" itemtype=\"http:\/\/schema.org\/ImageObject\">\n\t<div class=\"pp-photo-gallery-content\">\n\n\t\t\t\t<a\n\t\t\thref=\"https:\/\/santaeulariaculturaijoventut.com\/wp-content\/uploads\/2021\/02\/62_A_ES-MEU-ALJUB-rotated.jpg\"\n\t\t\t \n\t\t\t\t\t\tdata-fancybox=\"images\" \n\t\t\t \n\t\t\ttitle=\"62_A_ES MEU ALJUB\" \n\t\t\t\t\t\tdata-caption=\"\"\n\t\t\t\t\t\tdata-description=\"\" \n\t\t\titemprop=\"contentUrl\"\n\t\t>\n\t\t\n\t\t\n\t\t\t<img loading=\"lazy\" decoding=\"async\" class=\"pp-gallery-img\" src=\"https:\/\/santaeulariaculturaijoventut.com\/wp-content\/uploads\/2021\/02\/62_A_ES-MEU-ALJUB-225x300.jpg\" alt=\"\" data-no-lazy=\"1\" itemprop=\"thumbnail\" width=\"225\" height=\"300\" \/>\n\n\t\t\t<!-- Overlay Wrapper -->\n\t\t\t<div class=\"pp-gallery-overlay\">\n\t\t\t\t<div class=\"pp-overlay-inner\">\n\n\t\t\t\t\t\n\t\t\t\t\t\n\t\t\t\t<\/div>\n\t\t\t<\/div> <!-- Overlay Wrapper Closed -->\n\n\t\t\t\t<\/a>\n\t\t\t\t\t\t\t<meta itemprop=\"width\" content=\"225\" \/>\n\t\t\t<meta itemprop=\"height\" content=\"300\" \/>\n\t\t\t<\/div>\n\t<\/div><div class=\"pp-photo-gallery-item pp-gallery-masonry-item\" data-item-id=\"2313\" itemprop=\"associatedMedia\" itemscope=\"itemscope\" itemtype=\"http:\/\/schema.org\/ImageObject\">\n\t<div class=\"pp-photo-gallery-content\">\n\n\t\t\t\t<a\n\t\t\thref=\"https:\/\/santaeulariaculturaijoventut.com\/wp-content\/uploads\/2021\/02\/62_C_ES-MEU-ALJUB-rotated.jpg\"\n\t\t\t \n\t\t\t\t\t\tdata-fancybox=\"images\" \n\t\t\t \n\t\t\ttitle=\"62_C_ES MEU ALJUB\" \n\t\t\t\t\t\tdata-caption=\"\"\n\t\t\t\t\t\tdata-description=\"\" \n\t\t\titemprop=\"contentUrl\"\n\t\t>\n\t\t\n\t\t\n\t\t\t<img loading=\"lazy\" decoding=\"async\" class=\"pp-gallery-img\" src=\"https:\/\/santaeulariaculturaijoventut.com\/wp-content\/uploads\/2021\/02\/62_C_ES-MEU-ALJUB-225x300.jpg\" alt=\"\" data-no-lazy=\"1\" itemprop=\"thumbnail\" width=\"225\" height=\"300\" \/>\n\n\t\t\t<!-- Overlay Wrapper -->\n\t\t\t<div class=\"pp-gallery-overlay\">\n\t\t\t\t<div class=\"pp-overlay-inner\">\n\n\t\t\t\t\t\n\t\t\t\t\t\n\t\t\t\t<\/div>\n\t\t\t<\/div> <!-- Overlay Wrapper Closed -->\n\n\t\t\t\t<\/a>\n\t\t\t\t\t\t\t<meta itemprop=\"width\" content=\"225\" \/>\n\t\t\t<meta itemprop=\"height\" content=\"300\" \/>\n\t\t\t<\/div>\n\t<\/div>\n\t\t\t<div class=\"pp-photo-space\"><\/div>\n\t<\/div>\n\n\t\t<\/div>\n<\/div>\n<\/div><div class=\"uabb-js-breakpoint\" style=\"display: none;\"><\/div>\n\t\n<strong>1. PARTICIPANTS<\/strong><br>\nPodran participar en aquest certamen fotogr\u00e0fic totes les persones que ho desitgin, siguin professionals o aficionades, sempre que els seus treballs s&#8217;ajustin a les bases.\n<strong>2. TEM\u00c0TICA<\/strong><br>\nLes fotografies s&#8217;hauran de centrar en la cultura i el patrimoni d&#8217;Eivissa.\n\n<ul>\n<li>Les imatges han de ser necess\u00e0riament originals i in\u00e8dites, que no hagin estat presentades i\/o premiades en aquest certamen en edicions anteriors.<\/li>\n<li>Les imatges podran ser en color o en blanc i negre i se n&#8217;admet la manipulaci\u00f3 digital.<\/li>\n<li>La mida m\u00ednima de les fotografies originals ser\u00e0 de 300 ppp.<\/li>\n<li>S&#8217;hauran de presentar en format JPG.<\/li>\n<li>Cada participant podr\u00e0 presentar fins a un m\u00e0xim de tres fotografies.<\/li>\n<li>Les fotografies han de ser propietat de l&#8217;autor\/a que les presenti al certamen.<\/li>\n<\/ul>\n<strong>4. FORMA DE PRESENTACI\u00d3<\/strong><br>\nPodran participar en aquest concurs totes les persones que hi estiguin interessades, tenguin m\u00e9s de 18 anys i que envi\u00efn les fotografies fins al 18 de febrer de 2021 inclusivament.<br>\nLes persones que vulguin participar hauran d&#8217;enviar un \u00fanic correu a: culturaipatrimoni@santaeularia.com amb les seues fotografies i la informaci\u00f3 personal seg\u00fcent.\n<ul>\n<li>Nom i cognoms<\/li>\n<li>N\u00famero de DNI\/NIE<\/li>\n<li>Adre\u00e7a<\/li>\n<li>Tel\u00e8fon de contacte<\/li>\n<li>T\u00edtol de l&#8217;obra<\/li>\n<\/ul>\n<p>Rebran un correu electr\u00f2nic com a justificant de recepci\u00f3.<\/p>\n<strong>5. JURAT<\/strong><br>\nEl jurat ser\u00e0 designat pels departaments de Cultura i Educaci\u00f3, Joventut i Festes. El jurat es reserva el dret d&#8217;interpretaci\u00f3 de les bases del concurs i de resoluci\u00f3 dels casos no contemplats, d&#8217;acord amb el seu millor criteri.<br>\nEl jurat podr\u00e0 declarar deserts els premis que s&#8217;estableixen en l&#8217;apartat seg\u00fcent, si els treballs presentats no reuneixen, al seu criteri, els m\u00e8rits suficients. Tamb\u00e9 podr\u00e0 aplicar l&#8217;ex aequo.\n<strong>6. PREMIS<\/strong><br>\nS&#8217;estableixen els premis seg\u00fcents:\n<ul>\n<li>1r &#8211; 300 \u20ac<\/li>\n<li>2n &#8211; 200 \u20ac<\/li>\n<li>3r &#8211; 100 \u20ac<\/li>\n<\/ul>\nEls premiats hauran d&#8217;anar a cobrar els premis a les oficines de Tresoreria (carrer de Mari\u00e0 Riquer Wallis, 4, segona planta) en un termini de 15 dies.<br>\nLes tres obres premiades passaran a formar part de la col\u00b7lecci\u00f3 de l&#8217;Ajuntament de Santa Eul\u00e0ria des Riu. Les fotografies que hagin participat en el concurs no podran ser emprades per l&#8217;Ajuntament amb finalitats lucratives.\n<strong>7. DECISI\u00d3 DEL JURAT, ENTREGA DE PREMIS I EXPOSICI\u00d3 DE TOTES LES PARTICIPACIONS<\/strong><br>\nLa decisi\u00f3 del jurat es far\u00e0 p\u00fablica el dia 19 de febrer de 2021.<br>\nA partir del dia 19 de febrer podreu veure exposades totes les obres participants a la web www.santaeulariaculturaijoventut.com.<br>\nLes obres premiades passaran a formar part de la col\u00b7lecci\u00f3 de l&#8217;Ajuntament de Santa Eul\u00e0ria des Riu.<br>\nLa participaci\u00f3 en aquest concurs implica l&#8217;acceptaci\u00f3 de totes les bases. L&#8217;organitzaci\u00f3 es reserva el dret a introduir, si ho considera convenient, les modificacions necess\u00e0ries per al bon funcionament del concurs.\n<p><strong>Informaci\u00f3 sobre protecci\u00f3 de dades:<\/strong> El responsable del tractament de les dades \u00e9s l&#8217;Ajuntament de Santa Eul\u00e0ria des Riu. La finalitat del tractament \u00e9s la seua participaci\u00f3 en el Concurs de Fotografia Festes de Santa Eul\u00e0ria 2021. La legitimaci\u00f3 per al tractament es basa en el seu consentiment prestat per participar en el concurs esmentat. Les dades seran conservades durant els terminis previstos en les disposicions legals aplicables i el temps necessari per atendre les possibles responsabilitats nascudes del tractament. No es comunicaran les dades a tercers excepte obligaci\u00f3 legal. T\u00e9 dret a sol\u00b7licitar l&#8217;acc\u00e9s a les seues dades personals, la seua rectificaci\u00f3, supressi\u00f3 o portabilitat i la limitaci\u00f3 del seu tractament davant la Secretaria d&#8217;aquest Ajuntament situat a la pla\u00e7a Espanya, n\u00fam. 1, 07840 Santa Eul\u00e0ria des Riu, o oposar-se al tractament, aix\u00ed com a presentar una reclamaci\u00f3 davant l&#8217;autoritat de control.<\/p>\n\t\t\t<img decoding=\"async\" src=\"https:\/\/santaeulariaculturaijoventut.com\/wp-content\/uploads\/2021\/02\/thumb-do-not-disturb.jpg\" title=\"thumb-do-not-disturb\" alt=\"\">\t\t\t\t\t\t\t\n\t\t\t\t\tPlay Video\n\t\t\t<img decoding=\"async\" src=\"https:\/\/santaeulariaculturaijoventut.com\/wp-content\/uploads\/2021\/02\/thumb-somins.jpg\" title=\"thumb-somins\" alt=\"\">\t\t\t\t\t\t\t\n\t\t\t\t\tPlay Video\n\t<div class=\"fl-builder-content fl-builder-content-1611 fl-builder-template fl-builder-module-template fl-builder-global-templates-locked\" data-post-id=\"1611\"><div class=\"fl-module fl-module-pp-image fl-node-6023d0ae2ed44\" data-node=\"6023d0ae2ed44\">\n\t<div class=\"fl-module-content fl-node-content\">\n\t\t<div class=\"pp-photo-container\">\n\t<div class=\"pp-photo pp-photo-align-center pp-photo-align-responsive-default\" itemscope itemtype=\"http:\/\/schema.org\/ImageObject\">\n\t\t<div class=\"pp-photo-content\">\n\t\t\t<div class=\"pp-photo-content-inner\">\n\t\t\t\t\t\t\t\t<a href=\"\/ca\/festes-de-santa-eularia\/concurs-de-poesia\" target=\"_self\" itemprop=\"url\">\n\t\t\t\t\t\t\t\t\t<img loading=\"lazy\" decoding=\"async\" class=\"pp-photo-img wp-image-1453 size-full\" src=\"https:\/\/santaeulariaculturaijoventut.com\/wp-content\/uploads\/2021\/02\/BANNERS-WEB-DE-POESIA.jpg\" alt=\"BANNERS-WEB-DE-POESIA\" itemprop=\"image\" height=\"394\" width=\"700\" srcset=\"https:\/\/santaeulariaculturaijoventut.com\/wp-content\/uploads\/2021\/02\/BANNERS-WEB-DE-POESIA.jpg 700w, https:\/\/santaeulariaculturaijoventut.com\/wp-content\/uploads\/2021\/02\/BANNERS-WEB-DE-POESIA-300x169.jpg 300w\" sizes=\"(max-width: 700px) 100vw, 700px\" title=\"BANNERS-WEB-DE-POESIA\"  \/>\n\t\t\t\t\t<div class=\"pp-overlay-bg\"><\/div>\n\t\t\t\t\t\t\t\t\t\t\t\t\t<\/a>\n\t\t\t\t\t\t\t<\/div>\n\t\t\t\t\t<\/div>\n\t<\/div>\n<\/div>\n\t<\/div>\n<\/div>\n<\/div><div class=\"uabb-js-breakpoint\" style=\"display: none;\"><\/div>\n\t<div class=\"fl-builder-content fl-builder-content-1612 fl-builder-template fl-builder-module-template fl-builder-global-templates-locked\" data-post-id=\"1612\"><div class=\"fl-module fl-module-pp-image fl-node-6023d0be54886\" data-node=\"6023d0be54886\">\n\t<div class=\"fl-module-content fl-node-content\">\n\t\t<div class=\"pp-photo-container\">\n\t<div class=\"pp-photo pp-photo-align-center pp-photo-align-responsive-default\" itemscope itemtype=\"http:\/\/schema.org\/ImageObject\">\n\t\t<div class=\"pp-photo-content\">\n\t\t\t<div class=\"pp-photo-content-inner\">\n\t\t\t\t\t\t\t\t<a href=\"\/ca\/festes-de-santa-eularia\/concurs-de-fotografia\" target=\"_self\" itemprop=\"url\">\n\t\t\t\t\t\t\t\t\t<img loading=\"lazy\" decoding=\"async\" class=\"pp-photo-img wp-image-1457 size-full\" src=\"https:\/\/santaeulariaculturaijoventut.com\/wp-content\/uploads\/2021\/02\/BANNERS-WEB-DE-fotografia.jpg\" alt=\"BANNERS-WEB-DE-fotografia\" itemprop=\"image\" height=\"394\" width=\"700\" srcset=\"https:\/\/santaeulariaculturaijoventut.com\/wp-content\/uploads\/2021\/02\/BANNERS-WEB-DE-fotografia.jpg 700w, https:\/\/santaeulariaculturaijoventut.com\/wp-content\/uploads\/2021\/02\/BANNERS-WEB-DE-fotografia-300x169.jpg 300w\" sizes=\"(max-width: 700px) 100vw, 700px\" title=\"BANNERS-WEB-DE-fotografia\"  \/>\n\t\t\t\t\t<div class=\"pp-overlay-bg\"><\/div>\n\t\t\t\t\t\t\t\t\t\t\t\t\t<\/a>\n\t\t\t\t\t\t\t<\/div>\n\t\t\t\t\t<\/div>\n\t<\/div>\n<\/div>\n\t<\/div>\n<\/div>\n<\/div><div class=\"uabb-js-breakpoint\" style=\"display: none;\"><\/div>\n","protected":false},"excerpt":{"rendered":"<p>Bases concurs de fotografia Festes de Santa Eul\u00e0ria des Riu 2021 GUANYADORS CONCURS DE FOTOGRAFIA PRIMER PREMI &#8216;Un minut de silenci&#8217; Tamas Koonig Lansbergen SEGON PREMI &#8216;Autosuficiencia&#8217; Cristina \u00c1lvaro TERCER PREMI &#8216;Pagesa&#8217; Manel Royo Mayoral PARTICIPANTS CONCURS DE FOTOGRAFIA 1. PARTICIPANTS Podran participar en aquest certamen fotogr\u00e0fic totes les persones que ho desitgin, siguin professionals&hellip;<\/p>\n","protected":false},"author":1,"featured_media":0,"parent":1428,"menu_order":10,"comment_status":"closed","ping_status":"closed","template":"","meta":{"footnotes":""},"categories":[85],"tags":[],"folder":[33],"yoast_head":"<!-- This site is optimized with the Yoast SEO plugin v23.9 - https:\/\/yoast.com\/wordpress\/plugins\/seo\/ -->\n<title>Concurs de fotografia - Cultura i Joventut, Santa Eul\u00e0ria des Riu<\/title>\n<meta name=\"robots\" content=\"index, follow, max-snippet:-1, max-image-preview:large, max-video-preview:-1\" \/>\n<link rel=\"canonical\" href=\"https:\/\/santaeulariaculturaijoventut.com\/ca\/festes-de-santa-eularia\/concurs-de-fotografia\/\" \/>\n<meta property=\"og:locale\" content=\"ca_ES\" \/>\n<meta property=\"og:type\" content=\"article\" \/>\n<meta property=\"og:title\" content=\"Concurs de fotografia - Cultura i Joventut, Santa Eul\u00e0ria des Riu\" \/>\n<meta property=\"og:description\" content=\"Bases concurs de fotografia Festes de Santa Eul\u00e0ria des Riu 2021 GUANYADORS CONCURS DE FOTOGRAFIA PRIMER PREMI &#8216;Un minut de silenci&#8217; Tamas Koonig Lansbergen SEGON PREMI &#8216;Autosuficiencia&#8217; Cristina \u00c1lvaro TERCER PREMI &#8216;Pagesa&#8217; Manel Royo Mayoral PARTICIPANTS CONCURS DE FOTOGRAFIA 1. PARTICIPANTS Podran participar en aquest certamen fotogr\u00e0fic totes les persones que ho desitgin, siguin professionals&hellip;\" \/>\n<meta property=\"og:url\" content=\"https:\/\/santaeulariaculturaijoventut.com\/ca\/festes-de-santa-eularia\/concurs-de-fotografia\/\" \/>\n<meta property=\"og:site_name\" content=\"Cultura i Joventut, Santa Eul\u00e0ria des Riu\" \/>\n<meta property=\"article:modified_time\" content=\"2021-11-16T07:19:39+00:00\" \/>\n<meta property=\"og:image\" content=\"https:\/\/santaeulariaculturaijoventut.com\/wp-content\/uploads\/2021\/02\/54_A_Un-Minut-de-Silenci-.jpg\" \/>\n<meta name=\"twitter:card\" content=\"summary_large_image\" \/>\n<meta name=\"twitter:label1\" content=\"Temps estimat de lectura\" \/>\n\t<meta name=\"twitter:data1\" content=\"3 minuts\" \/>\n<script type=\"application\/ld+json\" class=\"yoast-schema-graph\">{\"@context\":\"https:\/\/schema.org\",\"@graph\":[{\"@type\":\"WebPage\",\"@id\":\"https:\/\/santaeulariaculturaijoventut.com\/ca\/festes-de-santa-eularia\/concurs-de-fotografia\/\",\"url\":\"https:\/\/santaeulariaculturaijoventut.com\/ca\/festes-de-santa-eularia\/concurs-de-fotografia\/\",\"name\":\"Concurs de fotografia - Cultura i Joventut, Santa Eul\u00e0ria des Riu\",\"isPartOf\":{\"@id\":\"https:\/\/santaeulariaculturaijoventut.com\/ca\/#website\"},\"primaryImageOfPage\":{\"@id\":\"https:\/\/santaeulariaculturaijoventut.com\/ca\/festes-de-santa-eularia\/concurs-de-fotografia\/#primaryimage\"},\"image\":{\"@id\":\"https:\/\/santaeulariaculturaijoventut.com\/ca\/festes-de-santa-eularia\/concurs-de-fotografia\/#primaryimage\"},\"thumbnailUrl\":\"https:\/\/santaeulariaculturaijoventut.com\/wp-content\/uploads\/2021\/02\/54_A_Un-Minut-de-Silenci-.jpg\",\"datePublished\":\"2021-02-07T09:48:39+00:00\",\"dateModified\":\"2021-11-16T07:19:39+00:00\",\"breadcrumb\":{\"@id\":\"https:\/\/santaeulariaculturaijoventut.com\/ca\/festes-de-santa-eularia\/concurs-de-fotografia\/#breadcrumb\"},\"inLanguage\":\"ca\",\"potentialAction\":[{\"@type\":\"ReadAction\",\"target\":[\"https:\/\/santaeulariaculturaijoventut.com\/ca\/festes-de-santa-eularia\/concurs-de-fotografia\/\"]}]},{\"@type\":\"ImageObject\",\"inLanguage\":\"ca\",\"@id\":\"https:\/\/santaeulariaculturaijoventut.com\/ca\/festes-de-santa-eularia\/concurs-de-fotografia\/#primaryimage\",\"url\":\"https:\/\/santaeulariaculturaijoventut.com\/wp-content\/uploads\/2021\/02\/54_A_Un-Minut-de-Silenci-.jpg\",\"contentUrl\":\"https:\/\/santaeulariaculturaijoventut.com\/wp-content\/uploads\/2021\/02\/54_A_Un-Minut-de-Silenci-.jpg\"},{\"@type\":\"BreadcrumbList\",\"@id\":\"https:\/\/santaeulariaculturaijoventut.com\/ca\/festes-de-santa-eularia\/concurs-de-fotografia\/#breadcrumb\",\"itemListElement\":[{\"@type\":\"ListItem\",\"position\":1,\"name\":\"Inici\",\"item\":\"https:\/\/santaeulariaculturaijoventut.com\/ca\/escoles-estiu\/informacio-escoles-destiu\/\"},{\"@type\":\"ListItem\",\"position\":2,\"name\":\"Festes de Santa Eul\u00e0ria\",\"item\":\"https:\/\/santaeulariaculturaijoventut.com\/ca\/festes-de-santa-eularia\/\"},{\"@type\":\"ListItem\",\"position\":3,\"name\":\"Concurs de fotografia\"}]},{\"@type\":\"WebSite\",\"@id\":\"https:\/\/santaeulariaculturaijoventut.com\/ca\/#website\",\"url\":\"https:\/\/santaeulariaculturaijoventut.com\/ca\/\",\"name\":\"Cultura i Joventut, Santa Eul\u00e0ria des Riu\",\"description\":\"Cultura i Joventut, Santa Eul\u00e0ria des Riu\",\"potentialAction\":[{\"@type\":\"SearchAction\",\"target\":{\"@type\":\"EntryPoint\",\"urlTemplate\":\"https:\/\/santaeulariaculturaijoventut.com\/ca\/?s={search_term_string}\"},\"query-input\":{\"@type\":\"PropertyValueSpecification\",\"valueRequired\":true,\"valueName\":\"search_term_string\"}}],\"inLanguage\":\"ca\"}]}<\/script>\n<!-- \/ Yoast SEO plugin. -->","yoast_head_json":{"title":"Concurs de fotografia - Cultura i Joventut, Santa Eul\u00e0ria des Riu","robots":{"index":"index","follow":"follow","max-snippet":"max-snippet:-1","max-image-preview":"max-image-preview:large","max-video-preview":"max-video-preview:-1"},"canonical":"https:\/\/santaeulariaculturaijoventut.com\/ca\/festes-de-santa-eularia\/concurs-de-fotografia\/","og_locale":"ca_ES","og_type":"article","og_title":"Concurs de fotografia - Cultura i Joventut, Santa Eul\u00e0ria des Riu","og_description":"Bases concurs de fotografia Festes de Santa Eul\u00e0ria des Riu 2021 GUANYADORS CONCURS DE FOTOGRAFIA PRIMER PREMI &#8216;Un minut de silenci&#8217; Tamas Koonig Lansbergen SEGON PREMI &#8216;Autosuficiencia&#8217; Cristina \u00c1lvaro TERCER PREMI &#8216;Pagesa&#8217; Manel Royo Mayoral PARTICIPANTS CONCURS DE FOTOGRAFIA 1. PARTICIPANTS Podran participar en aquest certamen fotogr\u00e0fic totes les persones que ho desitgin, siguin professionals&hellip;","og_url":"https:\/\/santaeulariaculturaijoventut.com\/ca\/festes-de-santa-eularia\/concurs-de-fotografia\/","og_site_name":"Cultura i Joventut, Santa Eul\u00e0ria des Riu","article_modified_time":"2021-11-16T07:19:39+00:00","og_image":[{"url":"https:\/\/santaeulariaculturaijoventut.com\/wp-content\/uploads\/2021\/02\/54_A_Un-Minut-de-Silenci-.jpg"}],"twitter_card":"summary_large_image","twitter_misc":{"Temps estimat de lectura":"3 minuts"},"schema":{"@context":"https:\/\/schema.org","@graph":[{"@type":"WebPage","@id":"https:\/\/santaeulariaculturaijoventut.com\/ca\/festes-de-santa-eularia\/concurs-de-fotografia\/","url":"https:\/\/santaeulariaculturaijoventut.com\/ca\/festes-de-santa-eularia\/concurs-de-fotografia\/","name":"Concurs de fotografia - Cultura i Joventut, Santa Eul\u00e0ria des Riu","isPartOf":{"@id":"https:\/\/santaeulariaculturaijoventut.com\/ca\/#website"},"primaryImageOfPage":{"@id":"https:\/\/santaeulariaculturaijoventut.com\/ca\/festes-de-santa-eularia\/concurs-de-fotografia\/#primaryimage"},"image":{"@id":"https:\/\/santaeulariaculturaijoventut.com\/ca\/festes-de-santa-eularia\/concurs-de-fotografia\/#primaryimage"},"thumbnailUrl":"https:\/\/santaeulariaculturaijoventut.com\/wp-content\/uploads\/2021\/02\/54_A_Un-Minut-de-Silenci-.jpg","datePublished":"2021-02-07T09:48:39+00:00","dateModified":"2021-11-16T07:19:39+00:00","breadcrumb":{"@id":"https:\/\/santaeulariaculturaijoventut.com\/ca\/festes-de-santa-eularia\/concurs-de-fotografia\/#breadcrumb"},"inLanguage":"ca","potentialAction":[{"@type":"ReadAction","target":["https:\/\/santaeulariaculturaijoventut.com\/ca\/festes-de-santa-eularia\/concurs-de-fotografia\/"]}]},{"@type":"ImageObject","inLanguage":"ca","@id":"https:\/\/santaeulariaculturaijoventut.com\/ca\/festes-de-santa-eularia\/concurs-de-fotografia\/#primaryimage","url":"https:\/\/santaeulariaculturaijoventut.com\/wp-content\/uploads\/2021\/02\/54_A_Un-Minut-de-Silenci-.jpg","contentUrl":"https:\/\/santaeulariaculturaijoventut.com\/wp-content\/uploads\/2021\/02\/54_A_Un-Minut-de-Silenci-.jpg"},{"@type":"BreadcrumbList","@id":"https:\/\/santaeulariaculturaijoventut.com\/ca\/festes-de-santa-eularia\/concurs-de-fotografia\/#breadcrumb","itemListElement":[{"@type":"ListItem","position":1,"name":"Inici","item":"https:\/\/santaeulariaculturaijoventut.com\/ca\/escoles-estiu\/informacio-escoles-destiu\/"},{"@type":"ListItem","position":2,"name":"Festes de Santa Eul\u00e0ria","item":"https:\/\/santaeulariaculturaijoventut.com\/ca\/festes-de-santa-eularia\/"},{"@type":"ListItem","position":3,"name":"Concurs de fotografia"}]},{"@type":"WebSite","@id":"https:\/\/santaeulariaculturaijoventut.com\/ca\/#website","url":"https:\/\/santaeulariaculturaijoventut.com\/ca\/","name":"Cultura i Joventut, Santa Eul\u00e0ria des Riu","description":"Cultura i Joventut, Santa Eul\u00e0ria des Riu","potentialAction":[{"@type":"SearchAction","target":{"@type":"EntryPoint","urlTemplate":"https:\/\/santaeulariaculturaijoventut.com\/ca\/?s={search_term_string}"},"query-input":{"@type":"PropertyValueSpecification","valueRequired":true,"valueName":"search_term_string"}}],"inLanguage":"ca"}]}},"_links":{"self":[{"href":"https:\/\/santaeulariaculturaijoventut.com\/ca\/wp-json\/wp\/v2\/pages\/1461"}],"collection":[{"href":"https:\/\/santaeulariaculturaijoventut.com\/ca\/wp-json\/wp\/v2\/pages"}],"about":[{"href":"https:\/\/santaeulariaculturaijoventut.com\/ca\/wp-json\/wp\/v2\/types\/page"}],"author":[{"embeddable":true,"href":"https:\/\/santaeulariaculturaijoventut.com\/ca\/wp-json\/wp\/v2\/users\/1"}],"replies":[{"embeddable":true,"href":"https:\/\/santaeulariaculturaijoventut.com\/ca\/wp-json\/wp\/v2\/comments?post=1461"}],"version-history":[{"count":1,"href":"https:\/\/santaeulariaculturaijoventut.com\/ca\/wp-json\/wp\/v2\/pages\/1461\/revisions"}],"predecessor-version":[{"id":4444,"href":"https:\/\/santaeulariaculturaijoventut.com\/ca\/wp-json\/wp\/v2\/pages\/1461\/revisions\/4444"}],"up":[{"embeddable":true,"href":"https:\/\/santaeulariaculturaijoventut.com\/ca\/wp-json\/wp\/v2\/pages\/1428"}],"wp:attachment":[{"href":"https:\/\/santaeulariaculturaijoventut.com\/ca\/wp-json\/wp\/v2\/media?parent=1461"}],"wp:term":[{"taxonomy":"category","embeddable":true,"href":"https:\/\/santaeulariaculturaijoventut.com\/ca\/wp-json\/wp\/v2\/categories?post=1461"},{"taxonomy":"post_tag","embeddable":true,"href":"https:\/\/santaeulariaculturaijoventut.com\/ca\/wp-json\/wp\/v2\/tags?post=1461"},{"taxonomy":"folder","embeddable":true,"href":"https:\/\/santaeulariaculturaijoventut.com\/ca\/wp-json\/wp\/v2\/folder?post=1461"}],"curies":[{"name":"wp","href":"https:\/\/api.w.org\/{rel}","templated":true}]}}