{"id":4684,"date":"2021-11-24T11:25:23","date_gmt":"2021-11-24T10:25:23","guid":{"rendered":"https:\/\/santaeulariaculturaijoventut.com\/ca\/?post_type=escola-de-nadal&#038;p=4684"},"modified":"2025-11-25T15:24:29","modified_gmt":"2025-11-25T14:24:29","slug":"informacio-escola-de-nadal-riuland","status":"publish","type":"escola-de-nadal","link":"https:\/\/santaeulariaculturaijoventut.com\/ca\/escola-de-nadal\/informacio-escola-de-nadal-riuland\/","title":{"rendered":"Informaci\u00f3 Escola de Nadal Riuland"},"content":{"rendered":"<p><span style=\"color: #db132c;\"><strong>INFORMACI\u00d3 SOBRE L&#8217;ACTIVITAT<\/strong><\/span><br \/>\n<span style=\"color: #444444;\">Del 22 de desembre de 2025 al 5 de gener de 2026 es dur\u00e0 a terme l&#8217;Escola de Nadal Riuland, organitzada pel Departament de Joventut de l&#8217;Ajuntament de Santa Eul\u00e0ria des Riu.<\/span><br \/>\n<span style=\"color: #444444;\">L&#8217;activitat est\u00e0 dirigida a infants escolaritzats nascuts entre 2014 i 2022, que durant les festes de Nadal podran gaudir de diferents tallers i activitats de tem\u00e0tica nadalenca (treballs manuals, expressi\u00f3 corporal, cuina, esport, etc.). Els grups estaran establerts segons l&#8217;edat i seran dinamitzats per un equip de monitores i monitors d&#8217;oci i temps lliure.<\/span><\/p>\n<p><span style=\"color: #db132c;\"><strong>ESCOLES QUE&nbsp;S&#8217;OFEREIXEN<\/strong><\/span><br \/>\n<span style=\"color: #444444;\">S\u2019ofereixen places limitades als espais municipals de:<\/span><\/p>\n<ul>\n<li><span style=\"color: #444444;\">Santa Eul\u00e0ria des Riu.<\/span><\/li>\n<p><\/p>\n<li><span style=\"color: #444444;\">Es Puig d\u2019en Valls.<\/span><\/li>\n<p>\n<\/ul>\n<p><span style=\"color: #db132c;\"><strong>ORDRE DE PREFER\u00c8NCIA D&#8217;ADMISSI\u00d3<\/strong><\/span><\/p>\n<ol style=\"margin-top: -8px;\">\n<li><span style=\"color: #444444;\">Empadronats\/des al municipi (places limitades adjudicades per rigor\u00f3s ordre d&#8217;inscripci\u00f3).<\/span><\/li>\n<p><\/p>\n<li><span style=\"color: #444444;\">No empadronats\/des, per\u00f2 escolaritzats en centres escolars p\u00fablics del municipi (si hi ha places disponibles).<\/span><\/li>\n<p><\/p>\n<li><span style=\"color: #444444;\">No empadronats\/des (si hi ha places disponibles).<\/span><\/li>\n<\/ol>\n<p><span style=\"color: #db132c;\"><strong>DURADA I HORARI<\/strong><\/span><br \/>\n<span style=\"color: #444444;\">L&#8217;Escola de Nadal Riuland es realitzar\u00e0 els dies 22, 23, 24, 29, 30 i 31 de desembre de 2025 i 2 i 5 de gener de 2026. L&#8217;horari ser\u00e0 el seg\u00fcent:<\/p>\n<ul>\n<li><span style=\"color: #444444;\">Entrada de 8.30 a 9 h.<\/span><\/li>\n<p><\/p>\n<li><span style=\"color: #444444;\">Sortida de 13.45 a 14.15 h.<\/span><\/li>\n<\/ul>\n<p><\/span><\/p>\n<p><span style=\"color: #db132c;\"><strong>DOCUMENTACI\u00d3<\/strong><\/span><\/p>\n<ul style=\"margin-top: -8px;\">\n<li><span style=\"color: #444444;\">DNI\/NIE del\/la menor.<\/span><\/li>\n<p><\/p>\n<li><span style=\"color: #444444;\">Llibre de fam\u00edlia (en el cas que el\/la menor no tengui DNI\/NIE o hi hagi un segon membre inscrit).<\/span><\/li>\n<p><\/p>\n<li><span style=\"color: #444444;\">Targeta de fam\u00edlia nombrosa o monoparental (si correspon; en aquest cas no ser\u00e0 necessari presentar la fotoc\u00f2pia del llibre de fam\u00edlia).<\/span><\/li>\n<p><\/p>\n<li><span style=\"color: #444444;\">Certificat de resid\u00e8ncia (nom\u00e9s en el cas que no autoritzi l&#8217;Ajuntament a revisar les seues dades en el Padr\u00f3).<\/span><\/li>\n<p><\/p>\n<li><span style=\"color: #444444;\">Certificat del centre escolar del municipi (nom\u00e9s no empadronats\/des).<\/span><\/li>\n<p><\/p>\n<li><span style=\"color: #444444;\">Certificat de discapacitat (si correspon).<\/span><\/li>\n<\/ul>\n<p><span style=\"color: #444444;\"><strong><span style=\"color: #db132c;\">INSCRIPCIONS<\/span><\/strong><br \/>\nTots els tr\u00e0mits es realitzaran de manera telem\u00e0tica a <a style=\"color: #444444;\" href=\"http:\/\/www.santaeulariaculturaijoventut.com\">www.santaeulariaculturaijoventut.com<\/a>.<\/p>\n<ul>\n<li><span style=\"color: #444444;\"><strong>Termini d&#8217;inscripci\u00f3:<\/strong> de l\u20191 al 8 de desembre (tots dos inclosos).<\/span><\/li>\n<p><\/p>\n<li><span style=\"color: #444444;\"><strong>Llista provisional d&#8217;admesos\/es:<\/strong> 10 de desembre.<\/span><\/li>\n<p><\/p>\n<li><span style=\"color: #444444;\"><strong>Termini de pagament i documentaci\u00f3 pendent:<\/strong> del 10 al 12 de desembre (tots dos inclosos). Realitzaci\u00f3 del pagament mitjan\u00e7ant targeta i presentaci\u00f3 de la documentaci\u00f3 pendent.<\/span><\/li>\n<p><\/p>\n<li><span style=\"color: #444444;\"><strong>Llista definitiva d&#8217;admesos\/es:<\/strong> 16 de desembre.<\/span><\/li>\n<\/ul>\n<p><\/span><\/p>\n<p><span style=\"color: #db132c;\"><strong>PREUS I DESCOMPTES<\/strong><\/span><br \/>\n\n<table id=\"tablepress-3\" class=\"tablepress tablepress-id-3\">\n<thead>\n<tr class=\"row-1 odd\">\n\t<th class=\"column-1\">TIPUS DE PAGAMENT\t<\/th><th class=\"column-2\">PREU<br \/>\n<\/th>\n<\/tr>\n<\/thead>\n<tbody>\n<tr class=\"row-2 even\">\n\t<td class=\"column-1\">Inscripci\u00f3\t<\/td><td class=\"column-2\">95 \u20ac per infant<\/td>\n<\/tr>\n<tr class=\"row-3 odd\">\n\t<td class=\"column-1\">Segon membre de la fam\u00edlia inscrit\t<\/td><td class=\"column-2\">10% de descompte<\/td>\n<\/tr>\n<tr class=\"row-4 even\">\n\t<td class=\"column-1\">Fam\u00edlia nombrosa o monoparental\t<\/td><td class=\"column-2\">50% de descompte<\/td>\n<\/tr>\n<tr class=\"row-5 odd\">\n\t<td class=\"column-1\">Infants amb discapacitat certificada amb un grau compr\u00e8s entre el 33% i el 50%\t<\/td><td class=\"column-2\">50% de descompte<\/td>\n<\/tr>\n<tr class=\"row-6 even\">\n\t<td class=\"column-1\">Infants amb discapacitat certificada amb un grau igual o superior al 51%\t<\/td><td class=\"column-2\">100% de descompte<\/td>\n<\/tr>\n<\/tbody>\n<\/table>\n<!-- #tablepress-3 from cache --><br \/>\n<span style=\"color: #444444;\">*Els descomptes nom\u00e9s s&#8217;aplicaran a sol\u00b7licitants empadronats\/des al municipi de Santa Eul\u00e0ria des Riu.<\/span><br \/>\n<span style=\"color: #444444;\">*Els descomptes no s\u00f3n acumulables. Quan es reuneixin requisits per optar a m\u00e9s d&#8217;un descompte, sempre s&#8217;aplicar\u00e0 el m\u00e9s alt.<\/span><\/p>\n<p><span style=\"color: #db132c;\"><strong>DADES ORGANITZACI\u00d3<\/strong><\/span><br \/>\n<span style=\"color: #444444;\">Departament de Joventut de l&#8217;Ajuntament de Santa Eul\u00e0ria des Riu<br \/>\n<a style=\"color: #444444;\" href=\"mailto:puntjove@santaeularia.com\">puntjove@santaeularia.com<\/a> <br \/>\n971 31 90 65 \/ 871 00 05 87.<br \/>\n<\/span><\/p>\n<p><span style=\"color: #db132c;\"><strong>INFORMACI\u00d3 SOBRE LA PROTECCI\u00d3 DE DADES PERSONALS<\/strong><\/span><br \/>\n<span style=\"color: #444444;\">El responsable del tractament de les dades \u00e9s l&#8217;Ajuntament de Santa Eul\u00e0ria des Riu. La finalitat del tractament \u00e9s l&#8217;autoritzaci\u00f3 en la participaci\u00f3 de l&#8217;Escola de Nadal RIULAND. La legitimaci\u00f3 per al tractament es basa en el seu consentiment. Les dades seran conservades durant els terminis previstos en les disposicions legals aplicables i el temps necessari per atendre possibles responsabilitats nascudes del tractament. No es comunicaran les seues dades a tercers excepte obligaci\u00f3 legal. T\u00e9 dret a sol\u00b7licitar-nos l&#8217;acc\u00e9s a aquestes dades personals, la seua rectificaci\u00f3, supressi\u00f3 o portabilitat, la limitaci\u00f3 del seu tractament, i a oposar-se al tractament davant la Secretaria d&#8217;aquest Ajuntament situada a la pla\u00e7a d\u2019Espanya, n\u00fam. 1, Santa Eul\u00e0ria des Riu 07840, aix\u00ed com a presentar una reclamaci\u00f3 davant una autoritat de control.<br \/>\n<\/span><\/p>\n","protected":false},"parent":0,"template":"","yoast_head":"<!-- This site is optimized with the Yoast SEO plugin v23.9 - https:\/\/yoast.com\/wordpress\/plugins\/seo\/ -->\n<title>Informaci\u00f3 Escola de Nadal Riuland - Cultura i Joventut, Santa Eul\u00e0ria des Riu<\/title>\n<meta name=\"robots\" content=\"index, follow, max-snippet:-1, max-image-preview:large, max-video-preview:-1\" \/>\n<link rel=\"canonical\" href=\"https:\/\/santaeulariaculturaijoventut.com\/ca\/escola-de-nadal\/informacio-escola-de-nadal-riuland\/\" \/>\n<meta property=\"og:locale\" content=\"ca_ES\" \/>\n<meta property=\"og:type\" content=\"article\" \/>\n<meta property=\"og:title\" content=\"Informaci\u00f3 Escola de Nadal Riuland - Cultura i Joventut, Santa Eul\u00e0ria des Riu\" \/>\n<meta property=\"og:description\" content=\"INFORMACI\u00d3 SOBRE L&#8217;ACTIVITAT Del 22 de desembre de 2025 al 5 de gener de 2026 es dur\u00e0 a terme l&#8217;Escola de Nadal Riuland, organitzada pel Departament de Joventut de l&#8217;Ajuntament de Santa Eul\u00e0ria des Riu. L&#8217;activitat est\u00e0 dirigida a infants escolaritzats nascuts entre 2014 i 2022, que durant les festes de Nadal podran gaudir de&hellip;\" \/>\n<meta property=\"og:url\" content=\"https:\/\/santaeulariaculturaijoventut.com\/ca\/escola-de-nadal\/informacio-escola-de-nadal-riuland\/\" \/>\n<meta property=\"og:site_name\" content=\"Cultura i Joventut, Santa Eul\u00e0ria des Riu\" \/>\n<meta property=\"article:modified_time\" content=\"2025-11-25T14:24:29+00:00\" \/>\n<meta name=\"twitter:card\" content=\"summary_large_image\" \/>\n<meta name=\"twitter:label1\" content=\"Temps estimat de lectura\" \/>\n\t<meta name=\"twitter:data1\" content=\"3 minuts\" \/>\n<script type=\"application\/ld+json\" class=\"yoast-schema-graph\">{\"@context\":\"https:\/\/schema.org\",\"@graph\":[{\"@type\":\"WebPage\",\"@id\":\"https:\/\/santaeulariaculturaijoventut.com\/ca\/escola-de-nadal\/informacio-escola-de-nadal-riuland\/\",\"url\":\"https:\/\/santaeulariaculturaijoventut.com\/ca\/escola-de-nadal\/informacio-escola-de-nadal-riuland\/\",\"name\":\"Informaci\u00f3 Escola de Nadal Riuland - Cultura i Joventut, Santa Eul\u00e0ria des Riu\",\"isPartOf\":{\"@id\":\"https:\/\/santaeulariaculturaijoventut.com\/ca\/#website\"},\"datePublished\":\"2021-11-24T10:25:23+00:00\",\"dateModified\":\"2025-11-25T14:24:29+00:00\",\"breadcrumb\":{\"@id\":\"https:\/\/santaeulariaculturaijoventut.com\/ca\/escola-de-nadal\/informacio-escola-de-nadal-riuland\/#breadcrumb\"},\"inLanguage\":\"ca\",\"potentialAction\":[{\"@type\":\"ReadAction\",\"target\":[\"https:\/\/santaeulariaculturaijoventut.com\/ca\/escola-de-nadal\/informacio-escola-de-nadal-riuland\/\"]}]},{\"@type\":\"BreadcrumbList\",\"@id\":\"https:\/\/santaeulariaculturaijoventut.com\/ca\/escola-de-nadal\/informacio-escola-de-nadal-riuland\/#breadcrumb\",\"itemListElement\":[{\"@type\":\"ListItem\",\"position\":1,\"name\":\"Inici\",\"item\":\"https:\/\/santaeulariaculturaijoventut.com\/ca\/escoles-estiu\/informacio-escoles-destiu\/\"},{\"@type\":\"ListItem\",\"position\":2,\"name\":\"Escola de Nadal\",\"item\":\"https:\/\/santaeulariaculturaijoventut.com\/ca\/escola-de-nadal\/\"},{\"@type\":\"ListItem\",\"position\":3,\"name\":\"Informaci\u00f3 Escola de Nadal Riuland\"}]},{\"@type\":\"WebSite\",\"@id\":\"https:\/\/santaeulariaculturaijoventut.com\/ca\/#website\",\"url\":\"https:\/\/santaeulariaculturaijoventut.com\/ca\/\",\"name\":\"Cultura i Joventut, Santa Eul\u00e0ria des Riu\",\"description\":\"Cultura i Joventut, Santa Eul\u00e0ria des Riu\",\"potentialAction\":[{\"@type\":\"SearchAction\",\"target\":{\"@type\":\"EntryPoint\",\"urlTemplate\":\"https:\/\/santaeulariaculturaijoventut.com\/ca\/?s={search_term_string}\"},\"query-input\":{\"@type\":\"PropertyValueSpecification\",\"valueRequired\":true,\"valueName\":\"search_term_string\"}}],\"inLanguage\":\"ca\"}]}<\/script>\n<!-- \/ Yoast SEO plugin. -->","yoast_head_json":{"title":"Informaci\u00f3 Escola de Nadal Riuland - Cultura i Joventut, Santa Eul\u00e0ria des Riu","robots":{"index":"index","follow":"follow","max-snippet":"max-snippet:-1","max-image-preview":"max-image-preview:large","max-video-preview":"max-video-preview:-1"},"canonical":"https:\/\/santaeulariaculturaijoventut.com\/ca\/escola-de-nadal\/informacio-escola-de-nadal-riuland\/","og_locale":"ca_ES","og_type":"article","og_title":"Informaci\u00f3 Escola de Nadal Riuland - Cultura i Joventut, Santa Eul\u00e0ria des Riu","og_description":"INFORMACI\u00d3 SOBRE L&#8217;ACTIVITAT Del 22 de desembre de 2025 al 5 de gener de 2026 es dur\u00e0 a terme l&#8217;Escola de Nadal Riuland, organitzada pel Departament de Joventut de l&#8217;Ajuntament de Santa Eul\u00e0ria des Riu. L&#8217;activitat est\u00e0 dirigida a infants escolaritzats nascuts entre 2014 i 2022, que durant les festes de Nadal podran gaudir de&hellip;","og_url":"https:\/\/santaeulariaculturaijoventut.com\/ca\/escola-de-nadal\/informacio-escola-de-nadal-riuland\/","og_site_name":"Cultura i Joventut, Santa Eul\u00e0ria des Riu","article_modified_time":"2025-11-25T14:24:29+00:00","twitter_card":"summary_large_image","twitter_misc":{"Temps estimat de lectura":"3 minuts"},"schema":{"@context":"https:\/\/schema.org","@graph":[{"@type":"WebPage","@id":"https:\/\/santaeulariaculturaijoventut.com\/ca\/escola-de-nadal\/informacio-escola-de-nadal-riuland\/","url":"https:\/\/santaeulariaculturaijoventut.com\/ca\/escola-de-nadal\/informacio-escola-de-nadal-riuland\/","name":"Informaci\u00f3 Escola de Nadal Riuland - Cultura i Joventut, Santa Eul\u00e0ria des Riu","isPartOf":{"@id":"https:\/\/santaeulariaculturaijoventut.com\/ca\/#website"},"datePublished":"2021-11-24T10:25:23+00:00","dateModified":"2025-11-25T14:24:29+00:00","breadcrumb":{"@id":"https:\/\/santaeulariaculturaijoventut.com\/ca\/escola-de-nadal\/informacio-escola-de-nadal-riuland\/#breadcrumb"},"inLanguage":"ca","potentialAction":[{"@type":"ReadAction","target":["https:\/\/santaeulariaculturaijoventut.com\/ca\/escola-de-nadal\/informacio-escola-de-nadal-riuland\/"]}]},{"@type":"BreadcrumbList","@id":"https:\/\/santaeulariaculturaijoventut.com\/ca\/escola-de-nadal\/informacio-escola-de-nadal-riuland\/#breadcrumb","itemListElement":[{"@type":"ListItem","position":1,"name":"Inici","item":"https:\/\/santaeulariaculturaijoventut.com\/ca\/escoles-estiu\/informacio-escoles-destiu\/"},{"@type":"ListItem","position":2,"name":"Escola de Nadal","item":"https:\/\/santaeulariaculturaijoventut.com\/ca\/escola-de-nadal\/"},{"@type":"ListItem","position":3,"name":"Informaci\u00f3 Escola de Nadal Riuland"}]},{"@type":"WebSite","@id":"https:\/\/santaeulariaculturaijoventut.com\/ca\/#website","url":"https:\/\/santaeulariaculturaijoventut.com\/ca\/","name":"Cultura i Joventut, Santa Eul\u00e0ria des Riu","description":"Cultura i Joventut, Santa Eul\u00e0ria des Riu","potentialAction":[{"@type":"SearchAction","target":{"@type":"EntryPoint","urlTemplate":"https:\/\/santaeulariaculturaijoventut.com\/ca\/?s={search_term_string}"},"query-input":{"@type":"PropertyValueSpecification","valueRequired":true,"valueName":"search_term_string"}}],"inLanguage":"ca"}]}},"_links":{"self":[{"href":"https:\/\/santaeulariaculturaijoventut.com\/ca\/wp-json\/wp\/v2\/escola-de-nadal\/4684"}],"collection":[{"href":"https:\/\/santaeulariaculturaijoventut.com\/ca\/wp-json\/wp\/v2\/escola-de-nadal"}],"about":[{"href":"https:\/\/santaeulariaculturaijoventut.com\/ca\/wp-json\/wp\/v2\/types\/escola-de-nadal"}],"version-history":[{"count":23,"href":"https:\/\/santaeulariaculturaijoventut.com\/ca\/wp-json\/wp\/v2\/escola-de-nadal\/4684\/revisions"}],"predecessor-version":[{"id":7713,"href":"https:\/\/santaeulariaculturaijoventut.com\/ca\/wp-json\/wp\/v2\/escola-de-nadal\/4684\/revisions\/7713"}],"wp:attachment":[{"href":"https:\/\/santaeulariaculturaijoventut.com\/ca\/wp-json\/wp\/v2\/media?parent=4684"}],"curies":[{"name":"wp","href":"https:\/\/api.w.org\/{rel}","templated":true}]}}